{"id":86169,"date":"2020-09-15T18:44:37","date_gmt":"2020-09-15T18:44:37","guid":{"rendered":"http:\/\/ricardovicentelopez.com.ar\/?page_id=86169"},"modified":"2020-09-15T18:44:50","modified_gmt":"2020-09-15T18:44:50","slug":"110-la-prensa-y-el-ejercicio-del-poder-empresarial","status":"publish","type":"page","link":"https:\/\/ricardovicentelopez.com.ar\/?page_id=86169","title":{"rendered":"110- La prensa y el ejercicio del poder empresarial"},"content":{"rendered":"\n<p style=\"text-align:right\" class=\"has-medium-font-size wp-block-paragraph\"><strong>Ricardo Vicente L\u00f3pez<\/strong><\/p>\n\n\n\n<figure class=\"wp-block-image\"><img loading=\"lazy\" decoding=\"async\" width=\"702\" height=\"481\" src=\"https:\/\/ricardovicentelopez.com.ar\/wp-content\/uploads\/2020\/09\/110-1.png\" alt=\"\" class=\"wp-image-86171\" srcset=\"https:\/\/ricardovicentelopez.com.ar\/wp-content\/uploads\/2020\/09\/110-1.png 702w, https:\/\/ricardovicentelopez.com.ar\/wp-content\/uploads\/2020\/09\/110-1-300x206.png 300w\" sizes=\"auto, (max-width: 702px) 100vw, 702px\" \/><\/figure>\n\n\n\n<h4 class=\"wp-block-heading\"><em>Historia de la Sociedad Interamericana\nde Prensa <\/em><\/h4>\n\n\n\n<p class=\"wp-block-paragraph\"><em>Parte II<\/em><\/p>\n\n\n\n<p class=\"wp-block-paragraph\">La SIP no s\u00f3lo ha desatado campa\u00f1as en contra de gobiernos\nleg\u00edtimos, sino que ha intentado operar en el seno de organizaciones\ninternacionales del propio sistema de Naciones Unidas, como la UNESCO, \u00e9sta se\nha mantenido al lado de los pueblos latinoamericanos en la lucha por la\ndemocratizaci\u00f3n de las comunicaciones. <\/p>\n\n\n\n<p class=\"wp-block-paragraph\">\u00bf<em>Libertad de prensa o libertad de empresa<\/em>?<\/p>\n\n\n\n<p class=\"wp-block-paragraph\">En su lenguaje oficial, la SIP se esmera en utilizar\nconceptos que intentan legitimar su comportamiento y la elevarla a la altura de\nun <em>Tribunal Supremo,<\/em> a la hora de\ndefinir <em>qu\u00e9 es la libertad de prensa<\/em>\ny de decidir <em>qui\u00e9n respeta esta libertad\ny qui\u00e9n no<\/em>. No obstante, cuando hace esto, no puede ocultar que est\u00e1\nincurriendo en la usurpaci\u00f3n de un derecho colectivo de los pueblos. Sus\nactitudes, por regla general, oculta los nombres de quienes act\u00faan en esta\norganizaci\u00f3n patronal.<\/p>\n\n\n\n<p class=\"wp-block-paragraph\">El periodista cubano Ernesto Vera [<a href=\"#_ftn1\">[1]<\/a>]\n(1929-2016), Presidente honorario de la Federaci\u00f3n Latinoamericana de\nPeriodistas (FELAP) y Profesor del Instituto Internacional de Periodismo Jos\u00e9\nMart\u00ed, hab\u00eda manifestado en relaci\u00f3n a la reuni\u00f3n que se realiz\u00f3 en Estados\nUnidos:<\/p>\n\n\n\n<p class=\"wp-block-paragraph\">\u00abSe sab\u00eda muy bien que yo iba a\ndenunciar todos los casos de violaci\u00f3n de la libertad de prensa en Am\u00e9rica. Los\norganizadores norteamericanos obrando al dictado de Washington, quer\u00edan\ncondenar s\u00f3lo a un grupo, cargando la mano a aquellos gobiernos que no tienen\nel benepl\u00e1cito del State Departament\u00bb.<\/p>\n\n\n\n<p class=\"wp-block-paragraph\">Es por ello que Vera, en una entrevista ofrecida posteriormente,\ninsist\u00eda en que: <\/p>\n\n\n\n<p class=\"wp-block-paragraph\">\u00abDesde 1950 hasta nuestros d\u00edas, hay\nuna libertad de prensa secuestrada por el poder del dinero, de los recursos, y\nl\u00f3gicamente <em>sobre la base de una\nestrategia imperial<\/em>. Por eso digo que <em>hay\nuna mentira organizada<\/em> y <em>hay una\nverdad dispersa<\/em>. <em>Hay una mentira\norganizada, porque hay una estrategia imperialista y no hay una verdad\norganizada porque no tenemos todav\u00eda una estrategia antiimperialista. Eso\nfunciona milim\u00e9tricamente\u00bb<\/em>.<\/p>\n\n\n\n<p class=\"wp-block-paragraph\">En otra oportunidad, dice Ernesto Vera, con respecto a la\nSIP y su relaci\u00f3n con la dictadura del Proceso Militar en la Argentina, que un\nmiembro de esa organizaci\u00f3n, el Subdirector del diario argentino <em>La Naci\u00f3n<\/em>, Claudio Escribano, mostraba: &nbsp;<\/p>\n\n\n\n<p class=\"wp-block-paragraph\">\u00abLa complacencia con las atrocidades\ncometidas en Argentina durante la dictadura militar en ese pa\u00eds. Esta\nvinculaci\u00f3n de los due\u00f1os de la gran prensa con los reg\u00edmenes dictatoriales\nlatinoamericanos ha sido suficientemente documentada y citada en numerosas\nocasiones, para demostrar que las preocupaciones de la SIP <em>no se dirigen a la defensa de las libertades, sino a la preservaci\u00f3n de\nintereses empresariales y olig\u00e1rquicos<\/em>\u00bb.<\/p>\n\n\n\n<p class=\"wp-block-paragraph\">Otro ejemplo de las afinidades entre la SIP y las\ndictaduras latinoamericanas podemos verlo en la designaci\u00f3n de Danilo Arbilla [<a href=\"#_ftn2\">[2]<\/a>]\nen el 2000 como Director de la Sociedad. Sus antecedentes muestran que se\ndesempe\u00f1\u00f3 como <em>Jefe de Prensa<\/em> de la\ndictadura uruguaya, y durante su gesti\u00f3n se efectuaron <em>numerosas clausuras de medios de comunicaci\u00f3n, y muchos periodistas\nfueron encarcelados y torturados.<\/em> Esto incluy\u00f3 el asesinato del director\ndel semanario <em>Marcha de Montevideo<\/em>,\nJulio Castro, y el secuestro de Carlos Quijano, fundador y director de ese\nsemanario.<\/p>\n\n\n\n<p class=\"wp-block-paragraph\">La periodista venezolana, Yaifred Ron, en un art\u00edculo\npublicado en Rebeli\u00f3n.org titulado <em>Los\namos de la SIP<\/em>, nos cuenta:<\/p>\n\n\n\n<p class=\"wp-block-paragraph\">\u00abLa carta de renuncia a la SIP, firmada\npor el director de La Rep\u00fablica, Federico Fasano Mertens, y fechada el 24 de\noctubre de 2000, reprochaba que la designaci\u00f3n de Arbilla como presidente de\nuna entidad que ten\u00eda entre sus principales objetivos declarados \u201cdefender la\nlibertad de prensa\u201d, constitu\u00eda un insulto a la conciencia democr\u00e1tica de los\npueblos americanos. \u201cSu designaci\u00f3n al frente del organismo que pretende velar\npor la libertad de prensa equivale a poner al zorro a cuidar el gallinero. Por\ntodo lo antes dicho, el diario La Rep\u00fablica tiene el alto honor de renunciar,\nformal y p\u00fablicamente, como miembro de esta Sociedad mientras el impostor\ncontin\u00fae a su frente\u201d, conclu\u00eda la misiva\u00bb.<\/p>\n\n\n\n<p class=\"wp-block-paragraph\">En estas notas he analizado a la <em>Sociedad Interamericana de Prensa<\/em> (SIP) denunciando sus conductas\nperversas, persecutorias de la prensa libre, defensora de los negocios de los\nmagnates \u2212due\u00f1os de los medios que la integran\u2212 y difamadoras y\ndesestabilizadoras de gobiernos democr\u00e1ticos. Todo ello expresa una correcta\ncaracterizaci\u00f3n de la SIP. Esta sociedad deber\u00eda modificar su sigla por <em>Sociedad Estadounidense de Prensa<\/em> (SEP),\ndado que registra como sede legal la ciudad de Dover, condado de Kent (Delaware\n\u2013 EEUU).<\/p>\n\n\n\n<p class=\"wp-block-paragraph\">Voy a reproducir algunos p\u00e1rrafos de la extensa nota que\nescribiera Jos\u00e9 Steinsleger- Periodista argentino residente en M\u00e9xico,\ncolumnista de <em>La Jornada de M\u00e9xico<\/em>.\nEs importante se\u00f1alar que <em>esta\npublicaci\u00f3n<\/em> <em>es uno de los principales\nperi\u00f3dicos mexicanos<\/em> de circulaci\u00f3n nacional, publicado diariamente en la\nCiudad de M\u00e9xico, cuya Direcci\u00f3n la tiene la <em>Universidad Aut\u00f3noma de M\u00e9xico<\/em>. Esto est\u00e1 resaltando el aval que le\notorga una de las m\u00e1s&nbsp; importantes\nuniversidades de Am\u00e9rica a esta publicaci\u00f3n: <\/p>\n\n\n\n<p class=\"wp-block-paragraph\">\u00abSi la Sociedad Interamericana\nde Prensa (SIP) fuese una entidad realmente comprometida con la libertad, la\nindependencia y la democracia, el edificio que alberga en Miami su sede,\ndeber\u00eda llamarse Gregorio Selser (1922-1991) en lugar de Jules Dubois, aquel\ns\u00f3rdido oficial de la CIA que dise\u00f1\u00f3 sus principios y doctrina, que ya hemos\npresentado en esta columna. <\/p>\n\n\n\n<p class=\"wp-block-paragraph\"><em>Selser y Dubois<\/em>. Dos modos de entender el\nperiodismo y la informaci\u00f3n. Selser, rasgando los velos del poder, Dubois\nlegitimando sus&nbsp; infundios. Selser, al\nservicio de los pueblos, Dubois, al servicio del imperio. Con Selser, el\nperiodismo honesto descubri\u00f3 y denunci\u00f3 c\u00f3mo se fabrican las noticias. Con\nDubois, el periodismo canalla aprendi\u00f3 a encubrir la verdad a trav\u00e9s de la&nbsp; mentira. De la Cuba del tirano Fulgencio\nBatista (donde en 1943 naci\u00f3 la SIP actual) a nuestros d\u00edas, no hubo d\u00e9spota,\ngolpe de Estado o&nbsp; intervenci\u00f3n militar\nde Estados Unidos que no recibiera apoyo de la SIP. Sesenta y tres a\u00f1os de\nignominia que los muros de Am\u00e9rica Latina supieron resumir una y otra vez:\n\u00ab<em>Nos mean, y la prensa dice que\nllueve<\/em>\u00ab\u00bb.<\/p>\n\n\n\n<p class=\"wp-block-paragraph\">La SIP est\u00e1 destinada por estatutos a: Servir por igual a\nsus afiliados del norte, centro y sud de Am\u00e9rica. La SIP s\u00f3lo adopta\nresoluciones atinentes a la preservaci\u00f3n de la \u00ablibertad de prensa\u00bb\nal sur del r\u00edo Bravo y en las Antillas. Sus declaraciones sintonizan con el\nDepartamento de Estado, la OEA y el Tratado Interamericano de Asistencia\nRec\u00edproca [<a href=\"#_ftn3\">[3]<\/a>].\nSu \u00abindependencia\u00bb consiste en difamar cualquier esfuerzo grande o\npeque\u00f1o de nuestros pueblos cuando tratan de darse instituciones\nparticipativas, o surgen situaciones que cuestionan cualquier empresa\nadscripta&nbsp; a su \u00f3rbita. &nbsp;<\/p>\n\n\n\n<p class=\"wp-block-paragraph\">Los magnates de la SIP compran, venden, difunden, editan,\ntransmiten o publican la \u00abinformaci\u00f3n\u00bb seg\u00fan convenga a las\n\u00ableyes del&nbsp; mercado\u00bb y sus\nintereses de casta y clase. No obstante, en su Breve&nbsp; historia de la SIP, Gregorio Selser registra\nlas excepciones de rigor, tales como las del escritor y periodista venezolano\nMiguel Otero Silva, propietario de <em>El\nNacional de Caracas<\/em>. En la reuni\u00f3n de Montevideo (1951), Otero&nbsp; Silva observ\u00f3 que los estatutos de la SIP,\naprobados un a\u00f1o antes en la Asamblea de Nueva York, violaban con toda claridad\nlos prop\u00f3sitos originarios de la instituci\u00f3n:<\/p>\n\n\n\n<p class=\"wp-block-paragraph\">\u00abSus normas m\u00e1s fundamentales fueron\ntergiversadas, d\u00e1ndole el car\u00e1cter que ahora tiene: <em>una entidad exclusivamente patronal de intercambio comercial<\/em>,\nestrictamente controlada por los vendedores de papel, las agencias noticiosas y\nlos buscadores de avisos que residen en Estados Unidos. Nada m\u00e1s inoportuno en\nese ambiente que un periodista\u00bb.<\/p>\n\n\n\n<p class=\"wp-block-paragraph\">Amigo lector, creo que hemos\npodido desnudar los verdaderos objetivos de este tipo de instituci\u00f3n\ninternacional que, bajo el manto de ser una asociaci\u00f3n de periodistas es, en\nrealidad una asociaci\u00f3n de empresarios, cuyo conducta est\u00e1 m\u00e1s cerca de ser\ncalificada como mafiosa que de ser lo que ha pretendido demostrar: una\nasociaci\u00f3n gremial.<br><\/p>\n\n\n\n<hr class=\"wp-block-separator\"\/>\n\n\n\n<p class=\"wp-block-paragraph\"><a href=\"#_ftnref1\">[1]<\/a> Destacado periodista cubano,\nDirector de los diarios <em>La Calle<\/em> y <em>La Tarde<\/em>. Fundador del peri\u00f3dico Granma,\nPresidente de honor de la Organizaci\u00f3n Internacional de Periodistas y de la\nFederaci\u00f3n Latinoamericana de Periodistas (FELAP).<\/p>\n\n\n\n<p class=\"wp-block-paragraph\"><a href=\"#_ftnref2\">[2]<\/a> Danilo Arbilla Frachia\n(Florida, 1943) es un periodista y empresario uruguayo. Fue presidente de la\nSociedad Interamericana de Prensa y Director del Centro de Difusi\u00f3n e\nInformaci\u00f3n de la Presidencia de Uruguay. Hasta 2009 fue director del <em>Semanario B\u00fasqueda<\/em>.<\/p>\n\n\n\n<p class=\"wp-block-paragraph\"><a href=\"#_ftnref3\">[3]<\/a> Este Tratado es un acuerdo\nnetamente defensivo. El \u00e1rea geogr\u00e1fica de acci\u00f3n del tratado, comprende a\nAm\u00e9rica, incluyendo Alaska, Groenlandia. En el sur las regiones ant\u00e1rticas. Seg\u00fan\ndefine \u201cun ataque armado por cualquier Estado contra un Pa\u00eds Americano, ser\u00e1\nconsiderado como un ataque contra todos los Pa\u00edses Americanos.<\/p>\n","protected":false},"excerpt":{"rendered":"<p>Ricardo Vicente L\u00f3pez Historia de la Sociedad Interamericana de Prensa Parte II La SIP no s\u00f3lo ha desatado campa\u00f1as en contra de gobiernos leg\u00edtimos, sino que ha intentado operar en el seno de organizaciones internacionales del propio sistema de Naciones Unidas, como la UNESCO, \u00e9sta se ha mantenido al lado de los pueblos latinoamericanos en [&hellip;]<\/p>\n","protected":false},"author":1,"featured_media":0,"parent":85388,"menu_order":0,"comment_status":"closed","ping_status":"closed","template":"","meta":{"footnotes":""},"class_list":["post-86169","page","type-page","status-publish","hentry"],"_links":{"self":[{"href":"https:\/\/ricardovicentelopez.com.ar\/index.php?rest_route=\/wp\/v2\/pages\/86169","targetHints":{"allow":["GET"]}}],"collection":[{"href":"https:\/\/ricardovicentelopez.com.ar\/index.php?rest_route=\/wp\/v2\/pages"}],"about":[{"href":"https:\/\/ricardovicentelopez.com.ar\/index.php?rest_route=\/wp\/v2\/types\/page"}],"author":[{"embeddable":true,"href":"https:\/\/ricardovicentelopez.com.ar\/index.php?rest_route=\/wp\/v2\/users\/1"}],"replies":[{"embeddable":true,"href":"https:\/\/ricardovicentelopez.com.ar\/index.php?rest_route=%2Fwp%2Fv2%2Fcomments&post=86169"}],"version-history":[{"count":2,"href":"https:\/\/ricardovicentelopez.com.ar\/index.php?rest_route=\/wp\/v2\/pages\/86169\/revisions"}],"predecessor-version":[{"id":86173,"href":"https:\/\/ricardovicentelopez.com.ar\/index.php?rest_route=\/wp\/v2\/pages\/86169\/revisions\/86173"}],"up":[{"embeddable":true,"href":"https:\/\/ricardovicentelopez.com.ar\/index.php?rest_route=\/wp\/v2\/pages\/85388"}],"wp:attachment":[{"href":"https:\/\/ricardovicentelopez.com.ar\/index.php?rest_route=%2Fwp%2Fv2%2Fmedia&parent=86169"}],"curies":[{"name":"wp","href":"https:\/\/api.w.org\/{rel}","templated":true}]}}