{"id":86075,"date":"2020-09-14T13:48:55","date_gmt":"2020-09-14T13:48:55","guid":{"rendered":"http:\/\/ricardovicentelopez.com.ar\/?page_id=86075"},"modified":"2020-09-14T13:48:55","modified_gmt":"2020-09-14T13:48:55","slug":"47-la-filosofia-es-popular-cuando-piensa-desde-los-mas-desprotegidos-ii","status":"publish","type":"page","link":"https:\/\/ricardovicentelopez.com.ar\/?page_id=86075","title":{"rendered":"47.- La filosof\u00eda es popular cuando piensa desde los m\u00e1s desprotegidos II"},"content":{"rendered":"\n<p style=\"text-align:right\" class=\"has-medium-font-size wp-block-paragraph\"><strong>Ricardo Vicente L\u00f3pez<\/strong><\/p>\n\n\n\n<figure class=\"wp-block-image\"><img loading=\"lazy\" decoding=\"async\" width=\"691\" height=\"490\" src=\"https:\/\/ricardovicentelopez.com.ar\/wp-content\/uploads\/2020\/09\/47-1.png\" alt=\"\" class=\"wp-image-86077\" srcset=\"https:\/\/ricardovicentelopez.com.ar\/wp-content\/uploads\/2020\/09\/47-1.png 691w, https:\/\/ricardovicentelopez.com.ar\/wp-content\/uploads\/2020\/09\/47-1-300x213.png 300w\" sizes=\"auto, (max-width: 691px) 100vw, 691px\" \/><\/figure>\n\n\n\n<p class=\"wp-block-paragraph\">Termin\u00e9 una nota anterior [<a href=\"#_ftn1\">[1]<\/a>] planteando un problema que no\ntiene nada de inocente: <\/p>\n\n\n\n<p class=\"wp-block-paragraph\">\u201cEstamos\nasistiendo al desprestigio de <em>la pol\u00edtica<\/em>\nque acarrea el desprestigio de <em>la\nfilosof\u00eda<\/em>. En la l\u00ednea de pensamiento que propongo deben ser pensadas como\nhermanas\u201d.<\/p>\n\n\n\n<p class=\"wp-block-paragraph\">Amigo lector, sigo utilizando el pensamiento filos\u00f3fico,\nen el sentido en que habl\u00e9 sobre \u00e9l en varias notas anteriores: <\/p>\n\n\n\n<p class=\"wp-block-paragraph\">\u00abLa capacidad anal\u00edtica para enfrentar\ninvestigaciones en las cuales es necesario perforar la superficie informativa,\nla que circula y encubre en el espacio p\u00fablico, los procesos mucho m\u00e1s\ncomplejos que son los responsables de los problemas que debemos analizar\u00bb.<\/p>\n\n\n\n<p class=\"wp-block-paragraph\">Introduzco\nuna palabra clave que nos permitir\u00e1 comenzar a tirar de una punta muy\ninteresante de nuestra problem\u00e1tica. Lo creo necesario para acercarnos a las\ncausas m\u00e1s profundas de ese desprestigio mencionado: Adelanto una tesis a\nverificar: \u201c<em>es el resultado de una\ncampa\u00f1a de destrucci\u00f3n de las culturas nacionales o regionales cuyo origen se\nencuentra en usinas estadounidenses<\/em>\u201d. La denominaci\u00f3n que las nombra en ese\npa\u00eds es Think tank. Leamos qu\u00e9 dice Wikipedia de ellas:<\/p>\n\n\n\n<p class=\"wp-block-paragraph\">Un\nthink tank (del ingl\u00e9s \u00abtanque de pensamiento\u00bb), <em>laboratorio de ideas, instituto de investigaci\u00f3n, gabinete estrat\u00e9gico,\ncentro de pensamiento o centro de reflexi\u00f3n<\/em>,\u200b es una instituci\u00f3n o grupo de\nexpertos de naturaleza investigadora,\u200b con financiaci\u00f3n abundante, <em>cuya funci\u00f3n es la reflexi\u00f3n intelectual\nsobre asuntos de pol\u00edtica social, estrategia pol\u00edtica, econom\u00eda, militar,\ntecnolog\u00eda o cultura<\/em>. Est\u00e1n vinculados a partidos pol\u00edticos, grupos de\npresi\u00f3n o lobbies, y <em>se caracterizan por\ntener alg\u00fan tipo de orientaci\u00f3n ideol\u00f3gica marcada de forma m\u00e1s o menos\nevidente ante la opini\u00f3n p\u00fablica<\/em>. De ellos resultan <em>consejos o directrices<\/em> que posteriormente <em>los partidos pol\u00edticos u otras organizaciones pueden utilizar para su\nactuaci\u00f3n en sus propios \u00e1mbitos<\/em>.<\/p>\n\n\n\n<p class=\"wp-block-paragraph\">La\nnota agrega un detalle nada inocente respecto del origen de este tipo de\norganizaciones. En un dato que debe ser retenido, para una mejor comprensi\u00f3n de\nsus caracter\u00edsticas originarias y de los usos a que fueron dedicadas en el\nperiodo de posguerra.<\/p>\n\n\n\n<p class=\"wp-block-paragraph\"><em>El concepto moderno de think tank\ntiene origen militar<\/em>.\nDurante la Segunda Guerra Mundial se refer\u00eda a un recinto cerrado en el que\ncient\u00edficos y militares que se reun\u00edan para debatir asuntos estrat\u00e9gicos. La <em>Corporaci\u00f3n RAND<\/em> (Research and\nDevelopment [<a href=\"#_ftn2\">[2]<\/a>]), una sociedad creada por el\ngeneral Henry H. Arnold en 1948, fue el primer think tank en la acepci\u00f3n actual\ndel t\u00e9rmino. <em>Se cre\u00f3 cuando algunos\nmiembros del Departamento de Guerra, la Oficina de Investigaci\u00f3n Cient\u00edfica y\nDesarrollo, y la industria de Estados Unidos comenzaron a discutir la necesidad\nde una organizaci\u00f3n privada para conectar la planificaci\u00f3n militar con las\ndecisiones de investigaci\u00f3n y desarrollo<\/em>. [<a href=\"#_ftn3\">[3]<\/a>]<\/p>\n\n\n\n<p class=\"wp-block-paragraph\">Algunas reflexiones previas: amigo lector, no debe\nentenderse que, en su conjunto, responden a un solo modelo r\u00edgido de\ninstituciones, o que se presentan con rasgos unificadores. Si bien las l\u00edneas\ngenerales responden a un n\u00facleo s\u00f3lido del pensamiento neoliberal, este se\nexpande en una cantidad de matices que caracterizan a cada una de ellas.\nWikipedia avanza:<\/p>\n\n\n\n<p class=\"wp-block-paragraph\">Adem\u00e1s\nde promover la adopci\u00f3n de pol\u00edticas, entre las funciones que cumplen los think\ntanks est\u00e1n las de crear y fortalecer espacios de di\u00e1logo y debate, desarrollar\ny capacitar a futuros paneles pol\u00edticos en su toma de decisiones, legitimar las\nnarrativas y pol\u00edticas de los reg\u00edmenes de turno o los movimientos de\noposici\u00f3n, ofrecer un rol de auditor de los actores p\u00fablicos y canalizar fondos\na movimientos y otros actores pol\u00edticos.<\/p>\n\n\n\n<p class=\"wp-block-paragraph\">Insisto en que no es sencillo comprender el entramado\nideol\u00f3gico del <em>control<\/em> y la <em>manipulaci\u00f3n<\/em> del <em>ciudadano de a pie<\/em> [<a href=\"#_ftn4\">[4]<\/a>] porque el tema que estoy\nanalizando en esta nota es parte de un entramado mucho m\u00e1s complejo. Esta\ncualidad del tema impone esfuerzos nada despreciables: relacionar aspectos\ninstitucionales que, en una primera aproximaci\u00f3n parecen desconexos, sin\nrelaci\u00f3n entre ellos. Esa es la raz\u00f3n, amigo lector, por la que voy\ndesarrollando un camino ensortijado, que vaya mostrando la conexi\u00f3n interna de\nlo que, insisto en llamar, <em>m\u00e9todos y\nt\u00e9cnicas de manipulaci\u00f3n de la opini\u00f3n p\u00fablica<\/em> [<a href=\"#_ftn5\">[5]<\/a>].<\/p>\n\n\n\n<p class=\"wp-block-paragraph\">El modo de tratar estos temas, cosa que s\u00f3lo se da en\npublicaciones especializadas (est\u00e1n totalmente ausentes&nbsp;&nbsp;&nbsp;&nbsp;&nbsp;&nbsp; en los grandes medios de informaci\u00f3n: diarios, radio y\ntelevisi\u00f3n) producen un impacto de incredulidad en el <em>ciudadano de a pie<\/em>. Sin embargo, la literatura acad\u00e9mica que se\nmaneja en muchas carreras universitarias de <em>Publicidad<\/em>,\nde <em>Comercializaci\u00f3n<\/em> y de <em>Relaciones P\u00fablicas<\/em>, estos temas est\u00e1n\npresentes siempre. M\u00e1s a\u00fan, el tratamiento acad\u00e9mico de las c\u00e1tedras no intenta\nocultar la verdad de lo que le est\u00e1n proponiendo al alumno: <em>la formaci\u00f3n t\u00e9cnica de un profesional\ncapacitado para manipular la opini\u00f3n de p\u00fablicos masificados<\/em>.<\/p>\n\n\n\n<p class=\"wp-block-paragraph\">Debo agregar a este tema otro, que se viene presentando\nsesgadamente, pero que aporta a esta problem\u00e1tica un matiz que nos ayudar\u00e1 a\npensar. Sin olvidar las consecuencias que ya han &nbsp;tenido: la <em>incredulidad\ndel ciudadano<\/em> <em>de a pie<\/em> y el <em>desinter\u00e9s de los j\u00f3venes<\/em> por estos\ntemas. Ello pone en juego el futuro de la democracia misma, en el mejor sentido\naristot\u00e9lico: <\/p>\n\n\n\n<p class=\"wp-block-paragraph\">\u00abLa pol\u00edtica es la actividad humana por\nexcelencia, en ella se definen dial\u00f3gicamente los derroteros de la historia\u00bb.<\/p>\n\n\n\n<p class=\"wp-block-paragraph\">El\nDoctor Mikael Rodr\u00edguez Chala, de la Universidad de Granada, propone una\nfilosof\u00eda que abone el compromiso social de cient\u00edficos e investigadores para\nun acercamiento de la ciencia a los problemas de los m\u00e1s necesitados, algo que,\nen parte, ha estado logr\u00e1ndose en&nbsp;\nd\u00e9cadas anteriores:<\/p>\n\n\n\n<p class=\"wp-block-paragraph\">Sin\nembargo, la filosof\u00eda no ha sido solo el rostro visible de la agitaci\u00f3n social,\nsino tambi\u00e9n del desarrollo cient\u00edfico del que a la postre bebemos, somos\nherederos y actores interesados. La filosof\u00eda, lejos de pasar de puntillas, ha\njugado un rol de envergadura en el plano de la ciencia. La biolog\u00eda, por\nejemplo, abanderada en el contexto por la bio\u00e9tica, y venida al pueblo llano al\ncalor de los transg\u00e9nicos y las c\u00e9lulas madre, deviene de manera indefectible\nen litigios filos\u00f3ficos, de los que todos hemos sido part\u00edcipes de una u otra\nforma. Las matem\u00e1ticas: amigas y compa\u00f1eras de los estudios filos\u00f3ficos desde\nsus or\u00edgenes, como revelan los trabajos de Leibniz, Newton o Descartes y\nespecialmente los desarrollos en l\u00f3gica de Rusell o Godel (entre otros), cuyos\nteoremas de incompletitud revolucionaron, sin duda, el pensamiento moderno. Los\nfundamentos de la matem\u00e1tica siguen siendo, al d\u00eda de hoy, objeto de contienda\nentre los estudiosos del campo. De <em>contienda<\/em>\nque, tambi\u00e9n, es filos\u00f3fica. <\/p>\n\n\n\n<p class=\"wp-block-paragraph\">Termina\nafirmando:<\/p>\n\n\n\n<p class=\"wp-block-paragraph\">La\nfilosof\u00eda supone, como pretendo mostrar, un <em>ejercicio\nde importancia capital<\/em>. Una condici\u00f3n <em>sine\nqua non<\/em> [<a href=\"#_ftn6\">[6]<\/a>] del desarrollo mental. Y no\nhablo ya de los cl\u00e1sicos, de los <em>Principios\nde la raz\u00f3n<\/em> o de <em>As\u00ed habl\u00f3 Zaratustra<\/em>\n(que nos llenan asimismo de paz y vida, de amor y fruici\u00f3n intelectual). Hablo\nde las peque\u00f1as batallas. De <em>opinar<\/em>,\nde <em>pensar<\/em>. Porque se\u00f1ores, <em>reflexionar, discutir, posicionarse<\/em>;\ntodo eso <em>es tambi\u00e9n filosof\u00eda<\/em>. Podr\u00eda\ndecirse, por lo tanto, que <em>todos somos\nfil\u00f3sofos<\/em>.<\/p>\n\n\n\n<p class=\"wp-block-paragraph\">A esta\nfrase final le otorgo una importancia trascendente, porque encierra en ella la\nverdad m\u00e1s importante de la liberaci\u00f3n del pensamiento que <em>se propone<\/em> y <em>se atreve<\/em> a\nla m\u00e1s grande de la tareas del hombre: <em>la\nsolidaridad con los m\u00e1s desprotegidos<\/em>.<br><\/p>\n\n\n\n<hr class=\"wp-block-separator\"\/>\n\n\n\n<p class=\"wp-block-paragraph\"><a href=\"#_ftnref1\">[1]<\/a><em>\nLa filosof\u00eda es popular cuando piensa desde los m\u00e1s desprotegidos<\/em> I<\/p>\n\n\n\n<p class=\"wp-block-paragraph\"><a href=\"#_ftnref2\">[2]<\/a> Research and Development =\ninvestigaci\u00f3n y desarrollo.<\/p>\n\n\n\n<p class=\"wp-block-paragraph\"><a href=\"#_ftnref3\">[3]<\/a> Para mayor informaci\u00f3n se\npuede consultar en la p\u00e1gina <a href=\"http:\/\/www.reicardovicentelopez.com.ar\">www.reicardovicentelopez.com.ar<\/a> la nota 59.- <em>Palabras para la historia que dijo quien\ndenunci\u00f3 la aparici\u00f3n del Complejo Militar Industrial.<\/em><\/p>\n\n\n\n<p class=\"wp-block-paragraph\"><a href=\"#_ftnref4\">[4]<\/a> Lo\nremito a las notas que publiqu\u00e9 en <a href=\"http:\/\/www.ricardovicentelopez.com.ar\">www.ricardovicentelopez.com.ar<\/a>\nsobre este tema: 72- <em>Walter Lippmann y\nalgunas reflexiones sobre qu\u00e9 es la opini\u00f3n p\u00fablica<\/em>; 84- <em>La \u201cdemocracia del espectador\u201d y la\nmanipulaci\u00f3n medi\u00e1tica del \u201creba\u00f1o desconcertado\u201d de Walter Lippmann<\/em>; 77- <em>El problema de la homerizaci\u00f3n de la cultura\npopular<\/em>; entre otras, para una mirada mucho m\u00e1s amplia sobre el tema.<\/p>\n\n\n\n<p class=\"wp-block-paragraph\"><a href=\"#_ftnref5\">[5]<\/a> Agrego\nac\u00e1 dos notas, publicadas en revistas de primer nivel: <em>Mercado<\/em> y <em>Forbes<\/em>, en las\ncuales se desarrolla el tema sin el menor pudor, y demuestran la realidad de\nestos temas: 94.- <em>La manipulaci\u00f3n de la\nopini\u00f3n p\u00fablica seg\u00fan la revista Mercado<\/em> y 97.- <em>La manipulaci\u00f3n es una parte imprescindible y fundamental del quehacer\npol\u00edtico<\/em>, en mi p\u00e1gina.<\/p>\n\n\n\n<p class=\"wp-block-paragraph\"><a href=\"#_ftnref6\">[6]<\/a> Expresi\u00f3n latina utilizada\npara decir \u00abcondici\u00f3n sin la cual no\u00bb. Se refiere a una acci\u00f3n, condici\u00f3n o\ningrediente necesario y esencial para que algo <em>sea posible<\/em> y <em>funcione\ncorrectamente<\/em>. <\/p>\n","protected":false},"excerpt":{"rendered":"<p>Ricardo Vicente L\u00f3pez Termin\u00e9 una nota anterior [[1]] planteando un problema que no tiene nada de inocente: \u201cEstamos asistiendo al desprestigio de la pol\u00edtica que acarrea el desprestigio de la filosof\u00eda. En la l\u00ednea de pensamiento que propongo deben ser pensadas como hermanas\u201d. Amigo lector, sigo utilizando el pensamiento filos\u00f3fico, en el sentido en que [&hellip;]<\/p>\n","protected":false},"author":1,"featured_media":0,"parent":85644,"menu_order":0,"comment_status":"closed","ping_status":"closed","template":"","meta":{"footnotes":""},"class_list":["post-86075","page","type-page","status-publish","hentry"],"_links":{"self":[{"href":"https:\/\/ricardovicentelopez.com.ar\/index.php?rest_route=\/wp\/v2\/pages\/86075","targetHints":{"allow":["GET"]}}],"collection":[{"href":"https:\/\/ricardovicentelopez.com.ar\/index.php?rest_route=\/wp\/v2\/pages"}],"about":[{"href":"https:\/\/ricardovicentelopez.com.ar\/index.php?rest_route=\/wp\/v2\/types\/page"}],"author":[{"embeddable":true,"href":"https:\/\/ricardovicentelopez.com.ar\/index.php?rest_route=\/wp\/v2\/users\/1"}],"replies":[{"embeddable":true,"href":"https:\/\/ricardovicentelopez.com.ar\/index.php?rest_route=%2Fwp%2Fv2%2Fcomments&post=86075"}],"version-history":[{"count":1,"href":"https:\/\/ricardovicentelopez.com.ar\/index.php?rest_route=\/wp\/v2\/pages\/86075\/revisions"}],"predecessor-version":[{"id":86078,"href":"https:\/\/ricardovicentelopez.com.ar\/index.php?rest_route=\/wp\/v2\/pages\/86075\/revisions\/86078"}],"up":[{"embeddable":true,"href":"https:\/\/ricardovicentelopez.com.ar\/index.php?rest_route=\/wp\/v2\/pages\/85644"}],"wp:attachment":[{"href":"https:\/\/ricardovicentelopez.com.ar\/index.php?rest_route=%2Fwp%2Fv2%2Fmedia&parent=86075"}],"curies":[{"name":"wp","href":"https:\/\/api.w.org\/{rel}","templated":true}]}}