{"id":86052,"date":"2020-09-11T18:37:42","date_gmt":"2020-09-11T18:37:42","guid":{"rendered":"http:\/\/ricardovicentelopez.com.ar\/?page_id=86052"},"modified":"2020-09-11T18:37:42","modified_gmt":"2020-09-11T18:37:42","slug":"106-el-aniversario-de-una-leccion-que-la-humanidad-no-aprendio","status":"publish","type":"page","link":"https:\/\/ricardovicentelopez.com.ar\/?page_id=86052","title":{"rendered":"106- El aniversario de una lecci\u00f3n que la humanidad no aprendi\u00f3"},"content":{"rendered":"\n<p style=\"text-align:right\" class=\"has-medium-font-size wp-block-paragraph\"><strong>Ricardo Vicente L\u00f3pez<\/strong><\/p>\n\n\n\n<figure class=\"wp-block-image\"><img loading=\"lazy\" decoding=\"async\" width=\"786\" height=\"474\" src=\"https:\/\/ricardovicentelopez.com.ar\/wp-content\/uploads\/2020\/09\/106.png\" alt=\"\" class=\"wp-image-86054\" srcset=\"https:\/\/ricardovicentelopez.com.ar\/wp-content\/uploads\/2020\/09\/106.png 786w, https:\/\/ricardovicentelopez.com.ar\/wp-content\/uploads\/2020\/09\/106-300x181.png 300w, https:\/\/ricardovicentelopez.com.ar\/wp-content\/uploads\/2020\/09\/106-768x463.png 768w\" sizes=\"auto, (max-width: 786px) 100vw, 786px\" \/><\/figure>\n\n\n\n<p class=\"wp-block-paragraph\"><strong> <\/strong><\/p>\n\n\n\n<p class=\"wp-block-paragraph\">Agosto es un mes de muy triste memoria para la historia\ngrande. Sobre este tema, el a\u00f1o pasado, escrib\u00ed una nota [<a href=\"#_ftn1\">[1]<\/a>]\ncomentando un acto de guerra brutal, innecesario para el curso de la II Guerra\nmundial. Como afirm\u00e9 en esa oportunidad los japoneses ya hab\u00edan manifestado su\nvoluntad de rendirse, en varias oportunidades, a trav\u00e9s de diversas v\u00edas, pero\nun prop\u00f3sito profundamente brutal y sanguinario &#8211;como si lo fuera menos una\nguerra&#8211; se escond\u00eda en las intensiones de <em>dominio\ndel mundo<\/em>. Ese tiempo, despu\u00e9s se supo, era necesario para poner a punto el\nartefacto m\u00e1s destructivo, de los conocidos hasta entonces. Esto requer\u00eda\nprolongarla la guerra el tiempo necesario para disponer de esa arma que fue\narrojada en Hiroshima. <\/p>\n\n\n\n<p class=\"wp-block-paragraph\">Un periodista que merece toda mi admiraci\u00f3n, por su\nformaci\u00f3n acad\u00e9mica, su capacidad investigativa, sus dotes literarias, que pone\nde manifiesto en su actividad de period\u00edstica y de analista de la pol\u00edtica\ninternacional. Me refiero a Rafael Poch de Feliu &#8211; (1956). Quiero agregar un\nbreve curr\u00edculo que le permita a Ud., amigo lector, poder evaluar lo que digo: fue\nveinte a\u00f1os corresponsal de La Vanguardia de Barcelona en Mosc\u00fa y Pek\u00edn y\ncorresponsal en Berl\u00edn. En los a\u00f1os setenta y ochenta estudi\u00f3 historia\ncontempor\u00e1nea en la Universidad de Barcelona y en la de Berl\u00edn Oeste; fue redactor\nde la agencia alemana de prensa DPA en Hamburgo y corresponsal itinerante en\nEuropa del Este. Es autor de varios libros; sobre el fin de la URSS (traducido\nal ruso, chino y portugu\u00e9s), sobre la Rusia de Putin, sobre China, y un peque\u00f1o\nensayo colectivo sobre la Alemania&nbsp; de la\neurocrisis.<\/p>\n\n\n\n<p class=\"wp-block-paragraph\">El art\u00edculo reciente que public\u00f3 en su Blog <a href=\"http:\/\/www.rafaelpoch.com\/2020\/08\/08\">www.rafaelpoch.com\/2020\/08\/08<\/a> lleva el t\u00edtulo, que copio en\nesta nota, <em>El aniversario de una lecci\u00f3n\nque la humanidad no aprendi\u00f3<\/em>, que encierra un dramatismo profundo y una\ncarga de escepticismo alarmante. El olvido y la ignorancia pertinaz, nos est\u00e1\nllevando a un abismo que tiene la certeza de no impedir alg\u00fan retorno. El\nrelato de aquella jornada, con sus detalles t\u00e9cnicos es importante por razones\nque se comprender\u00e1n despu\u00e9s:<\/p>\n\n\n\n<p class=\"wp-block-paragraph\">A las 08:15 del 6 de agosto de 1945, un\nbombardero B-29, de un grupo de tres \u201cfortalezas volantes\u201d que navegaban a\n8.500 metros de altura, lanz\u00f3 una bomba sobre Hiroshima. Los aviones hab\u00edan\ndespegado seis horas y media antes, en plena noche, de la isla de Tinian. La\nbomba <em>llevaba el inocente nombre de\n\u201cLittle Boy\u201d<\/em>, (peque\u00f1o ni\u00f1o) [agrego yo \u00bfinocente o perverso?]. Med\u00eda tres\nmetros de largo y 0,7 de ancho. Su peso era de cuatro toneladas. Explot\u00f3 a 590\nmetros de altura, <em>liberando una energ\u00eda\nequivalente a la explosi\u00f3n de 13.000 toneladas de TNT, es decir la capacidad\nconvencional de bombardeo equivalente a 2.000 aparatos B-29<\/em>. <\/p>\n\n\n\n<p class=\"wp-block-paragraph\">Voy a citar la descripci\u00f3n del\nmomento aquel que hace nuestro periodista. Ruego a Ud., amigo lector, que\ntolere algunos detalles. Creo que esto es necesario porque despu\u00e9s de setenta y\ncinco a\u00f1os de ocultamiento se ha logrado que este hecho pasara a ser nada m\u00e1s\nque un pasaje, como tantos otros, de una guerra terrible. Conocer todo esto\ntiene una terrible verdad, que luego veremos: <\/p>\n\n\n\n<p class=\"wp-block-paragraph\">En el momento de la explosi\u00f3n se cre\u00f3,\nen su epicentro a\u00e9reo, una bola de fuego de centenares de miles de grados\ncent\u00edgrados. Tres d\u00e9cimas de segundo despu\u00e9s, la temperatura en el hipocentro\n(el punto situado en el suelo directamente bajo el epicentro) ascendi\u00f3 a 3.000\no 4.000 grados. Entre tres y diez segundos despu\u00e9s de la explosi\u00f3n ese viento\nhuracanado lleg\u00f3 hasta once kil\u00f3metros de distancia. La onda desnud\u00f3 a la\ngente, arranc\u00f3 las tiras de su piel quemada, fractur\u00f3 los \u00f3rganos internos de\nalgunas v\u00edctimas y clav\u00f3 en sus cuerpos fragmentos de vidrios y otros\nescombros. <\/p>\n\n\n\n<p class=\"wp-block-paragraph\">Le pido perd\u00f3n por unos pocos detalles m\u00e1s, pero en\nsituaciones como estas callar es ser, en parte, c\u00f3mplices de este tipo de\nasesinato masivo, y de otros nuevos posibles:<\/p>\n\n\n\n<p class=\"wp-block-paragraph\">De las 350.000 personas que se\nencontraban en Hiroshima el 6 de agosto, en el momento de la explosi\u00f3n, 140.000\nhab\u00edan muerto ya en diciembre de 1945. En ambas ciudades, la mitad de quienes\nse encontraban en un radio de 1,2 kil\u00f3metros del epicentro murieron el mismo\nd\u00eda de la explosi\u00f3n. <\/p>\n\n\n\n<p class=\"wp-block-paragraph\"><em>Un crimen\nmilitarmente innecesario.- <\/em>El\nComit\u00e9 de Pol\u00edtica Militar de EEUU hab\u00eda prohibido el bombardeo de media docena\nde ciudades seleccionadas \u201cpara garantizar que los efectos de la destrucci\u00f3n\nfuesen claramente observados por el mundo\u201d. El 2 de agosto se defini\u00f3 a Hiroshima\ncomo \u201cprimer objetivo\u201d. Contin\u00faa Poch de Feliu:<\/p>\n\n\n\n<p class=\"wp-block-paragraph\"><em>La bomba no ten\u00eda\nuna justificaci\u00f3n militar<\/em>.\nLa derrota de Jap\u00f3n era un hecho\u2026 hoy aceptado por la mayor\u00eda de los\nhistoriadores, <em>pero el nuevo artefacto\nconten\u00eda un mensaje de poder mundial que trascend\u00eda al desaf\u00edo japon\u00e9s y cuyo\nverdadero destinatario era la Uni\u00f3n Sovi\u00e9tica<\/em>. El almirante William Leahy,\njefe del Estado mayor del presidente Truman, escribe en sus memorias: \u201c<em>La utilizaci\u00f3n de esta arma b\u00e1rbara en\nHiroshima y Nagasaki no supuso ayuda material alguna en nuestra guerra contra\nJap\u00f3n. Los japoneses ya hab\u00edan sido vencidos y estaban dispuestos a rendirse<\/em>\u201d.\n<\/p>\n\n\n\n<p class=\"wp-block-paragraph\">Este hecho hist\u00f3rico es importante porque en investigaciones\nrealizadas por la Casa Blanca han demostrado la eficacia del ocultamiento sobre\neste hecho: <em>el 56% sigue creyendo que los\nbombardeos nucleares estuvieron justificados. <\/em>Muchos a\u00f1os despu\u00e9s el\nhistoriador e hispanista Gabriel Jackson, observ\u00f3: <\/p>\n\n\n\n<p class=\"wp-block-paragraph\">\u201cEl uso de la bomba at\u00f3mica demostr\u00f3\nque <em>un presidente normal<\/em> y <em>elegido democr\u00e1ticamente<\/em> podr\u00eda <em>usar el arma de la misma forma en que la\nhabr\u00eda usado un dictador nazi<\/em>. EEUU desdibuj\u00f3 la diferencia entre fascismo\ny democracia\u201d.<\/p>\n\n\n\n<p class=\"wp-block-paragraph\">En aquel momento, hace hoy setenta y cinco a\u00f1os, la bomba\nanunciaba, por primera vez en la historia, la capacidad humana de autodestrucci\u00f3n\nde toda vida en el planeta. Pero de ello no se ha extra\u00eddo ense\u00f1anza alguna. Agrega\nnuestro periodista:<\/p>\n\n\n\n<p class=\"wp-block-paragraph\">Con el tiempo, la socializaci\u00f3n de ese\nrecurso en el \u00e1mbito internacional (primero Estados Unidos, luego la URSS,\nInglaterra, Francia, luego China, Israel, India y Pakist\u00e1n y, potencialmente,\ncasi todos) lo cambiaba todo, tal como hab\u00eda predicho Albert Einstein; \u201c<em>El arma nuclear lo ha cambiado todo, menos\nla mentalidad del hombre<\/em>\u201d. Esa reflexi\u00f3n inspir\u00f3 a muchos en los a\u00f1os\ncincuenta y sesenta, y hab\u00eda dejado una huella especial en Jap\u00f3n, pero ahora ha\nsido aparentemente olvidada. <\/p>\n\n\n\n<p class=\"wp-block-paragraph\">La gravedad oculta de toda esta historia es, por las\nrazones que le promet\u00ed agregar, es que la capacidad actual de destrucci\u00f3n\nplanetaria es much\u00edsimo mayor que la de aquellas dos bombas. Hoy se puede hacer\ndesaparecer a varios planetas Tierra por la capacidad destructiva acumulada en manos\nque, de solo pensarlo, aterroriza\u2026 pero nada de ello ocurre. Todo est\u00e1 guardado\ncuidadosamente, como otra de las epidemias que nos amenazan. Pero como dice el\nt\u00edtulo de una pel\u00edcula argentina: <em>De esto\nno se habla.<\/em><\/p>\n\n\n\n<p class=\"wp-block-paragraph\">En agosto de 1945 Ichiro Moritaki, profesor de la\nUniversidad de Hiroshima se encontraba con sus alumnos movilizados, trabajando\nen los astilleros de la ciudad, a 3,7 kil\u00f3metros del hipocentro. Todo su cuerpo\ny rostro qued\u00f3 cubierto de cristales por la explosi\u00f3n. \u201cSu horrible experiencia\ny su condici\u00f3n de fil\u00f3sofo le hicieron reflexionar y dedicar su vida a impedir\nla repetici\u00f3n de algo como aquello\u201d. Fue uno de los padres del movimiento\npacifista y antinuclear japon\u00e9s, hoy de capa ca\u00edda. \u201c<em>Su tesis era que la humanidad deb\u00eda pasar de la civilizaci\u00f3n del poder\na la civilizaci\u00f3n del amor y que el ser humano no puede coexistir con la\ntecnolog\u00eda nuclear, un poco en la l\u00ednea de Ghandi y Einstein<\/em>\u201d.<\/p>\n\n\n\n<p class=\"wp-block-paragraph\">Despu\u00e9s de la guerra, <em>Jap\u00f3n\ncontribuy\u00f3 a un mundo viable con dos cosas muy importantes: su constituci\u00f3n\npacifista, que prohib\u00eda a Jap\u00f3n meterse en guerras y mantener fuerzas armadas,\ny los tres principios antinucleares de 1967, no producir, no adquirir y no\nadmitir en su territorio tales armas<\/em>. Hasta los a\u00f1os ochenta, explica su\nhija Moritaki: las ideas pacifistas y antinucleares siguen teniendo un gran\napoyo popular en el pa\u00eds, pero la derecha y los halcones locales han\nfortalecido su dominio y <em>est\u00e1n deshilachando\nla constituci\u00f3n y esos principios:<\/em><\/p>\n\n\n\n<p class=\"wp-block-paragraph\">\u201cDicen que todo aquello fue resultado\nde la imposici\u00f3n de los americanos \u2013lo que es parte de verdad\u2013 y aprovechan la\ncrisis de identidad que Jap\u00f3n atraviesa actualmente, como resultado de su\ndeclive demogr\u00e1fico y econ\u00f3mico, para afirmar lo que presentan como un pa\u00eds\nnormal, libre de las hipotecas derivadas de su derrota en la Segunda Guerra\nMundial\u201d. <em>Este es el contexto de la\nremilitarizaci\u00f3n de Jap\u00f3n, que Estados Unidos fomenta<\/em> en su prop\u00f3sito de\nrodear militarmente a China con un demencial escudo antimisiles.<\/p>\n\n\n\n<p class=\"wp-block-paragraph\">Durante a\u00f1os, la educaci\u00f3n pacifista form\u00f3 parte de la\nense\u00f1anza en Jap\u00f3n. Las escuelas solicitaban charlas para propagar su mensaje\nantinuclear y de paz. Desde principios de este siglo, el Ministerio de\nEducaci\u00f3n impide eso. \u201cEn los \u00faltimos a\u00f1os, ni una sola escuela p\u00fablica nos ha\nllamado para esos cursos y se nos impide el acceso, por lo que nuestra acci\u00f3n\nha quedado reducida a universidades y escuelas privadas\u201d, explica Moritaki:<\/p>\n\n\n\n<p class=\"wp-block-paragraph\">Jap\u00f3n, que hace sesenta a\u00f1os fue la\nprimera v\u00edctima del arma nuclear<em>,\ndemuestra con su actual involuci\u00f3n que el hombre no aprendi\u00f3 la lecci\u00f3n de\nHiroshima<\/em>. Su ambig\u00fcedad y desprecio por las v\u00edctimas de su cruel ocupaci\u00f3n\ny guerra en Corea, China y Asia Oriental, demuestra que \u201c<em>esta naci\u00f3n madura, admirable y ejemplar en tantas cosas, es\nabsolutamente inmadura e infantil en su pol\u00edtica exterior<\/em>\u201d.<\/p>\n\n\n\n<p class=\"wp-block-paragraph\">Amigo lector, en un clima de periodismo truculento,\namarillista y escandalizador, el tema tratado corre el riesgo de verse\narrastrado por esa ola. Mi intenci\u00f3n ha sido subrayar las monstruosidades para\nque la memoria mantenga ese recuerdo y no se vuelva a repetir. <br><\/p>\n\n\n\n<hr class=\"wp-block-separator\"\/>\n\n\n\n<p class=\"wp-block-paragraph\"><a href=\"#_ftnref1\">[1]<\/a>\nSe puede consultar en la p\u00e1gina <a href=\"http:\/\/www.ricardovicentelopez.com.ar\">www.ricardovicentelopez.com.ar<\/a>,\nSecci\u00f3n Reflexiones pol\u00edticas &#8211;&nbsp; N\u00ba <a href=\"file:\/\/\/C:\/Users\/Usuario\/Google%20Drive\/REVISAR\/Notas%20de%20RVL\/Reflexiones%20pol\u00edticas\/Publicadas\/51.-%20La%20historia%20de%20una%20decisi\u00f3n%20que%20debi\u00f3%20no%20haberse%20tomado%20nunca.docx\">51.- <em>La historia de una decisi\u00f3n que debi\u00f3 no\nhaberse tomado nunca.<\/em><\/a><\/p>\n","protected":false},"excerpt":{"rendered":"<p>Ricardo Vicente L\u00f3pez Agosto es un mes de muy triste memoria para la historia grande. Sobre este tema, el a\u00f1o pasado, escrib\u00ed una nota [[1]] comentando un acto de guerra brutal, innecesario para el curso de la II Guerra mundial. Como afirm\u00e9 en esa oportunidad los japoneses ya hab\u00edan manifestado su voluntad de rendirse, en [&hellip;]<\/p>\n","protected":false},"author":1,"featured_media":0,"parent":85388,"menu_order":0,"comment_status":"closed","ping_status":"closed","template":"","meta":{"footnotes":""},"class_list":["post-86052","page","type-page","status-publish","hentry"],"_links":{"self":[{"href":"https:\/\/ricardovicentelopez.com.ar\/index.php?rest_route=\/wp\/v2\/pages\/86052","targetHints":{"allow":["GET"]}}],"collection":[{"href":"https:\/\/ricardovicentelopez.com.ar\/index.php?rest_route=\/wp\/v2\/pages"}],"about":[{"href":"https:\/\/ricardovicentelopez.com.ar\/index.php?rest_route=\/wp\/v2\/types\/page"}],"author":[{"embeddable":true,"href":"https:\/\/ricardovicentelopez.com.ar\/index.php?rest_route=\/wp\/v2\/users\/1"}],"replies":[{"embeddable":true,"href":"https:\/\/ricardovicentelopez.com.ar\/index.php?rest_route=%2Fwp%2Fv2%2Fcomments&post=86052"}],"version-history":[{"count":1,"href":"https:\/\/ricardovicentelopez.com.ar\/index.php?rest_route=\/wp\/v2\/pages\/86052\/revisions"}],"predecessor-version":[{"id":86055,"href":"https:\/\/ricardovicentelopez.com.ar\/index.php?rest_route=\/wp\/v2\/pages\/86052\/revisions\/86055"}],"up":[{"embeddable":true,"href":"https:\/\/ricardovicentelopez.com.ar\/index.php?rest_route=\/wp\/v2\/pages\/85388"}],"wp:attachment":[{"href":"https:\/\/ricardovicentelopez.com.ar\/index.php?rest_route=%2Fwp%2Fv2%2Fmedia&parent=86052"}],"curies":[{"name":"wp","href":"https:\/\/api.w.org\/{rel}","templated":true}]}}