{"id":86045,"date":"2020-09-11T18:30:20","date_gmt":"2020-09-11T18:30:20","guid":{"rendered":"http:\/\/ricardovicentelopez.com.ar\/?page_id=86045"},"modified":"2020-09-11T18:32:00","modified_gmt":"2020-09-11T18:32:00","slug":"45-un-aniversario-que-merece-mayor-memoria","status":"publish","type":"page","link":"https:\/\/ricardovicentelopez.com.ar\/?page_id=86045","title":{"rendered":"45- Un aniversario que merece mayor memoria"},"content":{"rendered":"\n<p style=\"text-align:right\" class=\"has-medium-font-size wp-block-paragraph\"><strong>Ricardo Vicente L\u00f3pez<\/strong><\/p>\n\n\n\n<figure class=\"wp-block-image\"><img loading=\"lazy\" decoding=\"async\" width=\"880\" height=\"474\" src=\"https:\/\/ricardovicentelopez.com.ar\/wp-content\/uploads\/2020\/09\/45.png\" alt=\"\" class=\"wp-image-86046\" srcset=\"https:\/\/ricardovicentelopez.com.ar\/wp-content\/uploads\/2020\/09\/45.png 880w, https:\/\/ricardovicentelopez.com.ar\/wp-content\/uploads\/2020\/09\/45-300x162.png 300w, https:\/\/ricardovicentelopez.com.ar\/wp-content\/uploads\/2020\/09\/45-768x414.png 768w\" sizes=\"auto, (max-width: 880px) 100vw, 880px\" \/><\/figure>\n\n\n\n<p class=\"wp-block-paragraph\">El 1\u00ba de julio de 1974 falleci\u00f3 el\nGeneral Juan Domingo Per\u00f3n, en ese entonces Presidente de la Argentina.\nAparecer\u00e1n en los medios, ahora, algunas referencias que cumplir\u00e1n una especie de\nformal obligaci\u00f3n hist\u00f3rica y pol\u00edtica. Pero se mantiene, y se mantendr\u00e1 por\nlargo tiempo, una deuda dif\u00edcil de cancelar respecto de su paso por la Historia.\nSer\u00e1 as\u00ed hasta que la conciencia de los argentinos se haga cargo de ello.\nEntonces esa falta convocar\u00e1 a lo mejor de los historiadores, fil\u00f3sofos e\ninvestigadores sociales, para que asuman la tarea. Cumplir con el deber de\nreconstruir la memoria de la vida y la obra de uno de los m\u00e1s grandes patriotas\nde nuestra historia. Uno de los que deben estar en ese plano elevado de los <em>Grandes de la Patria<\/em>. <\/p>\n\n\n\n<p class=\"wp-block-paragraph\">Al escribir estas l\u00edneas creo estar\nplenamente consciente de las resistencias que pueden levantar. La amarga y\nbrutal tarea de demolici\u00f3n, distorsi\u00f3n, tergiversaci\u00f3n y falsificaci\u00f3n, que ha\npadecido su vida y su obra, de la herencia que nos ha dejado como pueblo.\nEntonces se podr\u00e1 medir la dimensi\u00f3n de lo realizado, por el fanatismo obsesivo\nde esos depredadores en hacerla desaparecer. S\u00f3lo con recordar la prohibici\u00f3n\nde nombrarlo o de hacer referencia a ese pasado, que impuso la dolorosamente\nrecordada <em>Revoluci\u00f3n Libertadora de 1955<\/em>,\nhabla del odio asesino de sus autores. Las campa\u00f1as posteriores de difamaci\u00f3n,\nen las cuales se utiliz\u00f3 todo el poder militar, pol\u00edtico y medi\u00e1tico para borrar,\nde la memoria popular, los diez a\u00f1os anteriores de felicidad y conquista de\nderechos. <\/p>\n\n\n\n<p class=\"wp-block-paragraph\">Ellos fueron los responsables del\nbrutal bombardeo de Plaza de Mayo de junio de 1955 y el posterior golpe de\nestado, que derroc\u00f3 al gobierno democr\u00e1tico llegado, al poder por elecciones\ntrasparentes en 1946, con lo cual comenz\u00f3 la <em>Revoluci\u00f3n Justicialista<\/em>. Hoy, desde la perspectiva hist\u00f3rica que\nnos ofrecen los setenta y cinco a\u00f1os posteriores a esa barbarie, podemos\ncorroborar la marca indeleble que aquella revoluci\u00f3n dej\u00f3 en los corazones de\neste pueblo. Pese a la resistencia pertinaz de las fuerzas de la reacci\u00f3n imperial\nconservadora, hoy vestidas con las nuevas ropas del neoliberalismo, siguen\nempe\u00f1ados en detener o, al menos, retrasar todo lo posible, la recuperaci\u00f3n de\nlo obtenido en aquellos a\u00f1os.<\/p>\n\n\n\n<p class=\"wp-block-paragraph\">Este 1\u00ba de julio debemos dar un paso\nm\u00e1s en la recuperaci\u00f3n de aquella historia. El gobierno actual va retomando,\npoco a poco, en los hechos, pese al azote pand\u00e9mico, la reconstrucci\u00f3n de esa\nPatria de los trabajadores. Esto demuestra al mundo que en esta Naci\u00f3n primero est\u00e1\nla vida de los m\u00e1s empobrecidos para quienes el Estado nuevamente sale en su\nsocorro y protecci\u00f3n. Despu\u00e9s y paralelamente se va desplegando la\nreconstrucci\u00f3n econ\u00f3mica y financiera. Se recupera as\u00ed uno de los objetivos fundamentales\nde los gobiernos justicialistas: \u00abLa felicidad del pueblo y la grandeza de la\nNaci\u00f3n\u00bb. &nbsp;&nbsp;&nbsp;&nbsp;&nbsp;&nbsp;<\/p>\n\n\n\n<p class=\"wp-block-paragraph\"><em>El perfil de un grande.<\/em>&#8211; Si Plat\u00f3n (427-347 a. C)\nal describir su <em>Rep\u00fablica ideal<\/em> [<a href=\"#_ftn1\">[1]<\/a>]coloc\u00f3\nal frente &nbsp;de ella a un fil\u00f3sofo, como\nidealidad del mejor gobierno. Tal vez Ud. amigo lector, puede sorprenderse por\nlo que voy a escribir. Creo que el problema radica en el deterioro del concepto\nde <em>lo pol\u00edtico<\/em> y de las malas\npr\u00e1cticas que, una mayor\u00eda de ellos, ha demostrado al utilizar los juegos de\npoder. Nos toca vivir una situaci\u00f3n en la que la pol\u00edtica ha sido reducida a\n\u201cdisputas gallin\u00e1ceas\u201d seg\u00fan la definici\u00f3n del General Per\u00f3n. Ha ca\u00eddo y se ha\nempobrecido, tras d\u00e9cadas de decadencia de la democracia occidental. <\/p>\n\n\n\n<p class=\"wp-block-paragraph\">Le propongo que nos ubiquemos en un plano\nelevado, para pensar las ideas da aquellos atenienses, que tambi\u00e9n padec\u00edan de\nalgo similar, aunque no de la misma magnitud. Por tal raz\u00f3n, le pido que me\nacompa\u00f1e por este <em>sendero ideal del\npensamiento filos\u00f3fico<\/em> que le propongo. En esa caminata vamos a\ndesprendernos de las realidades mezquinas que nos rodean e intentaremos pensar,\ndesde ese plano filos\u00f3fico, el replanteo de algunos de los temas de hoy. Uno\nprimero y fundamental &nbsp;&nbsp;&nbsp;&nbsp;&nbsp;&nbsp; es la\nposibilidad actual de reconstruir (con las distancias debidas por el tiempo\ntranscurrido) una polis como la ateniense regida por un Rey-fil\u00f3sofo [<a href=\"#_ftn2\">[2]<\/a>], como\npropon\u00eda &nbsp;Plat\u00f3n. A esta propuesta\nArist\u00f3teles (385-323 a. C:) le agregaba en su libro <em>Pol\u00edtica<\/em> o <em>La Pol\u00edtica<\/em> que:\n\u00ab<em>la investigaci\u00f3n sobre la \u00e9tica\ndesemboca en la pol\u00edtica\u00bb<\/em>, da a entender con ello que la pol\u00edtica no puede\nser separada de la \u00e9tica. Es un modo de mantener la sociedad \u201cordenada\u201d con\nnormas y reglas, \u00ab<em>cuyo objetivo superior\nes la felicidad de la polis<\/em>\u00bb.<\/p>\n\n\n\n<p class=\"wp-block-paragraph\">Subrayemos esta definici\u00f3n del\nateniense porque nos remite al concepto de Per\u00f3n citado m\u00e1s arriba: \u00abla\nfelicidad del pueblo\u00bb. Este rescate te\u00f3rico tiene el valor de afirmar los\npuntos cardinales de la pol\u00edtica, muy importantes para <em>superar el marasmo en el que se encuentra el pensamiento pol\u00edtico\nactual<\/em>. Son cimientos s\u00f3lidos sobre los cuales se van a apoyar las columnas\nde la <em>polis actual<\/em>, que Per\u00f3n\ndenomin\u00f3 la \u00abcomunidad organizada\u00bb. Este concepto es deudor, entonces, del\npensamiento de la <em>Grecia cl\u00e1sica<\/em>, que\nla coloca como su primera columna; la segunda es la <em>herencia romana<\/em> que le aporta institucionalidad: \u00ab<em>la sociedad ordenada con normas y reglas<\/em>\u00bb<em>;<\/em> y, la tercera es la <em>judeo-cristiana<\/em> que completa la\nconstrucci\u00f3n ideal con el aporte del <em>humanismo\ncristiano<\/em>, concepci\u00f3n del hombre faltante en las otras dos anteriores. <\/p>\n\n\n\n<p class=\"wp-block-paragraph\">Este \u00faltimo aporte, afirma Per\u00f3n,\ncontiene la necesidad revolucionaria que instaura la justicia social y el amor,\npredicado por Jes\u00fas de Nazaret: \u00abamaos los unos a los otros\u00bb, sustento de la\nsolidaridad peronista. Los cimientos deben sostener esas tres columnas que el <em>Per\u00f3n fil\u00f3sofo<\/em> detalla en su exposici\u00f3n\nen el <em>Primer Congreso Mundial de\nFilosof\u00eda<\/em>, del 9 de abril de 1949, en la Universidad Nacional de Cuyo. All\u00ed,\nante la presencia de los pensadores, fil\u00f3sofos, intelectuales en general, m\u00e1s\nimportantes de la \u00e9poca, presenta su propuesta que llevaba por t\u00edtulo <em>La comunidad organizada<\/em>. una s\u00f3lida base\npara la construcci\u00f3n de la polis moderna. Sostiene Marcelo Gullo, Doctor en\nCiencias Pol\u00edticas y Magister en Relaciones Internacionales:<\/p>\n\n\n\n<p class=\"wp-block-paragraph\">El general Juan Domingo Per\u00f3n present\u00f3,\nante algunos de los m\u00e1s importantes fil\u00f3sofos del mundo, un texto -s\u00edntesis de\nbase filos\u00f3fica- sobre lo que <em>representaba\nsociol\u00f3gicamente la tercera posici\u00f3n sostenida por su gobierno<\/em>. El discurso\nle\u00eddo por Per\u00f3n pasar\u00eda a la historia en forma de libro: <em>La Comunidad Organizada<\/em>. Pero, es importante entender que la\nComunidad Organizada era para \u00e9l tanto \u00ab<em>un\nmodelo ideal a alcanzar como un plan en<\/em> <em>ejecuci\u00f3n<\/em>.\n<em>Un modelo y un plan que \u00e9l mismo hab\u00eda\nideado, y que como Presidente de la Naci\u00f3n, estaba ejecutando<\/em>\u00bb.<\/p>\n\n\n\n<p class=\"wp-block-paragraph\">Sin embargo, antes de adentrarnos en el\nrecuerdo y el an\u00e1lisis, para que este no sea uno m\u00e1s de los tantos tibios\nhomenajes reflexionemos sobre todo ello. A los 70 a\u00f1os de la propuesta de una <em>Comunidad Organizada<\/em>, como acto de\nsinceramiento, afirma nuestro autor, Marcelo Gullo, es preciso confesar\nentonces que ese ideal se fue evaporando en el tiempo y que la Argentina que\nPer\u00f3n construy\u00f3 se ha desvanecido. Respetando la advertencia de \u00e9l: \u00abLa \u00fanica\nverdad es la realidad\u00bb y el mandato evang\u00e9lico \u00abS\u00f3lo la verdad nos har\u00e1 libres\u00bb,\nes preciso reconocer entonces, que la <em>Comunidad\nOrganizada<\/em> que pens\u00f3 y construy\u00f3 Per\u00f3n junto con el pueblo argentino <em>ya no existe<\/em>. Eso no debe entenderse\ncomo un final.<\/p>\n\n\n\n<p class=\"wp-block-paragraph\">Amigo lector, volviendo a la realidad\nde nuestros d\u00edas, habi\u00e9ndonos nutrido con <em>las\nviejas sabidur\u00edas hebreas y greco-romanas<\/em>, que nos leg\u00f3 el General Per\u00f3n, presentes\nen dos libros poco consultados hoy: <em>La\ncomunidad organizada <\/em>texto inicial de 1949, y su testamento pol\u00edtico: <em>Modelo argentino para el proyecto nacional <\/em>de\n1974, estamos en condiciones de retomar el camino iniciado en 1946. Su memoria,\nsus ejemplos, sus ense\u00f1anzas nos llev\u00f3 a la recuperaci\u00f3n del gobierno gracias\nal apoyo del pueblo peronista. Entonces, a pesar del castigo de una pandemia de\norigen y caracter\u00edsticas poco conocidas, m\u00e1s la pesada carga de la tragedia de\nlos \u00faltimos cuatro a\u00f1os, estamos retomando el camino de aquella Revoluci\u00f3n\nJusticialista. Los azorados ojos del mundo que admiran y valoran esta obra en\nmarcha, es prueba abundante y fehaciente de que el legado del General Per\u00f3n\nsigue vivo y fruct\u00edfero.<br><\/p>\n\n\n\n<hr class=\"wp-block-separator\"\/>\n\n\n\n<p class=\"wp-block-paragraph\"><a href=\"#_ftnref1\">[1]<\/a> La <em>Rep\u00fablica<\/em> en griego: Politeia, que proviene de p\u00f3lis, denominaci\u00f3n\nde las <em>ciudades-estado<\/em> griegas. Es la\nm\u00e1s conocida e influyente de las obras de Plat\u00f3n, y es el compendio de sus\nideas sobre una filosof\u00eda pol\u00edtica, de la cual es considerado como uno de los\nfundadores. Al desarrollar la idea de una ciudad justa, \u00e9sta deber\u00eda estar\ngobernada por fil\u00f3sofos reyes. <\/p>\n\n\n\n<p class=\"wp-block-paragraph\"><a href=\"#_ftnref2\">[2]<\/a> Ellos\nhablaban de un rey porque era la \u00fanica figura pol\u00edtica conocida entonces, pero\na ese Rey le exig\u00edan ser fil\u00f3sofo para que piense desasido de las peque\u00f1eces terrenales.<\/p>\n","protected":false},"excerpt":{"rendered":"<p>Ricardo Vicente L\u00f3pez El 1\u00ba de julio de 1974 falleci\u00f3 el General Juan Domingo Per\u00f3n, en ese entonces Presidente de la Argentina. Aparecer\u00e1n en los medios, ahora, algunas referencias que cumplir\u00e1n una especie de formal obligaci\u00f3n hist\u00f3rica y pol\u00edtica. Pero se mantiene, y se mantendr\u00e1 por largo tiempo, una deuda dif\u00edcil de cancelar respecto de [&hellip;]<\/p>\n","protected":false},"author":1,"featured_media":0,"parent":85644,"menu_order":0,"comment_status":"closed","ping_status":"closed","template":"","meta":{"footnotes":""},"class_list":["post-86045","page","type-page","status-publish","hentry"],"_links":{"self":[{"href":"https:\/\/ricardovicentelopez.com.ar\/index.php?rest_route=\/wp\/v2\/pages\/86045","targetHints":{"allow":["GET"]}}],"collection":[{"href":"https:\/\/ricardovicentelopez.com.ar\/index.php?rest_route=\/wp\/v2\/pages"}],"about":[{"href":"https:\/\/ricardovicentelopez.com.ar\/index.php?rest_route=\/wp\/v2\/types\/page"}],"author":[{"embeddable":true,"href":"https:\/\/ricardovicentelopez.com.ar\/index.php?rest_route=\/wp\/v2\/users\/1"}],"replies":[{"embeddable":true,"href":"https:\/\/ricardovicentelopez.com.ar\/index.php?rest_route=%2Fwp%2Fv2%2Fcomments&post=86045"}],"version-history":[{"count":1,"href":"https:\/\/ricardovicentelopez.com.ar\/index.php?rest_route=\/wp\/v2\/pages\/86045\/revisions"}],"predecessor-version":[{"id":86047,"href":"https:\/\/ricardovicentelopez.com.ar\/index.php?rest_route=\/wp\/v2\/pages\/86045\/revisions\/86047"}],"up":[{"embeddable":true,"href":"https:\/\/ricardovicentelopez.com.ar\/index.php?rest_route=\/wp\/v2\/pages\/85644"}],"wp:attachment":[{"href":"https:\/\/ricardovicentelopez.com.ar\/index.php?rest_route=%2Fwp%2Fv2%2Fmedia&parent=86045"}],"curies":[{"name":"wp","href":"https:\/\/api.w.org\/{rel}","templated":true}]}}