{"id":85961,"date":"2020-09-09T13:25:01","date_gmt":"2020-09-09T13:25:01","guid":{"rendered":"http:\/\/ricardovicentelopez.com.ar\/?page_id=85961"},"modified":"2020-09-09T13:25:01","modified_gmt":"2020-09-09T13:25:01","slug":"104-de-aquellas-lluvias-estos-lodos","status":"publish","type":"page","link":"https:\/\/ricardovicentelopez.com.ar\/?page_id=85961","title":{"rendered":"104- \u00abDe aquellas lluvias estos lodos\u00bb"},"content":{"rendered":"\n<p style=\"text-align:right\" class=\"has-medium-font-size wp-block-paragraph\"><strong>Ricardo Vicente L\u00f3pez <\/strong><\/p>\n\n\n\n<figure class=\"wp-block-image\"><img loading=\"lazy\" decoding=\"async\" width=\"749\" height=\"427\" src=\"https:\/\/ricardovicentelopez.com.ar\/wp-content\/uploads\/2020\/09\/104.png\" alt=\"\" class=\"wp-image-85962\" srcset=\"https:\/\/ricardovicentelopez.com.ar\/wp-content\/uploads\/2020\/09\/104.png 749w, https:\/\/ricardovicentelopez.com.ar\/wp-content\/uploads\/2020\/09\/104-300x171.png 300w\" sizes=\"auto, (max-width: 749px) 100vw, 749px\" \/><\/figure>\n\n\n\n<p class=\"wp-block-paragraph\">El refr\u00e1n recoge la sabidur\u00eda popular de mirar hacia atr\u00e1s\ncuando se est\u00e1 atravesando una circunstancia dificultosa. Atribuir las causas de\ntodo aquello a otros, para que no se nos acuse a nosotros, es un modo de no\nasumir los errores y, por lo tanto, no aprender de las experiencias. Esa\nsabidur\u00eda nos advierte respecto de la importancia de analizar los porqu\u00e9s, las\ncausas, las razones, que por regla general, son las que nos han hecho padecer estas\nconsecuencias. Y lo que es v\u00e1lido para las conductas personales puede hacerse\nextensivo a la historia de los pueblos.<\/p>\n\n\n\n<p class=\"wp-block-paragraph\">Esta primera reflexi\u00f3n debe servirnos\npara introducirnos en una vieja historia, tra\u00edda a esta actualidad por el autor\nde la nota de referencia. La trajo a nuestro presente un acad\u00e9mico, de\nprestigio internacional, que me sorprendi\u00f3 (tal vez por mi ignorancia respecto\nde su trayectoria) con el comentario &nbsp;que\npresenta sobre un texto muy importante. Me parece, entonces, que compartir los\nantecedentes, intelectuales y profesionales del autor son necesarios para\nevaluar, en tiempo y lugar, el contenido del texto de la nota que despu\u00e9s\nanalizar\u00e9. Se trata de:<\/p>\n\n\n\n<p class=\"wp-block-paragraph\">Juan Gabriel Tokatlian &#8211; Soci\u00f3logo\nargentino con una Maestr\u00eda (UBA); un Ph. D. en Relaciones Internacionales en la\nSchool of Advanced International Studies, The Johns Hopkins University en Washington,\nD.C. (Estados Unidos); fue cofundador del Centro de Estudios Internacionales de\nla Universidad de Los Andes (Bogot\u00e1, Colombia); Profesor de Relaciones\nInternacionales y Vicerrector de la Universidad Di Tella (Argentina). Es\nuna de las voces acad\u00e9micas m\u00e1s reconocidas en el \u00e1mbito de las Relaciones\nInternacionales.<\/p>\n\n\n\n<p class=\"wp-block-paragraph\">La nota que mencion\u00e9 fue publicada en P\u00e1gina 12 (7-7-2020)\ny lleva por t\u00edtulo <em>La vigencia del ABC de\nPer\u00f3n<\/em>. Se trata de una conferencia que pronunciara el presidente Juan\nDomingo Per\u00f3n en la <em>Escuela Superior de\nGuerra<\/em> el 11 de noviembre de 1953. El contenido de tan importante texto se\nmantuvo oculto por m\u00e1s de treinta a\u00f1os (no conozco las razones, ni el autor, las\nmenciona). El discurso reservado solo fue hecho p\u00fablico en 1967. En \u00e9l expone\nsu ideario pol\u00edtico para la Argentina, Brasil y Chile (ABC). Es importante\nrecordar que, a menos de diez a\u00f1os del fin de la II Guerra mundial, corr\u00eda un\nper\u00edodo en el cual el mundo todav\u00eda estaba reconstruy\u00e9ndose y reordenando su\nescenario pol\u00edtico internacional.<\/p>\n\n\n\n<p class=\"wp-block-paragraph\">Escribe el Doctor Tokatlian:<\/p>\n\n\n\n<p class=\"wp-block-paragraph\">\u201cMi inter\u00e9s con esta nota es\nalentar una <em>reflexi\u00f3n estrat\u00e9gica en\nmateria internacional, reflexi\u00f3n que ha estado postergada por tantas urgencias,\npadecimientos, recelos y perplejidades internas<\/em>. Me sirvo para hacerlo del\ndiscurso del presidente Juan Domingo Per\u00f3n: es un diagn\u00f3stico de aquellos a\u00f1os\nen el que afirm\u00f3: <\/p>\n\n\n\n<p class=\"wp-block-paragraph\">\u00abEl problema fundamental del futuro es\nun problema de base y fundamento econ\u00f3micos, y la lucha de futuro ser\u00e1 cada vez\nm\u00e1s econ\u00f3mica\u2026 En consecuencia, analizando nuestros problemas, podr\u00edamos decir\nque el futuro del mundo, el futuro de los pueblos y el futuro de las naciones\nestar\u00e1 extraordinariamente influido por la magnitud de las reservas que posean:\nreservas de alimentos y reservas de materias primas. Es indudable que nuestro\ncontinente, en especial Sudam\u00e9rica, es la zona del mundo donde todav\u00eda, en\nraz\u00f3n de su falta de poblaci\u00f3n y de su falta de explotaci\u00f3n extractiva, est\u00e1 la\nmayor reserva de materia prima y alimentos del mundo. Esto nos indicar\u00eda que <em>el porvenir es nuestro<\/em> y que en la\nfutura lucha <em>nosotros marchamos con una\nextraordinaria ventaja<\/em> frente a las dem\u00e1s zonas del mundo. <em>Si subsistiesen los peque\u00f1os y d\u00e9biles\npa\u00edses fragmentados ser\u00edan un objeto f\u00e1cil para ser explotados<\/em>, por lo que <em>es indispensable evitar la dominaci\u00f3n<\/em>.\nPor ello he inducido a nuestro gobierno a <em>encarar\nde frente la posibilidad de una uni\u00f3n real y efectiva de nuestros pa\u00edses, para\nencarar una vida en com\u00fan y para planear, tambi\u00e9n, una defensa futura en com\u00fan<\/em>\u00bb.<\/p>\n\n\n\n<p class=\"wp-block-paragraph\">El Doctor Tokatlian subraya que la idea\nde unidad, en el General Per\u00f3n, no es el resultado de una cuesti\u00f3n \u201cabstracta e\nidealista\u201d: <em>es el producto de intereses\nespec\u00edficos, de convergencias razonables con los vecinos y de una mirada de\nlargo aliento<\/em>. En esa direcci\u00f3n, Per\u00f3n afirma que: <\/p>\n\n\n\n<p class=\"wp-block-paragraph\">\u00abPonemos toda nuestra voluntad real,\nefectiva, leal y sincera para que <em>esta uni\u00f3n\npueda realizarse en el continente<\/em>. Y no se trate solo de <em>influir a los gobiernos, sino tambi\u00e9n\u2014 y\nsingularmente \u2014 a los pueblos<\/em>\u2026 que son los permanentes, porque los hombres\npasan y los gobiernos se suceden, pero los pueblos quedan\u00bb.<\/p>\n\n\n\n<p class=\"wp-block-paragraph\">En su razonamiento afirma que: pa\u00edses\ncomo la Argentina no pueden tener en el orden de la pol\u00edtica internacional\nobjetivos muy activos ni muy grandes; pero tienen que tener alg\u00fan objetivo, y\nen ese sentido, asevera: <\/p>\n\n\n\n<p class=\"wp-block-paragraph\">\u00abLa Rep\u00fablica Argentina sola, no tiene\nunidad econ\u00f3mica; Brasil solo, no tiene tampoco unidad econ\u00f3mica; Chile solo,\ntampoco tiene unidad econ\u00f3mica; pero <em>estos\ntres pa\u00edses unidos conforman una formidable unidad econ\u00f3mica<\/em>. Por lo tanto,\ntoda la pol\u00edtica argentina en el orden internacional ha estado orientada hacia <em>la necesidad de esa uni\u00f3n<\/em>, para que,\ncuando llegue el momento en que seamos juzgados por nuestros hombres frente a\nlos peligros que esta disociaci\u00f3n producir\u00e1 en el futuro, por lo menos tengamos\nel justificativo de nuestra propia impotencia para realizarla\u00bb.<\/p>\n\n\n\n<p class=\"wp-block-paragraph\">El Doctor Tokatlian rescata de la\nconferencia de Per\u00f3n <em>algunas ideas que\ndice que deben ser rescatadas para incorporarlas al debate actual<\/em>. Aunque\nme parece advertir que no cree que hoy ya se haya recuperado la madurez y la\nprofundidad del an\u00e1lisis pol\u00edtico que encuentra en el General Per\u00f3n. Encuentra varios\npuntos que le merecen ser rescatados: <\/p>\n\n\n\n<p class=\"wp-block-paragraph\">\u00ab<em>Primero,<\/em>\nes <em>un diagn\u00f3stico realista de una \u00e9poca<\/em>.\n<em>Segundo<\/em>, denota <em>una comprensi\u00f3n de los fundamentos materiales para eludir la plena\ndependencia<\/em> y procurar grados de relativa autonom\u00eda internacional. <em>Tercero<\/em>, manifiesta l<em>a vocaci\u00f3n de unidad\u2014sin hegemon\u00eda&#8211;que se\nresume tanto en la idea como en una pr\u00e1ctica unificadora<\/em>. <em>Cuarto<\/em>, expresa un sentir promisorio\nrespecto a Am\u00e9rica del Sur, no exento de una <em>templada auto-estima nacional<\/em>. <em>Quinto<\/em>,\nsupone el reconocimiento de que junto a la diplomacia interestatal <em>es esencial alentar y reivindicar la\ndiplomacia entre los pueblos<\/em>. <em>Sexto<\/em>,\nvalora la cercan\u00eda geogr\u00e1fica, la consolidaci\u00f3n de una iniciativa tripartita y\nsu proyecci\u00f3n paulatina en el \u00e1mbito sudamericano. Y <em>s\u00e9ptimo<\/em>, expone la convicci\u00f3n de que <em>un objetivo vital de la pol\u00edtica exterior debe someterse a la\nevaluaci\u00f3n concreta<\/em>\u00bb.<\/p>\n\n\n\n<p class=\"wp-block-paragraph\">Es evidente que el mundo actual tiene\nnotables diferencias con aquel que miraba Per\u00f3n hace 67 a\u00f1os. Es evidente que el\ncuadro general de la pol\u00edtica nacional, latinoamericana y mundial muestra un\nconjunto de facetas que est\u00e1n lejos de lo que suced\u00eda en aquella \u00e9poca. El\nautor detalla: <em>la fragmentaci\u00f3n\ndiplom\u00e1tica, la inestabilidad pol\u00edtica, la fragilidad social y la debilidad\necon\u00f3mica ha llevado a Am\u00e9rica Latina a ser menos gravitante y m\u00e1s vulnerable<\/em>.\nTodo ello ha derivado en <em>una mayor\ndependencia de distintos centros de poder<\/em>. Y describe distancias y\nfortalezas:<\/p>\n\n\n\n<p class=\"wp-block-paragraph\">\u00abSin embargo, tambi\u00e9n es importante\nentender mejor las din\u00e1micas socio-pol\u00edticas del \u00e1rea en las que las\naspiraciones progresistas de reforma para la inclusi\u00f3n, la justicia, la\nsustentabilidad y la autonom\u00eda siguen vigentes. La Argentina de entonces <em>era una potencia regional muy relevante<\/em>.\nNo se asemeja a la de hoy que ha venido padeciendo un declive indisimulable que\nerosiona su capacidad de proyectar poder, influencia y prestigio. El esp\u00edritu asociativo\nque de tiempo en tiempo ha surgido en Am\u00e9rica del Sur con el empuje de diversos\npa\u00edses seg\u00fan determinadas coyunturas, est\u00e1 muy desdibujado en la actualidad\u00bb.<\/p>\n\n\n\n<p class=\"wp-block-paragraph\">Si suger\u00ed una especie de descreimiento\nen las posibilidades actuales de recuperar aquel camino reaparece ahora en esta\npregunta: <\/p>\n\n\n\n<p class=\"wp-block-paragraph\">\u00abEn ese contexto, \u00bftiene sentido\nreflexionar hoy sobre el ABC? Las distancias evidentes en las creencias\npol\u00edticas y entre los liderazgos presidenciales en los gobiernos de Buenos\nAires, Brasilia y Santiago y las trayectorias hist\u00f3ricas entre los tres pa\u00edses\n\u00bfimpiden re-conceptualizar la idea y su pr\u00e1ctica? \u00bfEs posible recuperar en la\nactualidad aquel esp\u00edritu de unidad econ\u00f3mica entre las tres naciones y agregar\nalg\u00fan prop\u00f3sito pol\u00edtico com\u00fan entre ellas? \u00bfCu\u00e1l de los tres pa\u00edses puede\nretomar un intercambio tripartito que permita el florecimiento de un nuevo ABC?\u00bb<\/p>\n\n\n\n<p class=\"wp-block-paragraph\">Termina con estas palabras:<\/p>\n\n\n\n<p class=\"wp-block-paragraph\">\u00abFue en aquel discurso del 1953 que\nPer\u00f3n asever\u00f3: \u201c<em>El a\u00f1o 2000 nos va a\nsorprender o unidos o dominados<\/em>\u201d. De no actuar con audacia en este primer\ncuarto del siglo XXI nos puede sorprender con otro dilema como naciones:\ninviables o realizables\u00bb.<\/p>\n\n\n\n<p class=\"wp-block-paragraph\">Agrego\nyo que el mundo de la pospandemia abre tantos interrogantes que debemos ser muy\ncuidadosos en nuestro pron\u00f3sticos. [<a href=\"#_ftn1\">[1]<\/a>] <br><\/p>\n\n\n\n<hr class=\"wp-block-separator\"\/>\n\n\n\n<p class=\"wp-block-paragraph\"><a href=\"#_ftnref1\">[1]<\/a> Sugiero la lectura de la\nnota N\u00ba 87.- \u00bfHabr\u00e1 que agradecer al virus su llegada?,\npublicada en mi\np\u00e1gina www.ricardovicentel\u00f3pez.com.ar en la secci\u00f3n <em>Reflexiones pol\u00edticas<\/em>. <\/p>\n","protected":false},"excerpt":{"rendered":"<p>Ricardo Vicente L\u00f3pez El refr\u00e1n recoge la sabidur\u00eda popular de mirar hacia atr\u00e1s cuando se est\u00e1 atravesando una circunstancia dificultosa. Atribuir las causas de todo aquello a otros, para que no se nos acuse a nosotros, es un modo de no asumir los errores y, por lo tanto, no aprender de las experiencias. Esa sabidur\u00eda [&hellip;]<\/p>\n","protected":false},"author":1,"featured_media":0,"parent":85388,"menu_order":0,"comment_status":"closed","ping_status":"closed","template":"","meta":{"footnotes":""},"class_list":["post-85961","page","type-page","status-publish","hentry"],"_links":{"self":[{"href":"https:\/\/ricardovicentelopez.com.ar\/index.php?rest_route=\/wp\/v2\/pages\/85961","targetHints":{"allow":["GET"]}}],"collection":[{"href":"https:\/\/ricardovicentelopez.com.ar\/index.php?rest_route=\/wp\/v2\/pages"}],"about":[{"href":"https:\/\/ricardovicentelopez.com.ar\/index.php?rest_route=\/wp\/v2\/types\/page"}],"author":[{"embeddable":true,"href":"https:\/\/ricardovicentelopez.com.ar\/index.php?rest_route=\/wp\/v2\/users\/1"}],"replies":[{"embeddable":true,"href":"https:\/\/ricardovicentelopez.com.ar\/index.php?rest_route=%2Fwp%2Fv2%2Fcomments&post=85961"}],"version-history":[{"count":1,"href":"https:\/\/ricardovicentelopez.com.ar\/index.php?rest_route=\/wp\/v2\/pages\/85961\/revisions"}],"predecessor-version":[{"id":85963,"href":"https:\/\/ricardovicentelopez.com.ar\/index.php?rest_route=\/wp\/v2\/pages\/85961\/revisions\/85963"}],"up":[{"embeddable":true,"href":"https:\/\/ricardovicentelopez.com.ar\/index.php?rest_route=\/wp\/v2\/pages\/85388"}],"wp:attachment":[{"href":"https:\/\/ricardovicentelopez.com.ar\/index.php?rest_route=%2Fwp%2Fv2%2Fmedia&parent=85961"}],"curies":[{"name":"wp","href":"https:\/\/api.w.org\/{rel}","templated":true}]}}