{"id":85871,"date":"2020-09-07T18:28:24","date_gmt":"2020-09-07T18:28:24","guid":{"rendered":"http:\/\/ricardovicentelopez.com.ar\/?page_id=85871"},"modified":"2020-09-07T18:29:19","modified_gmt":"2020-09-07T18:29:19","slug":"102-los-medios-de-comunicacion-nuevo-orden-mundial-de-la-informacion-y-la-comunicacion","status":"publish","type":"page","link":"https:\/\/ricardovicentelopez.com.ar\/?page_id=85871","title":{"rendered":"102- Los medios de comunicaci\u00f3n &#8211; Nuevo Orden Mundial de la Informaci\u00f3n y la Comunicaci\u00f3n"},"content":{"rendered":"\n<p style=\"text-align:right\" class=\"has-medium-font-size wp-block-paragraph\"><strong>Ricardo Vicente L\u00f3pez   <\/strong><\/p>\n\n\n\n<figure class=\"wp-block-image is-resized\"><img loading=\"lazy\" decoding=\"async\" src=\"https:\/\/ricardovicentelopez.com.ar\/wp-content\/uploads\/2020\/09\/102.png\" alt=\"\" class=\"wp-image-85872\" width=\"622\" height=\"394\" srcset=\"https:\/\/ricardovicentelopez.com.ar\/wp-content\/uploads\/2020\/09\/102.png 664w, https:\/\/ricardovicentelopez.com.ar\/wp-content\/uploads\/2020\/09\/102-300x190.png 300w\" sizes=\"auto, (max-width: 622px) 100vw, 622px\" \/><\/figure>\n\n\n\n<p class=\"wp-block-paragraph\">Voy a proponerle\nahora, amigo lector, un an\u00e1lisis de la problem\u00e1tica de los medios de\ncomunicaci\u00f3n mirando la distribuci\u00f3n de las posibilidades de acceso a las\ngrandes redes internacionales, incluyendo el tema del acceso a las \u00f3rbitas\nsatelitales. A partir de la posguerra se fueron incrementando los reclamos por\nel avance de una monopolizaci\u00f3n de su utilizaci\u00f3n. Dejando claro que, volver\nsobre este tema es un modo de tomar distancia para evaluar como se ha ido\ndeteriorando el problema en detrimento de los pa\u00edses marginales. El tema se\npresentaba entonces bajo el t\u00edtulo del \u201clibre flujo de la informaci\u00f3n\u201d. La\nverdad de lo que estaba sucediendo es que se encubr\u00eda que s\u00f3lo se <em>daba curso a las comunicaciones de las\nempresas de medios concentradas<\/em>. Esta situaci\u00f3n fue dando lugar a una serie\nde denuncias contra el supuesto \u201clibre flujo\u201d. El tema fue asumido por la <em>Organizaci\u00f3n de las Naciones Unidas <\/em>a\nfines de la d\u00e9cada de los setenta.<\/p>\n\n\n\n<p class=\"wp-block-paragraph\">Esa larga batalla logr\u00f3\nun triunfo importante, aunque circunstancial, con el resultado del trabajo\nrealizado por la comisi\u00f3n\nnombrada por la <em>Organizaci\u00f3n de las\nNaciones Unidas para la Educaci\u00f3n, la Ciencia y la Cultura<\/em> (Unesco)\npresidida por el Premio Lenin y Premio Nobel de la Paz, Sean MacBride [<a href=\"#_ftn1\">[1]<\/a>]\n(1904-1988). El\nInforme de la Comisi\u00f3n fue presentado en 1980, bajo el t\u00edtulo <em>Un solo mundo, voces m\u00faltiples<\/em>, tambi\u00e9n se\nlo conoci\u00f3 como\n<em>Informe McBride.<\/em> El informe analiz\u00f3 el\n<em>desequilibrio del flujo informativo<\/em> y\nplante\u00f3 <em>la necesidad de una mayor<\/em><em>\njusticia en el intercambio de la informaci\u00f3n<\/em>, as\u00ed como una <em>menor\ndependencia en relaci\u00f3n a las corrientes concentradas de la comunicaci\u00f3n<\/em>.<\/p>\n\n\n\n<p class=\"wp-block-paragraph\">En la d\u00e9cada anterior,\nlos <em>pa\u00edses no alineados<\/em> iniciaron un fuerte\nmovimiento exigiendo la creaci\u00f3n de un <em>Nuevo\nOrden Econ\u00f3mico Internacional<\/em> (NOEI) que <em>apuntara a la superaci\u00f3n de las injusticias que prevalec\u00edan hasta entonces<\/em>.\nParalelamente el <em>Movimiento de los Pa\u00edses No Alineados<\/em>,\nen su <em>Declaraci\u00f3n de Argel<\/em> de 1974,\nproclam\u00f3 la necesidad de un <em>Nuevo Orden\nMundial de la Informaci\u00f3n y la Comunicaci\u00f3n<\/em> (NOMIC), que contribuyera a la <em>democratizaci\u00f3n de las comunicaciones<\/em>,\nutilizando entre otras f\u00f3rmulas, una definici\u00f3n de pol\u00edticas nacionales de\ncomunicaci\u00f3n. <em>Denunciaba al sistema informativo existente\ncomo un<\/em> <em>instrumento de dominaci\u00f3n<\/em>.\n<\/p>\n\n\n\n<p class=\"wp-block-paragraph\">Luis Ramiro Beltr\u00e1n\nSalm\u00f3n (1930-2015), periodista boliviano, escritor y te\u00f3rico de la\ncomunicaci\u00f3n, lo distingui\u00f3 la comunidad internacional por su labor investigativa\nen temas comunicacionales. Tambi\u00e9n ha sido considerado como uno de los &nbsp;te\u00f3ricos latinoamericanos m\u00e1s importantes e\ninfluyentes. Nos dice:<\/p>\n\n\n\n<p class=\"wp-block-paragraph\">La\nrespuesta de Estados Unidos contra esta propuesta fue inmediata y constituy\u00f3\nuna cerrada defensa a la <em>doctrina del\nlibre flujo de la informaci\u00f3n<\/em>, en esto, una vez m\u00e1s, la Sociedad\nInteramericana de Prensa (SIP) actu\u00f3 como su &nbsp;aliada. A esa doctrina, los pa\u00edses del llamado\nTercer Mundo opon\u00edan <em>la exigencia de un\nflujo equilibrado, a trav\u00e9s de la reestructuraci\u00f3n de los sistemas de\ninformaci\u00f3n y comunicaci\u00f3n<\/em>, contra la l\u00ednea unidireccional de los mensajes\ny la concentraci\u00f3n medi\u00e1tica.<\/p>\n\n\n\n<p class=\"wp-block-paragraph\">Los Estados Unidos fue brutal: retiraron el aporte a la\nUNESCO que le correspond\u00eda como el integrante m\u00e1s poderoso de las Naciones\nUnidas, esto paraliz\u00f3 la actividad de esa organizaci\u00f3n. Los pa\u00edses del Tercer\nMundo [<a href=\"#_ftn2\">[2]<\/a>] no cedieron en sus exigencias de mayor justicia. Encontramos\nen Wikipedia una descripci\u00f3n de ese proceso:<\/p>\n\n\n\n<p class=\"wp-block-paragraph\">El\n<em>Nuevo Orden Mundial de la Informaci\u00f3n y\nComunicaci\u00f3n<\/em> &nbsp;fue un proyecto\ninternacional de reorganizaci\u00f3n de los flujos globales de informaci\u00f3n a trav\u00e9s\nde distintas acciones de gobiernos y del tercer sector. La iniciativa fue\nlanzada en el inicio de los a\u00f1os 1970 por el <em>Movimiento de Pa\u00edses No Alineados<\/em> y recibi\u00f3 apoyo de la <em>Organizaci\u00f3n de las Naciones Unidas para la\nEducaci\u00f3n, la Ciencia y la Cultura<\/em> (Unesco). Sin embargo, la fuerte\noposici\u00f3n por parte de las organizaciones privadas de medios, a partir de\nentonces, <em>acab\u00f3 aislando y olvidando el\nproyecto<\/em>.<\/p>\n\n\n\n<p class=\"wp-block-paragraph\">Ignacio Ramonet [<a href=\"#_ftn3\">[3]<\/a>] (1943), periodista espa\u00f1ol establecido en\nFrancia. Es una de las figuras principales del movimiento altermundista y un luchador incansable en la batalla norte\/sur de la\ninformaci\u00f3n en su libro, <em>La Tiran\u00eda de la\nComunicaci\u00f3n<\/em> (1999) sostiene: <\/p>\n\n\n\n<p class=\"wp-block-paragraph\">Se\ntrata de un problema que estuvo presente en el centro de los debates\nintelectuales de comienzos de los a\u00f1os setenta. <em>Fue la gran batalla que ensayistas como Armand Matterlart, Herbert\nSchiller y muchos otros desarrollamos en torno al proyecto del Nuevo Orden\nMundial de la Informaci\u00f3n y la Comunicaci\u00f3n, el NOMIC<\/em>. La cuesti\u00f3n se\ndebat\u00eda oficialmente en el seno de la UNESCO donde el c\u00e9lebre informe que aun sigue\nconservando cierta vigencia, <em>demostraba\nque el desequilibrio en materia de informaci\u00f3n en favor del Norte era de tal\nmagnitud, que amenazaba la singularidad y la diversidad de las culturas, en\nparticular las del Sur<\/em>. En cualquier caso, nos parec\u00eda importante plantear <em>la cuesti\u00f3n de la propiedad de los medios<\/em>\n<em>para saber de d\u00f3nde ven\u00edan los mensajes,\nqui\u00e9n los elaboraba, qu\u00e9 sentido y qu\u00e9 consecuencias pod\u00eda entra\u00f1ar la\nrecepci\u00f3n de \u00e9stos en los esp\u00edritus y en las mentes de aquellos que los\nrecib\u00edan<\/em>. Nos preocupaba el problema de la manipulaci\u00f3n de las personas del\nSur por parte de los medios de comunicaci\u00f3n del Norte.<\/p>\n\n\n\n<p class=\"wp-block-paragraph\">La batalla se perdi\u00f3, por eso se\u00f1al\u00e9 que el triunfo fue\ncircunstancial. La UNESCO, bajo la terrible presi\u00f3n de los Estados Unidos, m\u00e1s\nlas grandes empresas, obligaron a abandonar este debate y revalidaron la vieja\ndoctrina de los <em>flujos transfronterizos\nde informaci\u00f3n<\/em> como una necesidad que ven\u00eda <em>impuesta por el mercado internacional y por la propia realidad mundial<\/em>.\nEn definitiva, se admiti\u00f3 que pod\u00eda aceptarse una especie de \u00abdarwinismo\nperiod\u00edstico\u00bb en el campo de la comunicaci\u00f3n. Venc\u00edan aquellos que hab\u00edan\nlogrado constituir grupos emisores dominantes: ellos hab\u00edan conquistado el\nderecho a emitir y, por lo tanto, <em>hab\u00eda\nque aceptar esa realidad como ley de vida<\/em>. <\/p>\n\n\n\n<p class=\"wp-block-paragraph\">Estos son tiempos en los que\nel horizonte directivo de la pol\u00edtica, la econom\u00eda, las finanzas, \u2013conformado\npor todos aquellos cuya meta es obtener un cargo <em>de algo<\/em> en <em>alguna parte<\/em>\u2212&nbsp; aparece sometido a la l\u00f3gica de las t\u00e1cticas\ny maniobras de corto alcance. Sus objetivos de m\u00e1xima se reducen a la obtenci\u00f3n\nde peque\u00f1os triunfos para ubicarse en posiciones de privilegio. Con conciencia\no sin ella de la deuda que contraen, directa o indirectamente, con los grandes\njefes de las multinacionales.<em> Esto no\nsignifica que no haya necesarias y posibles excepciones<\/em>.<\/p>\n\n\n\n<p class=\"wp-block-paragraph\">Es por ello que detenerse,\naunque m\u00e1s no sea brevemente, en algunos perfiles de la vida de Se\u00e1n MacBride,\nes hablar de un tipo humano que en las d\u00e9cadas \u00faltimas, que se caracterizan por\nla mercantilizaci\u00f3n de la vida, pareciera haber haberse encaminado a su\nextinci\u00f3n. A pesar de ello, a\u00fan siguen naciendo personas de esa estirpe aunque\nlos medios no permiten que las conozcamos. Debo confesar que esos personajes\nextra\u00f1os me apasionan. Hay una expresi\u00f3n inglesa que <em>los denomina los outsiders<\/em>. Son rebeldes frente a sistemas sociales\ninjustos, opresores, deshumanizantes.<\/p>\n\n\n\n<p class=\"wp-block-paragraph\">Nuestro personaje fue un\nirland\u00e9s, que vivi\u00f3 bajo el sometimiento a la monarqu\u00eda brit\u00e1nica, por lo que\nno puede sorprender que su vida haya sido la de un <em>rebelde indomable<\/em>. Ese tipo de persona a las que se refer\u00eda Beltold\nBrecht con estas palabras: \u00abHay personas que luchan un d\u00eda y son buenas. Hay\notros que luchan un a\u00f1o y son mejores. Hay personas que luchan muchos a\u00f1os y\nson muy buenas. Pero hay personas que luchan toda la vida: <em>esas son las insustituibles<\/em>\u00bb. Veamos:<\/p>\n\n\n\n<p class=\"wp-block-paragraph\">Naci\u00f3 en Dubl\u00edn en\n1904, fue desde muy joven un activista y pol\u00edtico que militaba por la&nbsp; independencia de su patria. Cuando ten\u00eda 13\na\u00f1os, se uni\u00f3 al Ej\u00e9rcito Republicano Irland\u00e9s (IRA), una organizaci\u00f3n rebelde,\ncompuesta por voluntarios irlandeses que abogaban por un <em>Estado soberano e independiente respecto al Reino Unido<\/em>. Definiendo\ncomo su territorio la isla entera de Irlanda, incluyendo la naci\u00f3n constitutiva\nde Irlanda del Norte. En 1950 lleg\u00f3 a ser Presidente de los Ministros de\nAsuntos Exteriores del Consejo de Europa y Vicepresidente de la Organizaci\u00f3n\npara la Cooperaci\u00f3n Econ\u00f3mica Europea.<\/p>\n\n\n\n<p class=\"wp-block-paragraph\">MacBride perteneci\u00f3 a un\ngrupo de abogados que fund\u00f3 en el Reino Unido la organizaci\u00f3n Justice\n(Justicia), <em>basada en los derechos\nhumanos y la reforma de la Ley<\/em>. Particip\u00f3 en numerosas organizaciones\ninternacionales relativas a los derechos humanos. Lleg\u00f3 a ser miembro fundador\nde <em>Amnist\u00eda Internacional<\/em> y <em>Presidente<\/em> de ella. Por su trayectoria\nfue elegido Secretario General de la <em>Comisi\u00f3n\nInternacional de Juristas<\/em>; fue elegido en dos ocasiones <em>Presidente de la Cumbre Internacional de la\nPaz<\/em>.<\/p>\n\n\n\n<p class=\"wp-block-paragraph\">En 1971 escribi\u00f3 <em>The Right to\nRefuse to Kill: A New Guide to Conscientious Objection and Service Refusal<\/em> (castellano: El derecho de\nnegarse a matar: una nueva gu\u00eda para objetores de conciencia). En 1980, fue\nnombrado presidente de la <em>Organizaci\u00f3n de\nlas Naciones Unidas para la Educaci\u00f3n, la Ciencia y la Cultura<\/em> (UNESCO).<\/p>\n\n\n\n<p class=\"wp-block-paragraph\">Su trabajo dentro del\n\u00e1mbito de la comunicaci\u00f3n se relaciona principalmente con la etapa de su\nPresidencia de la <em>Comisi\u00f3n Internacional\nde Comunicaci\u00f3n,<\/em> que se denomin\u00f3 <em>Nuevo\nOrden Internacional de la Informaci\u00f3n y de la Comunicaci\u00f3n <\/em>(NOMIC), que dio\nlugar a la redacci\u00f3n del <em>Informe MacBride<\/em>.\n<\/p>\n\n\n\n<p class=\"wp-block-paragraph\">El \u201cInforme MacBride\u201d se public\u00f3\nen 1980 y surgi\u00f3 como instrumento de denuncia sobre la calidad, la distribuci\u00f3n\ny el dispar acceso a la informaci\u00f3n que exist\u00eda en aquella \u00e9poca. Lo corrosivo\nde los an\u00e1lisis y la dureza de las conclusiones del Informe de la UNESCO,\npresent\u00f3 una novedad pol\u00edtica inesperada y altamente conflictiva. Hoy, lo que\nel informe denuncia, debe ser multiplicado exponencialmente y, creo que, a\u00fan\nas\u00ed nos quedar\u00edamos cortos. As\u00ed de grave es el tema.<br><\/p>\n\n\n\n<hr class=\"wp-block-separator\"\/>\n\n\n\n<p class=\"wp-block-paragraph\"><a href=\"#_ftnref1\">[1]<\/a> Pol\u00edtico irland\u00e9s, estudi\u00f3\nDerecho en Dubl\u00edn y trabaj\u00f3 como periodista. Diez a\u00f1os despu\u00e9s fund\u00f3 el partido\npol\u00edtico socialista y republicano; recibi\u00f3 la Medalla Americana de la Justicia\n(1975), el Premio Lenin de la Paz en el mismo a\u00f1o y la Medalla de Oro de la\nUNESCO (1980).<\/p>\n\n\n\n<p class=\"wp-block-paragraph\"><a href=\"#_ftnref2\">[2]<\/a> El t\u00e9rmino fue acu\u00f1ado por\nel economista franc\u00e9s Alfred Sauvy en 1952, para designar a los pa\u00edses que no\npertenec\u00edan a ninguno de los dos bloques enfrentados en la Guerra Fr\u00eda, el\nbloque occidental y el bloque comunista.<\/p>\n\n\n\n<p class=\"wp-block-paragraph\"><a href=\"#_ftnref3\">[3]<\/a> Especialista en geopol\u00edtica\ny estrategia internacional y consultor de la ONU, profesor de&nbsp; la Sorbona de Par\u00eds. Director de la\npublicaci\u00f3n mensual <em>Le Monde Diplomatique<\/em>\nen espa\u00f1ol. <\/p>\n","protected":false},"excerpt":{"rendered":"<p>Ricardo Vicente L\u00f3pez Voy a proponerle ahora, amigo lector, un an\u00e1lisis de la problem\u00e1tica de los medios de comunicaci\u00f3n mirando la distribuci\u00f3n de las posibilidades de acceso a las grandes redes internacionales, incluyendo el tema del acceso a las \u00f3rbitas satelitales. A partir de la posguerra se fueron incrementando los reclamos por el avance de [&hellip;]<\/p>\n","protected":false},"author":1,"featured_media":0,"parent":85388,"menu_order":0,"comment_status":"closed","ping_status":"closed","template":"","meta":{"footnotes":""},"class_list":["post-85871","page","type-page","status-publish","hentry"],"_links":{"self":[{"href":"https:\/\/ricardovicentelopez.com.ar\/index.php?rest_route=\/wp\/v2\/pages\/85871","targetHints":{"allow":["GET"]}}],"collection":[{"href":"https:\/\/ricardovicentelopez.com.ar\/index.php?rest_route=\/wp\/v2\/pages"}],"about":[{"href":"https:\/\/ricardovicentelopez.com.ar\/index.php?rest_route=\/wp\/v2\/types\/page"}],"author":[{"embeddable":true,"href":"https:\/\/ricardovicentelopez.com.ar\/index.php?rest_route=\/wp\/v2\/users\/1"}],"replies":[{"embeddable":true,"href":"https:\/\/ricardovicentelopez.com.ar\/index.php?rest_route=%2Fwp%2Fv2%2Fcomments&post=85871"}],"version-history":[{"count":2,"href":"https:\/\/ricardovicentelopez.com.ar\/index.php?rest_route=\/wp\/v2\/pages\/85871\/revisions"}],"predecessor-version":[{"id":85877,"href":"https:\/\/ricardovicentelopez.com.ar\/index.php?rest_route=\/wp\/v2\/pages\/85871\/revisions\/85877"}],"up":[{"embeddable":true,"href":"https:\/\/ricardovicentelopez.com.ar\/index.php?rest_route=\/wp\/v2\/pages\/85388"}],"wp:attachment":[{"href":"https:\/\/ricardovicentelopez.com.ar\/index.php?rest_route=%2Fwp%2Fv2%2Fmedia&parent=85871"}],"curies":[{"name":"wp","href":"https:\/\/api.w.org\/{rel}","templated":true}]}}