{"id":85825,"date":"2020-09-05T14:16:40","date_gmt":"2020-09-05T14:16:40","guid":{"rendered":"http:\/\/ricardovicentelopez.com.ar\/?page_id=85825"},"modified":"2020-09-05T14:16:40","modified_gmt":"2020-09-05T14:16:40","slug":"de-la-estupidez-individual-a-la-estupidez-institucional-una-amenaza-para-la-humanidad","status":"publish","type":"page","link":"https:\/\/ricardovicentelopez.com.ar\/?page_id=85825","title":{"rendered":"De la estupidez individual a la estupidez institucional \u2013 Una amenaza para la humanidad"},"content":{"rendered":"\n<p style=\"text-align:right\" class=\"has-medium-font-size wp-block-paragraph\"><strong>Ricardo Vicente L\u00f3pez <\/strong><\/p>\n\n\n\n<blockquote style=\"text-align:right\" class=\"wp-block-quote is-layout-flow wp-block-quote-is-layout-flow\"><p><strong><em>\u201cMas naides se crea ofendido, pues a ninguno incomodo,  <br> y si canto de este modo por encontrarlo oportuno<br> no es para mal de ninguno sino para bien de todos\u201d<\/em><\/strong>.<br> Jos\u00e9 Hern\u00e1ndez \u2013 Mart\u00edn Fierro<\/p><\/blockquote>\n\n\n\n<figure class=\"wp-block-image\"><img loading=\"lazy\" decoding=\"async\" width=\"712\" height=\"551\" src=\"https:\/\/ricardovicentelopez.com.ar\/wp-content\/uploads\/2020\/09\/101.png\" alt=\"\" class=\"wp-image-85826\" srcset=\"https:\/\/ricardovicentelopez.com.ar\/wp-content\/uploads\/2020\/09\/101.png 712w, https:\/\/ricardovicentelopez.com.ar\/wp-content\/uploads\/2020\/09\/101-300x232.png 300w\" sizes=\"auto, (max-width: 712px) 100vw, 712px\" \/><\/figure>\n\n\n\n<p class=\"wp-block-paragraph\">En enero del 2015, Noam Chomsky (1928),\nProfesor Em\u00e9rito del Instituto Tecnol\u00f3gico de Massachusetts (MIT), a sus 87\na\u00f1os, en la plenitud de su lucidez y den su penetrante inteligencia, fue\ngalardonado con un premio que puede sorprender por su t\u00edtulo: <em>La lucha contra la Estupidez.<\/em> Est\u00e1 instituido\npor la revista <em>Philosophy Now<\/em>, cuyo objetivo\nes atraer hacia la filosof\u00eda al p\u00fablico en general, as\u00ed como a estudiantes y\nprofesores. Comenta los merecimientos del Profesor por su particular e\ninsistente trabajo <em>investigando y<\/em> <em>denunciando la estructura de los medios\nconcentrados<\/em>. Agrega a ello <em>su\nconstante pr\u00e9dica en la necesidad de incorporar a la educaci\u00f3n un pensamiento\ncr\u00edtico independiente para el logro de un ciudadano maduro y responsable<\/em>. La\nrevista hizo una referencia especial a su libro <em>Manufacturing Consent: The Political Economy of the Mass Media <\/em>[<a href=\"#_ftn1\">[1]<\/a>],\nescrito en coautor\u00eda con Edward S. Herman (1925-2017), Profesor Em\u00e9rito de la\nUniversidad de Pensilvania. El t\u00edtulo completo de la edici\u00f3n castellana es \u00ab<em>Los guardianes de la libertad \u2013 Fabricando\nel consenso<\/em>\u201d. En el libro se introduce un tema respecto del <em>Modelo de Propaganda con el cual trabajan los\nmedios de comunicaci\u00f3n para lograr un consenso artificioso<\/em>. <\/p>\n\n\n\n<p class=\"wp-block-paragraph\">Invitado por el diario La Jornada de M\u00e9xico (medio\nperiod\u00edstico que pertenece a la Universidad Aut\u00f3noma de ese pa\u00eds) public\u00f3 un\nextenso art\u00edculo al que titul\u00f3 <em>La\nestupidez institucional &#8211; Amenaza a la humanidad <\/em>(18-5-2015). Le voy a\nproponer, amigo lector, algunos comentarios sobre este texto. Comienza\nexplicando los antecedentes en que se inspir\u00f3:<\/p>\n\n\n\n<p class=\"wp-block-paragraph\">Como era predecible, uno de los primeros\ninvestigadores fue George Orwell [<a href=\"#_ftn2\">[2]<\/a>].\n\u00c9l escribi\u00f3 un ensayo no muy conocido, que es la introducci\u00f3n a su famoso libro\n<em>Rebeli\u00f3n en la granja<\/em>. No es muy\nconocido porque no fue publicado: fue encontrado d\u00e9cadas despu\u00e9s de su\nfallecimiento entre sus documentos in\u00e9ditos. En ese ensayo se\u00f1ala que <em>Rebeli\u00f3n en la granja<\/em> &nbsp;es obviamente una s\u00e1tira sobre el enemigo\ntotalitario, pero insta al pueblo ingl\u00e9s a no creerse demasiado libre\u2026 <em>Una raz\u00f3n<\/em> <em>es que la prensa es propiedad de hombres acaudalados<\/em> que tienen <em>todo el inter\u00e9s de que ciertas ideas no se\nexpresen<\/em>. <em>La segunda<\/em> tiene un\naspecto interesante: <em>una buena educaci\u00f3n,<\/em>\nen las mejores escuelas, inculca a sus alumnos <em>que hay ciertas cosas que no estar\u00eda bien decir<\/em>. <\/p>\n\n\n\n<p class=\"wp-block-paragraph\">Lo que Chomsky nos plantea es que el\ntema de la informaci\u00f3n, es un problema serio por c\u00f3mo lo manejan los grandes\nmedios. Pero, nos advierte que no debe ocult\u00e1rsenos la existencia de <em>uno mucho m\u00e1s grave<\/em>, para el cual <em>no tenemos anticuerpos para defendernos<\/em>:\nuna idea clara sobre la educaci\u00f3n. Gran parte de Occidente trabaja con mucha prolijidad\npara que no lo descubramos: <em>es la\neducaci\u00f3n institucional que recibimos desde la escuela hasta los niveles m\u00e1s\naltos de la ense\u00f1anza<\/em>. Esto puede parecer una herej\u00eda, \u00a1y lo es! dado que\natenta contra una de las instituciones m\u00e1s sagradas de las democracias liberales\n[<a href=\"#_ftn3\">[3]<\/a>].Volvamos\na Chomsky:<\/p>\n\n\n\n<p class=\"wp-block-paragraph\">La estupidez viene en varias formas. Me\ngustar\u00eda decir unas palabras sobre una forma en particular que me parece <em>la m\u00e1s problem\u00e1tica de todas<\/em>. Podr\u00edamos\nllamarla <em>estupidez institucional<\/em>. <em>Es una especie de estupidez que es del todo\nracional dentro del marco en el que opera<\/em>; <em>pero es el marco mismo el que va de lo grotesco a la virtual demencia<\/em>.\nHace 30 a\u00f1os, a principios de la d\u00e9cada de 1980 \u2013los primeros a\u00f1os de la era\nReagan\u2013, escrib\u00ed un art\u00edculo llamado <em>La\nracionalidad del suicidio colectivo<\/em>. Se trataba de la estrategia nuclear, y\nse refer\u00eda a c\u00f3mo <em>personas perfectamente\ninteligentes dise\u00f1aban un curso de suicidio colectivo en formas que eran\nrazonables dentro de su marco de an\u00e1lisis geoestrat\u00e9gico<\/em>. Por ejemplo, la\nrevista <em>Bolet\u00edn de Cient\u00edficos At\u00f3micos<\/em>\npresenta un estudio sobre las falsas alarmas del <em>sistemas autom\u00e1tico de detecci\u00f3n<\/em> de ataques de misiles\u2026 El estudio (1977-1983),\nafirma que hubo m\u00e1s de 50 falsas alarmas que <em>fueron abortadas por intervenci\u00f3n humana<\/em>, lo que <em>evit\u00f3 un desastre por cuesti\u00f3n de minutos <\/em>[<a href=\"#_ftn4\">[4]<\/a>].<\/p>\n\n\n\n<p class=\"wp-block-paragraph\">Comenta Chomsky que en 1983 hab\u00eda un\ngran temor a la guerra. Esto se deb\u00eda en parte a lo que George Kennan [<a href=\"#_ftn5\">[5]<\/a>],\nsosten\u00eda: la indefectible marcha hacia la guerra como un proceso indetenible\n\u00a1nada menos! Le interesaba poner a prueba las defensas rusas, as\u00ed que simul\u00f3\nataques navales y a\u00e9reos a Rusia. Contin\u00faa Chomsky:<\/p>\n\n\n\n<p class=\"wp-block-paragraph\">Tengo la certeza de que los l\u00edderes\ninternacionales no son nada tontos en lo individual. Sin embargo, en su funci\u00f3n\ninstitucional <em>su estupidez puede ser\nletal por sus implicaciones<\/em>. Al observar el registro desde el <em>primer supuesto ataque at\u00f3mico<\/em> hasta la\nfecha es un milagro que nos hayamos salvado. La destrucci\u00f3n nuclear es una de\nlas dos mayores amenazas a la supervivencia, y \u00a1es muy real! La segunda es la\ncat\u00e1strofe ambiental. Existe un conocido grupo de servicios de auditor\u00edas en <em>PricewaterhouseCoopers<\/em> que acaba de\npublicar su estudio anual sobre <em>las\nprioridades de los altos directivos de los consorcios privados<\/em>. En primer\nlugar de la lista est\u00e1 el exceso de regulaciones. <em>El informe indica que el cambio clim\u00e1tico no figur\u00f3 entre las primeras\n19<\/em>. Una vez m\u00e1s, <em>es seguro que los\ndirectivos no son tontos como individuos. Es de suponer que dirigen sus\nnegocios con inteligencia. Pero la estupidez institucional es colosal, y\namenaza literalmente la vida de la especie<\/em>.<\/p>\n\n\n\n<p class=\"wp-block-paragraph\">La conclusi\u00f3n del Profesor es llamativa,\nde una importancia extrema. \u00c9l asegura, aunque muchos lo dudan, que <em>la estupidez individual tiene remedio<\/em>,\npero afirma que <em>la estupidez\ninstitucional es mucho m\u00e1s resistente al cambio<\/em>. Esto debe hacernos pensar\nen este tema, puesto que es de esa estupidez que dependen nuestras vidas. \u00abPor\neso \u2013sostiene&#8211; creo que la estupidez institucional deber\u00eda ser una\npreocupaci\u00f3n primordial\u00bb.<\/p>\n\n\n\n<p class=\"wp-block-paragraph\">\u00bfC\u00f3mo podemos superar este estado de\ncosas que nos amenaza desde la propaganda de los medios y la estupidez\ninstitucional que abarca un importante abanico de temas graves? Por ejemplo:\n\u00bfqu\u00e9 nos pasa en este mundo que pueden llegar hasta los primeros niveles del\npoder algunos verdaderos est\u00fapidos? Es imposible no se\u00f1alar a Donald Trump\n(EEUU), a Mauricio Macri (Argentina), a Boris &nbsp;Johnson (Reino Unido), a Jair Bolsonaro (Brasil),\ny a algunos varios m\u00e1s. Dice el Profesor que un caso que est\u00e1 ligado a ello es\nel del periodismo: &nbsp;<\/p>\n\n\n\n<p class=\"wp-block-paragraph\">Ese es un viejo debate que ha registrado\ndecadencias. En Estados Unidos se ha debatido por m\u00e1s de un siglo, en el\ncontexto de la <em>Primera Enmienda de la\nConstituci\u00f3n<\/em>, que proh\u00edbe al gobierno actuar para impedir una publicaci\u00f3n. <em>Noten que no protege la libertad de\nexpresi\u00f3n, ni bloquea el castigo por expresarse<\/em>. Antes del siglo XX la\nprensa del pa\u00eds gozaba de mucha libertad, y hab\u00eda una amplia variedad de\npublicaciones de todo tipo: diarios, revistas, panfletos. Los <em>Padres Fundadores<\/em> cre\u00edan en la libertad\nde informaci\u00f3n, y se <em>hicieron muchos\nesfuerzos por estimular la m\u00e1s amplia variedad posible de medios independientes<\/em>.\nSin embargo, <em>la libertad de expresi\u00f3n\nnunca se protegi\u00f3 con fuerza<\/em>.<\/p>\n\n\n\n<p class=\"wp-block-paragraph\">Chomsky subraya un aspecto muy importante para resguardar\nla libertad de expresi\u00f3n:<\/p>\n\n\n\n<p class=\"wp-block-paragraph\">Estados Unidos es poco lo que hace en\neste aspecto. En este pa\u00eds no hay nada como la BBC de Londres. La mayor\u00eda de\nlos pa\u00edses tienen alg\u00fan medio nacional que es tan libre como la sociedad. <em>Los medios son entregados b\u00e1sicamente al\npoder privado para que ejerza sus capacidades como le plazca<\/em>. Esa es una\ninterpretaci\u00f3n de la libertad de expresi\u00f3n en t\u00e9rminos de libertad negativa: <em>el Estado no puede intervenir para afectar\nlo que los propietarios privados deciden hacer. Existen algunas restricciones,\npero no muchas<\/em>. Las consecuencias son en gran medida un control de las\nideas como el que describe Orwell, y que Edward Herman y yo examinamos con gran\ndetalle.<\/p>\n\n\n\n<p class=\"wp-block-paragraph\">Ac\u00e1 reaparece el tema de la educaci\u00f3n,\nque generalmente es lo primero que se menciona cuando est\u00e1 en juego el\nmejoramiento social. Sin embargo, cuando el Profesor cita a Orwell lo hace recordando\nla advertencia que \u00e9ste le hac\u00eda al pueblo ingl\u00e9s, por los medios en manos de\nlos poderosos. Pero si retomamos la perseverancia de Chomsky en la formaci\u00f3n de\nun ciudadano cr\u00edtico, \u00bfCu\u00e1l es la diferencia con nuestra ense\u00f1anza escolar,\ntanto p\u00fablica como privada? \u00bfno impera una especie de <em>sentido com\u00fan<\/em> que impone un respeto por las universidades y las\nacademias? \u00bfNo son ellas las portadoras de una cultura noratl\u00e1ntica creada\ndentro del modelo del capitalismo burgu\u00e9s? Me atrevo a decir, siguiendo al\nMaestro, y dentro de su an\u00e1lisis: <em>nosotros\ntambi\u00e9n estamos sumergidos en un mundo de est\u00fapidos<\/em>. Tal vez, en un tiempo\nno muy lejano, podamos llegar a liberarnos. <br><\/p>\n\n\n\n<hr class=\"wp-block-separator\"\/>\n\n\n\n<p class=\"wp-block-paragraph\"><a href=\"#_ftnref1\">[1]<\/a> En varias\nnotas de esta columna he citado partes de esa obra.<\/p>\n\n\n\n<p class=\"wp-block-paragraph\"><a href=\"#_ftnref2\">[2]<\/a> Fue un escritor y\nperiodista brit\u00e1nico (1903-1950), famoso por sus novelas <em>Rebeli\u00f3n en la granja<\/em> y <em>1984<\/em>. <\/p>\n\n\n\n<p class=\"wp-block-paragraph\"><a href=\"#_ftnref3\">[3]<\/a> \u00abLa educaci\u00f3n en s\u00ed, los\nsistemas de educaci\u00f3n, son \u201cuna forma pol\u00edtica de mantener o de modificar la\nadecuaci\u00f3n de los discursos, con los saberes y los poderes que implican\u201d. (M.\nFoucault, 1970: 45)&nbsp;&nbsp; <\/p>\n\n\n\n<p class=\"wp-block-paragraph\"><a href=\"#_ftnref4\">[4]<\/a> Es muy recomendable la\npel\u00edcula de Stanley Kubrick: <em>Dr. Ins\u00f3lito\no: Como aprend\u00ed a dejar de preocuparme y amar la bomba<\/em> (1964) que ofrece\nuna magn\u00edfica s\u00e1tira sobre ese tema. <\/p>\n\n\n\n<p class=\"wp-block-paragraph\"><a href=\"#_ftnref5\">[5]<\/a> Fue un diplom\u00e1tico (1904-2005),\npolit\u00f3logo e historiador estadounidense y un eminente diplom\u00e1tico. <\/p>\n","protected":false},"excerpt":{"rendered":"<p>Ricardo Vicente L\u00f3pez \u201cMas naides se crea ofendido, pues a ninguno incomodo, y si canto de este modo por encontrarlo oportuno no es para mal de ninguno sino para bien de todos\u201d. Jos\u00e9 Hern\u00e1ndez \u2013 Mart\u00edn Fierro En enero del 2015, Noam Chomsky (1928), Profesor Em\u00e9rito del Instituto Tecnol\u00f3gico de Massachusetts (MIT), a sus 87 [&hellip;]<\/p>\n","protected":false},"author":1,"featured_media":0,"parent":85388,"menu_order":0,"comment_status":"closed","ping_status":"closed","template":"","meta":{"footnotes":""},"class_list":["post-85825","page","type-page","status-publish","hentry"],"_links":{"self":[{"href":"https:\/\/ricardovicentelopez.com.ar\/index.php?rest_route=\/wp\/v2\/pages\/85825","targetHints":{"allow":["GET"]}}],"collection":[{"href":"https:\/\/ricardovicentelopez.com.ar\/index.php?rest_route=\/wp\/v2\/pages"}],"about":[{"href":"https:\/\/ricardovicentelopez.com.ar\/index.php?rest_route=\/wp\/v2\/types\/page"}],"author":[{"embeddable":true,"href":"https:\/\/ricardovicentelopez.com.ar\/index.php?rest_route=\/wp\/v2\/users\/1"}],"replies":[{"embeddable":true,"href":"https:\/\/ricardovicentelopez.com.ar\/index.php?rest_route=%2Fwp%2Fv2%2Fcomments&post=85825"}],"version-history":[{"count":1,"href":"https:\/\/ricardovicentelopez.com.ar\/index.php?rest_route=\/wp\/v2\/pages\/85825\/revisions"}],"predecessor-version":[{"id":85827,"href":"https:\/\/ricardovicentelopez.com.ar\/index.php?rest_route=\/wp\/v2\/pages\/85825\/revisions\/85827"}],"up":[{"embeddable":true,"href":"https:\/\/ricardovicentelopez.com.ar\/index.php?rest_route=\/wp\/v2\/pages\/85388"}],"wp:attachment":[{"href":"https:\/\/ricardovicentelopez.com.ar\/index.php?rest_route=%2Fwp%2Fv2%2Fmedia&parent=85825"}],"curies":[{"name":"wp","href":"https:\/\/api.w.org\/{rel}","templated":true}]}}