{"id":85777,"date":"2020-09-04T15:00:06","date_gmt":"2020-09-04T15:00:06","guid":{"rendered":"http:\/\/ricardovicentelopez.com.ar\/?page_id=85777"},"modified":"2020-09-04T15:00:06","modified_gmt":"2020-09-04T15:00:06","slug":"100-la-plaza-de-mayo-simbolo-y-escenario-de-pasiones-politicas","status":"publish","type":"page","link":"https:\/\/ricardovicentelopez.com.ar\/?page_id=85777","title":{"rendered":"100- La Plaza de Mayo \u2013 s\u00edmbolo y escenario de pasiones pol\u00edticas"},"content":{"rendered":"\n<p style=\"text-align:right\" class=\"has-medium-font-size wp-block-paragraph\"><strong>Por Ricardo Vicente L\u00f3pez<\/strong><\/p>\n\n\n\n<figure class=\"wp-block-image\"><img loading=\"lazy\" decoding=\"async\" width=\"939\" height=\"541\" src=\"https:\/\/ricardovicentelopez.com.ar\/wp-content\/uploads\/2020\/09\/100.png\" alt=\"\" class=\"wp-image-85778\" srcset=\"https:\/\/ricardovicentelopez.com.ar\/wp-content\/uploads\/2020\/09\/100.png 939w, https:\/\/ricardovicentelopez.com.ar\/wp-content\/uploads\/2020\/09\/100-300x173.png 300w, https:\/\/ricardovicentelopez.com.ar\/wp-content\/uploads\/2020\/09\/100-768x442.png 768w\" sizes=\"auto, (max-width: 939px) 100vw, 939px\" \/><\/figure>\n\n\n\n<p class=\"wp-block-paragraph\">La d\u00e9cada de los cuarenta\ndel siglo pasado, consagr\u00f3 una experiencia de patria que ten\u00eda ra\u00edces en los\nd\u00edas de la vida colonial. La expulsi\u00f3n de las tropas brit\u00e1nicas, en los\ncomienzos del siglo XIX, fue un primer ejercicio del patriotismo criollo. Poco\ndespu\u00e9s, cuando se intuy\u00f3 que se estaban traicionando aquellos logros, la Plaza\nacun\u00f3 a ese puebloque sali\u00f3 a exigir explicaciones respecto de<em>qu\u00e9 se estaba tratando<\/em>.<\/p>\n\n\n\n<p class=\"wp-block-paragraph\">El espacio de la Plaza de Mayo,\nse fue rodeando de los s\u00edmbolos institucionales que se edificaron en su\nderredor pasando a ser el recept\u00e1culo de las pasiones de ese pueblo ansioso de liberaci\u00f3n.\nPor ello no es una casualidad que muy cerca de all\u00ed, cuando un Coronel baj\u00f3 de\nsu despacho, en mangas de camisa, a escuchar, sin intermediarios, los reclamos\npopulares, se sellara una unidad pol\u00edtica que, hoy, ochenta a\u00f1os despu\u00e9s, sigue\ndemostrando su vitalidad. <\/p>\n\n\n\n<p class=\"wp-block-paragraph\">Ese pacto ideol\u00f3gico,\npol\u00edtico, cultural, culmin\u00f3 en la ceremonia de una unidad juramentada. Por ella\nese Pueblo y ese Conductor, reunidos en ese espacio sagrado de la Plaza, se volvieron\na encontrar en octubre de 1945. Volviendo a expresarse una lealtad inalterable.\nY as\u00ed se fue repitiendo la ceremonia de esa unidad, que ni el fallecimiento del\nGeneral Per\u00f3n (1974) logr\u00f3 disolver. <\/p>\n\n\n\n<p class=\"wp-block-paragraph\">Tengo para m\u00ed que estas\npalabras, para o\u00eddos j\u00f3venes, sumidos en <em>el\nposmodernismo<\/em> y, en su consecuencia, <em>la\nposverdad<\/em>, les pueden sonar a melod\u00edas de otros tiempos. Sin embargo,\nrespondo yo con la denuncia de <em>una\npermanencia del sentimiento de<\/em> odio.Esa <em>reacci\u00f3n\nintolerante de los odios<\/em>es prueba evidente de la permanencia del viejo\nsentimiento amoroso.Es un odio visceral que manifiesta la existencia,insoportable\npara ellos, de ese amor.<\/p>\n\n\n\n<p class=\"wp-block-paragraph\">Por ello, tampoco fue una\ncasualidad que, uno de los hechos pol\u00edticos m\u00e1s brutales y salvajes,\nencontraran en esa Plaza el escenario buscado.Quer\u00edan expresar la vieja\nintolerancia&nbsp;&nbsp; de clase.Lo insoportable\nque es para esa burgues\u00eda colonizada la presencia plebeya, que ten\u00eda la\ninsolencia de exigir sus pretensiones de igualdad. Sobre todo, despu\u00e9s de haber\ndeclarado la voluntad de construir una <em>Patria\nJusta, Libre y Soberana<\/em>.<\/p>\n\n\n\n<p class=\"wp-block-paragraph\"><em>Bombardeo a\nPlaza de Mayo \u2013 16-6-1955<\/em><\/p>\n\n\n\n<p class=\"wp-block-paragraph\">El ataquea la Plaza de Mayo (una\nverdadera masacre) fue bombardeo con un simult\u00e1neo ametrallamiento a\u00e9reo\nejecutado el 16-6-1955 en la ciudad de Buenos Aires (Argentina). Debo dejar\nsubrayado, y esto es un dato que no debe ser ignorado, por lo aberrante que ha\nsido: es el \u00fanico caso en la historia de un ataque militar a su propio pueblo.\nSus protagonistas fueron un grupo minoritariode militares y civiles, opositoresal\nGobierno del presidente Juan Domingo Per\u00f3n. Su objetivo era su asesinato y\nllevar adelante un golpe de Estado.<\/p>\n\n\n\n<p class=\"wp-block-paragraph\">Participaron varios escuadrones\nde aviones pertenecientes a la Armada Argentina. Estos bombardearon y\nametrallaron con munici\u00f3n a\u00e9rea, la Plaza de Mayo y la Casa Rosada, as\u00ed como el\nedificio de la Confederaci\u00f3n General del Trabajo y la entonces Residencia Presidencial.<\/p>\n\n\n\n<p class=\"wp-block-paragraph\">Fracasaron en su prop\u00f3sito.Las\nconsecuencias fueron terribles: mataron m\u00e1s de trescientas personas e hiriendo otras\nsetecientas, entre civiles y militares.Debe sumarse un n\u00famero incierto de\nv\u00edctimas cuyos cad\u00e1veres no lograron identificarse, como resultado de las\nmutilaciones y carbonizaci\u00f3n causadas por las deflagraciones.El ataque puso en\nevidencia un alto grado de violencia y de un odio pol\u00edticode clasesocial que\npretend\u00edan una superioridad que no demostraban&nbsp; tener.<\/p>\n\n\n\n<p class=\"wp-block-paragraph\">El acto terrorista,\nconstituy\u00f3 lo que llaman <em>el bautismo de\nfuego de la Fuerza a\u00e9rea Argentina<\/em> (el de Malvinas fue su segunda\nexperiencia). Seg\u00fan manifestaron sus organizadores tomaron como antecedente el\nataque japon\u00e9s a Pearl Harbour (1941) y el salvaje bombardeo nazi al pueblo\nvasco:El bombardeo de Guernica (Operaci\u00f3n R\u00fcgen) fue un ataque a\u00e9reo con bombas\ny ametrallamiento de la poblaci\u00f3n civil vasca el (26-4-1937)durante la guerra\ncivil espa\u00f1ola, por parte de la Legi\u00f3n C\u00f3ndor de la aviaci\u00f3n alemana. Las\nestimaciones de fallecidos se estima en unos ciento veinte.<\/p>\n\n\n\n<p class=\"wp-block-paragraph\"><em>Antecedentes<\/em><\/p>\n\n\n\n<p class=\"wp-block-paragraph\">La historia de Argentina\npresenta, en l\u00edneas generales, un cuadro de explotaci\u00f3n a las clases\ntrabajadoras. El Coronel Per\u00f3n ocup\u00f3 la Secretar\u00eda de trabajo desde 1943, desde\nla cual se entablo un di\u00e1logo con los trabajadores. La relaci\u00f3n privilegiada\nentre ese conductor y ese pueblo, disgustaba a los mandosmilitares lo que se\nresolvi\u00f3 deteniendo a Per\u00f3n en la Isla Mart\u00edn Garc\u00eda. Pocos despu\u00e9s d\u00edas la\nPlaza volvi\u00f3 a ser el teatro del ejercicio de ese pueblo soberano que exig\u00eda la\nlibertad de su Conductor. El 24 de febrero de 1946 se realizaron elecciones en\nlas que Per\u00f3n result\u00f3 elegido presidente de la Naci\u00f3n Argentina con el 53% de\nlos votos. El primer Gobierno de Per\u00f3n se desarroll\u00f3 con una fuerte oposici\u00f3n\nantiperonista formada y organizada por &nbsp;sectores conservadores y otros con estrechos intereses\nestadounidenses y brit\u00e1nicos.<\/p>\n\n\n\n<p class=\"wp-block-paragraph\">Las elecciones\npresidenciales y las de medio t\u00e9rmino posteriores fueron ganadas por el\nperonismo,ampliando las ventajas hasta alcanzar un 62,50 %; en 1954 se realizan\nelecciones para elegir vicepresidente y diputados que se gan\u00f3 por el 64%. Estos\nresultados demostraban que el peronismo no pod\u00eda ser derrotado por la v\u00eda\nelectoral. Los sectores opositores tramaron diversos intentos golpistas que\nfracasaron. Tras el atentado de 1953 se reactiv\u00f3 la conspiraci\u00f3n e incluso se\nelaboraron varios planes que, bajo la apariencia de ejercicios de guerra dentro\nde la Armada Argentina, ten\u00edan como finalidad prepararse para un futuro\nlevantamiento desde la Base Naval Puerto Belgrano con el apoyo de la Flota de\nMar.<\/p>\n\n\n\n<p class=\"wp-block-paragraph\">Lo que demuestra la cobard\u00eda\nde los que propon\u00edan matar a Per\u00f3n es que hab\u00eda maneras m\u00e1s f\u00e1ciles de cometer\nese magnicidio. Los h\u00e1bitos de Per\u00f3n eran transparentes y ofrec\u00edan momentos de\nclara desprotecci\u00f3n. Sal\u00eda todos los d\u00edas exactamente a las 5:45 AM de la\nResidencia Presidencial, manejando solo el auto de la presidencia, sin\nblindaje, acompa\u00f1ado por otro auto con custodios.El recorrido era siempre el\nmismo, corto y por calles amplias de muy poco tr\u00e1nsito a esas horas. Un grupo\ncomando, de militares entrenados y decididos pod\u00eda realizar la ejecuci\u00f3n sin\ngrandes dificultades. El hecho de pensar en ataques masivos, buscaba el impacto\ndeuna operaci\u00f3n m\u00e1s espectacular,cuyas consecuencias apuntaban a dejar\nense\u00f1anzas desmoralizadoras en la voluntad de lucha a sus millones de\nseguidores.<\/p>\n\n\n\n<p class=\"wp-block-paragraph\"><em>El d\u00eda del\nataque<\/em><\/p>\n\n\n\n<p class=\"wp-block-paragraph\">A las 8 de la ma\u00f1ana, Per\u00f3n\nfue informado de algunos movimientos militares extra\u00f1os por el Ministro de\nGuerra Lucero. \u00c9ste le pidi\u00f3 que abandonase la Casa de Gobierno, pues podr\u00eda\nser objeto de un ataque, raz\u00f3n por lo cual el Presidente se traslad\u00f3 entonces a\nla sede de ese Ministerio.A las 12:40\u200b una escuadra de treinta aviones de la\nMarina de Guerra argentina, que hab\u00eda estado sobrevolando la ciudad desde la\nma\u00f1ana inici\u00f3 sus bombardeos y r\u00e1fagas de ametralladoras en el \u00e1rea de la Plaza\nde Mayo.<\/p>\n\n\n\n<p class=\"wp-block-paragraph\">El historiador\nestadounidense, especializado en Historia Militar, Robert Scheina, afirma que\nlos pilotos primero trataron de evitar v\u00edctimas civiles, volando repetidamente\nsobre la Casa Rosada.La multitud cre\u00eda que eran demostraciones de vuelos.\u200b La\nsorpresa del ataque hizo que tuviera a la poblaci\u00f3ncivil como v\u00edctimas masivas.\u00c9sta\nrealizaba sus actividades normales debido a que era un d\u00eda h\u00e1bil. Entre las\nprimeras v\u00edctimas se contaron los ocupantes de los veh\u00edculos de transporte\np\u00fablico de pasajeros.\u200bLa primera bomba cay\u00f3 sobre un troleb\u00fas repleto de ni\u00f1os,\nmuriendo todos sus ocupantes.<\/p>\n\n\n\n<p class=\"wp-block-paragraph\">Bajo la cobertura de los\nataques a\u00e9reos, las tropas rebeldes atacaron a los granaderos que defend\u00edan la\nCasa Rosada: al llegar camiones con refuerzos, los sublevados mataron a los\nconscriptos que los manejaban para impedir que las tropas llegaran al destino.\u200bAl\nenterarse de que la Casa Rosada est\u00e1 bajo ataque, miles de obreros se\nmovilizaron para respaldar a las tropas leales, pero fueron atacados al llegar\u200b\npor una segunda ola de bombardeos, y luego sufrieron m\u00e1s bajas cuando\nparticiparon en la toma del Ministerio de Marina.<\/p>\n\n\n\n<p class=\"wp-block-paragraph\"><em>Retirada y\nrendici\u00f3n<\/em><\/p>\n\n\n\n<p class=\"wp-block-paragraph\">Ante el fracaso del combate\nen tierra, y tras sufrir dos derribos por las bater\u00edas antia\u00e9reas montadas en\nla zona, m\u00e1s otro en el aire, los pilotos rebeldes recibieron la orden de huir\na Uruguay y pedir asilo. Los aviones rebeldes cruzaron el R\u00edo de la Plata hacia\nel Aeropuerto de Carrasco, para buscar refugio en el vecino pa\u00eds. <\/p>\n\n\n\n<p class=\"wp-block-paragraph\">Afirma Robert Scheina: \u00abEn\nel camino ametrallaron todo lo que se mov\u00eda en la Plaza de Mayo\u00bb.Los veinte\naviones arrojaronaproximadamente trece toneladas de bombas: \u201cEl que demostr\u00f3 mayor\nperversidad fue el capit\u00e1n Carlos Enrique Carus, quien tir\u00f3 la \u00faltima bomba y\nadem\u00e1s arroj\u00f3 los tanques suplementarios de combustibles sobre 30.000\ntrabajadores que estaban en la Plaza, con el prop\u00f3sito de prenderles fuego\u201d. Lo\nm\u00e1s sorprendente de este \u200bsalvajismo, es la demostraci\u00f3n de su odio al pueblo,\nya que todo lo hecho es equiparable a las bombas de napalm que fueron\nexperimentadas en la Segunda Guerra por las tropa estadounidenses. <\/p>\n\n\n\n<p class=\"wp-block-paragraph\"><em>Hechos\nposteriores<\/em>.-\nPocos meses despu\u00e9s otro levantamiento c\u00edvico-militar lograba deponer al\npresidente Juan D. Per\u00f3n el 16 de septiembre de 1955. Fue el comienzo de la retrogradaci\u00f3n\nde gran parte de los derechos sociales y de la p\u00e9rdida del Estado protector.<\/p>\n","protected":false},"excerpt":{"rendered":"<p>Por Ricardo Vicente L\u00f3pez La d\u00e9cada de los cuarenta del siglo pasado, consagr\u00f3 una experiencia de patria que ten\u00eda ra\u00edces en los d\u00edas de la vida colonial. La expulsi\u00f3n de las tropas brit\u00e1nicas, en los comienzos del siglo XIX, fue un primer ejercicio del patriotismo criollo. Poco despu\u00e9s, cuando se intuy\u00f3 que se estaban traicionando [&hellip;]<\/p>\n","protected":false},"author":1,"featured_media":0,"parent":85388,"menu_order":0,"comment_status":"closed","ping_status":"closed","template":"","meta":{"footnotes":""},"class_list":["post-85777","page","type-page","status-publish","hentry"],"_links":{"self":[{"href":"https:\/\/ricardovicentelopez.com.ar\/index.php?rest_route=\/wp\/v2\/pages\/85777","targetHints":{"allow":["GET"]}}],"collection":[{"href":"https:\/\/ricardovicentelopez.com.ar\/index.php?rest_route=\/wp\/v2\/pages"}],"about":[{"href":"https:\/\/ricardovicentelopez.com.ar\/index.php?rest_route=\/wp\/v2\/types\/page"}],"author":[{"embeddable":true,"href":"https:\/\/ricardovicentelopez.com.ar\/index.php?rest_route=\/wp\/v2\/users\/1"}],"replies":[{"embeddable":true,"href":"https:\/\/ricardovicentelopez.com.ar\/index.php?rest_route=%2Fwp%2Fv2%2Fcomments&post=85777"}],"version-history":[{"count":1,"href":"https:\/\/ricardovicentelopez.com.ar\/index.php?rest_route=\/wp\/v2\/pages\/85777\/revisions"}],"predecessor-version":[{"id":85779,"href":"https:\/\/ricardovicentelopez.com.ar\/index.php?rest_route=\/wp\/v2\/pages\/85777\/revisions\/85779"}],"up":[{"embeddable":true,"href":"https:\/\/ricardovicentelopez.com.ar\/index.php?rest_route=\/wp\/v2\/pages\/85388"}],"wp:attachment":[{"href":"https:\/\/ricardovicentelopez.com.ar\/index.php?rest_route=%2Fwp%2Fv2%2Fmedia&parent=85777"}],"curies":[{"name":"wp","href":"https:\/\/api.w.org\/{rel}","templated":true}]}}