{"id":85690,"date":"2020-09-02T14:39:23","date_gmt":"2020-09-02T14:39:23","guid":{"rendered":"http:\/\/ricardovicentelopez.com.ar\/?page_id=85690"},"modified":"2021-02-03T13:22:05","modified_gmt":"2021-02-03T13:22:05","slug":"098-el-bombardeo-a-plaza-de-mayo-del-16-de-junio-explicado-por-el-propio-juan-domingo-peron","status":"publish","type":"page","link":"https:\/\/ricardovicentelopez.com.ar\/?page_id=85690","title":{"rendered":"098.- El bombardeo a Plaza de Mayo del 16 de junio explicado por el propio Juan Domingo Per\u00f3n"},"content":{"rendered":"\n<p style=\"text-align:right\" class=\"has-medium-font-size wp-block-paragraph\"><strong>Extractos del libro \u201cLa fuerza es el derecho de las bestias\u201d<\/strong><\/p>\n\n\n\n<figure class=\"wp-block-image\"><img loading=\"lazy\" decoding=\"async\" width=\"803\" height=\"502\" src=\"https:\/\/ricardovicentelopez.com.ar\/wp-content\/uploads\/2020\/09\/98.png\" alt=\"\" class=\"wp-image-85691\" srcset=\"https:\/\/ricardovicentelopez.com.ar\/wp-content\/uploads\/2020\/09\/98.png 803w, https:\/\/ricardovicentelopez.com.ar\/wp-content\/uploads\/2020\/09\/98-300x188.png 300w, https:\/\/ricardovicentelopez.com.ar\/wp-content\/uploads\/2020\/09\/98-768x480.png 768w\" sizes=\"auto, (max-width: 803px) 100vw, 803px\" \/><\/figure>\n\n\n\n<p class=\"wp-block-paragraph\"><strong> <\/strong><\/p>\n\n\n\n<p class=\"wp-block-paragraph\">El d\u00eda 16 de junio de 1955 amaneci\u00f3\nnublado. Como de costumbre me levant\u00e9 a las cinco de la ma\u00f1ana y a las seis y\nquince llegu\u00e9 a mi despacho de la Casa de Gobierno. All\u00ed el oficial de\ninformaciones me inform\u00f3 que esa noche se hab\u00eda producido una alarma y que el\nMinistro de Ej\u00e9rcito hab\u00eda pasado la noche aprestado con todo el personal de\ncomando en el Ministerio debido a noticias que pose\u00eda.<\/p>\n\n\n\n<p class=\"wp-block-paragraph\">A las siete ten\u00eda concedida audiencia\ncon el Embajador de los Estados Unidos, Mister Nuffer, con quien ven\u00eda el\nAgregado Militar para hacerme entrega de un obsequio de parte del Comandante de\nlas fuerzas del Caribe que poco antes nos hab\u00eda visitado.&nbsp; A las ocho termin\u00f3 la audiencia y recib\u00ed al\nMinistro de Ej\u00e9rcito, General Franklin Lucero, hombre leal y realmente un amigo\nde casi toda mi vida. El me inform\u00f3 de sus inquietudes y me pidi\u00f3 que me\ntrasladara al Ministerio de Ej\u00e9rcito, donde estar\u00eda m\u00e1s seguro ante cualquier\nevento, ya que la Casa de Gobierno podr\u00eda ser objeto de un ataque en caso de un\natentado por medio de una operaci\u00f3n tipo \u201ccomandos\u201d como se llama en la jerga\nmilitar.<\/p>\n\n\n\n<p class=\"wp-block-paragraph\">Como ten\u00eda algunas cosas que hacer le\npromet\u00ed que ir\u00eda en seguida y lo dej\u00e9 partir solo al Ministerio. Permanec\u00ed en\nmi despacho hasta las nueve y treinta horas, en circunstancias que el General\nJ\u00e1uregui, Jefe de la Coordinaci\u00f3n de Informaciones, me comunic\u00f3 que el\nAer\u00f3dromo de Ezeiza hab\u00eda sido tomado por aviones sublevados, mientras se\nnotaban movimientos raros en el Arsenal de Marina y en el Ministerio de la\nmisma, muy cercanos a la Casa de Gobierno. Ante tales noticias me traslad\u00e9 al Ministerio\nde Ej\u00e9rcito, precisamente en el momento que se iniciaba el fuego contra la Casa\nde Gobierno.<\/p>\n\n\n\n<p class=\"wp-block-paragraph\">A las diez y treinta horas comenz\u00f3 el\nbombardeo de la Casa de Gobierno sobre la que se arrojaron m\u00e1s de cien bombas,\nmuchas de las cuales no explotaron, al mismo tiempo el Batall\u00f3n de Infanter\u00eda\nde Marina abr\u00eda el fuego y atacaba la Casa Rosada. El combate dur\u00f3 varias horas\nen que, al intervenir los Granaderos a Caballo General San Mart\u00edn y el Batall\u00f3n\nBuenos Aires, qued\u00f3 terminado con la retirada de los insurgentes.<\/p>\n\n\n\n<p class=\"wp-block-paragraph\">En el Ministerio de Marina quedaban\nencerrados y rodeados los jefes de la tentativa. El Pueblo y especialmente los\ntrabajadores al conocer la noticia del levantamiento, como otras veces se\nlanzaron hacia la Plaza de Mayo, junto a la Casa de Gobierno, mientras otros,\nobedeciendo las indicaciones que se hicieron por radio se concentraron en la C.\nG. T. A fin de no exponerse in\u00fatilmente al efecto del bombardeo. Sin embargo,\nla bombas y las ametralladoras de los aviones produjeron doscientos muertos y\nvarios miles de heridos entre la poblaci\u00f3n civil.<\/p>\n\n\n\n<p class=\"wp-block-paragraph\">Gran indignaci\u00f3n caus\u00f3 el fuego de los\naviones a reacci\u00f3n sobre las calles atestadas de p\u00fablico que adem\u00e1s de no ser\nun objetivo militar, estaban llenas de mujeres y ni\u00f1os, que ven\u00edan a presenciar\nese d\u00eda un desfile a\u00e9reo programado. Los aviones antes de huir hacia\nMontevideo, una vez fracasada la intentona, descargaron sus armas y sus bombas\nsobre la poblaci\u00f3n indefensa.<\/p>\n\n\n\n<p class=\"wp-block-paragraph\">Cuando lleg\u00f3 la noche comenz\u00f3 a llover\ntorrencialmente y el Pueblo indignado y acongojado se encontraba a\u00fan en los\nlugares de los luctuosos sucesos, presenciando los arreglos y la evacuaci\u00f3n de\nlos muertos durante el d\u00eda.<\/p>\n\n\n\n<p class=\"wp-block-paragraph\">Yo habl\u00e9 por radio, en cadena general a\ntodo el pa\u00eds, porque tem\u00eda una reacci\u00f3n popular violenta. Llam\u00e9 a la calma\npidiendo no unir a la infamia de los atacantes, nuestra propia infamia.<\/p>\n\n\n\n<p class=\"wp-block-paragraph\">Me enter\u00e9 despu\u00e9s que se hab\u00edan quemado\nalgunos edificios, entre ellos cuatro iglesias y dos capillas. Luego que pas\u00f3\nla confusi\u00f3n de las primera horas, el Comando Militar de Represi\u00f3n, tom\u00f3 la medida\nde custodiar los edificios amenazados y dar seguridad a los sacerdotes que\nestaban&nbsp; extraordinariamente excitados y\ntemerosos. Se constituy\u00f3 el Consejo Supremo de Guerra y los culpables fueron\njuzgados y condenados de acuerdo con la ley.<\/p>\n\n\n\n<p class=\"wp-block-paragraph\">Como reg\u00eda el Estado de Guerra interior,\ncuya ley en su art\u00edculo segundo, autorizaba el fusilamiento inmediato de los\ncabecillas, muchos vinieron a pedirme que los fusilaran y algunos de ellos\nhabr\u00e1n pensado que fui d\u00e9bil de no hacerlo. Yo creo lo contrario; en esos casos\nes m\u00e1s f\u00e1cil fusilar que someterse a la justicia establecida. No me ha gustado\nnunca mancharme con sangre, ni aun de mis m\u00e1s enconados enemigos. Yo puedo\ndecir hoy, a pesar de toda la infamia de mis enemigos, que ellos son unos\nasesinos y la historia no puede cargar sobre mi conciencia la muerte de un solo\nargentino por defender mi situaci\u00f3n personal.<\/p>\n\n\n\n<p class=\"wp-block-paragraph\">El peronismo se ha llenado de m\u00e1rtires\ny entre ellos no hay un solo hombre que, como nuestros enemigos, pueda ser\ntildado de asesino con fundamento, como podemos llamarlos a ellos con raz\u00f3n. La\nsangre generosa de estos compa\u00f1eros ca\u00eddos por la infamia \u201clibertadora\u201d ser\u00e1\nsiempre el \u00edndice de acusador de Abel, que los seguir\u00e1 hasta su tumba,\nllen\u00e1ndolos de remordimiento y de verg\u00fcenza. (\u2026)<\/p>\n\n\n\n<p class=\"wp-block-paragraph\">El 16 de junio puso en evidencia que el\n\u201cestado de guerra\u201d estaba justificado desde que exist\u00eda latente la conspiraci\u00f3n\nen las fuerzas regresivas.<\/p>\n\n\n\n<p class=\"wp-block-paragraph\">La clase parasitaria, representada por\nla oligarqu\u00eda contumaz y resentida, unida a los curas que abiertamente\nintervinieron en la lucha del 16 de junio, como asimismo a los dirigentes\npol\u00edticos de la \u201cUni\u00f3n Democr\u00e1tica\u201d, comenz\u00f3 ya desembozadamente a minar al\nEjercit\u00f3, la Marina y la Aeron\u00e1utica.<\/p>\n\n\n\n<p class=\"wp-block-paragraph\">El sistema para descomponer la\ndisciplina de las fuerzas armadas fue diverso en cada caso. Se utiliz\u00f3 un\npanfleto insidioso en que la calumnia y la falsedad alcanz\u00f3 l\u00edmites\ninsospechables. La t\u00e9cnica del rumor complet\u00f3 el cuadro, creando un clima de\nenga\u00f1o uniforme entre los elementos adversarios. Sin embargo, el ej\u00e9rcito no\nfue influenciado por esta perturbaci\u00f3n, merced a la acci\u00f3n permanente del\nGeneral Lucero, Ministro de Ej\u00e9rcito, que adoctrin\u00f3 a su gente en el fiel\ncumplimiento del deber militar. La Marina, que obedec\u00eda al comando\nrevolucionario de Montevideo, compuesto por Bemberg, Gainza y Lamuraglia,\nverdaderos financiadores de la revoluci\u00f3n, fue minando la disciplina de la\naeron\u00e1utica y contaminando sus cuadros. El dinero \u201ccorr\u00eda\u201d en abundancia y el\nefecto comenz\u00f3 a notarse; se le fue encontrando el precio a cada uno. Esta es\nla triste verdad. \u201cPoderosos caballero es Don Dinero\u201d.<\/p>\n","protected":false},"excerpt":{"rendered":"<p>Extractos del libro \u201cLa fuerza es el derecho de las bestias\u201d El d\u00eda 16 de junio de 1955 amaneci\u00f3 nublado. Como de costumbre me levant\u00e9 a las cinco de la ma\u00f1ana y a las seis y quince llegu\u00e9 a mi despacho de la Casa de Gobierno. All\u00ed el oficial de informaciones me inform\u00f3 que esa [&hellip;]<\/p>\n","protected":false},"author":1,"featured_media":0,"parent":85388,"menu_order":0,"comment_status":"closed","ping_status":"closed","template":"","meta":{"footnotes":""},"class_list":["post-85690","page","type-page","status-publish","hentry"],"_links":{"self":[{"href":"https:\/\/ricardovicentelopez.com.ar\/index.php?rest_route=\/wp\/v2\/pages\/85690","targetHints":{"allow":["GET"]}}],"collection":[{"href":"https:\/\/ricardovicentelopez.com.ar\/index.php?rest_route=\/wp\/v2\/pages"}],"about":[{"href":"https:\/\/ricardovicentelopez.com.ar\/index.php?rest_route=\/wp\/v2\/types\/page"}],"author":[{"embeddable":true,"href":"https:\/\/ricardovicentelopez.com.ar\/index.php?rest_route=\/wp\/v2\/users\/1"}],"replies":[{"embeddable":true,"href":"https:\/\/ricardovicentelopez.com.ar\/index.php?rest_route=%2Fwp%2Fv2%2Fcomments&post=85690"}],"version-history":[{"count":2,"href":"https:\/\/ricardovicentelopez.com.ar\/index.php?rest_route=\/wp\/v2\/pages\/85690\/revisions"}],"predecessor-version":[{"id":86208,"href":"https:\/\/ricardovicentelopez.com.ar\/index.php?rest_route=\/wp\/v2\/pages\/85690\/revisions\/86208"}],"up":[{"embeddable":true,"href":"https:\/\/ricardovicentelopez.com.ar\/index.php?rest_route=\/wp\/v2\/pages\/85388"}],"wp:attachment":[{"href":"https:\/\/ricardovicentelopez.com.ar\/index.php?rest_route=%2Fwp%2Fv2%2Fmedia&parent=85690"}],"curies":[{"name":"wp","href":"https:\/\/api.w.org\/{rel}","templated":true}]}}