{"id":85644,"date":"2020-09-01T14:35:32","date_gmt":"2020-09-01T14:35:32","guid":{"rendered":"http:\/\/ricardovicentelopez.com.ar\/?page_id=85644"},"modified":"2020-09-15T18:11:08","modified_gmt":"2020-09-15T18:11:08","slug":"ano-2020","status":"publish","type":"page","link":"https:\/\/ricardovicentelopez.com.ar\/?page_id=85644","title":{"rendered":"A\u00d1O 2020"},"content":{"rendered":"\n<p class=\"has-text-color has-medium-font-size has-luminous-vivid-orange-color wp-block-paragraph\"><a href=\"https:\/\/ricardovicentelopez.com.ar\/?page_id=85650\">01- El hombre de la Modernidad ante la crisis de la espiritualidad<\/a><\/p>\n\n\n\n<p class=\"has-text-color has-medium-font-size has-luminous-vivid-orange-color wp-block-paragraph\"><a href=\"https:\/\/ricardovicentelopez.com.ar\/?page_id=85660\">02- En la b\u00fasqueda de una definici\u00f3n de espiritualidad<\/a><\/p>\n\n\n\n<p class=\"has-text-color has-medium-font-size has-luminous-vivid-orange-color wp-block-paragraph\"><a href=\"https:\/\/ricardovicentelopez.com.ar\/?page_id=85666\">03- El ate\u00edsmo representa un desaf\u00edo para una espiritualidad reclamante de un mundo mejor<\/a><\/p>\n\n\n\n<p class=\"has-text-color has-medium-font-size has-luminous-vivid-orange-color wp-block-paragraph\"><a href=\"https:\/\/ricardovicentelopez.com.ar\/?p=85675\">04-La espiritualidad ante la homerizaci\u00f3n de la cultura global<\/a><\/p>\n\n\n\n<p class=\"has-text-color has-medium-font-size has-luminous-vivid-orange-color wp-block-paragraph\"><a href=\"https:\/\/ricardovicentelopez.com.ar\/?page_id=85680\">05- Rastreando un recorrido hist\u00f3rico de la espiritualidad<\/a><\/p>\n\n\n\n<p class=\"has-text-color has-medium-font-size has-luminous-vivid-orange-color wp-block-paragraph\"><a href=\"https:\/\/ricardovicentelopez.com.ar\/?page_id=85697\">06- Prestando atenci\u00f3n a los hombres sabios de todos los tiempos<\/a><\/p>\n\n\n\n<p class=\"has-text-color has-medium-font-size has-luminous-vivid-orange-color wp-block-paragraph\"><a href=\"https:\/\/ricardovicentelopez.com.ar\/?page_id=85702\">07.- La espiritualidad en el pensamiento de grandes cient\u00edficos<\/a><\/p>\n\n\n\n<p class=\"has-text-color has-medium-font-size has-luminous-vivid-orange-color wp-block-paragraph\"><a href=\"https:\/\/ricardovicentelopez.com.ar\/?page_id=85710\">08- La percepci\u00f3n y la concepci\u00f3n del mundo en nuestra conciencia<\/a><\/p>\n\n\n\n<p class=\"has-text-color has-medium-font-size has-luminous-vivid-orange-color wp-block-paragraph\"><a href=\"https:\/\/ricardovicentelopez.com.ar\/?page_id=85717\">09- Una exploraci\u00f3n de las fuentes originarias que dieron fundamento a nuestro mundo<\/a><\/p>\n\n\n\n<p class=\"has-text-color has-medium-font-size has-luminous-vivid-orange-color wp-block-paragraph\"><a href=\"https:\/\/ricardovicentelopez.com.ar\/?page_id=85724\">10.- Los senderos sinuosos y esquivos en la b\u00fasqueda de la verdad<\/a><\/p>\n\n\n\n<p class=\"has-text-color has-medium-font-size has-luminous-vivid-orange-color wp-block-paragraph\"><a href=\"https:\/\/ricardovicentelopez.com.ar\/?page_id=85738\">11- La tradici\u00f3n, la nueva concepci\u00f3n del mundo: una nueva espiritualidad<\/a><\/p>\n\n\n\n<p class=\"has-text-color has-medium-font-size has-luminous-vivid-orange-color wp-block-paragraph\"><a href=\"https:\/\/ricardovicentelopez.com.ar\/?page_id=85747\">12- La verdad tiene preguntas: la verdad de qui\u00e9n, de cu\u00e1ndo, para qu\u00e9\u2026<\/a><\/p>\n\n\n\n<p class=\"has-text-color has-medium-font-size has-luminous-vivid-orange-color wp-block-paragraph\"><a href=\"https:\/\/ricardovicentelopez.com.ar\/?page_id=85756\">13- La verdad del hombre moderno es la verdad de la burgues\u00eda comercial<\/a><\/p>\n\n\n\n<p class=\"has-text-color has-medium-font-size has-luminous-vivid-orange-color wp-block-paragraph\"><a href=\"https:\/\/ricardovicentelopez.com.ar\/?page_id=85763\">14- Los primeros pasos de la mentalidad burguesa<\/a><\/p>\n\n\n\n<p class=\"has-text-color has-medium-font-size has-luminous-vivid-orange-color wp-block-paragraph\"><a href=\"https:\/\/ricardovicentelopez.com.ar\/?page_id=85770\">15.- El fen\u00f3meno de la espiritualidad<\/a><\/p>\n\n\n\n<p class=\"has-text-color has-medium-font-size has-luminous-vivid-orange-color wp-block-paragraph\"><a href=\"https:\/\/ricardovicentelopez.com.ar\/?page_id=85784\">16- \u00bfC\u00f3mo definir la mentalidad o la espiritualidad burguesa?<\/a><\/p>\n\n\n\n<p class=\"has-text-color has-medium-font-size has-luminous-vivid-orange-color wp-block-paragraph\"><a href=\"https:\/\/ricardovicentelopez.com.ar\/?page_id=85791\">17- Reflexiones para la necesaria formaci\u00f3n de un ciudadano responsable &#8211; Qu\u00e9 es la Libertad<\/a><\/p>\n\n\n\n<p class=\"has-text-color has-medium-font-size has-luminous-vivid-orange-color wp-block-paragraph\"><a href=\"https:\/\/ricardovicentelopez.com.ar\/?page_id=85798\">18- Reflexiones para la necesaria formaci\u00f3n de un ciudadano responsable &#8211; Qu\u00e9 es la igualdad<\/a><\/p>\n\n\n\n<p class=\"has-text-color has-medium-font-size has-luminous-vivid-orange-color wp-block-paragraph\"><a href=\"https:\/\/ricardovicentelopez.com.ar\/?page_id=85805\">19- La crisis del tiempo esclavizante abre el camino hacia un tiempo liberador<\/a><\/p>\n\n\n\n<p class=\"has-text-color has-medium-font-size has-luminous-vivid-orange-color wp-block-paragraph\"><a href=\"https:\/\/ricardovicentelopez.com.ar\/?page_id=85812\">20- El hombre en crisis tiene preguntas sin respuestas<\/a><\/p>\n\n\n\n<p class=\"has-text-color has-medium-font-size has-luminous-vivid-orange-color wp-block-paragraph\"><a href=\"https:\/\/ricardovicentelopez.com.ar\/?page_id=85832\">21- La econom\u00eda del hombre medieval \u2013 una utop\u00eda realizada<\/a><\/p>\n\n\n\n<p class=\"has-text-color has-medium-font-size has-luminous-vivid-orange-color wp-block-paragraph\"><a href=\"https:\/\/ricardovicentelopez.com.ar\/?page_id=85839\">22- Reflexiones sobre la Libertad<\/a><\/p>\n\n\n\n<p class=\"has-text-color has-medium-font-size has-luminous-vivid-orange-color wp-block-paragraph\"><a href=\"https:\/\/ricardovicentelopez.com.ar\/?page_id=85847\">23- Am\u00e9rica es el continente de la esperanza<\/a><\/p>\n\n\n\n<p class=\"has-text-color has-medium-font-size has-luminous-vivid-orange-color wp-block-paragraph\"><a href=\"https:\/\/ricardovicentelopez.com.ar\/?page_id=85855\">24- Algunas reflexiones sobre qu\u00e9 es la opini\u00f3n p\u00fablica<\/a><\/p>\n\n\n\n<p class=\"has-text-color has-medium-font-size has-luminous-vivid-orange-color wp-block-paragraph\"><a href=\"https:\/\/ricardovicentelopez.com.ar\/?page_id=85864\">25- Am\u00e9rica es el continente de la esperanza<\/a><\/p>\n\n\n\n<p class=\"has-text-color has-medium-font-size has-luminous-vivid-orange-color wp-block-paragraph\"><a href=\"https:\/\/ricardovicentelopez.com.ar\/?page_id=85879\">26.- En torno a la libertad \u00bfcu\u00e1l libertad?<\/a><\/p>\n\n\n\n<p class=\"has-text-color has-medium-font-size has-luminous-vivid-orange-color wp-block-paragraph\"><a href=\"https:\/\/ricardovicentelopez.com.ar\/?page_id=85886\">27.- Algo m\u00e1s sobre la libertad del liberalismo cl\u00e1sico<\/a><\/p>\n\n\n\n<p class=\"has-text-color has-medium-font-size has-luminous-vivid-orange-color wp-block-paragraph\"><a href=\"https:\/\/ricardovicentelopez.com.ar\/?page_id=85893\">28- La historia como vida colectiva enajenada<\/a><\/p>\n\n\n\n<p class=\"has-text-color has-medium-font-size has-luminous-vivid-orange-color wp-block-paragraph\"><a href=\"https:\/\/ricardovicentelopez.com.ar\/?page_id=85901\">29- El liberalismo de los Padres Fundadores de los EEUU<\/a><\/p>\n\n\n\n<p class=\"has-text-color has-medium-font-size has-luminous-vivid-orange-color wp-block-paragraph\"><a href=\"https:\/\/ricardovicentelopez.com.ar\/?page_id=85908\">30.- Razones para la desesperanza y razones para la esperanza<\/a><\/p>\n\n\n\n<p class=\"has-text-color has-medium-font-size has-luminous-vivid-orange-color wp-block-paragraph\"><a href=\"https:\/\/ricardovicentelopez.com.ar\/?page_id=85922\">31- La importancia de las palabras por lo que dicen y por lo que esconden<\/a><\/p>\n\n\n\n<p class=\"has-text-color has-medium-font-size has-luminous-vivid-orange-color wp-block-paragraph\"><a href=\"https:\/\/ricardovicentelopez.com.ar\/?page_id=85931\">32- Am\u00e9rica es el continente de la esperanza &#8211; Parte III<\/a><\/p>\n\n\n\n<p class=\"has-text-color has-medium-font-size has-luminous-vivid-orange-color wp-block-paragraph\"><a href=\"https:\/\/ricardovicentelopez.com.ar\/?page_id=85939\">33- La filosof\u00eda \u00bftiene alg\u00fan valor?<\/a><\/p>\n\n\n\n<p class=\"has-text-color has-medium-font-size has-luminous-vivid-orange-color wp-block-paragraph\"><a href=\"https:\/\/ricardovicentelopez.com.ar\/?page_id=85947\">34- Un poco de utop\u00eda &#8211; Necesaria en tiempos de incertidumbre<\/a><\/p>\n\n\n\n<p class=\"has-text-color has-medium-font-size has-luminous-vivid-orange-color wp-block-paragraph\"><a href=\"https:\/\/ricardovicentelopez.com.ar\/?page_id=85954\">35.- El necesario despertar de la conciencia cr\u00edtica Parte I<\/a><\/p>\n\n\n\n<p class=\"has-text-color has-medium-font-size has-luminous-vivid-orange-color wp-block-paragraph\"><a href=\"https:\/\/ricardovicentelopez.com.ar\/?page_id=85968\">36.- El necesario despertar de la conciencia cr\u00edtica II<\/a><\/p>\n\n\n\n<p class=\"has-text-color has-medium-font-size has-luminous-vivid-orange-color wp-block-paragraph\"><a href=\"https:\/\/ricardovicentelopez.com.ar\/?page_id=85977\">37- Razones para la desesperanza y razones para la esperanza<\/a><\/p>\n\n\n\n<p class=\"has-text-color has-medium-font-size has-luminous-vivid-orange-color wp-block-paragraph\"><a href=\"https:\/\/ricardovicentelopez.com.ar\/?page_id=85985\">38- Am\u00e9rica es el continente de la esperanza &#8211; Parte IV<\/a><\/p>\n\n\n\n<p class=\"has-text-color has-medium-font-size has-luminous-vivid-orange-color wp-block-paragraph\"><a href=\"https:\/\/ricardovicentelopez.com.ar\/?page_id=85992\">39- La civilizaci\u00f3n y la barbarie I<\/a><\/p>\n\n\n\n<p class=\"has-text-color has-medium-font-size has-luminous-vivid-orange-color wp-block-paragraph\"><a href=\"https:\/\/ricardovicentelopez.com.ar\/?page_id=86001\">40- La importancia del concepto persona<\/a><\/p>\n\n\n\n<p class=\"has-text-color has-medium-font-size has-luminous-vivid-orange-color wp-block-paragraph\"><a href=\"https:\/\/ricardovicentelopez.com.ar\/?page_id=86016\">41.- Para despu\u00e9s de la pandemia \u00bfqu\u00e9 ser\u00e1 del ciudadano-consumidor? I<\/a><\/p>\n\n\n\n<p class=\"has-text-color has-medium-font-size has-luminous-vivid-orange-color wp-block-paragraph\"><a href=\"https:\/\/ricardovicentelopez.com.ar\/?page_id=86023\">42.- La filosof\u00eda es popular cuando piensa desde los m\u00e1s desprotegidos I<\/a><\/p>\n\n\n\n<p class=\"has-text-color has-medium-font-size has-luminous-vivid-orange-color wp-block-paragraph\">43- <a href=\"https:\/\/ricardovicentelopez.com.ar\/?page_id=86030\">La importancia del concepto persona Parte II<\/a><\/p>\n\n\n\n<p class=\"has-text-color has-medium-font-size has-luminous-vivid-orange-color wp-block-paragraph\"><a href=\"https:\/\/ricardovicentelopez.com.ar\/?page_id=86038\">44- Para despu\u00e9s de la pandemia \u00bfqu\u00e9 ser\u00e1 del ciudadano-consumidor? II<\/a><\/p>\n\n\n\n<p class=\"has-text-color has-medium-font-size has-luminous-vivid-orange-color wp-block-paragraph\"><a href=\"https:\/\/ricardovicentelopez.com.ar\/?page_id=86045\">45- Un aniversario que merece mayor memoria<\/a><\/p>\n\n\n\n<p class=\"has-text-color has-medium-font-size has-luminous-vivid-orange-color wp-block-paragraph\"><a href=\"https:\/\/ricardovicentelopez.com.ar\/?page_id=86068\">46- La importancia del concepto persona [1]. Parte III<\/a><\/p>\n\n\n\n<p class=\"has-text-color has-medium-font-size has-luminous-vivid-orange-color wp-block-paragraph\"><a href=\"https:\/\/ricardovicentelopez.com.ar\/?page_id=86075\">47.- La filosof\u00eda es popular cuando piensa desde los m\u00e1s desprotegidos II<\/a><\/p>\n\n\n\n<p class=\"has-text-color has-medium-font-size has-luminous-vivid-orange-color wp-block-paragraph\"><a href=\"https:\/\/ricardovicentelopez.com.ar\/?page_id=86083\">48- Razones para la desesperanza y razones para la esperanza Parte III<\/a><\/p>\n\n\n\n<p class=\"has-text-color has-medium-font-size has-luminous-vivid-orange-color wp-block-paragraph\"><a href=\"https:\/\/ricardovicentelopez.com.ar\/?page_id=86093\">49- La importancia del concepto persona Parte IV<\/a><\/p>\n\n\n\n<p class=\"has-text-color has-medium-font-size has-luminous-vivid-orange-color wp-block-paragraph\"><a href=\"https:\/\/ricardovicentelopez.com.ar\/?page_id=86100\">50- El hombre sumergido en la cultura burguesa capitalista<\/a><\/p>\n\n\n\n<p class=\"has-text-color has-medium-font-size has-luminous-vivid-orange-color wp-block-paragraph\"><a href=\"https:\/\/ricardovicentelopez.com.ar\/?page_id=86124\">51- La decadencia de la cultura occidental [1]<\/a><\/p>\n\n\n\n<p class=\"has-text-color has-medium-font-size has-luminous-vivid-orange-color wp-block-paragraph\"><a href=\"https:\/\/ricardovicentelopez.com.ar\/?page_id=86131\">53- La dial\u00e9ctica entre el hombre y el tiempo<\/a><\/p>\n\n\n\n<p class=\"has-text-color has-medium-font-size has-luminous-vivid-orange-color wp-block-paragraph\"><a href=\"https:\/\/ricardovicentelopez.com.ar\/?page_id=86138\">54- Reflexiones necesarias sobre la espiritualidad<\/a><\/p>\n\n\n\n<p class=\"has-text-color has-medium-font-size has-luminous-vivid-orange-color wp-block-paragraph\"><a href=\"https:\/\/ricardovicentelopez.com.ar\/?page_id=86148\">55- Cristianismo, utop\u00eda, pol\u00edtica y liberaci\u00f3n<\/a><\/p>\n\n\n\n<p class=\"wp-block-paragraph\"><\/p>\n","protected":false},"excerpt":{"rendered":"<p>01- El hombre de la Modernidad ante la crisis de la espiritualidad 02- En la b\u00fasqueda de una definici\u00f3n de espiritualidad 03- El ate\u00edsmo representa un desaf\u00edo para una espiritualidad reclamante de un mundo mejor 04-La espiritualidad ante la homerizaci\u00f3n de la cultura global 05- Rastreando un recorrido hist\u00f3rico de la espiritualidad 06- Prestando atenci\u00f3n [&hellip;]<\/p>\n","protected":false},"author":1,"featured_media":0,"parent":85638,"menu_order":0,"comment_status":"closed","ping_status":"closed","template":"","meta":{"footnotes":""},"class_list":["post-85644","page","type-page","status-publish","hentry"],"_links":{"self":[{"href":"https:\/\/ricardovicentelopez.com.ar\/index.php?rest_route=\/wp\/v2\/pages\/85644","targetHints":{"allow":["GET"]}}],"collection":[{"href":"https:\/\/ricardovicentelopez.com.ar\/index.php?rest_route=\/wp\/v2\/pages"}],"about":[{"href":"https:\/\/ricardovicentelopez.com.ar\/index.php?rest_route=\/wp\/v2\/types\/page"}],"author":[{"embeddable":true,"href":"https:\/\/ricardovicentelopez.com.ar\/index.php?rest_route=\/wp\/v2\/users\/1"}],"replies":[{"embeddable":true,"href":"https:\/\/ricardovicentelopez.com.ar\/index.php?rest_route=%2Fwp%2Fv2%2Fcomments&post=85644"}],"version-history":[{"count":62,"href":"https:\/\/ricardovicentelopez.com.ar\/index.php?rest_route=\/wp\/v2\/pages\/85644\/revisions"}],"predecessor-version":[{"id":86154,"href":"https:\/\/ricardovicentelopez.com.ar\/index.php?rest_route=\/wp\/v2\/pages\/85644\/revisions\/86154"}],"up":[{"embeddable":true,"href":"https:\/\/ricardovicentelopez.com.ar\/index.php?rest_route=\/wp\/v2\/pages\/85638"}],"wp:attachment":[{"href":"https:\/\/ricardovicentelopez.com.ar\/index.php?rest_route=%2Fwp%2Fv2%2Fmedia&parent=85644"}],"curies":[{"name":"wp","href":"https:\/\/api.w.org\/{rel}","templated":true}]}}