{"id":85629,"date":"2020-06-23T14:57:55","date_gmt":"2020-06-23T14:57:55","guid":{"rendered":"http:\/\/ricardovicentelopez.com.ar\/?page_id=85629"},"modified":"2021-02-03T13:21:47","modified_gmt":"2021-02-03T13:21:47","slug":"097-la-manipulacion-es-una-parte-imprescindible-y-fundamental-del-quehacer-politico","status":"publish","type":"page","link":"https:\/\/ricardovicentelopez.com.ar\/?page_id=85629","title":{"rendered":"097.- La manipulaci\u00f3n es una parte imprescindible y fundamental del quehacer pol\u00edtico"},"content":{"rendered":"\n<p class=\"has-medium-font-size wp-block-paragraph\"><strong>Ricardo Vicente L\u00f3pez<\/strong><\/p>\n\n\n\n<figure class=\"wp-block-image\"><img loading=\"lazy\" decoding=\"async\" width=\"1024\" height=\"533\" src=\"https:\/\/ricardovicentelopez.com.ar\/wp-content\/uploads\/2020\/06\/97-1024x533.png\" alt=\"\" class=\"wp-image-85631\" srcset=\"https:\/\/ricardovicentelopez.com.ar\/wp-content\/uploads\/2020\/06\/97-1024x533.png 1024w, https:\/\/ricardovicentelopez.com.ar\/wp-content\/uploads\/2020\/06\/97-300x156.png 300w, https:\/\/ricardovicentelopez.com.ar\/wp-content\/uploads\/2020\/06\/97-768x400.png 768w, https:\/\/ricardovicentelopez.com.ar\/wp-content\/uploads\/2020\/06\/97.png 1200w\" sizes=\"auto, (max-width: 1024px) 100vw, 1024px\" \/><\/figure>\n\n\n\n<p class=\"wp-block-paragraph\">Creo que debo comenzar dando\nalgunas explicaciones por mi insistencia en volver, una y otra vez, sobre este\ntema. Me mueve a ello la convicci\u00f3n de que gran parte de los <em>ciudadanos de a pie<\/em> viven convencidos de\nque este es un problema de <em>pa\u00edses\nbananeros<\/em>. Esta expresi\u00f3n merece una definici\u00f3n clara para que no caigamos\nen err\u00f3neas interpretaciones. Leamos a wikipedia:<\/p>\n\n\n\n<p class=\"wp-block-paragraph\">La expresi\u00f3n\npeyorativa \u00abrep\u00fablica bananera\u00bb se utiliza para describir a pa\u00edses que son\nconsiderados pol\u00edticamente inestables, empobrecidos, atrasados, tercermundistas\ny corruptos, cuya econom\u00eda depende de unos pocos productos de escaso valor\nagregado (simbolizados por las bananas), gobernados por presidentes legitimados\nde manera fraudulenta, que est\u00e1n sometidos a la hegemon\u00eda de empresas\nextranjeras.<\/p>\n\n\n\n<p class=\"wp-block-paragraph\">Creo, amigo lector, que Ud.\ncompartir\u00e1 conmigo, que es altamente improbable que ciudadanos argentinos, como\nas\u00ed tambi\u00e9n los de la mayor parte de los pa\u00edses importantes de nuestro\ncontinente, aceptaran que sus pa\u00edses son bananeros. Por lo tanto parecer\u00eda,\nseg\u00fan esta calificaci\u00f3n, que s\u00f3lo sus habitantes est\u00e1n en condiciones de ser manipulados\npor los poderosos, mediante publicaciones en los medios nacionales o\ninternacionales. Sin embargo esto no es as\u00ed.<\/p>\n\n\n\n<p class=\"wp-block-paragraph\">En una nota anterior,\npublicada en esta columna el 31-5-2020, analic\u00e9 una editorial de la <em>Revista Mercado<\/em>, de circulaci\u00f3n nacional,\nque planteaba el tema con mayor claridad. Para investigar si este tema fue\nanalizado en publicaciones de mayor importancia, de circulaci\u00f3n internacional,\ncontinu\u00e9 con mis investigaciones que me llevaron a la <em>Revista Forbes<\/em>. Lo que me estaba esperando <em>era una sorpresa<\/em>. M\u00e1s adelante hablar\u00e9 de ella.<\/p>\n\n\n\n<p class=\"wp-block-paragraph\">Esta otra revista, de mayor\nimportancia, de distribuci\u00f3n mundial, tambi\u00e9n trat\u00f3 el tema de la manipulaci\u00f3n\nde la opini\u00f3n p\u00fablica. Siguiendo con mi m\u00e9todo informativo le doy los\nantecedentes de esta publicaci\u00f3n. Volvamos a wikipedia:<\/p>\n\n\n\n<p class=\"wp-block-paragraph\">Forbes es una\neditorial estadounidense, fundada en 1917, tiene como publicaci\u00f3n principal la\nrevista <em>Forbes<\/em>, mundialmente famosa, de\nsalida bi-semanal. Son sus competidoras principales, en la categor\u00eda de\nrevistas de negocios, Fortune y Business Week. La revista es famosa por publicar\nsus listas de las personas m\u00e1s adineradas del mundo, con especial dedicaci\u00f3n a las\nlistas de los americanos m\u00e1s ricos (the Forbes 400). Este a\u00f1o incorpor\u00f3 la <em>categor\u00eda de los milmillonarios,<\/em> como\nuna perla period\u00edstica. El lema de la revista es \u00abLa herramienta del\nCapitalista\u00bb.<\/p>\n\n\n\n<p class=\"wp-block-paragraph\">Uno de sus columnistas, Alfredo\nParedes, Consultor y acad\u00e9mico internacional, experto en comunicaci\u00f3n\nestrat\u00e9gica, es CEO de Capitol Consulting &amp; Communication, una compa\u00f1\u00eda multinacional\nl\u00edder en servicios de comunicaci\u00f3n estrat\u00e9gica, campa\u00f1as electorales, imagen\npol\u00edtica, capacitaci\u00f3n, formaci\u00f3n y asesor\u00eda de imagen. El centro de\noperaciones de la compa\u00f1\u00eda est\u00e1 localizado en la ciudad de M\u00e9xico y cuenta con\noficinas en Miami (USA), Bogot\u00e1 (Colombia) y Lima (Per\u00fa). Estos datos son\nimportantes para las conclusiones finales. Es una presentaci\u00f3n del autor de la\nnota que lleva por t\u00edtulo<em> T\u00e9cnicas de\nmanipulaci\u00f3n pol\u00edtica y el resultado<\/em>, publicada en <a href=\"http:\/\/www.forbes.com.mx\">www.forbes.com.mx<\/a> \u2013 25-7-2019. Su an\u00e1lisis\ncomienza con una especie de definici\u00f3n:<\/p>\n\n\n\n<p class=\"wp-block-paragraph\"><em>Para la Pol\u00edtica, las campa\u00f1as electorales y el ejercicio\nde gobierno<\/em>,\nel tema es <em>comunicar, convencer,\npersuadir y manipular<\/em>; suelen ser sin\u00f3nimos, por lo cual distinguir una de otra,\nresulta muy dif\u00edcil. De hecho, <em>la\nmanipulaci\u00f3n es una parte imprescindible y fundamental del quehacer pol\u00edtico\ndesde los or\u00edgenes de la humanidad<\/em>.<\/p>\n\n\n\n<p class=\"wp-block-paragraph\">Con la intenci\u00f3n de hacer\nm\u00e1s accesible la comprensi\u00f3n de este concepto agrega una <em>comparaci\u00f3n sorprendente entre formas del manipular<\/em>: <\/p>\n\n\n\n<p class=\"wp-block-paragraph\"><em>Manipular es una de las primeras cosas que aprendemos en\nla vida<\/em>. A\nmuy temprana edad, los bebes descubren el poder del llanto, el berrinche, los\npataleos, la risa o alguna \u201cgracia\u201d como recursos para demandar atenci\u00f3n,\nexigir comida, pedir ayuda o simplemente mantener ocupada a la gente. <\/p>\n\n\n\n<p class=\"wp-block-paragraph\">La comparaci\u00f3n me parece muy\npoco adecuada. Pero, si le aceptamos su propuesta, respecto de la manipulaci\u00f3n\ndel beb\u00e9, debemos sacar la siguiente conclusi\u00f3n, que contiene una doble y\nriesgosa derivaci\u00f3n: 1.- <em>los beb\u00e9s son\nperversos desde su nacimiento<\/em> al manipular a su familia; o 2.- <em>la manipulaci\u00f3n es una maniobra tan inocente\ne inocua que no merece la m\u00e1s m\u00ednima cr\u00edtica<\/em>, por sus consecuencias. Ud.,\namigo lector, deber\u00e1 sacar una conclusi\u00f3n. El autor insiste con su definici\u00f3n,\nque contradice la analog\u00eda que propuso:<\/p>\n\n\n\n<p class=\"wp-block-paragraph\">Manipular es <em>sembrar en la conciencia y en la mente de la\ngente ideas, actitudes, conceptos y aspiraciones -incluso falsas e inmorales-\nque sirvan a los objetivos de sus manipuladores<\/em>. De hecho, la <em>manipulaci\u00f3n es una parte imprescindible y\nfundamental del quehacer pol\u00edtico desde los or\u00edgenes de la humanidad<\/em>.<\/p>\n\n\n\n<p class=\"wp-block-paragraph\">Perm\u00edtame, amigo lector, un\ncomentario muy poco respetuoso sobre el autor de la nota. Afirma, con aire de\nsentencia cient\u00edfica, que <em>la manipulaci\u00f3n\nha sido una t\u00e9cnica imprescindible<\/em> desde <em>los or\u00edgenes de la humanidad<\/em>. Me pregunto: \u00bfeste se\u00f1or habr\u00e1 le\u00eddo\nalguna vez algo de Antropolog\u00eda o Historia antigua? Si lo hizo, ser\u00eda\ninteresante saber \u00bfqu\u00e9 autores le ofrecieron esta informaci\u00f3n? \u00bfSe imagina Ud.\nla posibilidad de utilizar t\u00e9cnicas tan sofisticadas en las bandas n\u00f3mades del\nneol\u00edtico [<a href=\"#_ftn1\">[1]<\/a>],\npara no remontarnos mucho m\u00e1s atr\u00e1s en los or\u00edgenes del hombre? [<a href=\"#_ftn2\">[2]<\/a>]<\/p>\n\n\n\n<p class=\"wp-block-paragraph\">El nivel de torpeza, de\ndesparpajo, de ignorancia del autor desborda todo lo imaginable. La informaci\u00f3n\nrespecto de los antecedentes y experiencia profesional que la publicaci\u00f3n\nofrece har\u00eda esperar <em>otra capacidad e\ninteligencia<\/em>. O debemos llegar a la conclusi\u00f3n que este es el nivel\nprofesional exigible para ser uno de los Ceos de una importante Consultora. Su\nnota demuestra en nivel de su capacidad de <em>experto\nen comunicaci\u00f3n estrat\u00e9gica<\/em>, teniendo en cuenta que escribe en una importante\nrevista de distribuci\u00f3n internacional. Todas estas dudas dieron lugar a la sorpresa\nde la que habl\u00e9 en el comienzo de esta nota. \u00bfQu\u00e9 debemos pensar, adem\u00e1s, del\nEditor de la publicaci\u00f3n? \u00bfY respecto del p\u00fablico lector de la revista? O todo\nello \u00bfpasa desapercibido?<\/p>\n\n\n\n<p class=\"wp-block-paragraph\">Si Ud. amigo lector, se toma\nel trabajo de volver a leer las citas de este autor a partir de las cr\u00edticas\nque le propongo, creo que me acompa\u00f1ar\u00e1 en mis sorpresas respecto del nivel de\ninteligencia y de formaci\u00f3n del autor. Es dif\u00edcil de aceptar que los lectores\nde esa publicaci\u00f3n dejen pasar, no s\u00f3lo las inexactitudes, sino tambi\u00e9n los\ndisparates que le atribuye a un beb\u00e9. Perm\u00edtame agregar un comentario m\u00e1s sobre\nel autor. Deber\u00edamos ahora, para poder comprender mejor c\u00f3mo es que lleg\u00f3 a\nescribir esta nota, saber d\u00f3nde estudi\u00f3 y con qu\u00e9 notas egres\u00f3.<\/p>\n\n\n\n<p class=\"wp-block-paragraph\">Volvamos al contenido de la\nnota. Agrega, para avanzar en su an\u00e1lisis, una pregunta: \u201c\u00bfC\u00f3mo se manipula en\nPol\u00edtica?\u201d Y nos detalla las condiciones requeridas para la manipulaci\u00f3n:<\/p>\n\n\n\n<p class=\"wp-block-paragraph\">La sociedad debe\nser vulnerable. <em>Para que exista un\nmanipulador, debe haber una base de ciudadanos indefensos, d\u00f3ciles,\ndesinformados, emocionales, reclutados, pagados o simplemente indiferentes a la\npol\u00edtica para quienes mantenerse dependientes<\/em>, es mucho m\u00e1s simple que\nreflexionar, participar, criticar o luchar para cambiar las cosas.<\/p>\n\n\n\n<p class=\"wp-block-paragraph\">No es poco el menosprecio\nque manifiesta respecto de los pueblos que fueron o ser\u00e1n manipulados. Un\nimportante analista pol\u00edtico como lo es Walter Lippmann ha investigado mucho\neste tema [<a href=\"#_ftn3\">[3]<\/a>],\nsobre todo respecto del p\u00fablico estadounidense. Sus estudios desmienten las\nafirmaciones del autor de la nota. <\/p>\n\n\n\n<p class=\"wp-block-paragraph\">Amigo lector, le sugiero que\nrecuerde la <em>definici\u00f3n de pa\u00eds bananero<\/em>\ncitada m\u00e1s arriba. Esto nos est\u00e1 planteando una tesis que no concuerda con los\nhechos pol\u00edticos de gran parte del siglo XX en adelante. Las definiciones que\nhemos le\u00eddo, seg\u00fan el propio autor, afirman que la acci\u00f3n pol\u00edtica tiene, como <em>componente principal, la manipulaci\u00f3n de los\np\u00fablicos<\/em>, aplicando en ellos todas las diversas t\u00e9cnicas que la caja de\nherramientas dise\u00f1ada y construida por el sistema dominante. La descripci\u00f3n de\nlas condicionalidades previas entra en contradicci\u00f3n con las posibilidades de\nla pol\u00edtica manipuladora que han sido utilizadas o, por lo menos, han intentado\nutilizar en el amplio campo de las democracias occidentales.<\/p>\n\n\n\n<p class=\"wp-block-paragraph\">Hay l\u00edmites que yo cre\u00eda que\nno se intentar\u00edan sobrepasar en el desprecio de los p\u00fablicos a los que est\u00e1\nhaciendo referencia. Debo confesar que me cuesta comprender la coherencia de su\nrazonamiento. Sin embargo, la carga de desprecio, racismo, por esos pueblos a\nlos que se debe dirigir el manipulador pareciera que hoy se puede encontrar con\nlas reacciones que estamos viendo en pueblos como el de los EEUU. Todo ello no\nresponde totalmente a sus descripciones.&nbsp;\n<\/p>\n\n\n\n<p class=\"wp-block-paragraph\">En s\u00edntesis, como podr\u00eda ser\nesperable, no es el ocultamiento de las manipulaciones lo que aparece en esta\nfamosa revista, sino el chato nivel de sus analistas. <br><\/p>\n\n\n\n<hr class=\"wp-block-separator\"\/>\n\n\n\n<p class=\"wp-block-paragraph\"><a href=\"#_ftnref1\">[1]<\/a> Este periodo se encuentra\ncronol\u00f3gicamente, entre el a\u00f1o 7.000 a. de C. y 2.000 a. de C. <\/p>\n\n\n\n<p class=\"wp-block-paragraph\"><a href=\"#_ftnref2\">[2]<\/a> En el extremo sur de \u00c1frica\nse encuentran restos humanos de m\u00e1s de 100.000 a\u00f1os de antig\u00fcedad.<\/p>\n\n\n\n<p class=\"wp-block-paragraph\"><a href=\"#_ftnref3\">[3]<\/a> Consultar en la p\u00e1gina <a href=\"http:\/\/www.ricardovicentelopez.com.ar\">www.ricardovicentelopez.com.ar<\/a>, secci\u00f3n <em>Reflexiones Pol\u00edticas<\/em> la nota 33.- La\nverdad de los medios y el p\u00fablico real masificado; 72- <em>Walter Lippmann y algunas reflexiones sobre qu\u00e9 es la opini\u00f3n p\u00fablica<\/em>,\nentre otras.<\/p>\n","protected":false},"excerpt":{"rendered":"<p>Ricardo Vicente L\u00f3pez Creo que debo comenzar dando algunas explicaciones por mi insistencia en volver, una y otra vez, sobre este tema. Me mueve a ello la convicci\u00f3n de que gran parte de los ciudadanos de a pie viven convencidos de que este es un problema de pa\u00edses bananeros. Esta expresi\u00f3n merece una definici\u00f3n clara [&hellip;]<\/p>\n","protected":false},"author":1,"featured_media":0,"parent":85388,"menu_order":0,"comment_status":"closed","ping_status":"closed","template":"","meta":{"footnotes":""},"class_list":["post-85629","page","type-page","status-publish","hentry"],"_links":{"self":[{"href":"https:\/\/ricardovicentelopez.com.ar\/index.php?rest_route=\/wp\/v2\/pages\/85629","targetHints":{"allow":["GET"]}}],"collection":[{"href":"https:\/\/ricardovicentelopez.com.ar\/index.php?rest_route=\/wp\/v2\/pages"}],"about":[{"href":"https:\/\/ricardovicentelopez.com.ar\/index.php?rest_route=\/wp\/v2\/types\/page"}],"author":[{"embeddable":true,"href":"https:\/\/ricardovicentelopez.com.ar\/index.php?rest_route=\/wp\/v2\/users\/1"}],"replies":[{"embeddable":true,"href":"https:\/\/ricardovicentelopez.com.ar\/index.php?rest_route=%2Fwp%2Fv2%2Fcomments&post=85629"}],"version-history":[{"count":2,"href":"https:\/\/ricardovicentelopez.com.ar\/index.php?rest_route=\/wp\/v2\/pages\/85629\/revisions"}],"predecessor-version":[{"id":86207,"href":"https:\/\/ricardovicentelopez.com.ar\/index.php?rest_route=\/wp\/v2\/pages\/85629\/revisions\/86207"}],"up":[{"embeddable":true,"href":"https:\/\/ricardovicentelopez.com.ar\/index.php?rest_route=\/wp\/v2\/pages\/85388"}],"wp:attachment":[{"href":"https:\/\/ricardovicentelopez.com.ar\/index.php?rest_route=%2Fwp%2Fv2%2Fmedia&parent=85629"}],"curies":[{"name":"wp","href":"https:\/\/api.w.org\/{rel}","templated":true}]}}