{"id":85619,"date":"2020-06-23T14:52:03","date_gmt":"2020-06-23T14:52:03","guid":{"rendered":"http:\/\/ricardovicentelopez.com.ar\/?page_id=85619"},"modified":"2021-02-03T13:21:41","modified_gmt":"2021-02-03T13:21:41","slug":"096-reflexiones-sobre-temas-publicados-por-monica-peralta-ramos-i","status":"publish","type":"page","link":"https:\/\/ricardovicentelopez.com.ar\/?page_id=85619","title":{"rendered":"096- Reflexiones sobre temas publicados por M\u00f3nica Peralta Ramos I"},"content":{"rendered":"\n<p class=\"has-medium-font-size wp-block-paragraph\"><strong>Ricardo Vicente L\u00f3pez<\/strong><\/p>\n\n\n\n<figure class=\"wp-block-image\"><img loading=\"lazy\" decoding=\"async\" width=\"900\" height=\"632\" src=\"https:\/\/ricardovicentelopez.com.ar\/wp-content\/uploads\/2020\/06\/96.png\" alt=\"\" class=\"wp-image-85624\" srcset=\"https:\/\/ricardovicentelopez.com.ar\/wp-content\/uploads\/2020\/06\/96.png 900w, https:\/\/ricardovicentelopez.com.ar\/wp-content\/uploads\/2020\/06\/96-300x211.png 300w, https:\/\/ricardovicentelopez.com.ar\/wp-content\/uploads\/2020\/06\/96-768x539.png 768w\" sizes=\"auto, (max-width: 900px) 100vw, 900px\" \/><\/figure>\n\n\n\n<p class=\"wp-block-paragraph\">Desde hace ya algunos a\u00f1os leo con\nmucha atenci\u00f3n, los an\u00e1lisis de una investigadora que ha demostrado ampliamente\nposeer una mirada aguda y profunda sobre el mundo actual. Agrega a ello una\ncapacidad sorprendente para manejar cantidades importantes de informaci\u00f3n,\nnacional e internacional. Todo ello tamizado por una notable inteligencia\ncr\u00edtica. Seguir sus publicaciones me han ayudado mucho a entender los\nendiablados caminos de esta etapa del escenario pol\u00edtico en sus diversas\ndimensiones. El criterio con el cual los selecciona y analiza aporta un modo\nordenado y explicativo, que la coloca muy por encima del periodismo de estos\nd\u00edas. Algunos datos autobiogr\u00e1ficos:<\/p>\n\n\n\n<p class=\"wp-block-paragraph\">Licenciada en Sociolog\u00eda (UBA); Doctora\nen Sociolog\u00eda por la Universidad Ren\u00e9 Descartes de Ciencias Humanas de la Sorbona\n(Par\u00eds); es investigadora y docente en \u00e1reas de econom\u00eda pol\u00edtica, sociolog\u00eda y\nantropolog\u00eda; ha publicado varios libros: \u201cEtapas de acumulaci\u00f3n y alianzas de\nclase en la Argentina, 1930-1970\u201d; \u201cAcumulaci\u00f3n del capital y crisis pol\u00edtica\nen la Argentina, 1930-1974\u201d; \u201cLa econom\u00eda pol\u00edtica argentina. Poder y clases\nsociales. 1930-2006\u201d. Es columnista del www.elcohetealaluna.com. <\/p>\n\n\n\n<p class=\"wp-block-paragraph\">El m\u00e9todo que utilizar\u00e9 para acercar a\nUd., amigo lector, su pensamiento y sus an\u00e1lisis pol\u00edtico-econ\u00f3micos consistir\u00e1,\nsimplemente, en citar p\u00e1rrafos de sus investigaciones y comentarlos. Intentar\u00e9\nser fiel a lo que expresa, complementando con aquello que me parezca aclaratorio,\nsiempre con el cuidado de no traicionar lo que nos comunica.<\/p>\n\n\n\n<p class=\"wp-block-paragraph\">\u2026\u2026\u2026\u2026\u2026\u2026\u2026\u2026..<\/p>\n\n\n\n<p class=\"wp-block-paragraph\">Comienzo con un se\u00f1alamiento que la\nautora hace que me parece muy importante en estas circunstancias. Dir\u00eda que,\nsin exageraciones de mi parte, propone un faro que ilumina el camino a\nrecorrer:<\/p>\n\n\n\n<p class=\"wp-block-paragraph\">\u00ab<em>Despu\u00e9s\ndel coronavirus el mundo no ser\u00e1 el mismo<\/em>. En esto hay consenso a lo largo\ny a lo ancho del planeta. <em>La \u00edndole del\nfuturo que nos espera est\u00e1, sin embargo, estrechamente ligada a las acciones\nque se toman en el presente<\/em>.<em> Hoy\nsabemos que el conocimiento y la acci\u00f3n pueden modelar las circunstancias y\naproximarnos a los fines que nos proponemos<\/em>. <em>Tambi\u00e9n sabemos que nada est\u00e1 decidido de una vez y para siempre<\/em>.<\/p>\n\n\n\n<p class=\"wp-block-paragraph\">Para ubicarnos en el plano de an\u00e1lisis que nos ofrece la\nautora, debo decir que nos propone una reflexi\u00f3n sostenida por la filosof\u00eda\npol\u00edtica (para m\u00e1s detalle: una filosof\u00eda de la historia). Desde all\u00ed afirma\nque el futurono es simplemente un\ntiempo que vendr\u00e1, sino que es el resultado de <em>las acciones que se toman en el presente<\/em>. Al cerrar este p\u00e1rrafo\nagrega: \u00ab<em>sabemos que nada est\u00e1 decidido\nde una vez y para siempre\u00bb<\/em>. El <em>sabemos<\/em>\nno es un afirmaci\u00f3n respecto de la convicci\u00f3n de un p\u00fablico masivo. Una gran\nparte de <em>los ciudadanos de a pie<\/em>,\ntrabajados por una larga pr\u00e9dica medi\u00e1tica de m\u00e1s de medio siglo, piensa de dos\nposibles modos que rechazan esta afirmaci\u00f3n: a) la historia tiene una marcha\npreanunciada hacia un fin apocal\u00edptico, todos est\u00e1 escrito, la vida camina\nhacia un <em>final anunciado<\/em>; b) el\nproceso de la historia es un eterno enfrentamiento de factores en permanente\nlucha <em>cuyo resultado azaroso<\/em> es, por\nlo tanto, impredecible: la historia nos demuestra un \u201cs\u00e1lvese quien pueda\u201d, en\nel cual sobreviven pocos. &nbsp;&nbsp;&nbsp;&nbsp;<\/p>\n\n\n\n<p class=\"wp-block-paragraph\">Por lo tanto, creo que el <em>sabemos<\/em> es un llamado de atenci\u00f3n para que el lector tome nota de\nesta afirmaci\u00f3n: <em>sabemos<\/em> (aunque <em>no todos lo sabemos<\/em>, es necesario que se\nlo tome como un punto de partida del an\u00e1lisis. Entonces \u00bfqu\u00e9 es lo que sabemos?\nQue <em>nada est\u00e1 decidido de una vez y para\nsiempre<\/em>. Es una apuesta por la recuperaci\u00f3n de la libertad que proclam\u00f3 el\nciudadano de la Francia de 1789. El hombre es libre, es <em>due\u00f1o de sus propio destino<\/em>, en tanto miembro de una comunidad\nhist\u00f3rica que est\u00e9 dispuesta a <em>luchar por\nesa libertad<\/em>. <em>La historia est\u00e1 en\nnuestras manos<\/em>, siempre y cuando no nos dejemos arrastrar por ideolog\u00edas\nneoliberales que intentan condenarnos a la condici\u00f3n de <em>t\u00edteres de los mercados<\/em>.<\/p>\n\n\n\n<p class=\"wp-block-paragraph\">Nos comunica la siguiente convicci\u00f3n: \u00ab<em>Despu\u00e9s del coronavirus el mundo no ser\u00e1 el\nmismo<\/em>\u00bb. Esto nos enfrenta a la pregunta respecto de \u00bfc\u00f3mo ser\u00e1? Y la\nrespuesta est\u00e1 contenida en la reflexi\u00f3n que le he propuesto en el p\u00e1rrafo\nanterior. Lo sintetizo de este modo: Si aceptamos que la historia no est\u00e1\nescrita la respuesta queda a cargo de nosotros y se formula as\u00ed: <em>ser\u00e1 como nosotros propongamos que sea, si\nestamos dispuestos a asumir la libertad que la Modernidad nos leg\u00f3<\/em>.<\/p>\n\n\n\n<p class=\"wp-block-paragraph\">Nuestra investigadora nos propone un siguiente p\u00e1rrafo, en\nel cual hace referencia a <em>una gran\noportunidad<\/em>, a partir de las ense\u00f1anzas respecto de <em>c\u00f3mo se han ido resolviendo las crisis en los diversos<\/em> pa\u00edses ante\nlos destrozos que genera el virus:<\/p>\n\n\n\n<p class=\"wp-block-paragraph\">La <em>mayor\nintervenci\u00f3n del Estado en la econom\u00eda<\/em>, en una situaci\u00f3n de\nresquebrajamiento de la producci\u00f3n global,<em>\nabre la oportunidad de un futuro crecimiento econ\u00f3mico orientado por las\nnecesidades locales<\/em>. <em>Se abre as\u00ed la\nposibilidad de un desarrollo nacional con inclusi\u00f3n social en los pa\u00edses de la\nperiferia<\/em>.<\/p>\n\n\n\n<p class=\"wp-block-paragraph\">El centro de lo que dice est\u00e1 condensado en las primeras\npalabras que son la clave de este an\u00e1lisis: \u00abLa mayor intervenci\u00f3n del Estado\u00bb.\nTiempo atr\u00e1s, y no tan atr\u00e1s, esta afirmaci\u00f3n podr\u00eda haber sido calificada de <em>bolchevique<\/em> por los representantes m\u00e1s\ncerrados del pensamiento neoliberal. La pandemia ha logrado destrozar, s\u00f3lo con\nsu presencia, el tel\u00f3n que ocultaba las condiciones de profundas desigualdades\nsocio-econ\u00f3micas y las escasas prevenciones para atender este tipo de cat\u00e1strofes.\nLos ocultamientos, muy bien trabajados por una prensa internacional que s\u00f3lo\npublica <em>el discurso \u00fanico<\/em>: el que\nenaltece las libertades (de los pocos) y oculta las carencias y privaciones (de\nlos muchos). Ese discurso ha sido elaborado a partir de las rigideces\nideol\u00f3gicas del fundamentalismo neoliberal. Sin embargo, hab\u00edan sonado advertencias\nserias que anunciaban todo lo que el coronavirus puso de manifiesto. Dice\nnuestra investigadora:<\/p>\n\n\n\n<p class=\"wp-block-paragraph\">Desde la crisis financiera de 2008 las\npol\u00edticas adoptadas por los bancos centrales de los pa\u00edses m\u00e1s desarrollados\ndel mundo derivaron en <em>un crecimiento del\nendeudamiento que hoy representa el 322% del PBI global<\/em>. Desde entonces, el\ncrecimiento del endeudamiento norteamericano ha sido incesante y <em>el crecimiento anual del PBI norteamericano\nha sido un 45% inferior al logrado en los 60 a\u00f1os previos<\/em>, periodo que\nincluye once recesiones.<\/p>\n\n\n\n<p class=\"wp-block-paragraph\">En estas l\u00edneas aporta un an\u00e1lisis\necon\u00f3mico-financiero que corre el tel\u00f3n que ocult\u00f3, durante m\u00e1s de una d\u00e9cada,\nel estado del mundo que hab\u00eda emergido de la terrible crisis financiera de las\nhipotecas sub-prime. Estall\u00f3 por la situaci\u00f3n de los bancos que hab\u00edan\nacumulado, lo que se hab\u00eda definido como hipotecas basuras [<a href=\"#_ftn1\">[1]<\/a>].\nEl salvataje de los grandes Bancos sumergi\u00f3 el mundo en una deuda que\nrepresenta cifras impresionantes (322%), muy ocultadas, como tambi\u00e9n una ca\u00edda\ndel PBI de los EEUU del 45%. Amigo lector, nuestra investigadora nos enfrenta a\nun cuadro grav\u00edsimo que demuestra la decadencia del capitalismo global sometido\na una <em>deuda impagable<\/em> (\u00a1as\u00ed como Ud.\nlo lee!). Este es el escenario actual en plena pandemia. El mundo pr\u00f3ximo\npresentar\u00e1 un cuadro peor. Agrega despu\u00e9s:<\/p>\n\n\n\n<p class=\"wp-block-paragraph\">Los <em>ciudadanos\nde a pie<\/em> tienen la oportunidad de <em>conocer\nque son los m\u00e1s<\/em>, que <em>pueden\ntransformarse en una fuerza social e imponer su impronta al mundo que viene<\/em>.\nLa mera <em>existencia de esta posibilidad\ninfluye hoy en las decisiones de los que, desde la suma del poder pol\u00edtico,\nquieren reducir a un status quo<\/em> [<a href=\"#_ftn2\"><em><strong>[2]<\/strong><\/em><\/a>]<em>.<\/em><\/p>\n\n\n\n<p class=\"wp-block-paragraph\">Creo, amigo lector, que coincidir\u00e1 conmigo en que estamos\nfrente a una persona que piensa, analiza y comunica con mucha claridad. Una\nclaridad que posibilita que podamos comprender, o por lo menos aproximarnos a\nuna comprensi\u00f3n, del dif\u00edcil escenario del mundo actual. All\u00ed pueden emerger las\nposibilidades de construir un camino de salida hacia una sociedad m\u00e1s justa. Nos\npropone una mirada m\u00e1s abarcadora que nos abre una puerta hacia un futuro\nposible, que los poderosos de hoy intentan ocultarnos. Es tambi\u00e9n importante\nsaber que todo esto, los amos del mundo, ya lo saben y se preparan para impedir\nque suceda. Ello nos debe advertir las dificultades que nos esperan frente a la\nguerra inform\u00e1tica que se avecina. Por ello la necesidad impostergable que\nacudir a fuentes confiables que nos brinden una informaci\u00f3n veraz. <\/p>\n\n\n\n<p class=\"wp-block-paragraph\">Seguimos en la pr\u00f3xima nota.<br><\/p>\n\n\n\n<hr class=\"wp-block-separator\"\/>\n\n\n\n<p class=\"wp-block-paragraph\"><a href=\"#_ftnref1\">[1]<\/a> La crisis en Estados Unidos\ny luego en Europa, se debi\u00f3 a la acumulaci\u00f3n de hipotecas incobrables.\ndenominadas <a href=\"https:\/\/es.wikipedia.org\/wiki\/Hipoteca\">hipoteca<\/a>s basuras, utilizadas para la adquisici\u00f3n de&nbsp;<a href=\"https:\/\/es.wikipedia.org\/wiki\/Vivienda\">vivienda<\/a>s, para clientes con muy escasa solvencia.<\/p>\n\n\n\n<p class=\"wp-block-paragraph\"><a href=\"#_ftnref2\">[2]<\/a> Expresi\u00f3n latina con que se hace referencia a la conservaci\u00f3n\nde un estado, o situaci\u00f3n de ciertas cosas, como la econom\u00eda, las relaciones\nsociales o la cultura, congeladas en un momento determinado.<\/p>\n","protected":false},"excerpt":{"rendered":"<p>Ricardo Vicente L\u00f3pez Desde hace ya algunos a\u00f1os leo con mucha atenci\u00f3n, los an\u00e1lisis de una investigadora que ha demostrado ampliamente poseer una mirada aguda y profunda sobre el mundo actual. Agrega a ello una capacidad sorprendente para manejar cantidades importantes de informaci\u00f3n, nacional e internacional. Todo ello tamizado por una notable inteligencia cr\u00edtica. Seguir [&hellip;]<\/p>\n","protected":false},"author":1,"featured_media":0,"parent":85388,"menu_order":0,"comment_status":"closed","ping_status":"closed","template":"","meta":{"footnotes":""},"class_list":["post-85619","page","type-page","status-publish","hentry"],"_links":{"self":[{"href":"https:\/\/ricardovicentelopez.com.ar\/index.php?rest_route=\/wp\/v2\/pages\/85619","targetHints":{"allow":["GET"]}}],"collection":[{"href":"https:\/\/ricardovicentelopez.com.ar\/index.php?rest_route=\/wp\/v2\/pages"}],"about":[{"href":"https:\/\/ricardovicentelopez.com.ar\/index.php?rest_route=\/wp\/v2\/types\/page"}],"author":[{"embeddable":true,"href":"https:\/\/ricardovicentelopez.com.ar\/index.php?rest_route=\/wp\/v2\/users\/1"}],"replies":[{"embeddable":true,"href":"https:\/\/ricardovicentelopez.com.ar\/index.php?rest_route=%2Fwp%2Fv2%2Fcomments&post=85619"}],"version-history":[{"count":2,"href":"https:\/\/ricardovicentelopez.com.ar\/index.php?rest_route=\/wp\/v2\/pages\/85619\/revisions"}],"predecessor-version":[{"id":86206,"href":"https:\/\/ricardovicentelopez.com.ar\/index.php?rest_route=\/wp\/v2\/pages\/85619\/revisions\/86206"}],"up":[{"embeddable":true,"href":"https:\/\/ricardovicentelopez.com.ar\/index.php?rest_route=\/wp\/v2\/pages\/85388"}],"wp:attachment":[{"href":"https:\/\/ricardovicentelopez.com.ar\/index.php?rest_route=%2Fwp%2Fv2%2Fmedia&parent=85619"}],"curies":[{"name":"wp","href":"https:\/\/api.w.org\/{rel}","templated":true}]}}