{"id":85611,"date":"2020-06-17T13:10:47","date_gmt":"2020-06-17T13:10:47","guid":{"rendered":"http:\/\/ricardovicentelopez.com.ar\/?page_id=85611"},"modified":"2021-02-03T13:21:34","modified_gmt":"2021-02-03T13:21:34","slug":"095-las-raices-ideologicas-del-mundo-globalizado-ii-1","status":"publish","type":"page","link":"https:\/\/ricardovicentelopez.com.ar\/?page_id=85611","title":{"rendered":"095- Las ra\u00edces ideol\u00f3gicas del mundo globalizado II [1]"},"content":{"rendered":"\n<p class=\"has-medium-font-size wp-block-paragraph\">Ricardo Vicente L\u00f3pez<\/p>\n\n\n\n<figure class=\"wp-block-image\"><img loading=\"lazy\" decoding=\"async\" width=\"757\" height=\"407\" src=\"https:\/\/ricardovicentelopez.com.ar\/wp-content\/uploads\/2020\/06\/95.png\" alt=\"\" class=\"wp-image-85612\" srcset=\"https:\/\/ricardovicentelopez.com.ar\/wp-content\/uploads\/2020\/06\/95.png 757w, https:\/\/ricardovicentelopez.com.ar\/wp-content\/uploads\/2020\/06\/95-300x161.png 300w\" sizes=\"auto, (max-width: 757px) 100vw, 757px\" \/><\/figure>\n\n\n\n<p class=\"wp-block-paragraph\">1.-\n<em>La presencia del\nImperio <\/em>estadounidense.- La historia, en parte m\u00edtica, de los\nPadres peregrinos, como los fundadores de las trece colonias [<a href=\"#_ftn1\">[1]<\/a>],\norigen de los Estados Unidos actual, dejaron una <em>marca indeleble en la conciencia de ese pueblo<\/em>. Esta herencia fue\nexplotada por las clases dominantes a lo largo de la historia de los siglos\nXVIII hasta hoy. Los siglos XVIII y XIX fueron escenario de las <em>guerras de liberaci\u00f3n<\/em>, de <em>conquista<\/em> &nbsp;y de <em>saqueo\nde los pueblos originarios<\/em> y de los territorios pertenecientes a ellos y\notros de la herencia espa\u00f1ola. El siglo XIX culmin\u00f3 con la <em>Guerra de secesi\u00f3n<\/em>:<em><\/em><\/p>\n\n\n\n<p class=\"wp-block-paragraph\">La Guerra de Secesi\u00f3n fue una guerra\nlibrada en los Estados Unidos (1861-1865). Cuatro a\u00f1os de intensos combates\ndejaron m\u00e1s de 750.000 personas muertas (aunque se habla de hasta un mill\u00f3n). <em>M\u00e1s que el n\u00famero de muertes militares de\nlos Estados Unidos en todas las dem\u00e1s guerras combinadas<\/em>. Entonces, el\nsiglo XIX queda definido por dos hechos fundamentales que han marcado su\nhistoria. En primer lugar, est\u00e1 <em>la guerra\ncivil<\/em> &nbsp;(o de secesi\u00f3n) y, en segundo,\nla <em>Conquista del Oeste<\/em>, quiz\u00e1s de\nmayor importancia, por su expansi\u00f3n territorial, demogr\u00e1fica y econ\u00f3mica de\nprimera magnitud. <\/p>\n\n\n\n<p class=\"wp-block-paragraph\">Esta historia dej\u00f3 profundas cicatrices. Fueron\nestudiadas, con mucho detalle y honestidad intelectual, por un historiador\nestadounidense, Profesor Em\u00e9rito de la Universidad de\nBoston, <a href=\"https:\/\/www.google.com\/search?safe=active&amp;rlz=1C1GCEA_enAR869AR869&amp;q=Howard+Zinn&amp;stick=H4sIAAAAAAAAAOPgE-LUz9U3MMk1jy9R4gAxc00ts7RkspOt9JPy87P1y4syS0pS8-LL84uyrRJLSzLyixaxcnvklycWpShEZebl7WBlBAAvDqTBRgAAAA&amp;sa=X&amp;ved=2ahUKEwjHh8rVuJPpAhVGJrkGHfR0DXkQmxMoATAQegQIDxAD\">Howard Zinn<\/a> (1922-2010) cuyo t\u00edtulo\nanuncia su car\u00e1cter cr\u00edtico: <em>La otra\nhistoria de los Estados Unidos<\/em> [<a href=\"#_ftn2\">[2]<\/a>],\naltamente recomendable, por <em>ser\nverdaderamente otra<\/em>, no <em>la oficial<\/em>.<\/p>\n\n\n\n<p class=\"wp-block-paragraph\">Es necesario, entonces, extender nuestra \u00f3ptica para abarcar\ntodos estos sucesos, que fueron los antecedentes que marcaron a fuego a este\npueblo. Por todo ello los comienzos del siglo XX mostraban un pueblo herido,\npor los resultados de esa historia, profundamente dividido y enfrentado, lo\ncual caracteriza la historia pol\u00edtica de los Estados federales que componen ese\npa\u00eds. La primera d\u00e9cada del siglo XX presagiaba, en el \u00e1mbito internacional,\nfuertes enfrentamientos por lo que comenzaba a ser evidente un problema\ninsoslayable: <em>el Reino Unido estaba\nagotado pol\u00edtica, econ\u00f3mica y militarmente<\/em>, por lo cual se planteaba la\nnecesidad de resolver la sucesi\u00f3n de, lo que podemos definir como, la<em> jefatura del mundo<\/em>.<\/p>\n\n\n\n<p class=\"wp-block-paragraph\">El establishment estadounidense se ve\u00eda a s\u00ed mismo como un\n<em>heredero forzoso<\/em> por m\u00faltiples\nrazones. Ello le impon\u00eda resolver sus conflictos internos, reunir en un s\u00f3lido\nproyecto pol\u00edtico a esa poblaci\u00f3n esparcida por territorios muy extensos y\naltamente conflictuada por su historia. El esfuerzo, para ello, era muy\nimportante y la cabeza pol\u00edtica que fuera capaz de este proyecto requer\u00eda\ncondiciones especiales y una mente sobresaliente.<\/p>\n\n\n\n<p class=\"wp-block-paragraph\">2.- <em>El Doctor Noam\nChomsky realiz\u00f3 una profunda investigaci\u00f3n<\/em> <em>sobre el pensamiento y la obra <\/em>de Lippmann. Bas\u00e1ndome en ese\nestudio me atrevo a calificar al periodista como el <em>Lippmann maduro<\/em>, que hab\u00eda superado un cierto romanticismo en sus\nprop\u00f3sitos de educar democr\u00e1ticamente a los ciudadanos. Tal vez, era su mejor\nperfil para las tareas de acompa\u00f1ar al Presidente Wilson, cuyo objetivo m\u00e1s\nimportante era colocar a los Estados Unidos en el primer plano internacional.\nTerminada la guerra (1914-1918) los tiempos pol\u00edticos apremiaban en la\npreparaci\u00f3n de un pueblo m\u00e1s compacto y unido en su patriotismo. Esta era una base\nindispensable para <em>la disputa por la\nprimac\u00eda mundial<\/em>. Nos encontramos con un Walter Lippmann que va abandonando\nsu pasado rom\u00e1ntico y se va asentando en una posici\u00f3n m\u00e1s de derechas.&nbsp;&nbsp; <\/p>\n\n\n\n<p class=\"wp-block-paragraph\">La investigaci\u00f3n de Chomsky fue publicada en un texto que\nlleva por t\u00edtulo <em>El control de los medios\nde comunicaci\u00f3n <\/em>(2007). Su contenido nos permitir\u00e1 profundizar el tema\npropuesto. Veamos c\u00f3mo comienza:&nbsp; <\/p>\n\n\n\n<p class=\"wp-block-paragraph\"><em>El papel de\nlos medios de comunicaci\u00f3n en la pol\u00edtica contempor\u00e1nea nos obliga a preguntar\npor el tipo de mundo y de sociedad en la cual queremos vivir, y qu\u00e9 modelo de\ndemocracia queremos para esta sociedad<\/em>. <\/p>\n\n\n\n<p class=\"wp-block-paragraph\">Prestemos atenci\u00f3n, amigo lector, al\npunto de partida de su investigaci\u00f3n, porque puede sorprendernos su afirmaci\u00f3n\nrespecto de <em>cu\u00e1l es el problema m\u00e1s grave\ndel mundo actual<\/em>, cuyo origen lo ubica en los comienzos del siglo XX. Como\nqueda anunciado en el t\u00edtulo de su investigaci\u00f3n: <em>el problema actual es el control que ejercen los grandes medios <\/em>sobre\nlo que podemos denominar<em> la<\/em> <em>conciencia colectiva<\/em> &nbsp;(en t\u00e9rminos de Lippmann, la <em>opini\u00f3n p\u00fablica<\/em>). Es muy probable que\nesta afirmaci\u00f3n pueda generar sorpresas, rechazos o incredulidad. <\/p>\n\n\n\n<p class=\"wp-block-paragraph\">El planteo inicial deja en claro que, seg\u00fan sus\ninvestigaciones, la existencia de los <em>grandes\nmedios concentrados<\/em> &nbsp;ejercen un <em>r\u00edgido y severo control sobre la opini\u00f3n\np\u00fablica<\/em>. Es decir, es una <em>condici\u00f3n\nestructural de la sociedad industrial moderna<\/em>, que es lo imperante en el\nmundo actual. Es <em>la condici\u00f3n necesaria\ndel capitalismo<\/em>. Para mostrar esto pasa a analizar c\u00f3mo comenz\u00f3 este\nproceso en los EEUU en las primeras d\u00e9cadas del siglo pasado. Dice Chomsky: <\/p>\n\n\n\n<p class=\"wp-block-paragraph\">Es necesario proponer un nuevo concepto\npara definir el <em>tipo de democracia<\/em>\nque se necesitaba para los EEUU de entonces, en tiempos de mucho conflicto\nsocial. Se denomina <em>La democracia del\nespectador<\/em>. <em>una democracia sin\nparticipaci\u00f3n activa del pueblo,<\/em>. la referencia se establece con los\nintelectuales del liberalismo. En especial a uno de ellos, brillante\nperiodista, Walter Lippmann.<\/p>\n\n\n\n<p class=\"wp-block-paragraph\">3.-\n<em>La presencia\nexcluyente de los medios de informaci\u00f3n.- <\/em>La importancia de la investigaci\u00f3n del\nprofesor Chomsky reside en que rescata, despu\u00e9s de casi un siglo, un tema\ncentral para la comprensi\u00f3n del mundo global: <em>el papel fundamental que cumplen los grandes medios de informaci\u00f3n<\/em>;\nsin olvidar los manejos estudiados, planificados y aplicados al <em>control de la opini\u00f3n p\u00fablica<\/em>. Si bien\neste tema estuvo presente hace algunas d\u00e9cadas, el sutil manejo de los debates\nque se fueron dando en las d\u00e9cadas de los ochenta y los noventa del siglo\npasado, logr\u00f3 convencer a gran parte de los especialistas (y corromper a otros)\npara que <em>confesaran<\/em> que era un <em>tema superado por el periodismo actual<\/em>. <em><\/em><\/p>\n\n\n\n<p class=\"wp-block-paragraph\">Lo que debe quedarnos claro es que el\ntexto desnuda las formas que adquirieron, en las \u00faltimas d\u00e9cadas, los <em>mecanismos de dominaci\u00f3n y manipulaci\u00f3n<\/em>.\nEstos se ocultan hoy tras <em>la &nbsp;cortina de la Prensa Libre<\/em>. Haber puesto\nen nuestro conocimiento todo lo que fue descubriendo nos debe obligar a hacer\np\u00fablico la gravedad e importancia de todo ello. <\/p>\n\n\n\n<p class=\"wp-block-paragraph\">Avancemos, amigo lector, sobre esa\ninvestigaci\u00f3n y reflexionemos sobre la gravedad de lo denunciado. Esto tiene\ntotal vigencia en nuestra actualidad, a pesar de las desmentidas mencionadas.\nLeamos ahora c\u00f3mo desarrolla el tema, sin olvidar el tono ir\u00f3nico que utiliza\nel maestro Chomsky. Pasa a analizar el pensamiento pol\u00edtico del establishment\nde los EEUU en la \u00e9poca de entreguerras. Leamos lo que nos propone:&nbsp; <\/p>\n\n\n\n<p class=\"wp-block-paragraph\">Efectivamente, si hubiera muchos\nindividuos de recursos limitados que se agruparan para intervenir en el ruedo\npol\u00edtico, podr\u00edan, de hecho, pasar a asumir <em>el\npapel de participantes activos<\/em>, lo cual s\u00ed ser\u00eda <em>una verdadera amenaza<\/em> [para el poder del establishment]. Por ello,\nel poder empresarial tuvo una reacci\u00f3n contundente para asegurarse de que eso\nno deb\u00eda seguir avanzando. Las conquistas de las legislaciones laborales deb\u00eda\nser detenidas. Deb\u00eda imponerse la eliminaci\u00f3n de esta<em> desviaci\u00f3n democr\u00e1tica de las organizaciones populares<\/em>. Y realmente\nfuncion\u00f3. <\/p>\n\n\n\n<p class=\"wp-block-paragraph\">Se est\u00e1 refiriendo al proceso pol\u00edtico\nde la d\u00e9cada de los treinta, bajo el gobierno Franklin D. Roosevelt\n(1933-1945). Para poder avanzar en su plan de reformas pol\u00edticas, que\nposibilitaran salir de la profunda crisis de la d\u00e9cada del treinta, se apoy\u00f3 en\nparte en las organizaciones sindicales contra el poder de la derecha liberal.\nCuando Chomsky escribe debe entenderse que asume la palabra de los\ntrabajadores. Entonces nos muestra c\u00f3mo funcion\u00f3 el <em>poder del establishment<\/em>:<\/p>\n\n\n\n<p class=\"wp-block-paragraph\">A partir de ese momento la capacidad de\nactuar por la v\u00eda sindical fue cada vez menor. Y no por casualidad, ya que estamos\nhablando de la comunidad empresarial. Esta comenz\u00f3 a gastar enormes sumas de\ndinero para afrontar y resolver estos problemas a trav\u00e9s de la <em>industria de las Relaciones P\u00fablicas<\/em> y <em>otras organizaciones<\/em>. Su principio fue\nreaccionar, en todo momento, de forma inmediata para encontrar el modo de <em>contrarrestar estas desviaciones\ndemocr\u00e1ticas <\/em>(\u00a1as\u00ed como se lee!).<\/p>\n\n\n\n<p class=\"wp-block-paragraph\">Tal vez, Ud. amigo lector, se puede encontrar perplejo,\nporque cosas como estas se hayan podido hacer, a pesar de su flagrante\nilegalidad, nada menos que en la <em>supuesta\ncuna de la democracia<\/em>. Nuestra inmediata respuesta es: creer esto es una\nprueba m\u00e1s de la <em>enorme capacidad\npropagand\u00edstica<\/em> y de los <em>manejos de\nlos grandes medios de comunicaci\u00f3n<\/em>. Adem\u00e1s debemos agradecer la sagacidad y\nvalent\u00eda de un Maestro como Noam Chomsky que ha investigado y publicado estas\ncosas, que ahora vuelven a la superficie de la informaci\u00f3n p\u00fablica. <br><\/p>\n\n\n\n<hr class=\"wp-block-separator\"\/>\n\n\n\n<p class=\"wp-block-paragraph\"><a href=\"#_ftnref1\">[1]<\/a> Las Trece Colonias eran un\ngrupo de colonias brit\u00e1nicas en la costa este de Am\u00e9rica del Norte, fundadas en\nlos siglos XVII y XVIII que declararon su independencia en 1776 y formaron los\nEstados Unidos.<\/p>\n\n\n\n<p class=\"wp-block-paragraph\"><a href=\"#_ftnref2\">[2]<\/a> <a href=\"https:\/\/humanidades2historia.files.wordpress.com\/2012\/08\/la-otra-historia-de-ee-uu-howard-zinn.pdf\">https:\/\/humanidades2historia.files.wordpress.com\/2012\/08\/la-otra-historia-de-ee-uu-howard-zinn.pdf<\/a>, <\/p>\n\n\n\n<p class=\"wp-block-paragraph\">disponible gratuitamente.<\/p>\n","protected":false},"excerpt":{"rendered":"<p>Ricardo Vicente L\u00f3pez 1.- La presencia del Imperio estadounidense.- La historia, en parte m\u00edtica, de los Padres peregrinos, como los fundadores de las trece colonias [[1]], origen de los Estados Unidos actual, dejaron una marca indeleble en la conciencia de ese pueblo. Esta herencia fue explotada por las clases dominantes a lo largo de la [&hellip;]<\/p>\n","protected":false},"author":1,"featured_media":0,"parent":85388,"menu_order":0,"comment_status":"closed","ping_status":"closed","template":"","meta":{"footnotes":""},"class_list":["post-85611","page","type-page","status-publish","hentry"],"_links":{"self":[{"href":"https:\/\/ricardovicentelopez.com.ar\/index.php?rest_route=\/wp\/v2\/pages\/85611","targetHints":{"allow":["GET"]}}],"collection":[{"href":"https:\/\/ricardovicentelopez.com.ar\/index.php?rest_route=\/wp\/v2\/pages"}],"about":[{"href":"https:\/\/ricardovicentelopez.com.ar\/index.php?rest_route=\/wp\/v2\/types\/page"}],"author":[{"embeddable":true,"href":"https:\/\/ricardovicentelopez.com.ar\/index.php?rest_route=\/wp\/v2\/users\/1"}],"replies":[{"embeddable":true,"href":"https:\/\/ricardovicentelopez.com.ar\/index.php?rest_route=%2Fwp%2Fv2%2Fcomments&post=85611"}],"version-history":[{"count":3,"href":"https:\/\/ricardovicentelopez.com.ar\/index.php?rest_route=\/wp\/v2\/pages\/85611\/revisions"}],"predecessor-version":[{"id":86205,"href":"https:\/\/ricardovicentelopez.com.ar\/index.php?rest_route=\/wp\/v2\/pages\/85611\/revisions\/86205"}],"up":[{"embeddable":true,"href":"https:\/\/ricardovicentelopez.com.ar\/index.php?rest_route=\/wp\/v2\/pages\/85388"}],"wp:attachment":[{"href":"https:\/\/ricardovicentelopez.com.ar\/index.php?rest_route=%2Fwp%2Fv2%2Fmedia&parent=85611"}],"curies":[{"name":"wp","href":"https:\/\/api.w.org\/{rel}","templated":true}]}}