{"id":85587,"date":"2020-06-16T15:34:11","date_gmt":"2020-06-16T15:34:11","guid":{"rendered":"http:\/\/ricardovicentelopez.com.ar\/?page_id=85587"},"modified":"2021-02-03T13:21:10","modified_gmt":"2021-02-03T13:21:10","slug":"092-una-historia-repetida-que-puede-iluminar-este-presente","status":"publish","type":"page","link":"https:\/\/ricardovicentelopez.com.ar\/?page_id=85587","title":{"rendered":"092- Una historia repetida que puede iluminar este presente"},"content":{"rendered":"\n<p class=\"has-medium-font-size wp-block-paragraph\"><strong>Ricardo Vicente L\u00f3pez<\/strong><\/p>\n\n\n\n<figure class=\"wp-block-image\"><img loading=\"lazy\" decoding=\"async\" width=\"784\" height=\"499\" src=\"https:\/\/ricardovicentelopez.com.ar\/wp-content\/uploads\/2020\/06\/92.png\" alt=\"\" class=\"wp-image-85588\" srcset=\"https:\/\/ricardovicentelopez.com.ar\/wp-content\/uploads\/2020\/06\/92.png 784w, https:\/\/ricardovicentelopez.com.ar\/wp-content\/uploads\/2020\/06\/92-300x191.png 300w, https:\/\/ricardovicentelopez.com.ar\/wp-content\/uploads\/2020\/06\/92-768x489.png 768w\" sizes=\"auto, (max-width: 784px) 100vw, 784px\" \/><\/figure>\n\n\n\n<p class=\"wp-block-paragraph\">Parte III<\/p>\n\n\n\n<p class=\"wp-block-paragraph\">Los importantes antecedentes\nprofesionales de Hugo Spinelli nos garantizan que estamos frente a una\nautoridad en la materia [<a href=\"#_ftn1\">[1]<\/a>]:\nM\u00e9dico y Doctor en Salud Colectiva. En una nota publicada en <a href=\"http:\/\/www.elcohetealaluna.com\">www.elcohetealaluna.com<\/a>, que lleva por t\u00edtulo: <em>De pandemias, epidemias y endemias &nbsp;<\/em>(2-2-2020), ofrece un an\u00e1lisis muy\ninteresante que demuestra su <em>capacidad\ndocente<\/em>. Esta particularidad es muy poco frecuente en las c\u00e1tedras\nuniversitarias: exponer con claridad, sistematicidad y profundidad el tema y,\nal mismo tiempo, lograr que cualquier <em>ciudadano\nde a pie<\/em> puede comprenderlo. Esto habla de su <em>sabidur\u00eda<\/em>\u2026 muy escasa en las altas casa de estudio. <\/p>\n\n\n\n<p class=\"wp-block-paragraph\">Me detengo en estos detalles\nporque me siento obligado de mostrar mi agradecimiento a alguien que cuando\nhabla o escribe tiene presente, con mucho respeto, a sus destinatarios. Pasemos\nal an\u00e1lisis de sus conceptos. Partamos del hecho de que nos encontramos en un\ncampo de batalla en el que se enfrentan los m\u00e1s variados intereses. Estos se\npresentan vestidos con diversos ropajes que intentan ocultar lo que realmente\nse proponen. La mayor parte de los que estamos en las gradas observando, e\nintentando comprender algo de todo ello, debemos hacer ingentes esfuerzos para <em>separar tanta paja de tan poco trigo<\/em>.\nVoy a seguir el orden de su exposici\u00f3n.<\/p>\n\n\n\n<p class=\"wp-block-paragraph\">1.- <em>La desigualdad\nsocial es una pandemia mucho m\u00e1s grave que el coronavirus.<\/em><\/p>\n\n\n\n<p class=\"wp-block-paragraph\">La primera pregunta\nsorprende: \u00bfPor qu\u00e9 mutan los virus? Nos advierte que sobre el tema no hay <em>respuestas consensuadas<\/em>. Analiza el\ncuadro informativo:<\/p>\n\n\n\n<p class=\"wp-block-paragraph\">En\nel caso del coronavirus, las respuestas van desde hip\u00f3tesis <em>conspirativas<\/em> a la cuesti\u00f3n del <em>cambio clim\u00e1tico<\/em>, las pr\u00e1cticas\nculturales de alimentaci\u00f3n o la falta de control sanitario en mercados\npopulares. <em>Nada distinto se vivi\u00f3 con la\nepidemia de la gripe llamada porcina<\/em>, en sus inicios, que mut\u00f3 de repente a\nH1N1, tomando as\u00ed un car\u00e1cter cient\u00edfico y alej\u00e1ndose de la pol\u00e9mica con la\nindustria porcina que denunciaba \u201cdiscriminaci\u00f3n\u201d. <em>Ahora no se habla de porcinos, sino de serpientes y murci\u00e9lagos<\/em>.<\/p>\n\n\n\n<p class=\"wp-block-paragraph\">La siguiente afirmaci\u00f3n\nhabla de los diversos intereses que se entrecruzan oscureciendo el panorama y\nlo hace con un lenguaje llano que incorpora un comentario al alcance de\ncualquier vecino poco informado. Esto <em>demuestra\nrespeto y compromiso con los m\u00e1s sencillos<\/em>:<\/p>\n\n\n\n<p class=\"wp-block-paragraph\"><em>Las epidemias est\u00e1n ligadas\na intereses comerciales, econ\u00f3micos y pol\u00edticos a lo largo de la historia<\/em>. <em>Y en funci\u00f3n de ellos se fomentan el p\u00e1nico, la discriminaci\u00f3n y las\noportunidades de negocios<\/em>. <em>La gente\ntransmite preocupaci\u00f3n si siente que alguien tose en un transporte p\u00fablico, se\nproducen miradas de temor<\/em>. En ese contexto, debemos preguntarnos: \u00bfla poblaci\u00f3n\nde origen chino comenzar\u00e1 a ser estigmatizada y los supermercados chinos\nperder\u00e1n clientes? <em>La informaci\u00f3n\nestructurada como alarma lleva a esas situaciones, he aqu\u00ed la responsabilidad\nde los medios de comunicaci\u00f3n social en una epidemia<\/em>.<\/p>\n\n\n\n<p class=\"wp-block-paragraph\">A continuaci\u00f3n abre el\nespectro del an\u00e1lisis e incorpora una mirada sobre el panorama social de los\nexpulsados por el sistema. \u00bfCu\u00e1ntos m\u00e9dicos son capaces de pensar en esa\ndimensi\u00f3n pol\u00edtica?:<\/p>\n\n\n\n<p class=\"wp-block-paragraph\">Pero\n<em>otra pandemia azota al mundo y de ella no\nse habla, a pesar de que provoca todos los a\u00f1os millones de muertos y enfermos<\/em>,\ny que convivimos con ella cotidianamente: <em>se\ntrata de la desigualdad social<\/em>. Pero esta pandemia no es noticia, no recibe\nla atenci\u00f3n que debiera, dada su magnitud. Esto se\u00f1ala la relaci\u00f3n entre las\ncat\u00e1strofes epidemiol\u00f3gicas y el poder. <em>Ya\nno se trata de bacterias ni de virus que mutan, se trata de sociedades que\ndominan a otras sociedades, se trata de una misma sociedad en la que se han\nperdido principios b\u00e1sicos de solidaridad, situaciones mucho m\u00e1s peligrosas que\ncualquiera epidemia<\/em>.<\/p>\n\n\n\n<p class=\"wp-block-paragraph\">\u00bfCu\u00e1ntos m\u00e9dicos han le\u00eddo\nhistoria para comprender los procesos harto complejos del devenir\nsocio-cultural? Nuestro autor cita William H. McNeill (1917-2016) [<a href=\"#_ftn2\">[2]<\/a>]\nen su libro <em>Plagas y pueblos<\/em> en el\ncual describe el impacto de diversas enfermedades infecciosas que han condicionado\ny modificado el curso de la historia: <\/p>\n\n\n\n<p class=\"wp-block-paragraph\">Cita\nc\u00f3mo una plaga desmoraliz\u00f3 al ej\u00e9rcito ateniense durante las guerras del\nPeloponeso; c\u00f3mo una epidemia asol\u00f3 el Imperio Romano antes de su decadencia; c\u00f3mo\nen el siglo XVI la viruela le permiti\u00f3 a Hern\u00e1n Cort\u00e9s, con solo seiscientos\nhombres, conquistar el Imperio Azteca, conformado por millones de personas. Las\nepidemias han acumulados muertes a lo largo de la historia, se calcula que la\nviruela ha dejado m\u00e1s de 300 millones de muertos, el sarampi\u00f3n 200 millones, la\ngripe espa\u00f1ola 100 millones, la peste negra 76 millones, el tifus 4 millones y\nel c\u00f3lera 3 millones. En diferentes \u00e9pocas, otras epidemias \u2014sin tener tal\nmagnitud\u2014 azotaron a la humanidad: la lepra, la malaria, la s\u00edfilis y la fiebre\namarilla son algunos ejemplos.<\/p>\n\n\n\n<p class=\"wp-block-paragraph\">Cita a un importante autor e\ninvestigador Eduardo Men\u00e9ndez [<a href=\"#_ftn3\">[3]<\/a>].\nDe \u00e9ste comenta un tema muy importante, poco citado, por el contrario \u00a1ocultado!,\ncomo lo es el papel de los medios durante las epidemias, lo poco que ayudan y\nlo mucho que entorpecen:<\/p>\n\n\n\n<p class=\"wp-block-paragraph\">Los\nmedios de comunicaci\u00f3n presentan la informaci\u00f3n en <em>t\u00e9rminos negativos, alarmistas y catastr\u00f3ficos<\/em>, <em>generando espectacularidad y sensacionalismo<\/em>,\nconcentrando la informaci\u00f3n en lo tr\u00e1gico, en el esc\u00e1ndalo y en el desastre. <em>Pero lejos est\u00e1 \u2014en general\u2014 la intenci\u00f3n de\nayudar a pensar y a fortalecer mecanismos de solidaridad, evitando la\ndiscriminaci\u00f3n<\/em>.<\/p>\n\n\n\n<p class=\"wp-block-paragraph\">2.- <em>Una informaci\u00f3n\nsesgada hacia el espect\u00e1culo.<\/em><\/p>\n\n\n\n<p class=\"wp-block-paragraph\">Ahora estamos ante nuestra\nrealidad actual, se nos impone repensar conceptos para poder hacernos cargo de\nnuestra real situaci\u00f3n en la salud de todos los habitantes:<\/p>\n\n\n\n<p class=\"wp-block-paragraph\">La\nsituaci\u00f3n de la epidemia de coronavirus debe recibir nuestra atenci\u00f3n, pero\nbajo ning\u00fan punto de vista puede hacernos olvidar nuestros problemas socio-sanitarios,\nalgunos cr\u00f3nicos, de car\u00e1cter epid\u00e9mico o end\u00e9mico. <em>Refresquemos la memoria con algunos datos de Argentina: los \u00faltimos\nregistros oficiales del Ministerio de Salud informan que cada a\u00f1o hay 10.500\ncasos nuevos y m\u00e1s de 500 muertos por tuberculosis. La endemia de Chagas tiene\nm\u00e1s de 2 millones de infectados y 500 muertos por a\u00f1o<\/em>. Desde hace m\u00e1s de\nuna d\u00e9cada asistimos a una epidemia de s\u00edfilis cong\u00e9nita con muy alto\nsubregistro que nos lleva a suponer de la existencia de decenas de miles de\ncasos anuales. Las desiguales Argentinas se expresan en las endemias regionales\ncomo la leishmaniasis en NOA y NEA, la hidatidosis en la Patagonia, los casos\ndispersos por el pa\u00eds de leptospirosis y hantavirus, la amenaza real de\nepidemia de dengue desde hace m\u00e1s de 20 a\u00f1os; las casi 3.000 personas que cada\na\u00f1o mueren por armas de fuego; las m\u00e1s de 500.000 mujeres que deben enfrentar\ncada a\u00f1o un aborto clandestino y de las cuales 500 pierden la vida; los casi\n1.500 muertos anuales por SIDA. <\/p>\n\n\n\n<p class=\"wp-block-paragraph\">Vale ante esta nueva\nepidemia volver a recordar al primer ministro de Salud de la Argentina, Doctor Ram\u00f3n\nCarrillo (1906-1956) qui\u00e9n afirmaba: \u201cFrente a las enfermedades que genera la\nmiseria, frente a la tristeza, la angustia y el infortunio social de los\npueblos, los microbios como causas de enfermedades son unas pobres causas\u201d.<br><\/p>\n\n\n\n<hr class=\"wp-block-separator\"\/>\n\n\n\n<p class=\"wp-block-paragraph\"><a href=\"#_ftnref1\">[1]<\/a> M\u00e9dico y Doctor en Salud\nColectiva por Departamento de Medicina Preventiva de la Facultad de Medicina de\nla Universidad de Campinas\u2010\nSP\u2010\nBrasil; Profesor Investigador Titular de Gesti\u00f3n de Organizaciones de Salud;\nDirector del Instituto de Salud Colectiva; Director del Doctorado en Salud\nColectiva, de la Maestr\u00eda en Epidemiolog\u00eda, Gesti\u00f3n y Pol\u00edticas y de la Carrera\nde Especializaci\u00f3n en Gesti\u00f3n en Salud de la Universidad Nacional de Lan\u00fas.<\/p>\n\n\n\n<p class=\"wp-block-paragraph\"><a href=\"#_ftnref2\">[2]<\/a> Fue un historiador y autor\ningl\u00e9s, conocido por su argumento de que el contacto y el intercambio entre\ncivilizaciones es lo que impulsa la historia humana, Profesor Em\u00e9rito de\nHistoria en la Universidad de Cambridge.<\/p>\n\n\n\n<p class=\"wp-block-paragraph\"><a href=\"#_ftnref3\">[3]<\/a> Argentino, desde 1976\nreside en la Ciudad de M\u00e9xico, donde se desempe\u00f1a como Profesor em\u00e9rito del Centro\nde Investigaciones y Estudios Superiores en Antropolog\u00eda Social (CIESAS) y\ncoordinador del Seminario Permanente de Antropolog\u00eda M\u00e9dica (SPAM). Es Doctor\nen Ciencias Antropol\u00f3gicas por la Universidad de Buenos Aires y ha sido\ndistinguido con el t\u00edtulo de Doctor Honoris Causa en la Universitat Rovira i\nVirgili (Tarragona, Espa\u00f1a) y en la Universidad Nacional de Rosario (Santa Fe,\nArgentina)<\/p>\n","protected":false},"excerpt":{"rendered":"<p>Ricardo Vicente L\u00f3pez Parte III Los importantes antecedentes profesionales de Hugo Spinelli nos garantizan que estamos frente a una autoridad en la materia [[1]]: M\u00e9dico y Doctor en Salud Colectiva. En una nota publicada en www.elcohetealaluna.com, que lleva por t\u00edtulo: De pandemias, epidemias y endemias &nbsp;(2-2-2020), ofrece un an\u00e1lisis muy interesante que demuestra su capacidad [&hellip;]<\/p>\n","protected":false},"author":1,"featured_media":0,"parent":85388,"menu_order":0,"comment_status":"closed","ping_status":"closed","template":"","meta":{"footnotes":""},"class_list":["post-85587","page","type-page","status-publish","hentry"],"_links":{"self":[{"href":"https:\/\/ricardovicentelopez.com.ar\/index.php?rest_route=\/wp\/v2\/pages\/85587","targetHints":{"allow":["GET"]}}],"collection":[{"href":"https:\/\/ricardovicentelopez.com.ar\/index.php?rest_route=\/wp\/v2\/pages"}],"about":[{"href":"https:\/\/ricardovicentelopez.com.ar\/index.php?rest_route=\/wp\/v2\/types\/page"}],"author":[{"embeddable":true,"href":"https:\/\/ricardovicentelopez.com.ar\/index.php?rest_route=\/wp\/v2\/users\/1"}],"replies":[{"embeddable":true,"href":"https:\/\/ricardovicentelopez.com.ar\/index.php?rest_route=%2Fwp%2Fv2%2Fcomments&post=85587"}],"version-history":[{"count":2,"href":"https:\/\/ricardovicentelopez.com.ar\/index.php?rest_route=\/wp\/v2\/pages\/85587\/revisions"}],"predecessor-version":[{"id":86202,"href":"https:\/\/ricardovicentelopez.com.ar\/index.php?rest_route=\/wp\/v2\/pages\/85587\/revisions\/86202"}],"up":[{"embeddable":true,"href":"https:\/\/ricardovicentelopez.com.ar\/index.php?rest_route=\/wp\/v2\/pages\/85388"}],"wp:attachment":[{"href":"https:\/\/ricardovicentelopez.com.ar\/index.php?rest_route=%2Fwp%2Fv2%2Fmedia&parent=85587"}],"curies":[{"name":"wp","href":"https:\/\/api.w.org\/{rel}","templated":true}]}}