{"id":85413,"date":"2020-04-27T14:06:54","date_gmt":"2020-04-27T14:06:54","guid":{"rendered":"http:\/\/ricardovicentelopez.com.ar\/?page_id=85413"},"modified":"2021-02-03T13:18:09","modified_gmt":"2021-02-03T13:18:09","slug":"071-el-negocio-de-las-epidemias-y-el-marketing-del-miedo-una-historia-repetida","status":"publish","type":"page","link":"https:\/\/ricardovicentelopez.com.ar\/?page_id=85413","title":{"rendered":"071- El negocio de las epidemias y el marketing del miedo. Una historia repetida"},"content":{"rendered":"\n<h4 class=\"wp-block-heading\">Por Ricardo V. L\u00f3pez<\/h4>\n\n\n\n<figure class=\"wp-block-image\"><img loading=\"lazy\" decoding=\"async\" width=\"1000\" height=\"550\" src=\"https:\/\/ricardovicentelopez.com.ar\/wp-content\/uploads\/2020\/04\/71.jpg\" alt=\"\" class=\"wp-image-85414\" srcset=\"https:\/\/ricardovicentelopez.com.ar\/wp-content\/uploads\/2020\/04\/71.jpg 1000w, https:\/\/ricardovicentelopez.com.ar\/wp-content\/uploads\/2020\/04\/71-300x165.jpg 300w, https:\/\/ricardovicentelopez.com.ar\/wp-content\/uploads\/2020\/04\/71-768x422.jpg 768w\" sizes=\"auto, (max-width: 1000px) 100vw, 1000px\" \/><\/figure>\n\n\n\n<p class=\"wp-block-paragraph\">Parte I<\/p>\n\n\n\n<p class=\"wp-block-paragraph\">Estamos frente a una&nbsp;<em>posible epidemia<\/em>&nbsp;que intranquiliza a la poblaci\u00f3n mundial. Quiero recordar la historia de una situaci\u00f3n muy similar, respecto de la cual publiqu\u00e9, hace algunos a\u00f1os, un texto&nbsp;<a href=\"https:\/\/kontrainfo.com\/el-negocio-de-las-epidemias-y-el-marketing-del-miedo-una-historia-repetida-por-ricardo-v-lopez\/#_ftn1\">[1]<\/a>&nbsp;en el que analic\u00e9 gran parte de lo acontecido. Lo tomar\u00e9 como referencia. Su contenido puede generar&nbsp;<em>sospechas &nbsp;<\/em>o&nbsp;<em>malas interpretaciones<\/em>. Por ello, quiero volver ahora sobre este tema encuadr\u00e1ndolo en esta etapa del capital financiarizado que domina la globalizaci\u00f3n actual.<strong>&nbsp;Es un sistema salvaje en el que predomina el dinero, convertido en&nbsp;<em>dios omnipotente<\/em>, cuyo culto exige martirizar y sacrificar en su altar a millones de personas sin la m\u00e1s m\u00ednima piedad.<\/strong>&nbsp;Prueba de ello es el&nbsp;<em>informe sobre la Riqueza en el Mundo<\/em>&nbsp;le\u00eddo por la OXFAM&nbsp;<a href=\"https:\/\/kontrainfo.com\/el-negocio-de-las-epidemias-y-el-marketing-del-miedo-una-historia-repetida-por-ricardo-v-lopez\/#_ftn2\">[2]<\/a>&nbsp;en el&nbsp;<em>Foro Econ\u00f3mico Mundial de Davos 2020<\/em>: \u00abLos 2.153 mil-millonarios que hay en el mundo poseen m\u00e1s riqueza que 4.600 millones de personas (el 60% de la poblaci\u00f3n mundial); frente a una inmensa mayor\u00eda de carecientes que representan el 99%\u00bb.<\/p>\n\n\n\n<p class=\"wp-block-paragraph\">Para no extenderme en esta introducci\u00f3n, quiero decir que sin la comprensi\u00f3n de este contexto de guerra econ\u00f3mica-financiera por cualquier medio (lo militar incluido) no es posible tener una comprensi\u00f3n clara y profunda del tema de los&nbsp;<em>laboratorios medicinales<\/em>. Sobre ellos debemos tener claro lo siguiente:<\/p>\n\n\n\n<blockquote class=\"wp-block-quote is-layout-flow wp-block-quote-is-layout-flow\"><p>1.- Los laboratorios medicinales son&nbsp;<em>empresas comerciales<\/em>&nbsp;que se rigen por&nbsp;<em>criterios financieros<\/em>; 2.- juegan en las \u201cligas mayores\u201d del mercado global; 3.-&nbsp;<em>tienen los mismos objetivos de lucro que cualquier otra empresa<\/em>; 4.- su car\u00e1cter de productor de medicinas no debe sensibilizarnos olvidando el punto anterior; 5.-&nbsp;<em>Los productos medicinales son simples mercanc\u00edas<\/em>&nbsp;regidos por las mismas leyes del mercado monop\u00f3lico; 6.- su guerra por el dominio de mercados territoriales (nacionales, continentales, mundiales) es eso:&nbsp;<em>una guerra<\/em>.<\/p><\/blockquote>\n\n\n\n<p class=\"wp-block-paragraph\">Respecto de los concurrentes a Davos, el Director de&nbsp;<em>Navegaci\u00f3n e Ideas<\/em>, Consultora Especializada en Desarrollo Social y Cultural, Doctor Juan Francisco Coloane, actual funcionario de Naciones Unidas, afirma:<\/p>\n\n\n\n<blockquote class=\"wp-block-quote is-layout-flow wp-block-quote-is-layout-flow\"><p>El capital de las Corporaciones Transnacionales conforma un sistema mundial de bienes y servicios que se transan en procesos productivos fragmentados a trav\u00e9s de un intenso comercio internacional. El circuito de insumos y productos adquiere vida en redes y franquicias manejadas por contratistas y los bienes y servicios que lo componen, en su gran mayor\u00eda, pertenecen a consorcios privados.&nbsp;<strong>Todo ello existe porque en el nivel macro, el&nbsp;<em>capital corporativo transnacional<\/em>, adem\u00e1s de ser&nbsp;<em>el principal propietario del circulante, dise\u00f1a y controla el mundo<\/em>.<\/strong><\/p><\/blockquote>\n\n\n\n<p class=\"wp-block-paragraph\">Esta introducci\u00f3n se propone desmitificar&nbsp;<em>la aureola que ha sido creada y publicitada<\/em>&nbsp;por los medios respecto de los laboratorios medicinales. El hecho de trabajar con productos relacionados estrechamente con la salud de la poblaci\u00f3n parece otorgarles un manto de santidad que los separar\u00eda del conjunto de las empresas industriales y comerciales. Esto le da un blindaje moral que no merecen en lo m\u00e1s m\u00ednimo. Pasemos a revisar una nota publicada unos a\u00f1os atr\u00e1s que desnuda la cala\u00f1a moral de sus empresarios y pone de manifiesto la red de complicidades, que incluye&nbsp;<em>organizaciones aparentemente insospechables<\/em>.<\/p>\n\n\n\n<p class=\"wp-block-paragraph\">Con un t\u00edtulo sorprendente \u201cLas epidemias son un negocio impulsado por la OMS\u201d, fue publicado en la p\u00e1gina digital de P\u00fablico.es \u2013 blogs.publico.es (8-11-14). El contenido es una una entrevista de la periodista Virginia Uzal al investigador Miguel Jara, escritor y periodista, especializado en la investigaci\u00f3n de temas relacionados con la salud. \u00c9ste fue galardonado con el premio Eupharlaw-Ibercisalud 2011 como la personalidad del a\u00f1o en el \u00e1mbito sanitario. Ha denunciado el poder de los grandes laboratorios &nbsp;farmac\u00e9uticos, que juegan con nuestra salud con total impunidad. La nota sigue teniendo el mismo valor que cuando fue publicada. Afirma en ella, sobre la epidemia del \u00e9bola:<\/p>\n\n\n\n<blockquote class=\"wp-block-quote is-layout-flow wp-block-quote-is-layout-flow\"><p>La Organizaci\u00f3n Mundial de la Salud (OMS), deber\u00eda ser investigada por sus conflictos de intereses y su actitud siempre pro-farmac\u00e9utica. En esta ocasi\u00f3n, no se cumpl\u00edan los requisitos para declarar una epidemia, y sin embargo la OMS declara el&nbsp;<em>estado de emergencia mundial<\/em>. En ese momento se lanzaba la campa\u00f1a de m\u00e1rketing del miedo que finalmente apoyaron y desarrollaron los grandes medios de comunicaci\u00f3n. Como los medios, por lo general, publican mucho sobre el tema, los gobiernos est\u00e1n temerosos y, por no enfadar a su ciudadan\u00eda, cuando haya unas vacunas o unos antivirales los van a comprar sin pensarlo mucho. Con esto quiero decir que&nbsp;<strong><em>la OMS ha creado un mercado que antes no exist\u00eda<\/em>. A partir de ese momento las farmac\u00e9uticas aprovechan las circunstancias para sacar provecho.<\/strong><\/p><\/blockquote>\n\n\n\n<p class=\"wp-block-paragraph\">Lo que agrega pareciera caer en el \u00e1mbito de la ciencia ficci\u00f3n, y demuestran la inseguridad que, tantas veces, corre la poblaci\u00f3n mundial:<\/p>\n\n\n\n<blockquote class=\"wp-block-quote is-layout-flow wp-block-quote-is-layout-flow\"><p>Como los medicamentos han recibido escasos ensayos, pueden no ser muy seguros y hacer da\u00f1os a la poblaci\u00f3n. P<strong>or lo que en los contratos que firmaron el gobierno espa\u00f1ol y todos los gobiernos del mundo, incluyeron cl\u00e1usulas en las que se compromet\u00edan a correr con los gastos de posibles indemnizaciones de da\u00f1os que pudieran causar los medicamentos. De esta forma, eximieron a los laboratorios de la responsabilidad en la seguridad de sus f\u00e1rmacos.<\/strong><\/p><\/blockquote>\n\n\n\n<p class=\"wp-block-paragraph\">Entonces, pregunta la periodista \u00bflas Epidemias son un negocio? Que es el t\u00edtulo de su nota. Contesta Miguel Jara:<\/p>\n\n\n\n<blockquote class=\"wp-block-quote is-layout-flow wp-block-quote-is-layout-flow\"><p><strong>Exacto, estamos viviendo una especie de&nbsp;<em>campa\u00f1a de m\u00e1rketing del miedo<\/em>. Se aprovecha comercialmente el temor de las sociedades a las epidemias y pandemias. Esto se repite a\u00f1o tras a\u00f1o. En 2001, tras los atentados del 11-S, se distribuyeron unas cartas con \u00e1ntrax, que es un virus muy peligroso como el del \u00e9bola. En este caso tambi\u00e9n hubo una campa\u00f1a del miedo en la que sali\u00f3 ganando Bayer que,&nbsp;<em>curiosamente<\/em>, ya ten\u00eda un antibi\u00f3tico que trataba la enfermedad. En 2005 se produce la&nbsp;<em>no pandemia<\/em>&nbsp;de gripe aviar. Aqu\u00ed hab\u00eda unos clamorosos conflictos de intereses porque el ministro de Defensa de EEUU&nbsp;<a href=\"https:\/\/kontrainfo.com\/el-negocio-de-las-epidemias-y-el-marketing-del-miedo-una-historia-repetida-por-ricardo-v-lopez\/#_ftn3\">[3<\/a>], ten\u00eda gran parte de las acciones de las empresas farmac\u00e9uticas que comercializan el principal antiviral de las dos \u00faltimas pandemias de gripe.<\/strong><\/p><\/blockquote>\n\n\n\n<p class=\"wp-block-paragraph\"><strong>Se recordar\u00e1 que no hubo tal pandemia como se hab\u00eda anunciado, fue una gripe muy benigna, comparando con a\u00f1os anteriores. El negocio se produjo, de todos modos, porque se vendieron cantidades excepcionales de las vacunas Tamifl\u00fa. Gran parte de ellas todav\u00eda siguen acumuladas, ya pr\u00e1cticamente caducas. En los casos que son mencionados se presenta un denominador com\u00fan: aparecen asociados con&nbsp;<em>los laboratorios<\/em>&nbsp;los grandes&nbsp;<em>medios de comunicaci\u00f3n<\/em>, con sus campa\u00f1as de miedo, creando necesidades ficticias, como es de uso en los mercados comerciales<\/strong>.<\/p>\n\n\n\n<p class=\"wp-block-paragraph\">El investigador Jara completa el cuadro con los siguientes datos:<\/p>\n\n\n\n<blockquote class=\"wp-block-quote is-layout-flow wp-block-quote-is-layout-flow\"><p><strong>El problema de los gobiernos es que tambi\u00e9n tienen graves conflictos de intereses: el fen\u00f3meno es el de las puertas giratorias de funcionarios de los laboratorios y de los ministerios.<\/strong>&nbsp;El lobby de las farmac\u00e9uticas es enorme. Por eso la corrupci\u00f3n tambi\u00e9n existe en el \u00e1mbito sanitario. Muchos altos cargos p\u00fablicos pasan despu\u00e9s a las farmac\u00e9uticas. El sistema de patentes es una imposici\u00f3n de las patronales, de los lobbys farmac\u00e9uticos y los gobiernos m\u00e1s ricos, como EEUU.<\/p><\/blockquote>\n\n\n\n<p class=\"wp-block-paragraph\">Lo que se puede calificar como&nbsp;<em>el colmo del mercado de los medicamentos<\/em>&nbsp;es la informaci\u00f3n que aporta como cierre de la entrevista:<\/p>\n\n\n\n<blockquote class=\"wp-block-quote is-layout-flow wp-block-quote-is-layout-flow\"><p><strong>El n\u00famero de medicamentos verdaderamente esenciales, importantes, eficaces y seguros que necesita la humanidad son entre 350 y 400 seg\u00fan la OMS. S\u00f3lo en Espa\u00f1a hay en el mercado una oferta total 17.000 marcas de medicamentos diferentes.<\/strong>&nbsp;Con el agregado de que muchos, de esa cifra impactante de medicamentos, no re\u00fanen las condiciones requeridas para atender las necesidades de los enfermos, oscilan entre&nbsp;<em>poco seguros<\/em>&nbsp;hasta&nbsp;<em>realmente peligrosos<\/em>. Sin embargo, en la gran mayor\u00eda siguen siendo financiados por varios gobiernos.<\/p><\/blockquote>\n\n\n\n<p class=\"wp-block-paragraph\">En una pr\u00f3xima notas comentar\u00e9 una denuncia que present\u00f3 una persona, muy poco com\u00fan, con un recorrido investigativo que el otorga m\u00e9ritos suficientes como para avalar lo que sostiene.<\/p>\n\n\n\n<p class=\"wp-block-paragraph\"><a href=\"https:\/\/kontrainfo.com\/el-negocio-de-las-epidemias-y-el-marketing-del-miedo-una-historia-repetida-por-ricardo-v-lopez\/#_ftnref1\">[1]<\/a>&nbsp;Sobre este tema puede consultarse mi trabajo<em>&nbsp;La guerra de los laboratorios en el mundo&nbsp;<\/em>global en la p\u00e1gina www.ricardovicentelopez.com.ar\/wp-content\/uploads\/2015\/03\/.pdf<\/p>\n\n\n\n<p class=\"wp-block-paragraph\"><a href=\"https:\/\/kontrainfo.com\/el-negocio-de-las-epidemias-y-el-marketing-del-miedo-una-historia-repetida-por-ricardo-v-lopez\/#_ftnref2\">[2]<\/a>&nbsp;Es una confederaci\u00f3n internacional formada por 17 organizaciones no gubernamentales nacionales que realizan labores humanitarias en 90 pa\u00edses. Su lema es \u201ctrabajar con otros para combatir la pobreza y el sufrimiento\u201d.<\/p>\n\n\n\n<p class=\"wp-block-paragraph\"><a href=\"https:\/\/kontrainfo.com\/el-negocio-de-las-epidemias-y-el-marketing-del-miedo-una-historia-repetida-por-ricardo-v-lopez\/#_ftnref3\">[3]<\/a>&nbsp;Donald H. Rumsfeld (1932) \u2013 pol\u00edtico estadounidense, Secretario de Defensa del gobierno de Gerald Ford de 1975 a 1977 y de George W. Bush entre 2001 y 2006.<\/p>\n","protected":false},"excerpt":{"rendered":"<p>Por Ricardo V. L\u00f3pez Parte I Estamos frente a una&nbsp;posible epidemia&nbsp;que intranquiliza a la poblaci\u00f3n mundial. Quiero recordar la historia de una situaci\u00f3n muy similar, respecto de la cual publiqu\u00e9, hace algunos a\u00f1os, un texto&nbsp;[1]&nbsp;en el que analic\u00e9 gran parte de lo acontecido. Lo tomar\u00e9 como referencia. Su contenido puede generar&nbsp;sospechas &nbsp;o&nbsp;malas interpretaciones. Por ello, [&hellip;]<\/p>\n","protected":false},"author":1,"featured_media":0,"parent":85388,"menu_order":0,"comment_status":"closed","ping_status":"closed","template":"","meta":{"footnotes":""},"class_list":["post-85413","page","type-page","status-publish","hentry"],"_links":{"self":[{"href":"https:\/\/ricardovicentelopez.com.ar\/index.php?rest_route=\/wp\/v2\/pages\/85413","targetHints":{"allow":["GET"]}}],"collection":[{"href":"https:\/\/ricardovicentelopez.com.ar\/index.php?rest_route=\/wp\/v2\/pages"}],"about":[{"href":"https:\/\/ricardovicentelopez.com.ar\/index.php?rest_route=\/wp\/v2\/types\/page"}],"author":[{"embeddable":true,"href":"https:\/\/ricardovicentelopez.com.ar\/index.php?rest_route=\/wp\/v2\/users\/1"}],"replies":[{"embeddable":true,"href":"https:\/\/ricardovicentelopez.com.ar\/index.php?rest_route=%2Fwp%2Fv2%2Fcomments&post=85413"}],"version-history":[{"count":2,"href":"https:\/\/ricardovicentelopez.com.ar\/index.php?rest_route=\/wp\/v2\/pages\/85413\/revisions"}],"predecessor-version":[{"id":86181,"href":"https:\/\/ricardovicentelopez.com.ar\/index.php?rest_route=\/wp\/v2\/pages\/85413\/revisions\/86181"}],"up":[{"embeddable":true,"href":"https:\/\/ricardovicentelopez.com.ar\/index.php?rest_route=\/wp\/v2\/pages\/85388"}],"wp:attachment":[{"href":"https:\/\/ricardovicentelopez.com.ar\/index.php?rest_route=%2Fwp%2Fv2%2Fmedia&parent=85413"}],"curies":[{"name":"wp","href":"https:\/\/api.w.org\/{rel}","templated":true}]}}