{"id":85388,"date":"2020-04-22T14:25:16","date_gmt":"2020-04-22T14:25:16","guid":{"rendered":"http:\/\/ricardovicentelopez.com.ar\/?page_id=85388"},"modified":"2020-09-15T18:45:36","modified_gmt":"2020-09-15T18:45:36","slug":"ano-2020","status":"publish","type":"page","link":"https:\/\/ricardovicentelopez.com.ar\/?page_id=85388","title":{"rendered":"A\u00d1O 2020"},"content":{"rendered":"\n<figure class=\"wp-block-image\"><img loading=\"lazy\" decoding=\"async\" width=\"562\" height=\"397\" src=\"https:\/\/ricardovicentelopez.com.ar\/wp-content\/uploads\/2020\/04\/00.png\" alt=\"\" class=\"wp-image-85389\" srcset=\"https:\/\/ricardovicentelopez.com.ar\/wp-content\/uploads\/2020\/04\/00.png 562w, https:\/\/ricardovicentelopez.com.ar\/wp-content\/uploads\/2020\/04\/00-300x212.png 300w\" sizes=\"auto, (max-width: 562px) 100vw, 562px\" \/><\/figure>\n\n\n\n<p class=\"has-large-font-size wp-block-paragraph\">Nuevas Reflexiones Pol\u00edticas<\/p>\n\n\n\n<p class=\"has-text-color has-vivid-red-color wp-block-paragraph\"><a href=\"https:\/\/ricardovicentelopez.com.ar\/?page_id=85386\">68- El lavado de cerebros en sociedades libres es m\u00e1s eficaz que en las dictaduras<\/a><\/p>\n\n\n\n<p class=\"has-text-color has-vivid-red-color wp-block-paragraph\"><a href=\"https:\/\/ricardovicentelopez.com.ar\/?page_id=85401\">69- En el norte un mundo se est\u00e1 extinguiendo, uno nuevo asoma por el sur<\/a><\/p>\n\n\n\n<p class=\"has-text-color has-vivid-red-color wp-block-paragraph\"><a href=\"https:\/\/ricardovicentelopez.com.ar\/?page_id=85407\">70- Las desigualdades sist\u00e9micas del capitalismo globalizado. Una cr\u00edtica a Thomas Piketty<\/a><\/p>\n\n\n\n<p class=\"has-text-color has-vivid-red-color wp-block-paragraph\"><a href=\"https:\/\/ricardovicentelopez.com.ar\/?page_id=85413\">71- El negocio de las epidemias y el marketing del miedo. Una historia repetida<\/a><\/p>\n\n\n\n<p class=\"has-text-color has-vivid-red-color wp-block-paragraph\"><a href=\"https:\/\/ricardovicentelopez.com.ar\/?p=85427\">72- Walter Lippmann y algunas reflexiones sobre qu\u00e9 es la opini\u00f3n p\u00fablica<\/a><\/p>\n\n\n\n<p class=\"has-text-color has-vivid-red-color wp-block-paragraph\"><a href=\"https:\/\/ricardovicentelopez.com.ar\/?page_id=85432\">73- Am\u00e9rica es el continente de la esperanza. Reflexiones sobre la utop\u00eda<\/a><\/p>\n\n\n\n<p class=\"has-text-color has-vivid-red-color wp-block-paragraph\"><a href=\"https:\/\/ricardovicentelopez.com.ar\/?page_id=85447\">74- Cuando la violencia de Estado ya no es \u00fatil: el recurso a la manipulaci\u00f3n<\/a><\/p>\n\n\n\n<p class=\"has-text-color has-vivid-red-color wp-block-paragraph\"><a href=\"https:\/\/ricardovicentelopez.com.ar\/?page_id=85453\">75- En torno a la libertad \u00bfcu\u00e1l libertad?<\/a><\/p>\n\n\n\n<p class=\"has-text-color has-vivid-red-color wp-block-paragraph\"><a href=\"https:\/\/ricardovicentelopez.com.ar\/?page_id=85462\">76- El capitalismo: un modelo con diversas historias<\/a><\/p>\n\n\n\n<p class=\"has-text-color has-vivid-red-color wp-block-paragraph\"><a href=\"https:\/\/ricardovicentelopez.com.ar\/?page_id=85468\">77- El problema de la Homerizaci\u00f3n de la cultura popular<\/a><\/p>\n\n\n\n<p class=\"has-text-color has-vivid-red-color wp-block-paragraph\"><a href=\"https:\/\/ricardovicentelopez.com.ar\/?page_id=85474\">78- \u00bfSalud p\u00fablica o negocio? Una historia repetida que puede iluminar este presente<\/a><\/p>\n\n\n\n<p class=\"has-text-color has-vivid-red-color wp-block-paragraph\"><a href=\"https:\/\/ricardovicentelopez.com.ar\/?page_id=85481\">79- Del paleol\u00edtico al neol\u00edtico: la democracia y la necesidad de la violencia<\/a><\/p>\n\n\n\n<p class=\"has-text-color has-vivid-red-color wp-block-paragraph\"><a href=\"https:\/\/ricardovicentelopez.com.ar\/?page_id=85488\">80- La esperanza y la incertidumbre en tiempos de pandemia<\/a><\/p>\n\n\n\n<p class=\"has-text-color has-vivid-red-color wp-block-paragraph\"><a href=\"https:\/\/ricardovicentelopez.com.ar\/?page_id=85495\">81- Coronavirus, la libertad de la democracia y la libertad del mercado en crisis<\/a><\/p>\n\n\n\n<p class=\"has-text-color has-vivid-red-color wp-block-paragraph\"><a href=\"https:\/\/ricardovicentelopez.com.ar\/?page_id=85502\">82- De la sociedad moderna a Cambridge Analytica: La democracia y la necesidad de la violencia \u2013 Parte II<\/a><\/p>\n\n\n\n<p class=\"has-text-color has-vivid-red-color wp-block-paragraph\"><a href=\"https:\/\/ricardovicentelopez.com.ar\/?page_id=85509\">83- El final de los dogmas del Financial Times. \u00bfHabr\u00e1 que agradecer la llegada del virus?<\/a><\/p>\n\n\n\n<p class=\"has-text-color has-vivid-red-color wp-block-paragraph\"><a href=\"https:\/\/ricardovicentelopez.com.ar\/?page_id=85519\">84- La \u201cdemocracia del espectador\u201d y la manipulaci\u00f3n medi\u00e1tica del \u201creba\u00f1o desconcertado\u201d de Walter Lippmann<\/a><\/p>\n\n\n\n<p class=\"has-text-color has-vivid-red-color wp-block-paragraph\"><a href=\"https:\/\/ricardovicentelopez.com.ar\/?page_id=85526\">85- La \u201cdemocracia del espectador\u201d y la manipulaci\u00f3n medi\u00e1tica del \u201creba\u00f1o desconcertado\u201d \u2013 Parte II<\/a><\/p>\n\n\n\n<p class=\"has-text-color has-vivid-red-color wp-block-paragraph\"><a href=\"https:\/\/ricardovicentelopez.com.ar\/?page_id=85533\">86- La \u201cdemocracia del espectador\u201d y la manipulaci\u00f3n medi\u00e1tica del \u201creba\u00f1o desconcertado\u201d- Parte III<\/a><\/p>\n\n\n\n<p class=\"has-text-color has-vivid-red-color wp-block-paragraph\"><a href=\"https:\/\/ricardovicentelopez.com.ar\/?page_id=85552\">87.- \u00bfHabr\u00e1 que agradecer al virus su llegada?<\/a><\/p>\n\n\n\n<p class=\"has-text-color has-vivid-red-color wp-block-paragraph\"><a href=\"https:\/\/ricardovicentelopez.com.ar\/?page_id=85559\">88.- La necesidad de comprender el mundo actual<\/a><\/p>\n\n\n\n<p class=\"has-text-color has-vivid-red-color wp-block-paragraph\"><a href=\"https:\/\/ricardovicentelopez.com.ar\/?page_id=85566\">89.- La necesidad de comprender el mundo actual<\/a><\/p>\n\n\n\n<p class=\"has-text-color has-vivid-red-color wp-block-paragraph\"><a href=\"https:\/\/ricardovicentelopez.com.ar\/?page_id=85574\">90- La necesidad de comprender el mundo actual<\/a><\/p>\n\n\n\n<p class=\"has-text-color has-vivid-red-color wp-block-paragraph\"><a href=\"https:\/\/ricardovicentelopez.com.ar\/?page_id=85580\">91- Cambridge Analytica, Big Data y la Argentina<\/a><\/p>\n\n\n\n<p class=\"has-text-color has-vivid-red-color wp-block-paragraph\"><a href=\"https:\/\/ricardovicentelopez.com.ar\/?page_id=85587\">92- Una historia repetida que puede iluminar este presente<\/a><\/p>\n\n\n\n<p class=\"has-text-color has-vivid-red-color wp-block-paragraph\"><a href=\"https:\/\/ricardovicentelopez.com.ar\/?page_id=85597\">93- Las ra\u00edces ideol\u00f3gicas del mundo globalizado<\/a><\/p>\n\n\n\n<p class=\"has-text-color has-vivid-red-color wp-block-paragraph\"><a href=\"https:\/\/ricardovicentelopez.com.ar\/?page_id=85603\">94- La manipulaci\u00f3n de la opini\u00f3n p\u00fablica seg\u00fan la revista Mercado<\/a><\/p>\n\n\n\n<p class=\"has-text-color has-vivid-red-color wp-block-paragraph\"><a href=\"https:\/\/ricardovicentelopez.com.ar\/?page_id=85611\">95.- Las ra\u00edces ideol\u00f3gicas del mundo globalizado II [1]<\/a><\/p>\n\n\n\n<p class=\"has-text-color has-vivid-red-color wp-block-paragraph\"><a href=\"https:\/\/ricardovicentelopez.com.ar\/?page_id=85619\">96- Reflexiones sobre temas publicados por M\u00f3nica Peralta Ramos I<\/a><\/p>\n\n\n\n<p class=\"has-text-color has-vivid-red-color wp-block-paragraph\"><a href=\"https:\/\/ricardovicentelopez.com.ar\/?page_id=85629\">97.- La manipulaci\u00f3n es una parte imprescindible y fundamental del quehacer pol\u00edtico<\/a><\/p>\n\n\n\n<p class=\"has-text-color has-vivid-red-color wp-block-paragraph\"><a href=\"https:\/\/ricardovicentelopez.com.ar\/?page_id=85690\">98.- El bombardeo a Plaza de Mayo del 16 de junio<\/a><\/p>\n\n\n\n<p class=\"has-text-color has-vivid-red-color wp-block-paragraph\"><a href=\"https:\/\/ricardovicentelopez.com.ar\/?page_id=85731\">99.- Reflexiones sobre temas publicados por M\u00f3nica Peralta Ramos II<\/a><\/p>\n\n\n\n<p class=\"has-text-color has-vivid-red-color wp-block-paragraph\"><a href=\"https:\/\/ricardovicentelopez.com.ar\/?page_id=85777\">100- La Plaza de Mayo \u2013 s\u00edmbolo y escenario de pasiones pol\u00edticas<\/a><\/p>\n\n\n\n<p class=\"has-text-color has-vivid-red-color wp-block-paragraph\"><a href=\"https:\/\/ricardovicentelopez.com.ar\/?page_id=85825\">101- De la estupidez individual a la estupidez institucional \u2013 Una amenaza para la humanidad<\/a><\/p>\n\n\n\n<p class=\"has-text-color has-vivid-red-color wp-block-paragraph\"><a href=\"https:\/\/ricardovicentelopez.com.ar\/?page_id=85871\">102.- Los medios de comunicaci\u00f3n &#8211; Nuevo Orden Mundial de la Informaci\u00f3n y la Comunicaci\u00f3n<\/a><\/p>\n\n\n\n<p class=\"has-text-color has-vivid-red-color wp-block-paragraph\"><a href=\"https:\/\/ricardovicentelopez.com.ar\/?page_id=85915\">103- No hay peor ciego que el que no quiere ver<\/a><\/p>\n\n\n\n<p class=\"has-text-color has-vivid-red-color wp-block-paragraph\"><a href=\"https:\/\/ricardovicentelopez.com.ar\/?page_id=85961\">104- \u00abDe aquellas lluvias estos lodos\u00bb<\/a><\/p>\n\n\n\n<p class=\"has-text-color has-vivid-red-color wp-block-paragraph\"><a href=\"https:\/\/ricardovicentelopez.com.ar\/?page_id=86009\">105- La pobreza extrema es consecuencia de la riqueza extrema<\/a><\/p>\n\n\n\n<p class=\"has-text-color has-vivid-red-color wp-block-paragraph\"><a href=\"https:\/\/ricardovicentelopez.com.ar\/?page_id=86052\">106- El aniversario de una lecci\u00f3n que la humanidad no aprendi\u00f3<\/a><\/p>\n\n\n\n<p class=\"has-text-color has-vivid-red-color wp-block-paragraph\"><a href=\"https:\/\/ricardovicentelopez.com.ar\/?page_id=86111\">107- La raz\u00f3n de la sinraz\u00f3n del concepto Destino Manifiesto<\/a><\/p>\n\n\n\n<p class=\"has-text-color has-vivid-red-color wp-block-paragraph\"><a href=\"https:\/\/ricardovicentelopez.com.ar\/?page_id=86162\">108- El extra\u00f1o caso del virus asesino<\/a><\/p>\n\n\n\n<p class=\"has-text-color has-vivid-red-color wp-block-paragraph\"><a href=\"https:\/\/ricardovicentelopez.com.ar\/?page_id=86155\">109- La prensa y el ejercicio del poder empresarial<\/a><\/p>\n\n\n\n<p class=\"has-text-color has-vivid-red-color wp-block-paragraph\"><a href=\"https:\/\/ricardovicentelopez.com.ar\/?page_id=86169\">110- La prensa y el ejercicio del poder empresarial<\/a><\/p>\n\n\n\n<p class=\"wp-block-paragraph\"><\/p>\n","protected":false},"excerpt":{"rendered":"<p>Nuevas Reflexiones Pol\u00edticas 68- El lavado de cerebros en sociedades libres es m\u00e1s eficaz que en las dictaduras 69- En el norte un mundo se est\u00e1 extinguiendo, uno nuevo asoma por el sur 70- Las desigualdades sist\u00e9micas del capitalismo globalizado. Una cr\u00edtica a Thomas Piketty 71- El negocio de las epidemias y el marketing del [&hellip;]<\/p>\n","protected":false},"author":1,"featured_media":0,"parent":4768,"menu_order":0,"comment_status":"closed","ping_status":"closed","template":"","meta":{"footnotes":""},"class_list":["post-85388","page","type-page","status-publish","hentry"],"_links":{"self":[{"href":"https:\/\/ricardovicentelopez.com.ar\/index.php?rest_route=\/wp\/v2\/pages\/85388","targetHints":{"allow":["GET"]}}],"collection":[{"href":"https:\/\/ricardovicentelopez.com.ar\/index.php?rest_route=\/wp\/v2\/pages"}],"about":[{"href":"https:\/\/ricardovicentelopez.com.ar\/index.php?rest_route=\/wp\/v2\/types\/page"}],"author":[{"embeddable":true,"href":"https:\/\/ricardovicentelopez.com.ar\/index.php?rest_route=\/wp\/v2\/users\/1"}],"replies":[{"embeddable":true,"href":"https:\/\/ricardovicentelopez.com.ar\/index.php?rest_route=%2Fwp%2Fv2%2Fcomments&post=85388"}],"version-history":[{"count":41,"href":"https:\/\/ricardovicentelopez.com.ar\/index.php?rest_route=\/wp\/v2\/pages\/85388\/revisions"}],"predecessor-version":[{"id":86177,"href":"https:\/\/ricardovicentelopez.com.ar\/index.php?rest_route=\/wp\/v2\/pages\/85388\/revisions\/86177"}],"up":[{"embeddable":true,"href":"https:\/\/ricardovicentelopez.com.ar\/index.php?rest_route=\/wp\/v2\/pages\/4768"}],"wp:attachment":[{"href":"https:\/\/ricardovicentelopez.com.ar\/index.php?rest_route=%2Fwp%2Fv2%2Fmedia&parent=85388"}],"curies":[{"name":"wp","href":"https:\/\/api.w.org\/{rel}","templated":true}]}}