{"id":85336,"date":"2019-12-09T12:05:22","date_gmt":"2019-12-09T12:05:22","guid":{"rendered":"http:\/\/ricardovicentelopez.com.ar\/?page_id=85336"},"modified":"2020-04-22T14:42:07","modified_gmt":"2020-04-22T14:42:07","slug":"66-el-sistema-capitalista-no-es-ni-puede-ser-eterno","status":"publish","type":"page","link":"https:\/\/ricardovicentelopez.com.ar\/?page_id=85336","title":{"rendered":"66.- El sistema capitalista no es ni puede ser eterno"},"content":{"rendered":"\n<p class=\"has-medium-font-size wp-block-paragraph\"><strong>Por Ricardo Vicente L\u00f3pez<\/strong><\/p>\n\n\n\n<figure class=\"wp-block-image\"><img loading=\"lazy\" decoding=\"async\" width=\"1024\" height=\"609\" src=\"https:\/\/ricardovicentelopez.com.ar\/wp-content\/uploads\/2019\/12\/65-1024x609.png\" alt=\"\" class=\"wp-image-85337\" srcset=\"https:\/\/ricardovicentelopez.com.ar\/wp-content\/uploads\/2019\/12\/65-1024x609.png 1024w, https:\/\/ricardovicentelopez.com.ar\/wp-content\/uploads\/2019\/12\/65-300x179.png 300w, https:\/\/ricardovicentelopez.com.ar\/wp-content\/uploads\/2019\/12\/65-768x457.png 768w, https:\/\/ricardovicentelopez.com.ar\/wp-content\/uploads\/2019\/12\/65.png 1200w\" sizes=\"auto, (max-width: 1024px) 100vw, 1024px\" \/><\/figure>\n\n\n\n<p class=\"wp-block-paragraph\">En esta semana se cumplen\nnoventa a\u00f1os de un acontecimiento que conmocion\u00f3 al mundo, por lo menos el\nmundo occidental: gener\u00f3 p\u00e1nicos, dio lugar a una cadena nunca imaginada de\nquiebras de empresas, de suicidios de personas que se vieron de pronto ante la\np\u00e9rdida total de sus bienes. Tal vez una de las consecuencias m\u00e1s trascendentes\nhaya sido, para entonces, la p\u00e9rdida de las certezas que dominaban la\nconciencia del primer mundo. Ya no se pod\u00eda creer en que el sistema capitalista\nera y seguir\u00eda siendo <em>el modo de vida<\/em>\ny la <em>forma institucional definitiva<\/em>\nde la historia. Esto que abonaba la tesis de que se hab\u00eda arribado a un fin de\nla historia mundial (tal como se pod\u00eda entender en el mundo en aquella \u00e9poca)\nentr\u00f3 en crisis.<\/p>\n\n\n\n<p class=\"wp-block-paragraph\">Me estoy refiriendo a la\nquiebra de la Bolsa de Valores de Nueva York el 24 de octubre de 1929, en lo\nque se conoci\u00f3 como el <em>Jueves Negro<\/em>. Pero,\n<em>este jueves tiene una historia<\/em>. Es en\nsu devenir que deber\u00edamos encontrar alguna explicaci\u00f3n que pueda darnos razones\nde este abrupto final. Busquemos en la d\u00e9cada que precedi\u00f3 la cat\u00e1strofe. <\/p>\n\n\n\n<p class=\"wp-block-paragraph\">La denominaci\u00f3n <em>felices a\u00f1os veinte<\/em>, <em>veinte dorados<\/em> o <em>a\u00f1os locos<\/em>, corresponde a un per\u00edodo de prosperidad econ\u00f3mica que\ntuvo Estados Unidos desde 1922 hasta 1929. Es el periodo que sigui\u00f3 al final de\nla Gran Guerra (1914-1918). Dice Wikipedia: <\/p>\n\n\n\n<p class=\"wp-block-paragraph\">Loa guerra recibi\u00f3\nel calificativo de \u00abmundial\u00bb porque se vieron involucradas todas las grandes\npotencias industriales y militares de la \u00e9poca, divididas en dos alianzas.\u200b Por\nun lado, la <em>Triple Alianza<\/em> formada\npor las Potencias Centrales: el Imperio alem\u00e1n y Austria-Hungr\u00eda. Por otro lado\nse encontraba la <em>Triple Entente<\/em>,\nformada por el Reino Unido, Francia y el Imperio ruso. Ambas alianzas sufrieron\ncambios y fueron varias las naciones que acabar\u00edan ingresando en las filas de\nuno u otro bando seg\u00fan avanzaba la guerra. M\u00e1s de 70 millones de militares, de\nlos cuales 60 millones eran europeos, se movilizaron y combatieron en lo que\nfue hasta entonces la <em>guerra m\u00e1s grande y\nm\u00e1s sangrienta de la historia<\/em>.<\/p>\n\n\n\n<p class=\"wp-block-paragraph\">Esta guerra, en 1917,\ndurante su tercer a\u00f1o, todo parec\u00eda encontrarse en lo que pod\u00eda definirse como\nun empate t\u00e9cnico. El conflicto se estanc\u00f3 y el desaliento cundi\u00f3 en la\nretaguardia mientras la poblaci\u00f3n civil padec\u00eda restricciones, sobre todo en\nAlemania, bloqueada por los aliados.<\/p>\n\n\n\n<p class=\"wp-block-paragraph\">De parte del Gobierno de los\nEEUU, su presidente Woodrow Wilson, defend\u00eda la neutralidad. A pesar de que los\nsubmarinos alemanes hab\u00edan hundido barcos estadounidenses. De este conflicto se\nhab\u00eda logrado una promesa de Alemania de que no volver a atacar. Poco despu\u00e9s el\nPresidente recibe un informe de los servicios de inteligencia que confirmaban\nque Alemania no cumplir\u00eda con lo pactado. El 2 abril Wilson habl\u00f3 ante el\nCongreso. Dijo a los parlamentarios que deb\u00edan considerar las acciones alemanas\ncomo una declaraci\u00f3n de guerra contra el gobierno y el pueblo de Estados\nUnidos.<\/p>\n\n\n\n<p class=\"wp-block-paragraph\">El permanecer afuera de la\nPrimera Guerra Mundial le permiti\u00f3 al presidente Woodrow Wilson ganar la\nreelecci\u00f3n en noviembre de 1916. Pero cinco meses m\u00e1s tarde convoc\u00f3 al pa\u00eds\npara entrar en batalla contra el Imperio Germ\u00e1nico, con estas palabras: \u201cEl\nmundo debe ponerse a salvo para la democracia. No tenemos fines ego\u00edstas que\nservir. No queremos conquistar ni dominar\u201d.<\/p>\n\n\n\n<p class=\"wp-block-paragraph\">Una p\u00e1gina digital www.mises.org\ndel <em>Instituto Mises<\/em>, <em>Centro de investigaci\u00f3n del liberalismo m\u00e1s\nortodoxo<\/em>, nos habla de una especie de razones cuasi-ocultas que\ncontribuyeron a la participaci\u00f3n de los EEUU en esa Gran Guerra. Entre ellas\nhabla de lo siguiente:<\/p>\n\n\n\n<p class=\"wp-block-paragraph\">Se hab\u00eda\nprestado el equivalente a decenas de miles de millones de d\u00f3lares a Gran\nBreta\u00f1a y Francia por parte de bancos de Nueva York, como <em>Goldman Sachs<\/em> y <em>J.P. Morgan<\/em>,\nque ten\u00edan importantes sucursales europeas en Londres y Par\u00eds. Por lo tanto\nlideraban los intentos estadounidenses de conseguir dinero para estos\nbeligerantes. Si Alemania ganaba la guerra, estos pr\u00e9stamos a las potencias\noccidentales corr\u00edan grandes riesgos de no ser recuperados. Los fabricantes de\narmamento y productores industriales estadounidenses como <em>Bethlehem Steel<\/em> o <em>DuPont<\/em>,\nmuchos de los cuales hab\u00edan sufrido mucho durante la recesi\u00f3n de 1913-14 en\nEstados Unidos, estaban totalmente de acuerdo con la participaci\u00f3n en la\nguerra. Las exportaciones a Gran Breta\u00f1a y Francia se cuadruplicaron entre 1914\ny 1917.<\/p>\n\n\n\n<p class=\"wp-block-paragraph\">Aparecen as\u00ed una cantidad de\nhombres poderosos que no compart\u00edan el neutralismo del Presidente Wilson.\nEllos, directivos de los sectores industriales y financieros estadounidenses,\nas\u00ed como varios miembros de la clase pol\u00edtica, que inclu\u00edan al ex-presidente\nTheodore Roosevelt, eran partidarios de \u201c<em>todas\nlas guerras, en todas partes<\/em>\u201d. El presidente Wilson, tras\nobtener la victoria, estaba fortalecido pol\u00edticamente por el curso victorioso\nque decidi\u00f3 la participaci\u00f3n de las fuerzas militares de los EEUU. Esto le\npermiti\u00f3 tomar la batuta de la <em>Conferencia\nde Versalles<\/em> (1919). <\/p>\n\n\n\n<p class=\"wp-block-paragraph\">Tras el final de la Primera\nGuerra Mundial, EE UU experiment\u00f3 un fuerte crecimiento econ\u00f3mico, y desplaz\u00f3 a\nGran Breta\u00f1a en el liderazgo econ\u00f3mico mundial. Durante los a\u00f1os veinte se\nincrement\u00f3 en aquel pa\u00eds la producci\u00f3n y la demanda de sus productos, con una\nprofunda transformaci\u00f3n dominada por la innovaci\u00f3n tecnol\u00f3gica. De ese\noptimismo y de esa bonanza econ\u00f3mica particip\u00f3 tambi\u00e9n la Bolsa de Nueva York. All\u00ed\nse vivi\u00f3 un prolongado incremento de las cotizaciones, lo que deriv\u00f3 en la\nformaci\u00f3n de una <em>inflaci\u00f3n de precios<\/em>,\nfinanciada por el cr\u00e9dito. Desde antes del verano de 1929<em>, varios indicadores macroecon\u00f3micos hab\u00edan empezado a sufrir un suave\ndescenso, sin que los economistas de la \u00e9poca lo detectaran<\/em>.<em> Por esta raz\u00f3n no se tomaron las medidas\npreventivas adecuadas<\/em>.<\/p>\n\n\n\n<p class=\"wp-block-paragraph\">Esta\nprosperidad benefici\u00f3 a gran parte de la sociedad e hizo que la econom\u00eda\nsiguiera creciendo a un ritmo como no se hab\u00eda registrado antes. Tal vez sea\nese momento, que despu\u00e9s se repiti\u00f3 algunas veces, el que fue generando una <em>burbuja especulativa<\/em> peligrosa, no muy conocida\nhasta entonces. Pero esta prosperidad dur\u00f3 un corto periodo que finalizar\u00eda aquel\n<em>Jueves Negro<\/em>. Con la llegada del Crack\n[<a href=\"#_ftn1\">[1]<\/a>]\ndel 29 culminar\u00eda finalmente el advenimiento de la Gran Depresi\u00f3n, que se\nextendi\u00f3 durante gran parte de la d\u00e9cada posterior. <\/p>\n\n\n\n<p class=\"wp-block-paragraph\">Esta cat\u00e1strofe financiera fue\nel origen de una recesi\u00f3n econ\u00f3mica sin precedentes, la mayor que hab\u00eda sufrido\nel sistema capitalista a lo largo de su historia anterior. Adem\u00e1s de su\ntrascendencia estrictamente econ\u00f3mica acarre\u00f3 importantes repercusiones\nsociales, pol\u00edticas, morales e ideol\u00f3gicas que pusieron en entredicho el modelo\nliberal hasta entonces vigente. <\/p>\n\n\n\n<p class=\"wp-block-paragraph\">La imparable fiebre\nespeculativa y la ilusi\u00f3n del dinero r\u00e1pido y f\u00e1cil hab\u00edan tocado a su fin.\nPero una etapa de pobreza, carest\u00eda y recesi\u00f3n se encontraba a las puertas de\nesta nueva Am\u00e9rica que recog\u00eda los despojos de la euforia. El reconocido\nacad\u00e9mico John Kenneth Galbraith (1908-2006) afirm\u00f3 que <em>las luces de alarma<\/em> se hab\u00edan encendido pero la <em>org\u00eda especulativa<\/em> no se enteraba: <\/p>\n\n\n\n<p class=\"wp-block-paragraph\">Hab\u00eda dejado un\nrastro de decadencia y descontrol f\u00e1cilmente distinguible. Sus consecuencias no\ns\u00f3lo afectaron al terreno econ\u00f3mico sino que <em>dejaron tambi\u00e9n su impronta en las formas de vida de aquella sociedad\nmoderna que hab\u00eda conocido una etapa de desarrollo y pronto conocer\u00eda otra de\nenorme precariedad<\/em>. El derrumbe total era una realidad inminente. Millones\nde inversores se vieron de un d\u00eda para otro en la ruina econ\u00f3mica: la Bolsa de\nNueva York, el mercado de valores m\u00e1s importante del mundo, hab\u00eda ca\u00eddo: <em>de la bonanza y la euforia a la carest\u00eda y\nla decepci\u00f3n<\/em>. El rasgo m\u00e1s singular de la cat\u00e1strofe de 1929 fue que <em>lo peor empeoraba continuamente<\/em>. Lo que\nun d\u00eda parec\u00eda el final de la crisis, demostraba al siguiente que solo hab\u00eda\nsido el comienzo. Efectivamente la situaci\u00f3n no mostraba s\u00edntoma alguno de\nmejora: <em>lo peor estaba por llegar<\/em>. Y\nlleg\u00f3. <em>La Gran Depresi\u00f3n dominar\u00eda el\nescenario econ\u00f3mico durante casi diez a\u00f1os<\/em>. <\/p>\n\n\n\n<p class=\"wp-block-paragraph\">Amigo lector, dir\u00e1 Ud. \u00a1Qu\u00e9\nexcelente lecci\u00f3n para que este tipo de aventura especulativa no volviera a\nrepetirse! La salida de la Depresi\u00f3n fue ayudada, en gran medida, por la\nparticipaci\u00f3n de los EE UU en la Segunda Guerra Mundial (1939-1945). Despu\u00e9s de\nella, todo cambi\u00f3. La aparici\u00f3n de una <em>potencia\nque nadie esperaba en los papeles<\/em>, la Uni\u00f3n sovi\u00e9tica, alteraba el tablero\ninternacional. Se modificaron muchas cosas del viejo liberalismo. Los pa\u00edses\ncentrales dise\u00f1aron una distribuci\u00f3n de los bienes que inclu\u00eda a sectores sociales.\nLa implosi\u00f3n de la Uni\u00f3n sovi\u00e9tica (1990) abri\u00f3 otro camino que sedujo a los\nfinancistas.<\/p>\n\n\n\n<p class=\"wp-block-paragraph\">Le respondo a ese expresi\u00f3n\nesperanzada: Despu\u00e9s de varias situaciones cr\u00edticas <em>estall\u00f3 la burbuja especulativa de los bonos de las hipotecas sub-prime<\/em>\n2007\/8 que repiti\u00f3 la vieja historia. Pero esta vez las consecuencias no han\npodido ser superadas m\u00e1s de diez a\u00f1os despu\u00e9s. No ser\u00eda una buena pregunta:\n\u00bfcu\u00e1ntas veces hay que tropezar con la misma piedra?<br><\/p>\n\n\n\n<hr class=\"wp-block-separator\"\/>\n\n\n\n<p class=\"wp-block-paragraph\"><a href=\"#_ftnref1\">[1]<\/a> Un crack burs\u00e1til es una\nca\u00edda vertiginosa de las cotizaciones en la mayor\u00eda de los valores de una o\nvarias Bolsas, durante un corto periodo.<\/p>\n","protected":false},"excerpt":{"rendered":"<p>Por Ricardo Vicente L\u00f3pez En esta semana se cumplen noventa a\u00f1os de un acontecimiento que conmocion\u00f3 al mundo, por lo menos el mundo occidental: gener\u00f3 p\u00e1nicos, dio lugar a una cadena nunca imaginada de quiebras de empresas, de suicidios de personas que se vieron de pronto ante la p\u00e9rdida total de sus bienes. Tal vez [&hellip;]<\/p>\n","protected":false},"author":1,"featured_media":0,"parent":85391,"menu_order":0,"comment_status":"closed","ping_status":"closed","template":"","meta":{"footnotes":""},"class_list":["post-85336","page","type-page","status-publish","hentry"],"_links":{"self":[{"href":"https:\/\/ricardovicentelopez.com.ar\/index.php?rest_route=\/wp\/v2\/pages\/85336","targetHints":{"allow":["GET"]}}],"collection":[{"href":"https:\/\/ricardovicentelopez.com.ar\/index.php?rest_route=\/wp\/v2\/pages"}],"about":[{"href":"https:\/\/ricardovicentelopez.com.ar\/index.php?rest_route=\/wp\/v2\/types\/page"}],"author":[{"embeddable":true,"href":"https:\/\/ricardovicentelopez.com.ar\/index.php?rest_route=\/wp\/v2\/users\/1"}],"replies":[{"embeddable":true,"href":"https:\/\/ricardovicentelopez.com.ar\/index.php?rest_route=%2Fwp%2Fv2%2Fcomments&post=85336"}],"version-history":[{"count":1,"href":"https:\/\/ricardovicentelopez.com.ar\/index.php?rest_route=\/wp\/v2\/pages\/85336\/revisions"}],"predecessor-version":[{"id":85338,"href":"https:\/\/ricardovicentelopez.com.ar\/index.php?rest_route=\/wp\/v2\/pages\/85336\/revisions\/85338"}],"up":[{"embeddable":true,"href":"https:\/\/ricardovicentelopez.com.ar\/index.php?rest_route=\/wp\/v2\/pages\/85391"}],"wp:attachment":[{"href":"https:\/\/ricardovicentelopez.com.ar\/index.php?rest_route=%2Fwp%2Fv2%2Fmedia&parent=85336"}],"curies":[{"name":"wp","href":"https:\/\/api.w.org\/{rel}","templated":true}]}}