{"id":85262,"date":"2019-11-27T11:13:26","date_gmt":"2019-11-27T11:13:26","guid":{"rendered":"http:\/\/ricardovicentelopez.com.ar\/?page_id=85262"},"modified":"2020-04-22T14:41:43","modified_gmt":"2020-04-22T14:41:43","slug":"61-el-que-parte-y-reparte-se-queda-con-la-mejor-parte","status":"publish","type":"page","link":"https:\/\/ricardovicentelopez.com.ar\/?page_id=85262","title":{"rendered":"61.- El que parte y reparte\u2026 se queda con la mejor parte\u2026"},"content":{"rendered":"\n<p class=\"has-medium-font-size wp-block-paragraph\"><strong>Por Ricardo Vicente L\u00f3pez<\/strong><\/p>\n\n\n\n<figure class=\"wp-block-image is-resized\"><img loading=\"lazy\" decoding=\"async\" src=\"https:\/\/ricardovicentelopez.com.ar\/wp-content\/uploads\/2019\/11\/61.png\" alt=\"\" class=\"wp-image-85263\" width=\"620\" height=\"360\" srcset=\"https:\/\/ricardovicentelopez.com.ar\/wp-content\/uploads\/2019\/11\/61.png 757w, https:\/\/ricardovicentelopez.com.ar\/wp-content\/uploads\/2019\/11\/61-300x174.png 300w\" sizes=\"auto, (max-width: 620px) 100vw, 620px\" \/><\/figure>\n\n\n\n<blockquote style=\"text-align:right\" class=\"wp-block-quote is-layout-flow wp-block-quote-is-layout-flow\"><p><em>El dicho hace referencia a quien controla, <br> siempre sale el m\u00e1s beneficiado; o suele <br> quedarse con lo mejor para s\u00ed mismo.<\/em><br> Academia de la Lengua<\/p><\/blockquote>\n\n\n\n<p class=\"wp-block-paragraph\">El problema de la riqueza de\nunos pocos y de los muchos que tienen poco o nada parece ser uno de esos temas\nque se investiga poco y se habla de \u00e9l menos. Las veces que aparece el tema se\ndesmembra en un conjunto de partes inconexas. La nota presente intenta\nestablecer canales o puentes de relaci\u00f3n que nos abran el panorama. Es\nnecesario caminar hacia un horizonte de verdad, cosa muy dificultosa hoy por la\ncantidad de intereses que se interponen en este tipo de estudios.<\/p>\n\n\n\n<p class=\"wp-block-paragraph\">Fernando Luengo, espa\u00f1ol, Profesor\nde Econom\u00eda Aplicada de la Universidad Complutense de Madrid y Coordinador del\n\u00e1rea de Econom\u00eda del Consejo Ciudadano, nos ofrece un an\u00e1lisis muy interesante\nrespecto del tema de la concentraci\u00f3n de la riqueza. Escribi\u00f3 una nota que\ntitul\u00f3 \u201c<em>Oxfam tiene raz\u00f3n &#8211; la\nconcentraci\u00f3n del ingreso es un problema<\/em>\u201d. Le recuerdo, amigo lector,\naunque ya he citado esta organizaci\u00f3n en notas anteriores, que Oxfam: <\/p>\n\n\n\n<p class=\"wp-block-paragraph\">\u201cEs una <em>Confederaci\u00f3n internacional formada por 17\norganizaciones nacionales, no gubernamentales, que realizan labores&nbsp; humanitarias en 90 pa\u00edses. Su lema es \u00abTrabajar\ncon otros para combatir la pobreza y el sufrimiento\u00bb<\/em>. Publican\ninformes anuales sobre la situaci\u00f3n socio-econ\u00f3mica global. El profesor se\nrefiere en su nota al informe de \u201c<em>Oxfam\nReparto desigual<\/em>. <em>C\u00f3mo distribuyen\nvalor las empresas del Ibex 35<\/em>\u201d [<a href=\"#_ftn1\">[1]<\/a>]. <\/p>\n\n\n\n<p class=\"wp-block-paragraph\">Es interesante el comentario\nque encabeza el Informe:<\/p>\n\n\n\n<p class=\"wp-block-paragraph\"><em>C\u00f3mo distribuyen valor las empresas del<\/em> IBEX 35.- Las empresas son\nactores imprescindibles en el juego econ\u00f3mico. <em>Pero su actuaci\u00f3n no deber\u00eda contribuir a incrementar la desigualdad<\/em>.\nEn los \u00faltimos a\u00f1os, <em>muchas grandes\nempresas est\u00e1n embarcadas en inversiones cortoplacistas centradas en la\nrentabilidad inmediata<\/em>. Todo ello tiene por objeto <em>retribuir generosamente a inversores y altos cargos de esas empresas<\/em>.\nComo consecuencia no actualizan los sueldos del resto de trabajadores, propios\no subcontratados, y eluden su contribuci\u00f3n fiscal. <em>Se trata de un modelo empresarial cuya huella es un incremento de la\ndesigualdad<\/em>. Mientras, otra parte del sector privado trata de buscar cauces\npara <em>hacer compatible una rentabilidad\nrazonable con la sostenibilidad y la equidad<\/em>. <\/p>\n\n\n\n<p class=\"wp-block-paragraph\">Es de hacer notar el tono\nmuy mesurado del comentario que, creo, es comprensible trat\u00e1ndose de una\norganizaci\u00f3n internacional que en su misi\u00f3n debe cumplir con lo que sostiene su\nlema, \u201c<em>trabajar con otros para combatir\nla pobreza y el sufrimiento\u00bb<\/em>. Por esa raz\u00f3nno desea involucrarse en los juegos de poder de la pol\u00edtica\ninternacional. Como define su tarea en t\u00e9rminos de ayuda a los necesitados, sus\ncomentarios se ci\u00f1en en torno a <em>la\ndesigualdad<\/em>. Siguiendo su &nbsp;investigaci\u00f3n,\nel Profesor de la Complutense de Madrid, concentra su comentario sobre el tema\nde las remuneraciones de los altos ejecutivos, directivos y principales\naccionistas de un selecto grupo de empresas: las que integran el Ibex 35.\nRefiri\u00e9ndose al texto del Informe dice:<\/p>\n\n\n\n<p class=\"wp-block-paragraph\">A la luz del\ndiagn\u00f3stico y las recomendaciones planteados, quiero compartir con los lectores\nalgunas reflexiones sobre las pol\u00edticas de represi\u00f3n salarial llevadas a cabo,\ndesde hace d\u00e9cadas y con especial virulencia en los \u00faltimos a\u00f1os, en la\neconom\u00eda espa\u00f1ola y en el conjunto de la Uni\u00f3n Europea.<\/p>\n\n\n\n<p class=\"wp-block-paragraph\">El profesor hace un\ncomentario mucho m\u00e1s severo que el que hace OXFAM, mucho m\u00e1s diplom\u00e1tico.\nAdopta una actitud mucho m\u00e1s cr\u00edtica. Sus reflexiones apuntan al grueso de la\ncuesti\u00f3n y desnuda, lo que yo me atrevo a calificar, como una<em> ambici\u00f3n sin l\u00edmites<\/em> y un <em>deseo permanentemente insatisfecho<\/em> de\nposeer siempre m\u00e1s. Expone su pensamiento con mucha claridad:&nbsp;&nbsp; <\/p>\n\n\n\n<p class=\"wp-block-paragraph\">Si utilizamos\ncon propiedad el lenguaje -sin subterfugios ni enredos- hay que decir que, en\nsentido estricto, <em>no se ha aplicado una\npol\u00edtica de contenci\u00f3n de salarios en lo que concierne a los percibidos por los\ndirectivos y ejecutivos de las empresas -de las grandes corporaciones<\/em>,\nsobre todo-, que <em>han aumentado de manera\nsustancial o se han mantenido en niveles astron\u00f3micos<\/em>. De hecho, el aumento\nde la brecha salarial -adem\u00e1s de la que separa a las rentas del capital y del\ntrabajo- <em>est\u00e1 entre las causas m\u00e1s\nrelevantes del avance de la desigualdad<\/em>.<\/p>\n\n\n\n<p class=\"wp-block-paragraph\">Un juego que le propongo,\namigo lector, es recordar, o buscar, en los grandes medios algunas explicaciones\nsobre estas desigualdades. La regla que rige es atribuir la desigualdad a las <em>habilidades de algunos<\/em> por ganar m\u00e1s y a\n<em>las dificultades o desidia<\/em> que les impide\nlograrlo a los dem\u00e1s. Lo que se puede definir como el <em>espacio p\u00fablico de la comunicaci\u00f3n<\/em>, que en el mundo de hoy se ha\nconvertido en la fuente <em>casi excluyente\nde informaci\u00f3n<\/em>, se caracteriza por no relacionar casi nunca la <em>pobreza<\/em> con la <em>riqueza<\/em>. La primera es una situaci\u00f3n lamentable cuyo origen se\npierde en tiempos lejanos y que, por esa raz\u00f3n, es de <em>muy dif\u00edcil soluci\u00f3n<\/em>. La segunda es mostrada como una <em>capacidad de manejo de los negocios<\/em> de\nlos grandes hombres de empresa que han logrado <em>con mucho esfuerzo su primer mill\u00f3n de d\u00f3lares<\/em>, expresi\u00f3n con la\ncual se define en los EEUU el comienzo de una carrera exitosa. <em>Pareciera que el camino est\u00e1 disponible para\nquien quiera y se esfuerce<\/em>: <\/p>\n\n\n\n<p class=\"wp-block-paragraph\">Un modelo de\nesos exitosos, Warren Buffet, muestra sus or\u00edgenes humildes, sin embargo acumul\u00f3\nun valor neto de u$s 1 mill\u00f3n a la edad de 30 a\u00f1os; algunos dicen que sabe bastante\nsobre la acumulaci\u00f3n de riqueza. Si se busca consejos sobre las mejores\ninversiones o c\u00f3mo &nbsp;ganar un mill\u00f3n de\nd\u00f3lares, \u00e9l es el hombre a seguir, dado que explica en nueve razones c\u00f3mo se\npuede llegar a ser multimillonario. <\/p>\n\n\n\n<p class=\"wp-block-paragraph\">El Profesor Luengo apunta su\ncr\u00edtica en l\u00ednea de lo que queda dicho m\u00e1s arriba. Ruego prestar especial\natenci\u00f3n a sus&nbsp; palabras porque critican\nlos argumentos que podemos leer o escuchar en cualquier medio o en boca de\npol\u00edticos liberales:<\/p>\n\n\n\n<p class=\"wp-block-paragraph\">Economistas\nconservadores, grandes medios de comunicaci\u00f3n y gobiernos han pretendido\njustificar la necesidad de la \u201causteridad salarial\u201d [Reforma laboral] para\nreforzar la productividad y la posici\u00f3n competitiva de las empresas. <em>En apariencia, puro sentido com\u00fan<\/em>. No\ns\u00f3lo se presupone, err\u00f3neamente, la existencia de un nexo causal entre la\npresi\u00f3n a la baja de los salarios y la mejora de los est\u00e1ndares de rentabilidad\nde las firmas. <em>Se ignora, adem\u00e1s, que,\ncomo se\u00f1ala con acierto el informe de Oxfam, un porcentaje sustancial de los\nbeneficios generados por ellas se han destinado a pagar jugosos dividendos a\nlos grandes accionistas; en su mayor parte, Fondos de Inversi\u00f3n que operan en\nlos mercados financieros especulativos <\/em>[fondos buitres]. Resulta pues,\nevidente, que <em>la secuencia contenci\u00f3n\nsalarial\/recuperaci\u00f3n de los m\u00e1rgenes empresariales\/aumento de la inversi\u00f3n\nproductiva simplemente no ha funcionado nunca<\/em>. <\/p>\n\n\n\n<p class=\"wp-block-paragraph\">Es muy seductor y pedag\u00f3gico\ncomo va desmenuzando los an\u00e1lisis y los comentarios de los economistas\nortodoxos. Es decir, los que no se apartan ni una coma de los dogmas que fueron\nestablecidos en el famoso texto del Consenso de Washington. Wikipedia dice de\n\u00e9l:<\/p>\n\n\n\n<p class=\"wp-block-paragraph\">Se conoce como\nConsenso de Washington a un conjunto de diez recomendaciones de pol\u00edtica\necon\u00f3mica formuladas en 1989 por el economista ingl\u00e9s John Williamson, que\nten\u00edan como objetivo orientar a los pa\u00edses en desarrollo inmersos en la crisis\necon\u00f3mica para que lograsen salir de la misma.<\/p>\n\n\n\n<p class=\"wp-block-paragraph\">Agrega el Profesor a lo ya\ndicho, que nos sirve como aclaraci\u00f3n a esta definici\u00f3n:<\/p>\n\n\n\n<p class=\"wp-block-paragraph\">En la liturgia\nde la econom\u00eda convencional se presenta a la empresa como una \u201ccomunidad de\nintereses\u201d, <em>lanzando el mensaje de que si\nel proyecto empresarial va bien, todos, de una manera u otra, ganan.<\/em> Es una\nret\u00f3rica vac\u00eda, falsa y cargada hasta la m\u00e9dula de ideolog\u00eda que nada tiene que\nver con la realidad. Al contrario<em>, en los\nepisodios de crisis, los ajustes siempre recaen sobre los trabajadores,\nespecialmente sobre los m\u00e1s vulnerables, y las clases populares<\/em>. Y cuando\nla econom\u00eda recupera el crecimiento, en muy escas\u00edsimos casos, tambi\u00e9n\npredomina la inequidad a la hora de repartir los buenos resultados.<\/p>\n\n\n\n<p class=\"wp-block-paragraph\">El informe de Oxfam califica\nde \u201cextravagantes\u201d, \u201cinjustas\u201d, \u201cdepredatorias\u201d, las retribuciones percibidas\npor los altos dirigentes, llamados hoy, por regla general, CEOS, palabra que ha\nreemplazado a la cl\u00e1sica de <em>Gerente\nGeneral<\/em>: <\/p>\n\n\n\n<p class=\"wp-block-paragraph\">Sus ingresos son\nvarios cientos de veces -y en algunos casos m\u00e1s de miles veces- superiores al\nsalario promedio recibido por los trabajadores de sus empresas. Esta\n\u201cextravagancia\u201d <em>s\u00f3lo se puede entender en\nclave de privilegios y relaciones de poder<\/em>. Se trata de unas retribuciones\nque nada tienen que ver con la supuesta contribuci\u00f3n que aportan a la\nproductividad del trabajo. Sus ingresos, <em>son\ndefinidos por ellos mismos<\/em> <em>y alimentan\ntanto los mercados financieros como el consumo suntuario<\/em> y representan un <em>factor de descapitalizaci\u00f3n y\nempobrecimiento de las empresas que dirigen.<\/em><\/p>\n\n\n\n<p class=\"wp-block-paragraph\">Estos son algunos de los\nargumentos que se deben analizar para desenmascarar los injustificados\nprivilegios de los que administran los destinos de las grandes corporaciones. Es\nun proceso que, si bien no es nuevo, a partir de la d\u00e9cada de los ochenta se\nprofundiz\u00f3, llegando en la de los noventa a extremos delincuenciales. La grave\ncrisis de 2007\/8 es un ejemplo de esos desmanejos:<\/p>\n\n\n\n<p class=\"wp-block-paragraph\">La crisis de las\n<em>hipotecas subprime<\/em> [<a href=\"#_ftn2\">[2]<\/a>]\nfue una crisis financiera, por desconfianza crediticia, que como un rumor\ncreciente, se extendi\u00f3 inicialmente por los mercados financieros de Estados\nUnidos y fue la alarma que puso en el punto de mira a las hipotecas basura de\nEuropa desde el verano del 2007, evidenci\u00e1ndose al verano siguiente con la\ncrisis financiera de 2008.<\/p>\n\n\n\n<p class=\"wp-block-paragraph\">Los manejos fraudulentos de\ncapitales financieros se precipitaron en una vor\u00e1gine contagiosa que acab\u00f3 en\nuna crisis que abarc\u00f3 gran parte de los pa\u00edses occidentales. Dice wikipedia:<\/p>\n\n\n\n<p class=\"wp-block-paragraph\">Dado que la deuda puede ser\nobjeto de venta y transacci\u00f3n econ\u00f3mica, mediante compra de&nbsp;<a href=\"https:\/\/es.wikipedia.org\/wiki\/Bono_(finanzas)\">bonos<\/a>, las hipotecas subprime pod\u00edan ser retiradas\ndel activo del balance de la entidad concesionaria, siendo transferidas a&nbsp;<a href=\"https:\/\/es.wikipedia.org\/wiki\/Fondo_com%C3%BAn_de_inversi%C3%B3n\">fondos de inversi\u00f3n<\/a>&nbsp;o planes de pensiones. Las &nbsp;hipotecas de alto riesgo, conocidas en Estados\nUnidos como cr\u00e9dito subprime, eran un tipo especial de hipoteca,\npreferentemente utilizado para la adquisici\u00f3n de vivienda, y orientada a\nclientes <em>con escasa solvencia<\/em>, y por\ntanto con <em>un nivel de riesgo de impago\nsuperior a la media del resto de cr\u00e9ditos<\/em>. El problema surge cuando el\ninversor (que puede ser una entidad financiera, un banco o un particular)\ndesconoce el verdadero riesgo asumido. La crisis hipotecaria de 2007 se desat\u00f3\nen el momento en que los inversores percibieron se\u00f1ales de alarma respecto a la\nincobrabilidad de esas inversiones.<\/p>\n\n\n\n<p class=\"wp-block-paragraph\">Lo sorprendente es que\nmuchos de esos CEOS salieron de esta gran crisis con mucho m\u00e1s dinero del que\npose\u00edan antes (\u00bf?\u00bf?). En los a\u00f1os siguientes, a pesar de las crisis, muchos de\nellos han incrementado su poder econ\u00f3mico y pol\u00edtico. Esto lleva a nuestro\nProfesor a afirmar:<\/p>\n\n\n\n<p class=\"wp-block-paragraph\">Por esa raz\u00f3n, <em>urge la aplicaci\u00f3n de una decidida pol\u00edtica\nencaminada a repartir el ingreso<\/em>; y esto significa, hay que ser conscientes\nde ello, debilitar el poder y el estatus de los de arriba. <em>Avanzar en esa direcci\u00f3n es necesario para salir de la crisis de manera\nsostenible y solidaria, sanear las finanzas p\u00fablicas, mejorar las condiciones\nde los trabajadores y ejercer dentro de las empresas el pleno ejercicio de los\nderechos de la ciudadan\u00eda<\/em>.<br><\/p>\n\n\n\n<hr class=\"wp-block-separator\"\/>\n\n\n\n<p class=\"wp-block-paragraph\"><a href=\"#_ftnref1\">[1]<\/a> Es el principal \u00edndice burs\u00e1til de\nreferencia de la bolsa espa\u00f1ola elaborado por Bolsas y Mercados Espa\u00f1oles.<\/p>\n\n\n\n<p class=\"wp-block-paragraph\"><a href=\"#_ftnref2\">[2]<\/a> Se\ncaracteriza por tener un nivel de riesgo de impago superior a la media del\nresto de cr\u00e9ditos; hipotecas que se conceden a gente o empresas con muy pocos\nrecursos.<\/p>\n","protected":false},"excerpt":{"rendered":"<p>Por Ricardo Vicente L\u00f3pez El dicho hace referencia a quien controla, siempre sale el m\u00e1s beneficiado; o suele quedarse con lo mejor para s\u00ed mismo. Academia de la Lengua El problema de la riqueza de unos pocos y de los muchos que tienen poco o nada parece ser uno de esos temas que se investiga [&hellip;]<\/p>\n","protected":false},"author":1,"featured_media":0,"parent":85391,"menu_order":0,"comment_status":"closed","ping_status":"closed","template":"","meta":{"footnotes":""},"class_list":["post-85262","page","type-page","status-publish","hentry"],"_links":{"self":[{"href":"https:\/\/ricardovicentelopez.com.ar\/index.php?rest_route=\/wp\/v2\/pages\/85262","targetHints":{"allow":["GET"]}}],"collection":[{"href":"https:\/\/ricardovicentelopez.com.ar\/index.php?rest_route=\/wp\/v2\/pages"}],"about":[{"href":"https:\/\/ricardovicentelopez.com.ar\/index.php?rest_route=\/wp\/v2\/types\/page"}],"author":[{"embeddable":true,"href":"https:\/\/ricardovicentelopez.com.ar\/index.php?rest_route=\/wp\/v2\/users\/1"}],"replies":[{"embeddable":true,"href":"https:\/\/ricardovicentelopez.com.ar\/index.php?rest_route=%2Fwp%2Fv2%2Fcomments&post=85262"}],"version-history":[{"count":1,"href":"https:\/\/ricardovicentelopez.com.ar\/index.php?rest_route=\/wp\/v2\/pages\/85262\/revisions"}],"predecessor-version":[{"id":85264,"href":"https:\/\/ricardovicentelopez.com.ar\/index.php?rest_route=\/wp\/v2\/pages\/85262\/revisions\/85264"}],"up":[{"embeddable":true,"href":"https:\/\/ricardovicentelopez.com.ar\/index.php?rest_route=\/wp\/v2\/pages\/85391"}],"wp:attachment":[{"href":"https:\/\/ricardovicentelopez.com.ar\/index.php?rest_route=%2Fwp%2Fv2%2Fmedia&parent=85262"}],"curies":[{"name":"wp","href":"https:\/\/api.w.org\/{rel}","templated":true}]}}