{"id":84974,"date":"2019-11-12T11:54:35","date_gmt":"2019-11-12T11:54:35","guid":{"rendered":"http:\/\/ricardovicentelopez.com.ar\/?page_id=84974"},"modified":"2019-11-12T14:52:24","modified_gmt":"2019-11-12T14:52:24","slug":"10-humana-mente-26-06","status":"publish","type":"page","link":"https:\/\/ricardovicentelopez.com.ar\/?page_id=84974","title":{"rendered":"10- Humana mente (26\/06)"},"content":{"rendered":"\n<figure class=\"wp-block-image\"><img loading=\"lazy\" decoding=\"async\" width=\"468\" height=\"383\" src=\"https:\/\/ricardovicentelopez.com.ar\/wp-content\/uploads\/2019\/11\/10-8.png\" alt=\"\" class=\"wp-image-84975\" srcset=\"https:\/\/ricardovicentelopez.com.ar\/wp-content\/uploads\/2019\/11\/10-8.png 468w, https:\/\/ricardovicentelopez.com.ar\/wp-content\/uploads\/2019\/11\/10-8-300x246.png 300w\" sizes=\"auto, (max-width: 468px) 100vw, 468px\" \/><\/figure>\n\n\n\n<p class=\"wp-block-paragraph\">El escritor y periodista chileno Ernesto\nCarmona Ulloa habl\u00f3 de este tema su ponencia \u201c<em>Periodismo, \u00c9tica y Democracia<\/em>\u201d en el <em>Centro Internacional de Altos Estudios de la Comunicaci\u00f3n para Am\u00e9rica\nLatina<\/em> desde una \u00f3ptica similar:<\/p>\n\n\n\n<p class=\"wp-block-paragraph\">Los\ngrandes medios de Am\u00e9rica Latina padecen una profunda crisis \u00e9tica por no\ncumplir con su mandato esencial de informar \u00abveraz y oportunamente\u00bb.\nAl sepultar la noci\u00f3n de medios libres e imparciales y el \u00abdeber ser\ninformativo\u00bb asociado a los or\u00edgenes de la prensa, perdi\u00f3 su fin \u00e9tico\n\u00faltimo. La p\u00e9rdida de la \u00e9tica, fue acelerada por la concentraci\u00f3n medi\u00e1tica y\nestimulada por el modelo neo-conservador impuesto en las \u00faltimas d\u00e9cadas. Apoy\u00f3\nlos excesos de la gran concentraci\u00f3n del poder corporativo y financiero que fue\nla causante de la crisis actual. Adem\u00e1s edific\u00f3 una tiran\u00eda medi\u00e1tica, al\nerigir una \u00abmediocracia\u00bb [gobierno de los medios] que define y regula\ncasi todos los \u00e1mbitos de la vida contempor\u00e1nea.<\/p>\n\n\n\n<p class=\"wp-block-paragraph\">Creemos que estas palabras\ndeben ser tomadas como un llamado de atenci\u00f3n respecto de lo que est\u00e1 pasando\nen el espacio de las comunicaciones. Este es un tema que una radio\nuniversitaria no pude soslayar. Debemos decir que todo esto <em>puede<\/em> y <em>debe<\/em> decirse desde el espacio libre para el pensamiento que\nrepresenta la Universidad dentro del juego de las instituciones de la\ndemocracia. <\/p>\n\n\n\n<p class=\"wp-block-paragraph\">2.- Para que podamos ampliar\nel \u00e1mbito de nuestras reflexiones vamos&nbsp;\na citar a un investigador especializado en comunicaci\u00f3n<\/p>\n\n\n\n<p class=\"wp-block-paragraph\">El Dr. Jean Mouchon,\nprofesor de la Universidad de Lille III (Par\u00eds), es un especialista en el\nan\u00e1lisis del impacto de la comunicaci\u00f3n en la opini\u00f3n p\u00fablica. Parte del\nan\u00e1lisis de la noticia convertida en una mercanc\u00eda, por eso habla de la\n\u201cinformaci\u00f3n-mercanc\u00eda\u201d. Debe tenerse en cuenta que esto fue escrito hace m\u00e1s\nde veinte a\u00f1os, pero el panorama que pinta es hoy mucho peor. Si bien se centra\nen la televisi\u00f3n, sus palabras pueden hacerse extensivas a la radio:<\/p>\n\n\n\n<p class=\"wp-block-paragraph\">\u201cLa\nprivatizaci\u00f3n de la televisi\u00f3n francesa cambi\u00f3 bruscamente la naturaleza de los\nprogramas en la generalidad de los canales de Europa. Atada a su fuente de\nfinanciaci\u00f3n, la empresa televisiva comercial no renuncia a su misi\u00f3n primera\nque es asegurarse la m\u00e1xima audiencia, sin\u00f3nimo de m\u00e1xima publicidad. Se puede\nentender entonces que siguiendo esta l\u00f3gica de lucro se haya ido lentamente\nsustituyendo los programas culturales por los reality-shows. Esto nos demuestra\nque, cierto modo de entender la globalizaci\u00f3n y de aceptar un solo modelo de\ningreso a ella, el estadounidense, hace que nos llegue a mucha mayor velocidad\nsu repetici\u00f3n burda El imperio de ese modelo desplaza los modos posibles de\nposicionar nuestro pa\u00eds (Francia) en ese esquema, con un desprecio sin\nantecedentes sobre nuestra posibilidad de negociar un modelo propio\u201d.<\/p>\n\n\n\n<p class=\"wp-block-paragraph\">No es muy distinta la\nsituaci\u00f3n en que nos encontramos nosotros hoy. Esto nos compromete m\u00e1s a\u00fan.<\/p>\n\n\n\n<p class=\"wp-block-paragraph\">3.- Debemos tener en cuenta lo\nque ha sucedido con los medios de comunicaci\u00f3n de masas, sobre todo a partir de\nlas d\u00e9cadas de los ochenta y noventa. Se fue produciendo una concentraci\u00f3n de\nla propiedad en pocas manos, y casi todas ellas empresas multinacionales. <\/p>\n\n\n\n<p class=\"wp-block-paragraph\">En la d\u00e9cada de los ochenta ya\nse hab\u00eda hecho evidente que los medios estaban siendo monopolizados por el\nmodelo de la globalizaci\u00f3n financiera. Comenzaba a ser un tema que no se pod\u00eda\nocultar. La respuesta de parte de las grandes empresas fue realizar un control\nsevero sobre qu\u00e9 se pod\u00eda publica y qu\u00e9 no. Se hab\u00eda terminado la democracia\ninterna de la informaci\u00f3n que se decid\u00eda en la sala de edici\u00f3n. Ahora llegaba\ndesde las gerencias el listado de los temas prohibidos. Todo esto se fue\nnaturalizando en el periodismo y fue aceptado como un modo de conservar el\ntrabajo.<\/p>\n\n\n\n<p class=\"wp-block-paragraph\">El Dr. Javier Esteinou\nMadrid \u2013 Profesor e Investigador de la Universidad Aut\u00f3noma Metropolitana de\nM\u00e9xico escribi\u00f3:<\/p>\n\n\n\n<p class=\"wp-block-paragraph\">En 1980 Sean\nMacBride, Presidente de Asuntos Exteriores del Consejo de Europa, prepar\u00f3 una\npropuesta denominada Informe MacBride con el fin de estudiar los principales\nproblemas de la comunicaci\u00f3n que fue aceptada en la Conferencia General de la\nUNESCO. Examinaba la &nbsp;situaci\u00f3n de las\ncomunicaciones mundiales, sobre las cuales subray\u00f3 cinco realidades que\nentorpec\u00edan una comunicaci\u00f3n libre: 1.- La unidireccionalidad de la\ncomunicaci\u00f3n; 2.- la concentraci\u00f3n vertical y horizontal; 3.- la transnacionalizaci\u00f3n,\nla alineaci\u00f3n informativa respecto de los grandes capitales: y 3.- la falta de\ndemocratizaci\u00f3n de la misma.&nbsp; <\/p>\n\n\n\n<p class=\"wp-block-paragraph\">En resumen: \u201cLa industria de\nla comunicaci\u00f3n est\u00e1 dominada por un n\u00famero relativamente peque\u00f1o de empresas\nque engloban todos los aspectos de la producci\u00f3n y la distribuci\u00f3n, que est\u00e1n\nsituadas en los principales pa\u00edses desarrollados y sus actividades son\ntransnacionales. Los capitales mayoritarios pertenecen a los Fondos de\nInversi\u00f3n. <\/p>\n\n\n\n<p class=\"wp-block-paragraph\">Hasta nuestro pr\u00f3ximo\nencuentro.<\/p>\n","protected":false},"excerpt":{"rendered":"<p>El escritor y periodista chileno Ernesto Carmona Ulloa habl\u00f3 de este tema su ponencia \u201cPeriodismo, \u00c9tica y Democracia\u201d en el Centro Internacional de Altos Estudios de la Comunicaci\u00f3n para Am\u00e9rica Latina desde una \u00f3ptica similar: Los grandes medios de Am\u00e9rica Latina padecen una profunda crisis \u00e9tica por no cumplir con su mandato esencial de informar [&hellip;]<\/p>\n","protected":false},"author":1,"featured_media":0,"parent":74920,"menu_order":0,"comment_status":"closed","ping_status":"closed","template":"","meta":{"footnotes":""},"class_list":["post-84974","page","type-page","status-publish","hentry"],"_links":{"self":[{"href":"https:\/\/ricardovicentelopez.com.ar\/index.php?rest_route=\/wp\/v2\/pages\/84974","targetHints":{"allow":["GET"]}}],"collection":[{"href":"https:\/\/ricardovicentelopez.com.ar\/index.php?rest_route=\/wp\/v2\/pages"}],"about":[{"href":"https:\/\/ricardovicentelopez.com.ar\/index.php?rest_route=\/wp\/v2\/types\/page"}],"author":[{"embeddable":true,"href":"https:\/\/ricardovicentelopez.com.ar\/index.php?rest_route=\/wp\/v2\/users\/1"}],"replies":[{"embeddable":true,"href":"https:\/\/ricardovicentelopez.com.ar\/index.php?rest_route=%2Fwp%2Fv2%2Fcomments&post=84974"}],"version-history":[{"count":3,"href":"https:\/\/ricardovicentelopez.com.ar\/index.php?rest_route=\/wp\/v2\/pages\/84974\/revisions"}],"predecessor-version":[{"id":85021,"href":"https:\/\/ricardovicentelopez.com.ar\/index.php?rest_route=\/wp\/v2\/pages\/84974\/revisions\/85021"}],"up":[{"embeddable":true,"href":"https:\/\/ricardovicentelopez.com.ar\/index.php?rest_route=\/wp\/v2\/pages\/74920"}],"wp:attachment":[{"href":"https:\/\/ricardovicentelopez.com.ar\/index.php?rest_route=%2Fwp%2Fv2%2Fmedia&parent=84974"}],"curies":[{"name":"wp","href":"https:\/\/api.w.org\/{rel}","templated":true}]}}