{"id":84950,"date":"2019-11-12T11:35:49","date_gmt":"2019-11-12T11:35:49","guid":{"rendered":"http:\/\/ricardovicentelopez.com.ar\/?page_id=84950"},"modified":"2020-04-22T14:41:42","modified_gmt":"2020-04-22T14:41:42","slug":"49-debemos-liberarnos-del-neoliberalismo-para-ser-felices","status":"publish","type":"page","link":"https:\/\/ricardovicentelopez.com.ar\/?page_id=84950","title":{"rendered":"49.- Debemos liberarnos del neoliberalismo para ser felices"},"content":{"rendered":"\n<p class=\"wp-block-paragraph\">Por Ricardo Vicente L\u00f3pez<\/p>\n\n\n\n<blockquote style=\"text-align:right\" class=\"wp-block-quote is-layout-flow wp-block-quote-is-layout-flow\"><p><em>Porque despu\u00e9s de todo he comprendido que lo que el <br> \u00e1rbol tiene de florido vive de lo que tiene sepultado.<\/em><br> Francisco Luis Bern\u00e1rdez<\/p><\/blockquote>\n\n\n\n<blockquote style=\"text-align:right\" class=\"wp-block-quote is-layout-flow wp-block-quote-is-layout-flow\"><p><em>La mayor victoria del imperialismo no es s\u00f3lo la obtenci\u00f3n de beneficios <br> materiales, sino su conquista del espacio interior de las conciencias a trav\u00e9s de los <br> medios de comunicaci\u00f3n de masas, primero, y de las llamadas redes digitales.<\/em><br> Aram Aharonian &#8211; Periodista y comunic\u00f3logo uruguayo<\/p><\/blockquote>\n\n\n\n<figure class=\"wp-block-image\"><img loading=\"lazy\" decoding=\"async\" width=\"712\" height=\"406\" src=\"https:\/\/ricardovicentelopez.com.ar\/wp-content\/uploads\/2019\/11\/49.png\" alt=\"\" class=\"wp-image-84951\" srcset=\"https:\/\/ricardovicentelopez.com.ar\/wp-content\/uploads\/2019\/11\/49.png 712w, https:\/\/ricardovicentelopez.com.ar\/wp-content\/uploads\/2019\/11\/49-300x171.png 300w\" sizes=\"auto, (max-width: 712px) 100vw, 712px\" \/><\/figure>\n\n\n\n<p class=\"wp-block-paragraph\">En una entrevista que el\ndiario La Jornada de M\u00e9xico le realiz\u00f3 al fil\u00f3sofo Dany-Robert Dufour, Doctor\nen Ciencias de la Educaci\u00f3n, en Letras y en Ciencias Humanas, Profesor en\nCiencias de la Educaci\u00f3n en la Universidad de Par\u00eds VIII, expuso sus cr\u00edticas\nal mundo de hoy, al que caracteriza como un \u201cliberalismo desquiciado\u201d. Es todo\nun desaf\u00edo seguir paso a paso sus reflexiones porque instala su cr\u00edtica en un\npunto de partida que, en una primera &nbsp;aproximaci\u00f3n\nnos descoloca. Se\u00f1alo esto, amigo lector, porque debemos estar atentos a sus\nargumentos ante el riesgo de ubicarlo, prejuiciosamente, en alg\u00fan lugar del\nespacio ideol\u00f3gico que se abre entre los l\u00edmites de la izquierda y la derecha. Debemos\narriesgarnos a salir de ese encuadramiento cl\u00e1sico para comprender la\nprofundidad de lo que nos propone. <\/p>\n\n\n\n<p class=\"wp-block-paragraph\">Ante la pregunta respecto de\nsu afirmaci\u00f3n de que el mercado, actualmente, est\u00e1 ocupando el lugar de Dios (\u00a1afirmaci\u00f3n\nsorprendente!) lo cual nos estar\u00eda hablando de una nueva religi\u00f3n: la religi\u00f3n\nliberal. Aceptar esa propuesta, como dije antes, nos despista y nos exige\npensar. Por ello le pido que sigamos los pasos de su argumentaci\u00f3n: <\/p>\n\n\n\n<p class=\"wp-block-paragraph\">Hay que comparar\nesta religi\u00f3n con las antiguas religiones, que se caracterizaban por tener ciertos\nmandamientos que eran prohibiciones: \u201cno matar\u00e1s\u201d, \u201cno robar\u00e1s\u201d, \u201cno mentir\u00e1s\u201d,\n\u201cno desear\u00e1s a la mujer de tu vecino\u201d, etc. Esta nueva religi\u00f3n es\nabsolutamente diferente de las anteriores porque prescribe el goce, as\u00ed que\npuedes mentir, puedes hacer valer tus intereses privados y ego\u00edstas, puedes ser\nfeliz en la lujuria, puedes llevar un estilo de vida dispendioso. Todo eso \u00bfpor\nqu\u00e9? <em>Porque es bueno para el mercado<\/em>.\nTodo lo que antes se prohib\u00eda o se reprim\u00eda ahora tiene que ser liberado. <em>El liberalismo es en primer lugar eso, algo\nque libera, y libera seg\u00fan la terrible f\u00f3rmula que fue establecida para siempre\npor Bernard de Mandeville en 1704: \u201cLos vicios privados constituyen la virtud\np\u00fablica\u201d<\/em>. <\/p>\n\n\n\n<p class=\"wp-block-paragraph\">Si se acepta que el\nliberalismo econ\u00f3mico enarbol\u00f3 la bandera de ese tipo de libertades, es\nnecesario que ya nada impida el libre juego del individuo: desear y obtener\ntodo aquello que desee, ya no importa c\u00f3mo.<\/p>\n\n\n\n<p class=\"wp-block-paragraph\">La frase <em>laissez faire, laissez passer<\/em> es una\nexpresi\u00f3n francesa que significa \u00abdejen hacer, dejen pasar\u00bb; una pr\u00e1ctica caracterizada\npor la abstenci\u00f3n de toda posible intervenci\u00f3n o interferencia del Estado,\nespecialmente con la libertad individual de elecci\u00f3n y acci\u00f3n. Se sent\u00f3 as\u00ed la doctrina\nque se opone a la injerencia gubernamental en asuntos econ\u00f3micos. La raz\u00f3n que\nla fundamenta es que el mercado realiza en la econom\u00eda<em> una supuesta<\/em> <em>asignaci\u00f3n m\u00e1s\neficiente de los recursos<\/em>. En otras palabras: <em>la libertad de los mercados<\/em>. Consiste en <em>liberar a los individuos de toda restricci\u00f3n que pueda limitarle sus\nconductas<\/em>.<\/p>\n\n\n\n<p class=\"wp-block-paragraph\">Dice el profesor:<\/p>\n\n\n\n<p class=\"wp-block-paragraph\">Ustedes saben\nque el laissez-faire es el lema principal del liberalismo (\u201cno regulemos ya\nnada\u201d) y, de hecho, lo que es necesario reconocer es que cuando se deja que\nact\u00faen libremente los ego\u00edsmos privados se produce m\u00e1s riqueza p\u00fablica. Pero el\nproblema no est\u00e1 ah\u00ed, a nivel de la producci\u00f3n de la riqueza mercantil; este\nprincipio funciona ah\u00ed perfectamente y funciona bien, incluso <em>funciona demasiado bien<\/em>. <em>El problema es que cuando se aplica a las\notras actividades de la vida social, las puede destruir por el enfrentamiento\nde los ego\u00edsmos privados en pos de sus deseos libres<\/em>. Entonces la ecuaci\u00f3n\na trav\u00e9s de la cual se libera al mercado para su mejor funcionamiento, empeora\nla funci\u00f3n de las otras actividades humanas, liberadas de toda restricci\u00f3n.\nEntonces llegamos a esta ecuaci\u00f3n extra\u00f1a y parad\u00f3jica: <em>la econom\u00eda mercantil destruye la vida comunitaria<\/em>. Ese es <em>el gran problema y la gran contradicci\u00f3n del\nliberalismo<\/em>.<\/p>\n\n\n\n<p class=\"wp-block-paragraph\">Debemos detenernos a pensar\nsu propuesta. Toda religi\u00f3n tiene mandamientos, el primero de esta religi\u00f3n\nliberal dice: \u201cTe dejar\u00e1s llevar por tu ego\u00edsmo\u201d. Asumir ese mandamiento debe\nobligarnos a definir si eso es bueno para nuestra sociedad. La liberaci\u00f3n del\nego\u00edsmo tiene efectos nocivos sobre la socializaci\u00f3n y la salud subjetiva. Este\nprimer mandamiento, muy lejos de llevar a la generalizaci\u00f3n del individualismo\nen nuestras sociedades, ha conducido a lo contrario. La libertad proclamada,\nque lleva a competir en el mercado, produce ganadores y perdedores. Entonces, <em>la libertad de consumir la tienen los\nganadores<\/em>. Los que pierden quedan fuera de competencia [las enormes\nmayor\u00edas excluidas del mundo]. Esas pierden esa libertad. Transform\u00f3 al\nindividuo en un miembro de esas <em>vastas\nmanadas de consumidores <\/em>(siempre y cuando tengan dinero en el bolsillo).\nNuestras sociedades no se convirtieron en encuentros de individuos comunitarios\n<em>sino en luchas individuales para el logro\nde la obtenci\u00f3n de la mayor porci\u00f3n posible del reparto<\/em>.<\/p>\n\n\n\n<p class=\"wp-block-paragraph\">Agrega el Profesor:<\/p>\n\n\n\n<p class=\"wp-block-paragraph\">El\nindividualismo consiste en entrar en un proceso de individualizaci\u00f3n en el cual\npor fin se logra \u2013despu\u00e9s de una larga formaci\u00f3n\u2013, hablar en nombre propio. Y\nsi eso fueran las sociedades liberales ser\u00eda formidable, pero no es para nada\neso, incluso hoy vemos lo contrario: es atrapar a la gente encerrada en su\nego\u00edsmo y se les dice: \u201cUstedes quieren esto, muy bien, y tienen raz\u00f3n en\nquererlo. Miren, los vamos a llevar hacia los bellos objetos manufacturados que\nhicimos para ustedes, para satisfacer as\u00ed sus deseos m\u00e1s locos\u201d. \u00bfY c\u00f3mo\nfunciona esto? Pues bien, con un catecismo publicitario, que hace que cada vez\nm\u00e1s personas se incluyan en estas <em>manadas\nvirtuales<\/em>. Todo ello a trav\u00e9s de las <em>industrias\nculturales<\/em>, como la televisi\u00f3n, que capta la energ\u00eda ps\u00edquica de los\nindividuos, la capitaliza, le da un formato y la lleva hacia los <em>buenos objetos<\/em> que la <em>buena econom\u00eda del capitalismo<\/em> hizo para\n<em>satisfacer a todos os individuos<\/em>\n\u00bfTodos?. Claro que esto es un poco ir\u00f3nico.<\/p>\n\n\n\n<p class=\"wp-block-paragraph\">Preguntado por su propuesta\nde los <em>nuevos mandatos<\/em> de la <em>nueva religi\u00f3n<\/em>, el sexto mandamiento que\npropone es: \u201cOfender\u00e1s a todo maestro que est\u00e9 en posici\u00f3n de educador porque\nte impide ser t\u00fa mismo\u201d, y el s\u00e9ptimo: \u201cIgnorar\u00e1s la gram\u00e1tica, porque es un\nlugar com\u00fan para todos y s\u00f3lo debe haber lugares individualizados\u201d. De ser esto\nas\u00ed, le preguntan al Profesor: \u00bfqu\u00e9 lugar tiene hoy la escuela? Contesta:<\/p>\n\n\n\n<p class=\"wp-block-paragraph\">La escuela est\u00e1\ngravemente amenazada por la extensi\u00f3n del liberalismo. Los primeros que se\ndieron cuenta de esto fueron, por supuesto, personas que viv\u00edan en Estados\nUnidos en los a\u00f1os sesenta; pienso sobre todo en Hannah Arendt [<a href=\"#_ftn1\">[1]<\/a>],\nquien <em>hablaba de la destrucci\u00f3n de la\nescuela<\/em>. \u00bfY por qu\u00e9 habr\u00eda una destrucci\u00f3n? <em>Pues bien, porque aquellos que se presentan en la escuela son j\u00f3venes o\nadolescentes que est\u00e1n en posici\u00f3n de esperar de la generaci\u00f3n anterior la\ntransmisi\u00f3n de lo que la humanidad ya ha acumulado, ideas, pensamientos,\nvalores, etc\u00e9tera. Est\u00e1n esperando la transmisi\u00f3n de un patrimonio cultural<\/em>.\nEsto no quiere decir para nada que los j\u00f3venes tienen que aceptar este\npatrimonio; al contrario, justamente porque les es transmitido lo pueden\ncriticar; <em>es necesario que critiquen lo\nque la generaci\u00f3n anterior les dio para reinventar el mundo<\/em>. Ahora bien,\ntodas las renovaciones pedag\u00f3gicas, desde hace m\u00e1s o menos cincuenta a\u00f1os, han\ntendido a arruinar esta transmisi\u00f3n, ya no se les transmite nada, y <em>cuando no se les transmite nada les niegan\ntoda capacidad cr\u00edtica<\/em>. <\/p>\n\n\n\n<p class=\"wp-block-paragraph\">Debemos tener en cuenta que\nhabla del primer mundo al cual pertenece. Ello debe ponernos en guardia cuando\nvemos que las reformas educativas tienden a eliminar las humanidades, las\nciencias sociales y reducir los secundarios a cuatro a\u00f1os, etc. El modelo que\nse copia es el que el Doctor Dany-Robert Dufour est\u00e1 criticando. Le preguntan\nsi rescata alguna virtud dentro del liberalismo y del capitalismo. Esta es su\nrespuesta:<\/p>\n\n\n\n<p class=\"wp-block-paragraph\"><em>Creo que hay puntos verdaderamente positivos en el\nliberalismo. El problema ahora es que el liberalismo puede ser presa de un giro\ndonde algunos efectos perversos empiezan a invadir el sistema y pueden hacer\nque este sistema se vuelva anti-productivo<\/em>. Ahora el liberalismo est\u00e1 prometiendo\nla felicidad generalizada, y mucho me temo que una buena cantidad de horrores\nvinculados con el liberalismo se acent\u00faen. <em>Esto\nno quiere decir que haya que rechazar al liberalismo, sino que hay que hacer\nque vuelva a la raz\u00f3n, que ya no podemos someternos al principio del laissez\nfaire<\/em>. <em>Hay que restaurar la funci\u00f3n\npol\u00edtica, es decir, la salvaguarda de los intereses colectivos contra los\nintereses privados<\/em>.<\/p>\n\n\n\n<p class=\"wp-block-paragraph\">Es muy interesante su\nreivindicaci\u00f3n de la pol\u00edtica como el instrumento id\u00f3neo para evitar los\nerrores que nos han tra\u00eddo hasta este hoy. Suplantar el economicismo como el <em>camino \u00fanico<\/em>, y abrir el debate de ideas\npara construir un mundo mejor, que es deseable y posible.<\/p>\n\n\n\n<p class=\"wp-block-paragraph\">La soci\u00f3loga argentina M\u00f3nica\nPeralta Ramos agrega este comentario, que podemos entenderlo como un buen\ncierre:<\/p>\n\n\n\n<p class=\"wp-block-paragraph\">El desaf\u00edo es\nsalir del aislamiento y la disgregaci\u00f3n que imponen distintas formas de\nrepresi\u00f3n del conflicto social: desde el hambre, la recesi\u00f3n econ\u00f3mica, el\nendeudamiento y el blindaje medi\u00e1tico, hasta los aprietes, carpetazos y la\nviolenta represi\u00f3n pol\u00edtica. Esto implica <em>sustituir\nel individualismo<\/em>, la lucha por el bolsillo propio y la peque\u00f1a cuota de\npoder pol\u00edtico individual, por una <em>visi\u00f3n\nde conjunto.<\/em> Privilegiando las relaciones entre colectivos que sufren las\ndistintas formas de ninguneo: expoliaci\u00f3n, falta de representaci\u00f3n e\ninvisibilidad que impone la actual estructura de poder. Es necesario hacer\nvaler sus m\u00faltiples demandas en un clamor \u00fanico que apunte al cambio de la\nrelaci\u00f3n de fuerzas que impera en la coyuntura actual. No ser\u00e1 f\u00e1cil. Sin\nembargo, es posible a condici\u00f3n de conocer lo que est\u00e1 en juego.<\/p>\n\n\n\n<p class=\"wp-block-paragraph\">Creo que es muy importante,\nsobre todo en la situaci\u00f3n actual a la que fue arrojada nuestra sociedad, por\nel dogmatismo, la ignorancia y la ineptitud del equipo gobernante, poder\nsuperar los estrechamientos ideol\u00f3gicos. La <em>ideolog\u00eda\nque sostiene la concepci\u00f3n econ\u00f3mica<\/em> que nos han impuesto pertenece a una\nescuela que s\u00f3lo se ense\u00f1a en las facultades. Teor\u00edas desasidas de los\nproblemas reales. Cuando los que ocupan cargos p\u00fablicos, sin haber pasado por\nla sabia tarea de la experiencia de gobierno, han mostrado dos l\u00edneas de\nacci\u00f3n: 1.- Utilizar el cargo para negocios privados, 2.- Pensar que la teor\u00eda\nse debe aplicar sin tener en consideraci\u00f3n las peculiaridades sociales,\nculturales y pol\u00edticas. En ambos casos han perjudicado a una inmensa mayor\u00eda\ncon sus cegueras pol\u00edticas e ideol\u00f3gicas.<\/p>\n\n\n\n<p class=\"wp-block-paragraph\">\u00bfPodremos pensar que ya ha\nllegado la hora de hacernos cargo de la crisis en la que estamos? \u00bfSeremos\ncapaces de asumir una ciudadan\u00eda responsable que se movilice para poner fin a\nesta etapa?<br><\/p>\n\n\n\n<hr class=\"wp-block-separator\"\/>\n\n\n\n<p class=\"wp-block-paragraph\"><a href=\"#_ftnref1\">[1]<\/a> Hannah Arendt (1906-1975) fil\u00f3sofa alemana, especializada en\nfilosof\u00eda pol\u00edtica, nacionalizada estadounidense, una de las personalidades m\u00e1s\ninfluyentes del siglo XX.<\/p>\n","protected":false},"excerpt":{"rendered":"<p>Por Ricardo Vicente L\u00f3pez Porque despu\u00e9s de todo he comprendido que lo que el \u00e1rbol tiene de florido vive de lo que tiene sepultado. Francisco Luis Bern\u00e1rdez La mayor victoria del imperialismo no es s\u00f3lo la obtenci\u00f3n de beneficios materiales, sino su conquista del espacio interior de las conciencias a trav\u00e9s de los medios de [&hellip;]<\/p>\n","protected":false},"author":1,"featured_media":0,"parent":85391,"menu_order":0,"comment_status":"closed","ping_status":"closed","template":"","meta":{"footnotes":""},"class_list":["post-84950","page","type-page","status-publish","hentry"],"_links":{"self":[{"href":"https:\/\/ricardovicentelopez.com.ar\/index.php?rest_route=\/wp\/v2\/pages\/84950","targetHints":{"allow":["GET"]}}],"collection":[{"href":"https:\/\/ricardovicentelopez.com.ar\/index.php?rest_route=\/wp\/v2\/pages"}],"about":[{"href":"https:\/\/ricardovicentelopez.com.ar\/index.php?rest_route=\/wp\/v2\/types\/page"}],"author":[{"embeddable":true,"href":"https:\/\/ricardovicentelopez.com.ar\/index.php?rest_route=\/wp\/v2\/users\/1"}],"replies":[{"embeddable":true,"href":"https:\/\/ricardovicentelopez.com.ar\/index.php?rest_route=%2Fwp%2Fv2%2Fcomments&post=84950"}],"version-history":[{"count":1,"href":"https:\/\/ricardovicentelopez.com.ar\/index.php?rest_route=\/wp\/v2\/pages\/84950\/revisions"}],"predecessor-version":[{"id":84952,"href":"https:\/\/ricardovicentelopez.com.ar\/index.php?rest_route=\/wp\/v2\/pages\/84950\/revisions\/84952"}],"up":[{"embeddable":true,"href":"https:\/\/ricardovicentelopez.com.ar\/index.php?rest_route=\/wp\/v2\/pages\/85391"}],"wp:attachment":[{"href":"https:\/\/ricardovicentelopez.com.ar\/index.php?rest_route=%2Fwp%2Fv2%2Fmedia&parent=84950"}],"curies":[{"name":"wp","href":"https:\/\/api.w.org\/{rel}","templated":true}]}}