{"id":56937,"date":"2019-06-11T11:42:01","date_gmt":"2019-06-11T11:42:01","guid":{"rendered":"http:\/\/ricardovicentelopez.com.ar\/?page_id=56937"},"modified":"2020-04-22T14:41:08","modified_gmt":"2020-04-22T14:41:08","slug":"33-la-verdad-de-los-medios-y-el-publico-real-masificado","status":"publish","type":"page","link":"https:\/\/ricardovicentelopez.com.ar\/?page_id=56937","title":{"rendered":"33.- La verdad de los medios y el p\u00fablico real masificado"},"content":{"rendered":"\n<p class=\"wp-block-paragraph\">Por Ricardo Vicente L\u00f3pez<\/p>\n\n\n\n<figure class=\"wp-block-image\"><img loading=\"lazy\" decoding=\"async\" width=\"640\" height=\"458\" src=\"https:\/\/ricardovicentelopez.com.ar\/wp-content\/uploads\/2019\/06\/33.png\" alt=\"\" class=\"wp-image-56954\" srcset=\"https:\/\/ricardovicentelopez.com.ar\/wp-content\/uploads\/2019\/06\/33.png 640w, https:\/\/ricardovicentelopez.com.ar\/wp-content\/uploads\/2019\/06\/33-300x215.png 300w\" sizes=\"auto, (max-width: 640px) 100vw, 640px\" \/><\/figure>\n\n\n\n<p class=\"wp-block-paragraph\">Terminada la Primera Guerra Mundial (noviembre de 1918),\nla estructura del escenario pol\u00edtico internacional se hab\u00eda modificado. Para\nlas apetencias del establishment estadounidense ten\u00edan el campo abierto para\nerigirse en un actor importante, porque el Imperio brit\u00e1nico empezaba a mostrar\nsignos de debilidad. <\/p>\n\n\n\n<p class=\"wp-block-paragraph\">Aunque el Reino Unido emergi\u00f3 como uno de los vencedores\nde la guerra los elevados costos que le demand\u00f3 minaron su capacidad financiera\npara mantener aquel vasto imperio. Los brit\u00e1nicos hab\u00edan sufrido miles de bajas\ny liquidado sus recursos financieros a un ritmo alarmante, que condujo al\naumento de la deuda interna y externa. La \u00e9lite de los EEUU se consideraba beneficiaria,\ncon derechos leg\u00edtimos, para reclamar esa herencia. Ellos fueron parte de los\naliados. El Presidente Woodrow Wilson, por diversas razones, demor\u00f3 su\nparticipaci\u00f3n hasta abril de 1917, un a\u00f1o antes de su final. Dijo en su\ndiscurso de la Declaraci\u00f3n de guerra al Imperio alem\u00e1n: \u201cEl mundo debe ponerse\na salvo para la democracia. No tenemos fines ego\u00edstas que servir. No queremos\nconquistar ni dominar\u201d. Ello le dio derecho al presidente a convertirse en una\nde las voces m\u00e1s importantes en las discusiones del Tratado de Versalles en\njunio de 1919 que cerraba el conflicto.<\/p>\n\n\n\n<p class=\"wp-block-paragraph\">Entre las novedades que aparec\u00edan en el escenario\ninternacional, una de ellas, de poca importancia en sus comienzos, fue el\ntriunfo de la Revoluci\u00f3n socialista en la Rusia zarista. Su presencia, muy\ndif\u00edcil da calificar en esos primeros a\u00f1os, mostr\u00f3 una utilizaci\u00f3n de los\ngrandes diarios los EEUU para dise\u00f1ar el \u201cpeligro de un enemigo externo\u201d. <\/p>\n\n\n\n<p class=\"wp-block-paragraph\">Despu\u00e9s de lo dicho antes, puede sorprender saber que Walter\nLippmann, junto con Charles Merz<a href=\"#_ftn1\"><sup>[1]<\/sup><\/a>\n(1874-1940), llevaron adelante una importante investigaci\u00f3n sobre los problemas\nque presentaba el periodismo de su tiempo: la <em>mala informaci\u00f3n<\/em>, las <em>inexactitudes<\/em>,\nlos <em>errores que sesgan la noticia<\/em> y\notros tantos problemas que caracterizaban la forma en que los peri\u00f3dicos\ninformaban. Se concentraron en la cobertura que el <em>The New York Times<\/em> hab\u00eda realizado de la revoluci\u00f3n bolchevique,\nque fue titulada <em>A Test of the News<\/em> (<em>La noticia puesta a prueba<\/em>). Sali\u00f3\npublicada como suplemento de la revista <em>La<\/em>\n<em>Nueva Rep\u00fablica<\/em> en agosto de 1920. <\/p>\n\n\n\n<p class=\"wp-block-paragraph\">Preste\nespecial atenci\u00f3n a su denuncia, amigo lector. Demostr\u00f3 que la cobertura del <em>Times<\/em> &nbsp;no fue ni imparcial ni exacta. La conclusi\u00f3n\nafirm\u00f3: <\/p>\n\n\n\n<p class=\"wp-block-paragraph\">Las noticias del\nperi\u00f3dico no estaban basadas en hechos reales, sino que fueron\n\u00abtergiversadas por la mirada sesgada de los hombres que seleccionaron y\npublicaron esas noticias\u00bb: <em>eventos\nque no sucedieron, atrocidades que nunca se llevaron a cabo, e informaron por\nlo&nbsp; no menos noventa situaciones en las\nque el r\u00e9gimen bolchevique estaba al borde del colapso<\/em>. \u00abLa noticia\nfue que Rusia fue un caso <em>para ver lo que\nno era<\/em>, pero que <em>esos hombres\nnecesitaban mostrar<\/em>\u00ab.<\/p>\n\n\n\n<p class=\"wp-block-paragraph\">Lippmann\ndenunciaba la tendencia de los periodistas a generalizar en sus informaciones\nbas\u00e1ndose en ideas pre-fijadas \u2013pre-juicios\u2212. Argumentaba que todos nosotros,\nincluidos los periodistas, <em>est\u00e1n m\u00e1s\ndispuestos a creer las im\u00e1genes mentales preexistentes<\/em> (the pictures in\ntheir heads) que a llegar a <em>un juicio por\nel pensamiento cr\u00edtico<\/em>. Sostuvo que, como humanos, retenemos las ideas en\nciertas im\u00e1genes subconscientes\u2013 para aquella \u00e9poca la predominante fue el <em>anticomunismo<\/em>\u2212.<\/p>\n\n\n\n<p class=\"wp-block-paragraph\">Adem\u00e1s,\nel periodismo, a principios del siglo XX fue convertido en <em>mass media<\/em> \u2212medio de comunicaci\u00f3n de masas\u2212, un instrumento\nfundamental para el control de p\u00fablicos, por lo cual no fue un m\u00e9todo efectivo\npara educar al <em>gran p\u00fablico<\/em>. Afirmaba\nque <em>la masa del p\u00fablico lector no est\u00e1\ninteresada en aprender ni a asimilar los resultados de una importante\ninvestigaci\u00f3n como la que hab\u00edan realizado:<\/em> <\/p>\n\n\n\n<p class=\"wp-block-paragraph\">\u201cLos ciudadanos est\u00e1n\ndemasiado centrados en s\u00ed mismos como para preocuparse de los asuntos p\u00fablicos\ny pol\u00edticos, excepto para presionar en asuntos locales\u201d. <\/p>\n\n\n\n<p class=\"wp-block-paragraph\">Hab\u00eda\nllegado a la conclusi\u00f3n que <em>los ideales\ndemocr\u00e1ticos se hab\u00edan deteriorado<\/em>; que los votantes <em>eran esencialmente ignorantes sobre las pol\u00edticas<\/em> y los temas de debate\np\u00fablico; que <em>carec\u00edan de competencia para\nparticipar en la vida p\u00fablica<\/em> y que <em>se\npreocupaban bien poco de participar en el proceso pol\u00edtico.<\/em> A pesar de ser\nperiodista no dejaba de decir que: <\/p>\n\n\n\n<p class=\"wp-block-paragraph\"><em>No\nse puede considerar sin\u00f3nimos la verdad y la noticia<\/em>.\n<em>La funci\u00f3n de la noticia es se\u00f1alar un\nhecho, la funci\u00f3n de la verdad es traer a la luz los hechos ocultos<\/em>,\nponerlos en relaci\u00f3n uno con otro, y hacer un cuadro de la realidad sobre el\nque los hombres puedan actuar. <em>La versi\u00f3n\nde la verdad de un periodista es subjetiva y limitada, resultado de c\u00f3mo \u00e9l\nconstruye su realidad<\/em>. Las noticias, por lo tanto, son registradas\nimperfectamente y son demasiado fr\u00e1giles para soportar la carga de ser un\n\u00f3rgano de democracia directa. <\/p>\n\n\n\n<p class=\"wp-block-paragraph\">Quiero\nsubrayar que, si aparecen contradicciones en su pensamiento: \u00e9stas son la\nconsecuencia de sus dos vocaciones. Ser un liberal que defiende la democracia y\nser un periodista que no puede ocultar la realidad del p\u00fablico estadounidense\nal que se dirig\u00eda.<\/p>\n\n\n\n<p class=\"wp-block-paragraph\">Lippmann\npublic\u00f3 un libro en1922 <em>Public Opinion<\/em>\n(La opini\u00f3n p\u00fablica), que se utiliza todav\u00eda hoy en las Facultades de\nPeriodismo de Occidente. En \u00e9l escribi\u00f3 que la estabilidad de los gobiernos que\nse alcanz\u00f3 en el siglo XIX qued\u00f3 amenazada por la realidad pol\u00edtica posterior\nque culmin\u00f3 en la I Guerra Mundial. El problema b\u00e1sico de la democracia del\nsiglo XX fue la exactitud de las noticias y la protecci\u00f3n de las fuentes.\nSostuvo que la informaci\u00f3n distorsionada es inherente a la mente humana (la\nsubjetividad). Se puede ver como la gente toma decisiones antes de definir los\nhechos. Lo ideal ser\u00eda reunir y analizarlos antes de llegar a conclusiones. Ese\nmodo es com\u00fan a la gente y a los periodistas. <em>Ser\u00eda deseable, entonces, sanear la informaci\u00f3n contaminada\nanaliz\u00e1ndola previamente<\/em>. <\/p>\n\n\n\n<p class=\"wp-block-paragraph\">Una conclusi\u00f3n inmediata a semejante afirmaci\u00f3n,\nexpresada sin escr\u00fapulos, es que dada la distancia entre una elite dirigente:\npreparada, entrenada e inteligente, respecto de la masa ignorante, obligaba a\nadoptar algunas medidas para hacer viable la gobernabilidad. Lo enunciaba con\nsu lenguaje sin enga\u00f1os:<\/p>\n\n\n\n<p class=\"wp-block-paragraph\">Por\nello, necesitamos algo que sirva para domesticar al <em>reba\u00f1o perplejo<\/em> [el p\u00fablico de EEUU]; algo que viene a ser <em>la nueva revoluci\u00f3n en el arte de la\ndemocracia<\/em>: la <em>fabricaci\u00f3n del\nconsenso<\/em>. Los medios de comunicaci\u00f3n, las escuelas y la cultura popular\ntienen que estar divididos. La clase pol\u00edtica, los responsables de tomar\ndecisiones, tienen que brindar <em>alg\u00fan\nsentido tolerable de realidad<\/em>, aunque tambi\u00e9n tienen que <em>inculcar las opiniones adecuadas<\/em>. Aqu\u00ed\nla premisa no declarada de forma expl\u00edcita tiene que ver con la cuesti\u00f3n de\nc\u00f3mo se llega a obtener la autoridad para tomar decisiones.\nLos individuos capaces de\n<em>fabricar consenso<\/em> son los que tienen\nlos recursos y el poder de hacerlo \u2212la comunidad financiera y empresarial\u2212 y\npara ellos trabajamos.<\/p>\n\n\n\n<p class=\"wp-block-paragraph\">Presenta una especie de estratificaci\u00f3n cultural, como\ndiagn\u00f3stico social de esa \u00e9poca. Se la puede sintetizar as\u00ed: el pueblo\nestadounidense est\u00e1 sumergido en una cotidianeidad asfixiante, y una gran falta\nde inter\u00e9s; los miembros de la \u00e9lite no est\u00e1n al nivel del compromiso y de la\nformaci\u00f3n necesaria. Por esta raz\u00f3n hace falta un programa de educaci\u00f3n para\nambos niveles de la sociedad. Este debate deber\u00eda asumir lo que Lippmann plantea con estas palabras, que\ntrasuntan cierta amargura. Lo que dice muestra una faceta de su personalidad\nque permite calificarlo como un liberal convencido:<\/p>\n\n\n\n<p class=\"wp-block-paragraph\">Hoy [1925] el ciudadano de a pie se siente como un espectador sordo sentado\nen la fila del fondo. En este nuevo escenario pol\u00edtico ya no se plantea\nremediar esta incapacidad del p\u00fablico. Al contrario, lo urgente es desmontar el\nmito ilustrado-liberal del <em>ciudadano omni-competente<\/em>,\ncapaz de decidir con racionalidad sobre cualquier asunto. <em>Ese ciudadano no existe hoy<\/em>, es un mito que puede hacer mucho da\u00f1o\nen una sociedad democr\u00e1tica compleja. Es necesario trabajar para superar este\nestado de cosas.<\/p>\n\n\n\n<p class=\"wp-block-paragraph\">El nuevo escenario al que hace referencia es el que\naparece como resultado de la conformaci\u00f3n de una sociedad de masas. Este cambio\nrevolucionario de la sociedad tradicional, que viv\u00eda en una relaci\u00f3n\ncara-a-cara con sus vecinos y la mayor parte de las noticias eran locales. Por\nello afirma: <\/p>\n\n\n\n<p class=\"wp-block-paragraph\">El p\u00fablico est\u00e1tico de las comunidades locales, en el que impl\u00edcitamente se\nbasaba la concepci\u00f3n de&nbsp; la opini\u00f3n\np\u00fablica y la pol\u00edtica liberal, <em>se ha\ndesintegrado bajo las condiciones de la vida contempor\u00e1nea<\/em>.<\/p>\n\n\n\n<p class=\"wp-block-paragraph\">Est\u00e1 advirtiendo que la teorizaci\u00f3n sobre el\nfuncionamiento de la informaci\u00f3n se ha basado en un pasado id\u00edlico, idealizado,\nen el cual los medios se limitaban al peri\u00f3dico del pueblo, o de la provincia,\nen el cual de hablaba de la vida cotidiana. Por ello nos dice que es necesario:\n\u00abdesmontar el mito ilustrado-liberal del ciudadano omni-competente\u00bb. Es decir, <em>asumir el estado de ignorancia del p\u00fablico<\/em>.\nEsto merece una continuaci\u00f3n. <br><\/p>\n\n\n\n<hr class=\"wp-block-separator\"\/>\n\n\n\n<p class=\"wp-block-paragraph\"><a href=\"#_ftnref1\">[1]<\/a> Fue un brit\u00e1nico ingeniero\nel\u00e9ctrico, recibi\u00f3 la Medalla Faraday en 1931 y fue galardonado con un\nhonorario D. Sc por la Universidad de Durham en 1932.<\/p>\n","protected":false},"excerpt":{"rendered":"<p>Por Ricardo Vicente L\u00f3pez Terminada la Primera Guerra Mundial (noviembre de 1918), la estructura del escenario pol\u00edtico internacional se hab\u00eda modificado. Para las apetencias del establishment estadounidense ten\u00edan el campo abierto para erigirse en un actor importante, porque el Imperio brit\u00e1nico empezaba a mostrar signos de debilidad. Aunque el Reino Unido emergi\u00f3 como uno de [&hellip;]<\/p>\n","protected":false},"author":1,"featured_media":0,"parent":85391,"menu_order":0,"comment_status":"closed","ping_status":"closed","template":"","meta":{"footnotes":""},"class_list":["post-56937","page","type-page","status-publish","hentry"],"_links":{"self":[{"href":"https:\/\/ricardovicentelopez.com.ar\/index.php?rest_route=\/wp\/v2\/pages\/56937","targetHints":{"allow":["GET"]}}],"collection":[{"href":"https:\/\/ricardovicentelopez.com.ar\/index.php?rest_route=\/wp\/v2\/pages"}],"about":[{"href":"https:\/\/ricardovicentelopez.com.ar\/index.php?rest_route=\/wp\/v2\/types\/page"}],"author":[{"embeddable":true,"href":"https:\/\/ricardovicentelopez.com.ar\/index.php?rest_route=\/wp\/v2\/users\/1"}],"replies":[{"embeddable":true,"href":"https:\/\/ricardovicentelopez.com.ar\/index.php?rest_route=%2Fwp%2Fv2%2Fcomments&post=56937"}],"version-history":[{"count":1,"href":"https:\/\/ricardovicentelopez.com.ar\/index.php?rest_route=\/wp\/v2\/pages\/56937\/revisions"}],"predecessor-version":[{"id":56955,"href":"https:\/\/ricardovicentelopez.com.ar\/index.php?rest_route=\/wp\/v2\/pages\/56937\/revisions\/56955"}],"up":[{"embeddable":true,"href":"https:\/\/ricardovicentelopez.com.ar\/index.php?rest_route=\/wp\/v2\/pages\/85391"}],"wp:attachment":[{"href":"https:\/\/ricardovicentelopez.com.ar\/index.php?rest_route=%2Fwp%2Fv2%2Fmedia&parent=56937"}],"curies":[{"name":"wp","href":"https:\/\/api.w.org\/{rel}","templated":true}]}}