{"id":36837,"date":"2019-05-28T10:40:11","date_gmt":"2019-05-28T10:40:11","guid":{"rendered":"http:\/\/ricardovicentelopez.com.ar\/?page_id=36837"},"modified":"2020-04-22T14:40:34","modified_gmt":"2020-04-22T14:40:34","slug":"16-vuelve-el-pobre-a-su-pobreza-vuelve-el-rico-a-su-riqueza","status":"publish","type":"page","link":"https:\/\/ricardovicentelopez.com.ar\/?page_id=36837","title":{"rendered":"16- Vuelve el pobre a su pobreza, vuelve el rico a su riqueza&#8230;"},"content":{"rendered":"\n<p class=\"wp-block-paragraph\">Por Ricardo Vicente L\u00f3pez<\/p>\n\n\n\n<figure class=\"wp-block-image is-resized\"><img loading=\"lazy\" decoding=\"async\" src=\"https:\/\/ricardovicentelopez.com.ar\/wp-content\/uploads\/2019\/05\/16.png\" alt=\"\" class=\"wp-image-36854\" width=\"549\" height=\"549\" srcset=\"https:\/\/ricardovicentelopez.com.ar\/wp-content\/uploads\/2019\/05\/16.png 708w, https:\/\/ricardovicentelopez.com.ar\/wp-content\/uploads\/2019\/05\/16-150x150.png 150w, https:\/\/ricardovicentelopez.com.ar\/wp-content\/uploads\/2019\/05\/16-300x300.png 300w\" sizes=\"auto, (max-width: 549px) 100vw, 549px\" \/><\/figure>\n\n\n\n<p class=\"wp-block-paragraph\" style=\"text-align:right\">\u00abTuve en mi pago en un tiempo hijos, hacienda y mujer,<\/p>\n\n\n\n<p class=\"wp-block-paragraph\" style=\"text-align:right\"><em>pero empec\u00e9 a padecer, me echaron de la frontera<\/em><\/p>\n\n\n\n<p class=\"wp-block-paragraph\" style=\"text-align:right\"><em>\u00a1y que iba a hallar al volver! Tan solo hall\u00e9 la tapera\u00bb<\/em><\/p>\n\n\n\n<p class=\"wp-block-paragraph\" style=\"text-align:right\">Mart\u00edn Fierro<\/p>\n\n\n\n<p class=\"wp-block-paragraph\"><\/p>\n\n\n\n<p class=\"wp-block-paragraph\">Esta\netapa globalizada se caracteriza por el predominio del capitalismo financiero.\nEllo nos impone un ejercicio intelectual que debe apuntar a dos planos de la\nrealidad: el nacional y el internacional. El entramado de su funcionamiento y\nsus consecuencias no son de f\u00e1cil percepci\u00f3n. Tampoco ayuda a esta reflexi\u00f3n el\ntosco y chato discurso con el que juegan intereses mezquinos, ayudados por la\nprotecci\u00f3n y la manipulaci\u00f3n de los medios concentrados. El <em>ciudadano de a pie<\/em> se ve constantemente\nimpactado por el f\u00e1rrago de noticias cotidianas publicadas, no inocentemente,\npor los personeros de la mediocridad pol\u00edtica, sindical y period\u00edstica. Se\nagrega a ella una especie de \u201cburocracia de la pluma\u201d formada por los\nprofesionales del periodismo, excelentemente remunerados, entregados al mejor\npostor por el pago de sus servicios.<\/p>\n\n\n\n<p class=\"wp-block-paragraph\">Frente\na esta descripci\u00f3n, que puede parecer la de un trotskista, de un delirante, de\nun trastornado o de un esc\u00e9ptico, etc\u00e9tera, debo decir que s\u00f3lo intento ser, entre\notros muchos, un francotirador cr\u00edtico. Pretendo llamar la atenci\u00f3n a partir de\nlo visto, le\u00eddo, estudiado, analizado, respecto del camino de la tan\npublicitada globalizaci\u00f3n, que en su etapa de la financiarizaci\u00f3n, muestra sus \u201cmaravillosos\naportes al mundo de hoy\u201d. Ellos son una mayor concentraci\u00f3n de la riqueza en\npocas manos.<\/p>\n\n\n\n<p class=\"wp-block-paragraph\">Por\nello mi preocupaci\u00f3n crece por haber detectado un incremento en la actitud del\np\u00fablico global, homogeneizado por la sociedad de masas, que me lleva al atrevimiento\nde definirla como una \u201cconciencia aletargada\u201d. No la despierta ni los contenidos\nde algunos anuncios de la &nbsp;informaci\u00f3n\np\u00fablica. Paso a dar un ejemplo reciente, respecto c\u00f3mo y qui\u00e9nes manejan esa\ninformaci\u00f3n:<\/p>\n\n\n\n<p class=\"wp-block-paragraph\">\u201cLa Agencia Bloomberg LP Limited Partnership, compa\u00f1\u00eda\nestadounidense de servicios de software financiero, datos y noticias, an\u00e1lisis,\ncon un notable crecimiento de negocios, ya ha conseguido una tercera parte del\nmercado global. Compite con The Thomson Reuters Corporation, empresa con sede\nen el Reino Unido, tambi\u00e9n dedicada a suministrar informaci\u00f3n a medios de\ncomunicaci\u00f3n y mercados financieros. Esta \u00faltima es la fusi\u00f3n de dos\ntradicionales agencias de noticias y ha conformado un gigante de la informaci\u00f3n\ninternacional. Sus empresas est\u00e1n presentes en m\u00e1s de 200 ciudades de 94\npa\u00edses, y suministran informaci\u00f3n en m\u00e1s de 20 idiomas\u201d.<\/p>\n\n\n\n<p class=\"wp-block-paragraph\">&nbsp;\u00bfPor qu\u00e9 me detengo en estos datos? Porque nos\ninforman sobre la importancia de esta Agencia y qu\u00e9 autoridad tiene para\npublicar lo que sigue:<\/p>\n\n\n\n<p class=\"wp-block-paragraph\">\u201cLas 300 personas m\u00e1s ricas del mundo a\u00f1adieron\ndurante 2013 un total de 524.000 millones de d\u00f3lares a sus fortunas, que ahora\ntotalizan 3,7 billones de d\u00f3lares, seg\u00fan cifras compiladas por nuestros\nservicios de an\u00e1lisis financiero\u201d.<\/p>\n\n\n\n<p class=\"wp-block-paragraph\">Sobre\nlo le\u00eddo, podemos sacar algunas conclusiones sorprendentes, fundamentadas en la\nseriedad de su procedencia. El an\u00e1lisis de este tipo de datos cobra una\ndimensi\u00f3n sorprendente al cruzarla con otra, aparecida en las publicaciones de\nlos especialistas: <\/p>\n\n\n\n<p class=\"wp-block-paragraph\">\u201cLa permanencia de la crisis financiera global,\nprovocada por la debacle del 2007-8: cuyas consecuencias no han mostrado\nvariante alguna y se mantienen en un nivel similar, si no peor. Esto se torna\nevidente al hacernos cargo del panorama de la Europa del sur (Grecia, Italia y\nEspa\u00f1a). A ello debiera agregarse otro grupo de pa\u00edses europeos que marchan por\nel mismo camino, aunque m\u00e1s lentamente: nada menos que Francia y el Reino\nUnido. Todo parece demostrar una crisis muy profunda, que ha afectado a la\ntotalidad del sistema. Hoy, en 2014, siete a\u00f1os despu\u00e9s, nada hace pensar que\nla salida est\u00e9 al alcance en el corto plazo\u201d.<\/p>\n\n\n\n<p class=\"wp-block-paragraph\">Pues\nbien: es dif\u00edcil asimilar lo que nos informa la seriedad profesional de la\nAgencia Thomson Reuters. Adem\u00e1s de aceptar que hoy, cuatro a\u00f1os despu\u00e9s, nada\nha cambiado para mejorar. Si fuera necesaria mayor certeza de los datos\naportados por ella, encontramos una denuncia realizada por la organizaci\u00f3n <em>Lucha Contra la Desigualdad de la Riqueza\nMundial<\/em>, cuyo grupo de investigadores, encabezado por el profesor Jason\nHickel, publica los resultados de sus estudios: <\/p>\n\n\n\n<p class=\"wp-block-paragraph\">\u201cCrece esta desigualdad con el paso del tiempo en\ndiferentes pa\u00edses. As\u00ed, durante el per\u00edodo colonial, (hasta 1960,\naproximadamente) la brecha entre los pa\u00edses ricos y los pobres aument\u00f3 de 3:1 a\n35:1. Desde entonces, la brecha ha crecido hasta un nivel de 80:1\u201d.<\/p>\n\n\n\n<p class=\"wp-block-paragraph\">Para\ninformarnos con investigaciones m\u00e1s recientes veamos un estudio realizado, hace\nun mes, por&nbsp; el Banco Credit Suisse (<a href=\"http:\/\/www.credit-suisse.com\">www.credit-suisse.com<\/a>).\nEste banco se presenta, en su p\u00e1gina web, con estas palabras:<\/p>\n\n\n\n<p class=\"wp-block-paragraph\">\u201cNuestra estrategia se basa en las fortalezas\nprincipales de nuestra banca: su posici\u00f3n l\u00edder como gestor de patrimonios, sus\ncapacidades especializadas en banca de inversi\u00f3n y su fuerte presencia en\nnuestro mercado local de Suiza\u201d.<\/p>\n\n\n\n<p class=\"wp-block-paragraph\">&nbsp;Esta poderosa instituci\u00f3n financiera dio a\nconocer su informe sobre riqueza y desigualdad en el mundo. Las cifras son\naterradoras: <\/p>\n\n\n\n<p class=\"wp-block-paragraph\">\u201cEl 10% de los habitantes del planeta posee 85% de la\nriqueza global. La concentraci\u00f3n de riqueza y el poder econ\u00f3mico no tiene\nparalelo en la historia: el 1% de los habitantes del planeta concentra 50% de\nla riqueza global\u201d. <\/p>\n\n\n\n<p class=\"wp-block-paragraph\">Lo\nm\u00e1s importante no aparece en el informe de este poderoso banco: las fuerzas\necon\u00f3micas desatadas bajo el neoliberalismo son las responsables de esta\ndesigualdad y se est\u00e1n encargando de intensificarla. <\/p>\n\n\n\n<p class=\"wp-block-paragraph\">Tal\nvez este modo de presentar los datos resulte un tanto presuntuoso para alg\u00fan\nlector. Lo que intento es mostrar, <em>primero<\/em>,\nla seriedad de la informaci\u00f3n; <em>segundo<\/em>,\nque todo ello est\u00e1 disponible, aunque no sea tapa de ning\u00fan medio de\ninformaci\u00f3n, por lo cual pasa inadvertido para el lector com\u00fan. Subrayo,\nentonces, que estas encuestas la aportan instituciones muy serias, de cuyas\ninformaciones dependen los movimientos financieros de esas grandes fortunas\npersonales. Son ellos, los receptores privilegiados, para quienes se publican\nestos estudios sobre el estado actual de la globalizaci\u00f3n financiera. <\/p>\n\n\n\n<p class=\"wp-block-paragraph\">Las\nrazones de este fen\u00f3meno, el crecimiento de la brecha entre ricos y pobres,\ntiene la siguiente explicaci\u00f3n, seg\u00fan el Profesor Jason\nHickel, docente e investigador de la Escuela de Econom\u00eda de Londres, calificada\ncomo una de las mejores universidades del mundo en ciencias sociales: <\/p>\n\n\n\n<p class=\"wp-block-paragraph\">\u201cSe debe, en parte, a las pol\u00edticas econ\u00f3micas\nneoliberales que instituciones internacionales como el Banco Mundial (BM), el\nFondo Monetario Internacional (FMI) y la Organizaci\u00f3n Mundial del Comercio\n(OMC) han impuesto a los pa\u00edses en desarrollo durante las \u00faltimas d\u00e9cadas\u201d.&nbsp; <\/p>\n\n\n\n<p class=\"wp-block-paragraph\">Para\navanzar en este tipo de explicaciones, podemos leer al economista Robert\nPollin&nbsp; Profesor de Econom\u00eda en la\nUniversidad de Massachusetts, fundador y codirector del Instituto de\nInvestigaci\u00f3n de Econom\u00eda Pol\u00edtica \u200b de la misma universidad: <\/p>\n\n\n\n<p class=\"wp-block-paragraph\">\u201cEstas pol\u00edticas est\u00e1n dise\u00f1adas para liberalizar los\nmercados a la fuerza, abri\u00e9ndolos a fin de dar a las multinacionales un acceso\nsin precedentes a tierra, recursos y mano de obra baratos. Pero a un precio muy\nalto para los pa\u00edses pobres que pierden alrededor de 500.000 millones de\nd\u00f3lares por a\u00f1o de su PIB\u201d.<\/p>\n\n\n\n<p class=\"wp-block-paragraph\">Agrega\na ello el Profesor Hickel:<\/p>\n\n\n\n<p class=\"wp-block-paragraph\">\u201cSe trata de un obvio flujo neto de riqueza desde los\nlugares pobres a las zonas ricas. Los gobiernos de los pa\u00edses ricos celebran\nconstantemente cu\u00e1nto gastan en ayudas para los pa\u00edses en desarrollo y las\nempresas multinacionales comprueban esto mediante los informes anuales, pero\nninguno confiesa lo mucho que sacan de los pa\u00edses en desarrollo.<\/p>\n\n\n\n<p class=\"wp-block-paragraph\">Entonces,\ny esto tambi\u00e9n es necesario subrayarlo, rara vez aparece como una relaci\u00f3n\ncausal: la noticia oculta en la informaci\u00f3n p\u00fablica es la siguiente: hay m\u00e1s\nricos, porque hay m\u00e1s pobres. En las \u00faltimas&nbsp;\nd\u00e9cadas, se ha ido produciendo una transferencia de riquezas de los\npa\u00edses de la periferia hacia los pa\u00edses centrales. Aunque se trate de una\nobviedad, el tema de estas notas es dar testimonio del <em>ocultamiento de la informaci\u00f3n<\/em>, al publicar s\u00f3lo una parte de la\nverdad: la mayor parte de las grandes fortunas pertenece a personas que viven y\noperan en los pa\u00edses centrales, y pero las masas mayoritarias de pobres habitan\nen los pa\u00edses de las periferias. &nbsp;<\/p>\n","protected":false},"excerpt":{"rendered":"<p>Por Ricardo Vicente L\u00f3pez \u00abTuve en mi pago en un tiempo hijos, hacienda y mujer, pero empec\u00e9 a padecer, me echaron de la frontera \u00a1y que iba a hallar al volver! Tan solo hall\u00e9 la tapera\u00bb Mart\u00edn Fierro Esta etapa globalizada se caracteriza por el predominio del capitalismo financiero. Ello nos impone un ejercicio intelectual [&hellip;]<\/p>\n","protected":false},"author":1,"featured_media":0,"parent":85391,"menu_order":0,"comment_status":"closed","ping_status":"closed","template":"","meta":{"footnotes":""},"class_list":["post-36837","page","type-page","status-publish","hentry"],"_links":{"self":[{"href":"https:\/\/ricardovicentelopez.com.ar\/index.php?rest_route=\/wp\/v2\/pages\/36837","targetHints":{"allow":["GET"]}}],"collection":[{"href":"https:\/\/ricardovicentelopez.com.ar\/index.php?rest_route=\/wp\/v2\/pages"}],"about":[{"href":"https:\/\/ricardovicentelopez.com.ar\/index.php?rest_route=\/wp\/v2\/types\/page"}],"author":[{"embeddable":true,"href":"https:\/\/ricardovicentelopez.com.ar\/index.php?rest_route=\/wp\/v2\/users\/1"}],"replies":[{"embeddable":true,"href":"https:\/\/ricardovicentelopez.com.ar\/index.php?rest_route=%2Fwp%2Fv2%2Fcomments&post=36837"}],"version-history":[{"count":1,"href":"https:\/\/ricardovicentelopez.com.ar\/index.php?rest_route=\/wp\/v2\/pages\/36837\/revisions"}],"predecessor-version":[{"id":36871,"href":"https:\/\/ricardovicentelopez.com.ar\/index.php?rest_route=\/wp\/v2\/pages\/36837\/revisions\/36871"}],"up":[{"embeddable":true,"href":"https:\/\/ricardovicentelopez.com.ar\/index.php?rest_route=\/wp\/v2\/pages\/85391"}],"wp:attachment":[{"href":"https:\/\/ricardovicentelopez.com.ar\/index.php?rest_route=%2Fwp%2Fv2%2Fmedia&parent=36837"}],"curies":[{"name":"wp","href":"https:\/\/api.w.org\/{rel}","templated":true}]}}