{"id":28162,"date":"2019-05-21T14:30:44","date_gmt":"2019-05-21T14:30:44","guid":{"rendered":"http:\/\/ricardovicentelopez.com.ar\/?page_id=28162"},"modified":"2020-04-22T14:39:35","modified_gmt":"2020-04-22T14:39:35","slug":"12-democracia-y-la-decadencia-de-la-cultura-occidental","status":"publish","type":"page","link":"https:\/\/ricardovicentelopez.com.ar\/?page_id=28162","title":{"rendered":"12- Democracia y la decadencia de la cultura occidental"},"content":{"rendered":"\n<p class=\"wp-block-paragraph\">Por Ricardo Vicente L\u00f3pez<\/p>\n\n\n\n<figure class=\"wp-block-image is-resized\"><img loading=\"lazy\" decoding=\"async\" src=\"https:\/\/ricardovicentelopez.com.ar\/wp-content\/uploads\/2019\/05\/12.png\" alt=\"\" class=\"wp-image-28163\" width=\"339\" height=\"366\"\/><\/figure>\n\n\n\n<p class=\"wp-block-paragraph\">El final de la Guerra Fr\u00eda,\ncomienzos de la d\u00e9cada de los noventa del siglo pasado, pareci\u00f3 mostrar el\ntriunfo del capitalismo liberal que estaba sostenido por la presencia imperial\nde los Estados Unidos, la&nbsp; potencia\nmilitar sin enemigos posibles, salvo los que inventaban para su propia\njustificaci\u00f3n. Este mundo es descrito por Tom Engelhardt<a href=\"#_ftn1\">[1]<\/a>\ncomo:<\/p>\n\n\n\n<p class=\"wp-block-paragraph\">\u00abLas principales potencias\necon\u00f3micas no estadounidenses del momento \u2013Europa y Jap\u00f3n\u2013 manten\u00edan fuerzas\narmadas dependientes de Washington, ten\u00edan bases de EE.UU. cubriendo en sus\nterritorios y continuaban alberg\u00e1ndose bajo el \u201cparaguas nuclear\u201d de\nWashington. No es de extra\u00f1ar que el momento postsovi\u00e9tico, en EE.UU., se\nproclamase enseguida como \u201cel fin de la historia\u201d y la victoria de la\n\u201cdemocracia liberal\u201d o la \u201clibertad\u201d se celebrasen como si realmente no hubiera\nun ma\u00f1ana, que pudiera ofrecer m\u00e1s que lo que la actualidad hace\u00bb.<\/p>\n\n\n\n<p class=\"wp-block-paragraph\">Sin embargo este \u00e9xito\nmostr\u00f3 ser mucho m\u00e1s ef\u00edmero de lo que pod\u00eda pensarse en esa d\u00e9cada, plena de\nun entusiasmo desbordante de parte de los triunfadores. Por ello agrega nuestro\nautor:<\/p>\n\n\n\n<p class=\"wp-block-paragraph\">\u00abEl actual modelo\ncapitalista (el \u00fanico disponible) para una potencia en ascenso, sea China,\nIndia, o Brasil, es tambi\u00e9n un modelo de decadencia planetaria, posiblemente de\nnaturaleza precipitada. La definici\u00f3n misma del \u00e9xito \u2013m\u00e1s consumidores de\nclase media, m\u00e1s due\u00f1os de coches, m\u00e1s compradores, lo que significa el uso de\nm\u00e1s energ\u00eda, la quema de m\u00e1s combustibles f\u00f3siles, que m\u00e1s gases invernadero\nlleguen a la atm\u00f3sfera\u2013 es tambi\u00e9n, como nunca antes, la definici\u00f3n del\nfracaso. Mientras mayor el \u201c\u00e9xito\u201d, m\u00e1s intensas las sequ\u00edas, m\u00e1s fuertes las\ntormentas, m\u00e1s extremo el clima, mayor la elevaci\u00f3n de los niveles del mar, m\u00e1s\nc\u00e1lidas las temperaturas, mayor el caos en tierras bajas o tropicales, m\u00e1s profundo\nel fracaso. La pregunta es: \u00bfConducir\u00e1 esto a un fin de los modelos anteriores\nde la historia, incluyendo el hasta ahora predecible ascenso de la pr\u00f3xima gran\npotencia, el pr\u00f3ximo imperio? En un planeta que se degenera, \u00bfes posible\nimaginar la pr\u00f3xima etapa del gigantismo imperial?\u00bb<\/p>\n\n\n\n<p class=\"wp-block-paragraph\"><em>El concepto de decadencia<\/em><\/p>\n\n\n\n<p class=\"wp-block-paragraph\">El t\u00edtulo que le puse a este\nart\u00edculo se basa en la tesis del fil\u00f3sofo alem\u00e1n Oswald Spengler (1880-1936)\npublicada en Alemania con el mismo t\u00edtulo, al finalizar la Primera Guerra. Se\ndebe recordar que la crisis de la Bolsa de Wall Street, el famoso Jueves Negro,\n24-10-1929, dio comienzo a una larga y profunda crisis internacional con la\nquiebra de la econom\u00eda y la Gran Depresi\u00f3n posterior. El futuro pintaba un muy\nnegro panorama y las perspectivas eran muy poco halag\u00fce\u00f1as. <\/p>\n\n\n\n<p class=\"wp-block-paragraph\">El Doctor Shlomo Ben Ami <a href=\"#_ftn2\">[2]<\/a>\n(1943) escribi\u00f3 un art\u00edculo, en el diario El Pa\u00eds de Espa\u00f1a 16-2-2012, con el\nt\u00edtulo&nbsp; <em>Regreso a la decadencia de Occidente <\/em>lo siguiente:&nbsp; <\/p>\n\n\n\n<p class=\"wp-block-paragraph\">\u00abDesde la publicaci\u00f3n en\n1918 del primer volumen de <em>La decadencia\nde Occidente<\/em> de Oswald Spengler, las profec\u00edas sobre la muerte segura de lo\nque llam\u00f3 la \u201ccivilizaci\u00f3n f\u00e1ustica\u201d han sido un tema recurrente para los\npensadores y los intelectuales p\u00fablicos. Se podr\u00eda considerar que las crisis\nactuales en los Estados Unidos y en Europa, <em>consecuencia\nprimordialmente de los fallos \u00e9ticos inherentes al capitalismo de los EEUU y a\nlas deficiencias de funcionamiento de Europa<\/em>, atribuyen cr\u00e9dito a la\nopini\u00f3n de Spengler sobre <em>la\ninsuficiencia de la democracia y a su rechazo de la civilizaci\u00f3n occidental por\nestar impulsada esencialmente por una corruptora avidez de dinero<\/em>\u00bb.\n(destacados m\u00edos)<\/p>\n\n\n\n<p class=\"wp-block-paragraph\">La caracterizaci\u00f3n de\nOccidente, que hace Spengler, como una \u201ccivilizaci\u00f3n f\u00e1ustica\u201d se inspira en\nla&nbsp; relaci\u00f3n que establece con el Fausto\nde Johann W. Goethe (1749-1832). Este autor le dedic\u00f3 a esta obra 60 a\u00f1os de su\nvida, entre las \u00faltimas d\u00e9cadas del siglo XVIII y las primeras del XIX. De ella\nnos dice Dar\u00edo Oses (1949), egresado de la Escuela de Periodismo de la\nUniversidad de Chile:<\/p>\n\n\n\n<p class=\"wp-block-paragraph\">\u00abEl doctor Fausto no s\u00f3lo\nconsigue honores, riquezas y placer sensual, sino que se empe\u00f1a en transformar\nel paisaje natural, y hace que Mefist\u00f3feles, su asistente demon\u00edaco, convoque\nej\u00e9rcitos de trabajadores para construir canales, diques y torres. Aqu\u00ed se\nanuncia lo que hoy llamamos globalizaci\u00f3n: el progreso que se extiende por todo\nel mundo, que fluidifica el intercambio de bienes, tecnolog\u00edas y servicios, y\nde paso aplasta paisajes y desintegra a las comunidades que se apegan a formas\nde vida pre moderna\u00bb. A ello Marshall Berman (1940-2013) lo defini\u00f3 como la\netapa de la \u2018la tragedia del desarrollo\u2019\u00bb.<\/p>\n\n\n\n<p class=\"wp-block-paragraph\">Es interesante la referencia\na Spengler porque nos permite pensar el tema propuesto desde un aspecto hoy\nbastante eclipsado por el pensamiento econ\u00f3mico, como veremos despu\u00e9s. Su\ndiagn\u00f3stico cay\u00f3 en el olvido despu\u00e9s de la Segunda Guerra dado el aparente\nrenacimiento del mundo occidental y la&nbsp;\nrecomposici\u00f3n del capitalismo estadounidense, per\u00edodo que los franceses\ndenominaron <em>los treinta gloriosos<\/em>, haciendo\nreferencia a los a\u00f1os transcurridos entre 1945 y 1975. Esos treinta gloriosos\ncomenzaron a declinar por una combinaci\u00f3n de factores, de los que algo tambi\u00e9n\nveremos m\u00e1s adelante, dentro de los cuales la llamada <em>Crisis del petr\u00f3leo<\/em> fue un importante detonante. M\u00e1s tarde la\nllegada al gobierno brit\u00e1nico de Margaret Thatcher (1979-1990) y a la\npresidencia de los Estados Unidos de Ronald Reagan (1981-1989)&nbsp; imprimi\u00f3 un giro hacia la imposici\u00f3n de\npol\u00edticas neoliberales que ahogaron las viejas esperanzas de un mundo mejor. <\/p>\n\n\n\n<p class=\"wp-block-paragraph\">Los pron\u00f3sticos de una\ndecadencia de las expectativas de mejoras sociales comenzaron a aparecer al\ncomprobar las consecuencias de las pol\u00edticas impuestas por el Consenso de\nWashington: aumento de la desocupaci\u00f3n, baja del poder adquisitivo de los\ntrabajadores, concentraci\u00f3n de la econom\u00eda y crecimiento del poder financiero,\nentre otras. Este proceso hizo crisis en los a\u00f1os 2007\/8 con lo que se llam\u00f3 el\nestallido de la <em>burbuja inmobiliaria<\/em>.\nVeamos qu\u00e9 dice Wikipedia de ello:<\/p>\n\n\n\n<p class=\"wp-block-paragraph\">\u00abPor burbuja inmobiliaria se\nconoce el avance, en la mayor\u00eda de los pa\u00edses industrializados &nbsp;occidentales, de los precios de los bienes\ninmuebles <em>muy por encima del resto de los\nbienes y servicios<\/em>. Esto produjo una <em>fractura\ngeneracional<\/em> al involucrar un bien b\u00e1sico de consumo obligatorio como es la\nvivienda en el juego de la especulaci\u00f3n inmobiliaria. Los Informes de la\nReserva Federal Americana [<a href=\"#_ftn3\">[3]<\/a>] (FED)\n\u200by de otros organismos econ\u00f3micos oficiales, como la OCDE [<a href=\"#_ftn4\">[4]<\/a>],\u200b\nreflejan el incremento explosivo del precio de los bienes inmuebles, en\npr\u00e1cticamente todos los pa\u00edses industrializados. Los medios de comunicaci\u00f3n\nespecializados\u200b y otras personalidades relevantes del mundo econ\u00f3mico\ninformaron de la burbuja <em>tard\u00edamente<\/em>\ny <em>sin excesiva franqueza<\/em>, por los\ncr\u00e9ditos a corto plazo que proporcionaba, lo que, al &nbsp;final, ha contribuido a amplificar\ninnecesariamente el resultado desastroso\u00bb.<\/p>\n\n\n\n<p class=\"wp-block-paragraph\">Amigo lector, sin pretender\nser un Sherlock Holmes, \u00bfcabr\u00eda preguntar cu\u00e1l es el misterio que desencaden\u00f3\nsemejante crisis financiera internacional, con las quiebras de instituciones\nfinancieras de primera l\u00ednea en los EEUU? Una pregunta que yo arriesgar\u00eda, para\nempezar es \u00bfqu\u00e9 es una burbuja? Encontramos en la p\u00e1gina <a href=\"http:\/\/www.gerencie.com\">www.gerencie.com<\/a> la siguiente definici\u00f3n:<\/p>\n\n\n\n<p class=\"wp-block-paragraph\">\u00abUna burbuja inmobiliaria es\nun incremento <em>excesivo<\/em> e <em>injustificado<\/em> de los bienes inmuebles o\nbienes ra\u00edces, ocasionado generalmente por la <em>especulaci\u00f3n<\/em>. En una burbuja, <em>los\nprecios se incrementan sin que para ello exista una raz\u00f3n l\u00f3gica<\/em>. Su\nincremento se <em>fundamenta b\u00e1sicamente en\nla especulaci\u00f3n<\/em> y en el deseo de la gente de <em>adquirir bienes para luego vender a mejor precio, aprovechando\nprecisamente ese incremento de los precios<\/em>\u00bb. (los destacados son m\u00edos) <\/p>\n\n\n\n<p class=\"wp-block-paragraph\">Cuando una cultura,\nentendido este concepto en el sentido m\u00e1s abarcador, la cultura de la\nModernidad occidental, eleva al primera plano de sus valores la especulaci\u00f3n\nfinanciera, sin preocuparse por las consecuencias sociales, culturales,\necon\u00f3micas, pol\u00edticas, etc., ha llegado al punto m\u00e1ximo de su decadencia. &nbsp;Amigo lector: para una informaci\u00f3n m\u00e1s\nprofunda le recomiendo ver la pel\u00edcula <em>Too\nBig to Fail<\/em> es un drama biogr\u00e1fico estadounidense. Altamente recomendable. <br><\/p>\n\n\n\n<hr class=\"wp-block-separator\"\/>\n\n\n\n<p class=\"wp-block-paragraph\"><a href=\"#_ftnref1\">[1]<\/a> Es un escritor y editor\nestadounidense. Es el creador de tomdispatch.com, un blog en l\u00ednea de The\nNation Institute. Es cofundador de American Empire Project y autor del libro de\n1998, <em>El fin de la cultura de la\nvictoria: la guerra fr\u00eda en Estados Unidos y la desilusi\u00f3n de una generaci\u00f3n<\/em>\n(1998).<\/p>\n\n\n\n<p class=\"wp-block-paragraph\"><a href=\"#_ftnref2\">[2]<\/a>\nShlomo Ben Ami es un pol\u00edtico, diplom\u00e1tico e\nhistoriador israel\u00ed. Miembro del Partido Laborista Israel\u00ed, fue &nbsp;ministro de Asuntos Exteriores de dicho pa\u00eds y\nel segundo embajador de Israel en Espa\u00f1a. <\/p>\n\n\n\n<p class=\"wp-block-paragraph\">[[3]]\nEl Sistema de la Reserva Federal es el banco central de los Estados Unidos.\u200b Es\nuna entidad aut\u00f3noma y privada que controla la estructura organizativa en la\ncual participa una agencia gubernamental, conocida como Junta de Gobernadores,\ncon sede en Washington D. C<\/p>\n\n\n\n<p class=\"wp-block-paragraph\">[[4]] La Organizaci\u00f3n para la Cooperaci\u00f3n y el Desarrollo Econ\u00f3micos\u200b es un\norganismo de cooperaci\u00f3n internacional, compuesto por 37 estados, cuyo objetivo\nes coordinar sus pol\u00edticas econ\u00f3micas y sociales.&nbsp;<\/p>\n","protected":false},"excerpt":{"rendered":"<p>Por Ricardo Vicente L\u00f3pez El final de la Guerra Fr\u00eda, comienzos de la d\u00e9cada de los noventa del siglo pasado, pareci\u00f3 mostrar el triunfo del capitalismo liberal que estaba sostenido por la presencia imperial de los Estados Unidos, la&nbsp; potencia militar sin enemigos posibles, salvo los que inventaban para su propia justificaci\u00f3n. Este mundo es [&hellip;]<\/p>\n","protected":false},"author":1,"featured_media":0,"parent":85391,"menu_order":0,"comment_status":"closed","ping_status":"closed","template":"","meta":{"footnotes":""},"class_list":["post-28162","page","type-page","status-publish","hentry"],"_links":{"self":[{"href":"https:\/\/ricardovicentelopez.com.ar\/index.php?rest_route=\/wp\/v2\/pages\/28162","targetHints":{"allow":["GET"]}}],"collection":[{"href":"https:\/\/ricardovicentelopez.com.ar\/index.php?rest_route=\/wp\/v2\/pages"}],"about":[{"href":"https:\/\/ricardovicentelopez.com.ar\/index.php?rest_route=\/wp\/v2\/types\/page"}],"author":[{"embeddable":true,"href":"https:\/\/ricardovicentelopez.com.ar\/index.php?rest_route=\/wp\/v2\/users\/1"}],"replies":[{"embeddable":true,"href":"https:\/\/ricardovicentelopez.com.ar\/index.php?rest_route=%2Fwp%2Fv2%2Fcomments&post=28162"}],"version-history":[{"count":1,"href":"https:\/\/ricardovicentelopez.com.ar\/index.php?rest_route=\/wp\/v2\/pages\/28162\/revisions"}],"predecessor-version":[{"id":28180,"href":"https:\/\/ricardovicentelopez.com.ar\/index.php?rest_route=\/wp\/v2\/pages\/28162\/revisions\/28180"}],"up":[{"embeddable":true,"href":"https:\/\/ricardovicentelopez.com.ar\/index.php?rest_route=\/wp\/v2\/pages\/85391"}],"wp:attachment":[{"href":"https:\/\/ricardovicentelopez.com.ar\/index.php?rest_route=%2Fwp%2Fv2%2Fmedia&parent=28162"}],"curies":[{"name":"wp","href":"https:\/\/api.w.org\/{rel}","templated":true}]}}