{"id":27144,"date":"2019-05-20T13:29:35","date_gmt":"2019-05-20T13:29:35","guid":{"rendered":"http:\/\/ricardovicentelopez.com.ar\/?page_id=27144"},"modified":"2020-04-22T14:39:35","modified_gmt":"2020-04-22T14:39:35","slug":"8-democracia-como-te-afecto-la-caida-de-la-urss","status":"publish","type":"page","link":"https:\/\/ricardovicentelopez.com.ar\/?page_id=27144","title":{"rendered":"08- Democracia &#8211; \u00bfC\u00f3mo te afect\u00f3 la ca\u00edda de la URSS?"},"content":{"rendered":"\n<p class=\"wp-block-paragraph\">Por Ricardo Vicente L\u00f3pez<\/p>\n\n\n\n<figure class=\"wp-block-image is-resized\"><img loading=\"lazy\" decoding=\"async\" src=\"https:\/\/ricardovicentelopez.com.ar\/wp-content\/uploads\/2019\/05\/08.png\" alt=\"\" class=\"wp-image-27161\" width=\"500\" height=\"314\"\/><\/figure>\n\n\n\n<p class=\"wp-block-paragraph\">Quiero dar algunos pasos hacia una comprensi\u00f3n m\u00e1s seria y profunda del mundo de hoy. Para ello voy a apoyarme con algunos comentarios sobre la nota <em>El fin del largo siglo XX<\/em> de Alberto Rabilotta y Andr\u00e9s Piqueras, de la que ya algo hemos le\u00eddo anteriormente. Necesitamos mayor claridad e informaci\u00f3n dado que el tema es altamente complejo. Le agradecer\u00e9 por ello, amigo lector, que esto no sea motivo de su des\u00e1nimo. Estamos habituados y dir\u00e9, siguiendo a estos autores, que hemos sido preparados y entrenados para concederles verdad a la simple descripci\u00f3n de la superficie de los acontecimientos. El an\u00e1lisis de las causas pareciera que ha ca\u00eddo en desuso, lo cual nos est\u00e1 empujando hacia un futuro sin futuro. Esto es una parte importante de las causas que dan lugar al gran escepticismo y la desesperaci\u00f3n reinante que embarga al mundo de hoy. La figura de surfear los acontecimientos habla a las claras de una renuncia a saber qu\u00e9 pasa, por qu\u00e9 y para qu\u00e9.<\/p>\n\n\n\n<p class=\"wp-block-paragraph\">Es tambi\u00e9n la raz\u00f3n por\nla cual le estoy proponiendo el esfuerzo de una reflexi\u00f3n que se proponga\npenetrar el entramado de los hechos que intentan ocultarnos. Navegar sobre la\nsuperficialidad de ellos, y perd\u00f3neme lo que voy a decirle, nos convierte en\nidiotas. Palabra que heredamos del griego idiotes. En Atenas se calificaba de\nese modo a las personas que no quer\u00edan ocuparse de los asuntos p\u00fablicos.\nPrefer\u00edan s\u00f3lo todo lo que correspond\u00eda a sus intereses inmediatos, cotidianos\ny privados. Equivale a decir, en nuestro caso, que s\u00f3lo somos capaces de\nrepetir cotidianamente la catarata de noticias que los grandes medios nos\nofrecen. <\/p>\n\n\n\n<p class=\"wp-block-paragraph\">El proyecto de convertir\nel espacio p\u00fablico en un escenario, en el cual se exponen hechos que nos llegan\na trav\u00e9s de los <em>infoentertainment<\/em> &#8212; programas que\nofrecen una variada gama de noticias encuadradas en las f\u00f3rmulas del\nentretenimiento &#8212; tiene como necesaria contrapartida convertirnos a todos\nnosotros en meros espectadores. Y, en calidad de tales, podemos aplaudir o\nrechazar pero, en nuestra condici\u00f3n de tal, no estamos habilitados para\nanalizar o criticar; mucho menos proponer alternativas. Creo que se entiende\nmejor lo de \u201cidiotas\u201d. Este estado de meros receptores nos hunde en una\npasividad que nos permite desentendernos de lo m\u00e1s importante. Esto nos va\nsumergiendo en una especie de fastidio, de malestar, de resaca. Sobre todo\ncuando se nos manifiesta alguna necesidad de encontrar respuestas. El sistema\nnos ofrece como remedio la televisi\u00f3n, el alcohol, el sexo o los sedantes y,\npara casos m\u00e1s graves, la droga.<\/p>\n\n\n\n<p class=\"wp-block-paragraph\">Otro camino, tal vez m\u00e1s\narduo, m\u00e1s exigente, m\u00e1s comprometedor, es buscar informaci\u00f3n menos&nbsp; contaminada, analizar, reflexionar, ir\nobteniendo explicaciones que nos habiliten a recuperar nuestra calidad de\nciudadanos exigentes. Bien, amigo lector, de eso se trata este intento de\npresentarle algunas notas que aporten a ese prop\u00f3sito. Avancemos\u2026<\/p>\n\n\n\n<p class=\"wp-block-paragraph\">Un apartado del trabajo\nque estoy revisando lleva por t\u00edtulo <em>El\nGran Robo como \u201cderecho internacional informal<\/em>\u201dimpuesto por EE.UU<em>.<\/em> Leer\nel t\u00edtulo ya nos advierte que van a descargar munici\u00f3n pesada contra nuestra\nconciencia. Nos proponen un cuadro de situaci\u00f3n que describe el per\u00edodo\nposterior a la implosi\u00f3n del bloque sovi\u00e9tico. Ello oblig\u00f3 a una reprogramaci\u00f3n\ndel proyecto globalizador, por la ausencia del opositor fundamental. Leamos:<\/p>\n\n\n\n<p class=\"wp-block-paragraph\">Tras la eliminaci\u00f3n del enemigo sist\u00e9mico sovi\u00e9tico, el proyecto adquirir\u00eda una nueva dimensi\u00f3n cualitativa. Llevar a cabo la globalizaci\u00f3n como nuevo (gran) imperialismo requer\u00eda de una unipolaridad estrat\u00e9gica, para pasar a poner todas las entidades globales (FMI, Banco Mundial, OMC, Foro de Davos, G7-20, ONU\u2026) al servicio de EE.UU. y de sus \u201caliados\u201d subordinados (Uni\u00f3n Europea, Jap\u00f3n, Canad\u00e1, Australia\u2026). Un \u201corden internacional\u201d dominado por Washington para avasallar a todo el mundo con su proclamada \u201cglobalizaci\u00f3n neoliberal\u201d, que nunca fue m\u00e1s que la aplicaci\u00f3n y el sometimiento a las leyes estadounidenses \u2013consagrando definitivamente el alcance extraterritorial que Washington siempre se arrog\u00f3-. Para su cumplimiento los pa\u00edses signatarios de acuerdos de liberalizaci\u00f3n comercial deber\u00edan ceder su soberan\u00eda nacional y popular, y desarmar sus sociedades frente a la multiplicada potencia de los mercados reguladores. Esa fuerza bruta del capital globalizado y concentrado en manos de trasnacionales y de Wall Street, ten\u00eda al Pent\u00e1gono ejerciendo el papel de mat\u00f3n para el que no cumpliera con sus leyes.<\/p>\n\n\n\n<p class=\"wp-block-paragraph\">Nuestros autores nos\nest\u00e1n corriendo el tel\u00f3n que ocult\u00f3 las maniobras para la transformaci\u00f3n del\nmundo liberal prometido en el siglo XIX en un mundo que fue concentrando el\npoder en unas pocas manos: la de los due\u00f1os del capital concentrado. Empieza a\nquedar m\u00e1s claro, con mayor informaci\u00f3n y detalle, el plan del que hab\u00eda hecho\nmenci\u00f3n en la nota anterior. Qui\u00e9nes se erig\u00edan en los Jefes del mundo\nglobalizado, hab\u00edan proyectado una serie de planes, para ser ejecutados\nmediante las instituciones que legitimaban el <em>Nuevo Orden Internacional<\/em>.&nbsp;\nDe all\u00ed emanaban las reglas que hab\u00edan definido para \u201cun buen\nfuncionamiento del sistema global\u201d. No dejaron nada librado al azar. Eso no\nsignifica que todo iba a funcionar como se lo propon\u00edan. En el mundo quedaban\ntodav\u00eda algunos escollos que fueron creciendo con el devenir de los hechos.\nEsto lo veremos m\u00e1s adelante. Veamos la estructura jur\u00eddica dise\u00f1ada para el\nefectivo control necesario. Nuestra sabidur\u00eda popular nos ense\u00f1\u00f3 que \u201cel ojo\ndel amo engorda el ganado\u201d.<\/p>\n\n\n\n<p class=\"wp-block-paragraph\">As\u00ed, un aspecto importante de lo que significan Tratados como el TTIP (UE-EE.UU.), es que fueron creando un \u201cderecho internacional\u201d informal que en realidad est\u00e1 basado en las leyes y la jurisprudencia de EEUU (porque ning\u00fan Tratado o Acuerdo con este pa\u00eds puede contradecir las leyes del Congreso de EE.UU., ni EEUU acepta ninguna decisi\u00f3n de alg\u00fan organismo multinacional que le contravenga). Es decir, que todos los Tratados firmados por este pa\u00eds institucionalizan <em>de jure<\/em> la aplicaci\u00f3n extraterritorial de las leyes estadounidenses. La liberalizaci\u00f3n comercial (OMC y Tratados de Libre Comercio) potencia esa operaci\u00f3n a escala mundial, que tiene por objetivos destacados la privatizaci\u00f3n de la riqueza social y cultural acumulada a trav\u00e9s de generaciones (afecta, entre otros aspectos, a los servicios p\u00fablicos -sanidad, educaci\u00f3n, transporte, comunicaciones, etc.-; infraestructuras -red viaria, instalaciones\u2026- y patrimonio construido). <\/p>\n\n\n\n<p class=\"wp-block-paragraph\">El proyecto de\nglobalizaci\u00f3n del mundo, anunciado en la d\u00e9cada de los ochenta del siglo\npasado, ocultaba todo esto. Fue recibido con la alegr\u00eda que trasmit\u00eda su\nanuncio de \u201cvivir en un mundo fraterno, en el cual todos pod\u00edamos estar\ncomunicados, en vivo y en directo, cuando lo dese\u00e1ramos\u201d. Es necesario, amigo\nlector, que llegado a este punto, hagamos un ejercicio de memoria respecto de\nc\u00f3mo nos presentaron los grandes medios ese nuevo \u201cmundo feliz\u201d. Este esfuerzo\nnos abrir\u00e1 los ojos para abandonar esa cierta ingenuidad con la cual una parte\nimportante de nuestro p\u00fablico accede, todav\u00eda hoy, a la informaci\u00f3n. El\nproyecto globalizador abarcaba otros aspectos del programa de no menor\nimportancia: <\/p>\n\n\n\n<p class=\"wp-block-paragraph\">La privatizaci\u00f3n del patrimonio natural: la mercantilizaci\u00f3n de la naturaleza en todas sus formas; la mercantilizaci\u00f3n de los recursos gen\u00e9ticos; la propiedad intelectual o de patentes sobre recursos ajenos; la empresarizaci\u00f3n y\/o privatizaci\u00f3n de instituciones p\u00fablicas (como las Universidades e incluso la Administraci\u00f3n); tambi\u00e9n la apropiaci\u00f3n militar directa de los recursos y materias primas m\u00e1s codiciados. En este cap\u00edtulo entran asimismo las t\u00e9cnicas financieras de desposesi\u00f3n: promociones fraudulentas de t\u00edtulos; destrucci\u00f3n deliberada de activos mediante la inflaci\u00f3n y a trav\u00e9s de fusiones y absorciones; endeudamiento generalizado (por encima de la capacidad de pago) que genera un disciplinamiento de las sociedades as\u00ed como formas modernas de servidumbre por deudas; fraudes empresariales, etc. <\/p>\n\n\n\n<p class=\"wp-block-paragraph\">Creo que, a esta altura\nde nuestras reflexiones algunas cosas comienzan a aparecer con otras luces.\nEsto, en mi opini\u00f3n, es muy importante que vaya sucediendo para pararnos sobre\nnuestros pies con mayor seguridad portando una mirada m\u00e1s esclarecedora sobre\neste mundo. <\/p>\n","protected":false},"excerpt":{"rendered":"<p>Por Ricardo Vicente L\u00f3pez Quiero dar algunos pasos hacia una comprensi\u00f3n m\u00e1s seria y profunda del mundo de hoy. Para ello voy a apoyarme con algunos comentarios sobre la nota El fin del largo siglo XX de Alberto Rabilotta y Andr\u00e9s Piqueras, de la que ya algo hemos le\u00eddo anteriormente. Necesitamos mayor claridad e informaci\u00f3n [&hellip;]<\/p>\n","protected":false},"author":1,"featured_media":0,"parent":85391,"menu_order":0,"comment_status":"closed","ping_status":"closed","template":"","meta":{"footnotes":""},"class_list":["post-27144","page","type-page","status-publish","hentry"],"_links":{"self":[{"href":"https:\/\/ricardovicentelopez.com.ar\/index.php?rest_route=\/wp\/v2\/pages\/27144","targetHints":{"allow":["GET"]}}],"collection":[{"href":"https:\/\/ricardovicentelopez.com.ar\/index.php?rest_route=\/wp\/v2\/pages"}],"about":[{"href":"https:\/\/ricardovicentelopez.com.ar\/index.php?rest_route=\/wp\/v2\/types\/page"}],"author":[{"embeddable":true,"href":"https:\/\/ricardovicentelopez.com.ar\/index.php?rest_route=\/wp\/v2\/users\/1"}],"replies":[{"embeddable":true,"href":"https:\/\/ricardovicentelopez.com.ar\/index.php?rest_route=%2Fwp%2Fv2%2Fcomments&post=27144"}],"version-history":[{"count":2,"href":"https:\/\/ricardovicentelopez.com.ar\/index.php?rest_route=\/wp\/v2\/pages\/27144\/revisions"}],"predecessor-version":[{"id":28209,"href":"https:\/\/ricardovicentelopez.com.ar\/index.php?rest_route=\/wp\/v2\/pages\/27144\/revisions\/28209"}],"up":[{"embeddable":true,"href":"https:\/\/ricardovicentelopez.com.ar\/index.php?rest_route=\/wp\/v2\/pages\/85391"}],"wp:attachment":[{"href":"https:\/\/ricardovicentelopez.com.ar\/index.php?rest_route=%2Fwp%2Fv2%2Fmedia&parent=27144"}],"curies":[{"name":"wp","href":"https:\/\/api.w.org\/{rel}","templated":true}]}}