{"id":2366,"date":"2019-04-09T14:08:32","date_gmt":"2019-04-09T14:08:32","guid":{"rendered":"http:\/\/ricardovicentelopez.com.ar\/?page_id=2366"},"modified":"2019-04-09T14:08:32","modified_gmt":"2019-04-09T14:08:32","slug":"07-la-mision-de-los-ee-uu","status":"publish","type":"page","link":"https:\/\/ricardovicentelopez.com.ar\/?page_id=2366","title":{"rendered":"07- LA MISI\u00d3N DE LOS EE.UU."},"content":{"rendered":"\n<figure class=\"wp-block-audio\"><audio controls src=\"https:\/\/ricardovicentelopez.com.ar\/wp-content\/uploads\/2019\/04\/07-QUE-MUNDO-MARAVILLOSO-07.mp3\"><\/audio><figcaption>ESCUCH\u00c1 AQU\u00cd EL PROGRAMA<\/figcaption><\/figure>\n\n\n\n<p class=\"wp-block-paragraph\"><\/p>\n\n\n\n<p class=\"wp-block-paragraph\">1.- Quien les habla, Ricardo Vicente\nL\u00f3pez, les da la bienvenida a este programa N\u00ba 7. En el&nbsp; programa anterior termin\u00e9 con un pedido,\nrespecto de la necesidad de comprender el estado del mundo en el que estamos\nsumergidos y estancados. Si la definici\u00f3n suena una tanto terminante se debe al\nocultamiento sistem\u00e1tico del sistema comunicacional que impide tener una\nconciencia clara de lo que est\u00e1 sucediendo. Ello obliga a ser contundente para\nintentar desbaratar el resultado de sus campa\u00f1as sistem\u00e1ticas que nos pintan un\nmundo aceptable, pese a sus miserias. Es decir, nos est\u00e1n inculcando un\npesimismo fatalista que se est\u00e1 imponiendo crudamente. <\/p>\n\n\n\n<p class=\"wp-block-paragraph\">Por tal raz\u00f3n, termin\u00e9\ndiciendo: \u201cPero\nle pido, amigo oyente, no desesperar, por las dificultades que ofrecen los temas\ntratados. Creo que es de fundamental importancia para una comprensi\u00f3n profunda\nde la situaci\u00f3n del sistema globalizado y sus consecuencias\u201d. Esto requiere una\nexplicaci\u00f3n que le voy a proponer, apoyada en las dos citas siguientes: La\nprimear pertenece al\nDoctor Federico Mayor (1934), Director General de la UNESCO respecto al tema de\nla comprensi\u00f3n del mundo actual:<\/p>\n\n\n\n<p class=\"wp-block-paragraph\">Uno\nde los desaf\u00edos m\u00e1s dif\u00edciles ser\u00e1 el de modificar nuestro pensamiento de\nmanera que enfrente la complejidad creciente, la rapidez y lo imprevisible que\ncaracterizan nuestro mundo. &nbsp;<\/p>\n\n\n\n<p class=\"wp-block-paragraph\">La segunda es del &nbsp;fil\u00f3sofo y soci\u00f3logo franc\u00e9s&nbsp; Edgar Morin (1921) quien\nadvirti\u00f3: <\/p>\n\n\n\n<p class=\"wp-block-paragraph\">El conocimiento\nde los problemas clave del mundo de las informaciones, clave concernientes al\nmundo, por dif\u00edcil que sea, debe ser tratado so pena de carencia de\ncomprensi\u00f3n. M\u00e1s aun, cuando el contexto actual de cualquier conocimiento\npol\u00edtico, econ\u00f3mico, antropol\u00f3gico, ecol\u00f3gico&#8230; es el mundo mismo. La era\nplanetaria necesita situar todo en el contexto y en la complejidad planetaria.\nEl conocimiento del mundo, en tanto que mundo, se vuelve una necesidad\nintelectual y vital al mismo tiempo<\/p>\n\n\n\n<p class=\"wp-block-paragraph\">Tomar conciencia de las\ndificultades debe funcionar como un incentivo al esfuerzo de formarnos para\nestar preparados. Ud. estar\u00e1 pensando \u00bfvale la pena poner tanta energ\u00eda en esta\ntarea? La respuesta es sencilla y fatal: la ignorancia a que nos someten los\nmedios de comunicaci\u00f3n ya ha logrado, en gran parte, que estemos aceptando este\nestado de cosas. El desentendimiento de gran parte del p\u00fablico global, que haya\ntenido la posibilidad de haber recibido una formaci\u00f3n mediana, acepta indolente\nque todo siga como est\u00e1. Saber esto y no reaccionar:<\/p>\n\n\n\n<p class=\"wp-block-paragraph\">Por dif\u00edcil que\nsea de comprender, el hecho es que las seis personas m\u00e1s ricas de la Tierra\nahora poseen m\u00e1s riqueza que la mitad inferior de la poblaci\u00f3n mundial: 3.700\nmillones de personas. Adem\u00e1s, el 1% superior ahora tiene m\u00e1s dinero que el 99%\ninferior. Mientras tanto, mientras los multimillonarios hacen alarde de su\nopulencia, casi una de cada siete personas lucha por sobrevivir con menos de $\n1.25 de d\u00f3lar al d\u00eda y, horriblemente, unos 29,000 ni\u00f1os mueren a diario por\ncausas completamente evitables como diarrea, malaria y neumon\u00eda. <\/p>\n\n\n\n<p class=\"wp-block-paragraph\">2.- Como una ayuda a la comprensi\u00f3n de\nestos tipos de problemas le recuerdo la famosa frase, mil veces repetida, de Antoine\nde Saint-Exup\u00e9ry (1900-1944), que pone en boca del Principito: \u00abHe aqu\u00ed mi\nsecreto, que no puede ser m\u00e1s simple: solo con el coraz\u00f3n se puede ver bien. Lo\nesencial es invisible a los ojos\u00bb. En su simpleza guarda un tesoro no siempre\nbien comprendido: con la raz\u00f3n se sabe, pero no se comprende. Hace ya mucho\ntiempo, el cient\u00edfico y fil\u00f3sofo, franc\u00e9s, Blaise Pascal (1623-1662), nos\nense\u00f1\u00f3 que: \u201cEl coraz\u00f3n tiene razones que la raz\u00f3n ignora\u201d.<\/p>\n\n\n\n<p class=\"wp-block-paragraph\">Wikipedia ofrece una\ndefinici\u00f3n que nos puede ayudar: \u201cLa informaci\u00f3n es un conjunto organizado de\ndatos procesados, que constituye un mensaje, \u00e9ste cambia el estado de\nconocimiento del sujeto o sistema que recibe dicho mensaje\u201d. La clave reside en\nla palabra informaci\u00f3n: La etimolog\u00eda de la palabra ampl\u00eda y\nprofundiza el contenido de su significado: in-formar, de origen latino, \u201c-in\u201d,\n\u2018hacia adentro\u2019; \u201cformare\u201d, \u2018figura\u2019, \u2018imagen\u2019, equivale a \u201cdar forma hacia el\ninterior\u201d. Nos permite releer la definici\u00f3n a partir de plantear las siguientes\npreguntas: \u00bfhay un alguien que organiza un conjunto de datos? \u00bfQui\u00e9n o qui\u00e9nes?\n\u00c9l (o ellos) dan forma nueva&nbsp;\n\u2013in-forman\u2212, modificando el estado del conocimiento de quien lo recibe.<\/p>\n\n\n\n<p class=\"wp-block-paragraph\">Puede parecer demasiado\nexagerado, como si pretendi\u00e9ramos ver m\u00e1s all\u00e1 de lo existente. Sin embargo, si\nrepasamos reflexivamente nuestro itinerario educativo se nos cruza la pregunta:\n\u00bfno hemos sido nosotros, alumnos de un sistema educativo que procedi\u00f3\nexactamente de ese modo, con mecanismos similares? Entonces, somos el resultado\nde ello, nos hemos formado as\u00ed: \u00bfes esto sospechable? Terrible pregunta.\nSospechar de nuestra formaci\u00f3n es ponernos en el centro de la cr\u00edtica. \u00bfNo se\npresenta como necesario de acuerdo a lo que va apareciendo?<\/p>\n\n\n\n<p class=\"wp-block-paragraph\">Me detengo en este punto,\ndej\u00e1ndole, amigo oyente, toda una serie de cuestiones que no pueden no ser\nrevisadas. Este paso nos obliga a reflexionar sobre lo dicho. Equivale a decir\nhacer uso del pensamiento cr\u00edtico, preguntando, una y otra vez, sobre los\nporqu\u00e9s de lo que hemos recibido como educaci\u00f3n. \u00bfCu\u00e1nto de ello no fue\nconvirti\u00e9ndonos es personas d\u00f3ciles? \u00bfcu\u00e1nto de ello nos fue sumergiendo en una\naceptaci\u00f3n pasiva de tantas cosas que debieran ser inaceptables? Recordando\nviejos tiempos: le dejo tareas para el hogar. <\/p>\n\n\n\n<p class=\"wp-block-paragraph\">3.- Damos vuelta la p\u00e1gina y retomamos\nnuestro camino de investigaci\u00f3n sobre el mundo actual. Este mundo que est\u00e1\nenfermo, hasta el punto de que las investigaciones ecol\u00f3gicas hablan del riesgo\nde la desaparici\u00f3n de la vida sobre el planeta. No es simples predicciones\nagoreras, hay mucho de verdad en ello. Pero, retomando la met\u00e1fora medicinal,\ndebemos estudiar una historia cl\u00ednica para poder diagnosticar este presente. Si\nme acompa\u00f1a lo voy a llevar a una vieja historia que comienza en el siglo XVII.\nEs la fecha en la cual desembarcaron en las costas de Am\u00e9rica del Norte, no\nconocida entonces con ese nombre, Los Padres Peregrinos. \u00bfQui\u00e9nes eran estas\npersonas y por qu\u00e9 cruzaron el oc\u00e9ano Atl\u00e1ntico? Puede ser el origen de gran\nparte de nuestros males.&nbsp;&nbsp; <\/p>\n\n\n\n<p class=\"wp-block-paragraph\">Amigo oyente, no se espante\npor lo que sigue. Con un poco de paciencia va a ir encontrando los hilos que\natan esa historia con este presente.<\/p>\n\n\n\n<p class=\"wp-block-paragraph\">Los puritanos que llegaron a estas\ntierras eran parte de una secta disidente de la Iglesia anglicana. Sus miembros\nadoptaron formas m\u00e1s radicales de la moral calvinistas, una corriente interna\ndel sisma de la Iglesia cat\u00f3lica. La Reforma Protestante&nbsp; fue un movimiento de car\u00e1cter religioso,\nsurgido en Alemania en la segunda d\u00e9cada del siglo XVI, liderado por Mart\u00edn\nLutero. Sus ideas fueron reformuladas por el franc\u00e9s Juan Calvino (1509-1564). El\ndogma central de la l\u00ednea reformista, conocida como el puritanismo, era la\nautoridad suprema de Dios interviniendo sobre los asuntos de la Tierra. Esa\nautoridad se expresaba en dos dogmas: el de la <em>Predestinaci\u00f3n<\/em> y en el de la <em>Doctrina\nde los Elegidos<\/em>: sosten\u00eda que \u00abdesde el principio de la Creaci\u00f3n Dios hab\u00eda\npredeterminado el destino de todos los humanos disponiendo qui\u00e9n se salvar\u00eda y\nqui\u00e9n ser\u00eda condenado\u00bb; los primeros eran los <em>elegidos<\/em>. <\/p>\n\n\n\n<p class=\"wp-block-paragraph\">Se embarcaron en 1620 en el\nbuque Mayflower (Flor de mayo) que transport\u00f3 a 102 pasajeros, los llamados <em>Peregrinos<\/em>, desde Inglaterra hasta\ntierras que ser\u00edan luego los Estados Unidos de Am\u00e9rica. Sostenidos por una\ns\u00f3lida fe ciega e inconmovible vivieron demostrando una gran rigidez moral. Esa\nconvicci\u00f3n, fundada en la certeza de que ellos era parte de los elegidos por\nDios, y hab\u00edan sido enviados a las tierras de Am\u00e9rica para construir una <em>Nueva Jerusal\u00e9n<\/em>. Esa nueva ciudad\nceleste ser\u00eda el centro de la purificaci\u00f3n de la tierra y la construcci\u00f3n de un\nmundo santo. <\/p>\n\n\n\n<p class=\"wp-block-paragraph\">4.- Sobre la base de esa creencia los\ncolonos se fueron convenciendo de que su destino era expandirse hacia el Oeste\nhasta alcanzar el Pac\u00edfico. Hollywood narr\u00f3 esa epopeya en much\u00edsimas pel\u00edculas\nbajo el concepto de la <em>Conquista del\nOeste<\/em> en las que se justificaban las matanzas con que los <em>blancos buenos<\/em> desalojaron a los <em>ind\u00edgenas malos<\/em>. Se fue construyendo\nparalelamente una ideolog\u00eda justificadora con graves consecuencias hist\u00f3ricas. <\/p>\n\n\n\n<p class=\"wp-block-paragraph\">Entrado el siglo XIX se\nformul\u00f3 la <em>Doctrina del Destino\nmanifiesto<\/em>, que expresaba los fundamentos ideol\u00f3gicos de la misi\u00f3n que los\nEstados Unidos de Am\u00e9rica hab\u00edan recibido del Cielo: expandirse desde las\ncostas del Atl\u00e1ntico hasta las del Pac\u00edfico. Esta doctrina justificaba la\nconquista territorial definiendo la expansi\u00f3n como cumplimiento de la Misi\u00f3n\nencomendada. N<em>o Misi\u00f3n que no s\u00f3lo era buena\n<\/em>sino, fundamentalmente porque<em> estaba\ndestinada <\/em>(por una <em>fuerza desconocida\nque obra sobre los hombres y los sucesos<\/em>)<em>,<\/em> y era <em>manifiesta <\/em>(<em>descubierta, clara y patente<\/em>). Este\nmandato recibi\u00f3 despu\u00e9s la justificaci\u00f3n del presidente James Monroe en el a\u00f1o 1823, con su definici\u00f3n:\n\u00abAm\u00e9rica para los americanos\u00bb. <\/p>\n\n\n\n<p class=\"wp-block-paragraph\">El tema que estoy planteando toma\ncomo base el estudio del fil\u00f3sofo, polit\u00f3logo y soci\u00f3logo alem\u00e1n Max Weber\n(1864-1920), public\u00f3 en 1905 con el t\u00edtulo <em>La\n\u00e9tica protestante y el \u00abesp\u00edritu\u00bb del capitalismo<\/em>. El libro es un\nestudio que relaciona el estilo de vida protestante y su influencia en la cultura\nn\u00f3rdica, con especial \u00e9nfasis por su influencia en lo que defini\u00f3 como la\nconstituci\u00f3n del esp\u00edritu capitalista. Esta investigaci\u00f3n ayuda mucho a la\ncomprensi\u00f3n de este tema nada sencillo. <\/p>\n\n\n\n<p class=\"wp-block-paragraph\">5.- El historiador estadounidense\nFrederick Merk (1887-1977), profesor de la Universidad de Harvard confirm\u00f3 en\nsus investigaciones que el concepto <em>Destino\nmanifiesto<\/em> hab\u00eda nacido en la tradici\u00f3n puritana: <\/p>\n\n\n\n<p class=\"wp-block-paragraph\">Un sentido de la\nmisi\u00f3n de redimir al Viejo Mundo con un alto ejemplo que desarrolla las\npotencialidades de una nueva tierra para la construcci\u00f3n de un nuevo cielo. <\/p>\n\n\n\n<p class=\"wp-block-paragraph\">El origen del concepto <em>Destino Manifiesto<\/em>, se\u00f1ala el profesor,\nse encuentra sustentado en la tesis de un ministro puritano de nombre John\nCotton (1585-1652), quien escribi\u00f3 en 1630:<\/p>\n\n\n\n<p class=\"wp-block-paragraph\">Ninguna naci\u00f3n\ntiene el derecho de expulsar a otra, si no es por un designio especial del\ncielo como el que tuvieron los israelitas, a menos que los nativos obraran\ninjustamente con ella. En este caso tendr\u00e1n derecho a entablar, legalmente, una\nguerra con ellos as\u00ed como a someterlos.<\/p>\n\n\n\n<p class=\"wp-block-paragraph\">Basado en las palabras del\nReverendo Cotton el periodista estadounidense John L. O&#8217;Sullivan (1813-1895)\nintervino en el debate sobre la apropiaci\u00f3n territorial afirmando que es\nnecesaria en cumplimiento del <em>Destino\nmanifiesto<\/em>. Fue publicado en la revista Democratic Review de Nueva York, en\njulio de 1845, en el cual sosten\u00eda:<\/p>\n\n\n\n<p class=\"wp-block-paragraph\">Todo el continente\nnos ha sido asignado por la Divina Providencia, para el desarrollo del gran\nexperimento de libertad y autogobierno. Es un derecho como el que tiene un\n\u00e1rbol de obtener el aire y la tierra necesarios para el desarrollo pleno de sus\ncapacidades y el crecimiento que tiene como destino. No es una opci\u00f3n para los\nnorteamericanos, sino un destino al que \u00e9stos no pueden renunciar porque\nestar\u00edan rechazando la voluntad de Dios. Los norteamericanos tienen una misi\u00f3n\nque cumplir: extender la libertad y la democracia, y ayudar a las razas\ninferiores\u2026 La naci\u00f3n americana ha recibido de la Providencia divina el destino\nmanifiesto de apoderarse de todo el continente americano a fin de iniciar y\ndesarrollar la libertad y la democracia. Luego, debe llevar la luz del progreso\nal resto del mundo y garantizar su liderazgo, dado que es la \u00fanica naci\u00f3n libre\nen la Tierra.<\/p>\n\n\n\n<p class=\"wp-block-paragraph\">En cumplimiento de ese\ndesignio invaden Florida en 1818 y compran ese territorio a Espa\u00f1a. Extienden\nla expansi\u00f3n por todo el Oeste, desde el R\u00edo Bravo hasta Canad\u00e1. Ocupan Haw\u00e1i,\nintentan invadir Cuba en 1841 y aplican, desde 1823, la propuesta de la\nDoctrina Monroe, por medio de la cual \u00abning\u00fan territorio del continente\namericano pod\u00eda ser ocupado por potencias europeas\u00bb, aunque en la pr\u00e1ctica no\nse aplicaba a las colonias francesas, inglesas, holandesas o danesas\nexistentes. <\/p>\n\n\n\n<p class=\"wp-block-paragraph\">6.- Tal vez, amigo oyente, a Ud. le\nparezca una exageraci\u00f3n haberme remontado tantos siglos atr\u00e1s para encontrar\nlos or\u00edgenes del mundo actual. Por ello ha recurrido a textos en los que cuesta\ntrabajo creer que se puedan haber escrito tales palabras. Y lo peor es que se\nhayan convertido en un dogma de cumplimiento obligatorio. S\u00f3lo una conciencia\nfan\u00e1tica fue capaz de aceptar todo ello como un mandato del cielo que no pod\u00eda\nincumplirse. Si Ud. hace un poco de memoria y recuerda las cosas que dijo el\npresidente George W. Busch, cuando anunciaba la invasi\u00f3n a pa\u00edses del Oriente\nMedio. Ver\u00e1 que el fanatismo y el fundamentalismo sigue siendo el mismo. Le\nleer\u00e9 una s\u00edntesis de sus palabras: <\/p>\n\n\n\n<p class=\"wp-block-paragraph\">Nuestro\nenemigo es una red radical de terroristas con gobiernos que las respaldan. Pero\nnuestra responsabilidad ante la historia ya est\u00e1 clara: responder a estos\nataques y liberar al mundo del mal. Por ello <em>Am\u00e9rica ha encabezado una cruzada<\/em> contra la naci\u00f3n\nisl\u00e1mica. Es una cruzada en contra del terrorismo\u201d que denota la empresa de\nuna guerra religiosa. Lo cual nos obliga a aplicar una \u201cjusticia infinita\u201d\nen una guerra infinita. Es \u00abuna lucha colosal entre el bien y el mal\u00bb.\n\u00abNuestra responsabilidad ante la historia es clara: responder a estos\nataques y quitar el mal del mundo, destruyendo el eje del mal\u00bb.<\/p>\n\n\n\n<p class=\"wp-block-paragraph\">Nuestro\nduelo se ha convertido en ira y la ira en resoluci\u00f3n. Ya sea que llevemos\nnuestros enemigos a la justicia o la justicia a nuestros enemigos, as\u00ed lo\ncumpliremos. Nuestra guerra no terminar\u00e1 hasta que cada grupo terrorista de\nalcance mundial haya sido encontrado, detenido y vencido. La \u00fanica manera de\nderrotar al terrorismo como una amenaza a nuestra forma de vida es detenerlo, eliminarlo\ny destruirlo donde quiera que crezca. <\/p>\n","protected":false},"excerpt":{"rendered":"<p>1.- Quien les habla, Ricardo Vicente L\u00f3pez, les da la bienvenida a este programa N\u00ba 7. En el&nbsp; programa anterior termin\u00e9 con un pedido, respecto de la necesidad de comprender el estado del mundo en el que estamos sumergidos y estancados. Si la definici\u00f3n suena una tanto terminante se debe al ocultamiento sistem\u00e1tico del sistema [&hellip;]<\/p>\n","protected":false},"author":1,"featured_media":0,"parent":2290,"menu_order":0,"comment_status":"closed","ping_status":"closed","template":"","meta":{"footnotes":""},"class_list":["post-2366","page","type-page","status-publish","hentry"],"_links":{"self":[{"href":"https:\/\/ricardovicentelopez.com.ar\/index.php?rest_route=\/wp\/v2\/pages\/2366","targetHints":{"allow":["GET"]}}],"collection":[{"href":"https:\/\/ricardovicentelopez.com.ar\/index.php?rest_route=\/wp\/v2\/pages"}],"about":[{"href":"https:\/\/ricardovicentelopez.com.ar\/index.php?rest_route=\/wp\/v2\/types\/page"}],"author":[{"embeddable":true,"href":"https:\/\/ricardovicentelopez.com.ar\/index.php?rest_route=\/wp\/v2\/users\/1"}],"replies":[{"embeddable":true,"href":"https:\/\/ricardovicentelopez.com.ar\/index.php?rest_route=%2Fwp%2Fv2%2Fcomments&post=2366"}],"version-history":[{"count":1,"href":"https:\/\/ricardovicentelopez.com.ar\/index.php?rest_route=\/wp\/v2\/pages\/2366\/revisions"}],"predecessor-version":[{"id":2368,"href":"https:\/\/ricardovicentelopez.com.ar\/index.php?rest_route=\/wp\/v2\/pages\/2366\/revisions\/2368"}],"up":[{"embeddable":true,"href":"https:\/\/ricardovicentelopez.com.ar\/index.php?rest_route=\/wp\/v2\/pages\/2290"}],"wp:attachment":[{"href":"https:\/\/ricardovicentelopez.com.ar\/index.php?rest_route=%2Fwp%2Fv2%2Fmedia&parent=2366"}],"curies":[{"name":"wp","href":"https:\/\/api.w.org\/{rel}","templated":true}]}}