{"id":2362,"date":"2019-04-09T14:06:50","date_gmt":"2019-04-09T14:06:50","guid":{"rendered":"http:\/\/ricardovicentelopez.com.ar\/?page_id=2362"},"modified":"2019-04-09T14:06:50","modified_gmt":"2019-04-09T14:06:50","slug":"06-la-sociedad-global","status":"publish","type":"page","link":"https:\/\/ricardovicentelopez.com.ar\/?page_id=2362","title":{"rendered":"06- LA SOCIEDAD GLOBAL"},"content":{"rendered":"\n<figure class=\"wp-block-audio\"><audio controls src=\"https:\/\/ricardovicentelopez.com.ar\/wp-content\/uploads\/2019\/04\/06-QUE-MUNDO-MARAVILLOSO-06.mp3\"><\/audio><figcaption>ESCUCH\u00c1 AQU\u00cd EL PROGRAMA<\/figcaption><\/figure>\n\n\n\n<p class=\"wp-block-paragraph\"><\/p>\n\n\n\n<p class=\"wp-block-paragraph\">1.- Quien les habla, Ricardo Vicente\nL\u00f3pez, les da la bienvenida a este programa N\u00ba 6. Sobre el final del programa\nanterior apareci\u00f3 un tema muy importante, relativamente nuevo, que todav\u00eda no\nha ganado un espacio suficiente en los medios de comunicaci\u00f3n. Por esta raz\u00f3n,\nel ciudadano de a pie est\u00e1 muy poco habituado a escuchar la palabra con la cual\nse lo designa: la financiarizaci\u00f3n. Me atrever\u00e9 a decir dos cosas al respecto:\n1.- debe haber alguna cuota de restricci\u00f3n pol\u00edtica para hablar abiertamente de\n\u00e9l. Es cierto que no es sencillo el tema, pero, con un poco de buena voluntad\nse podr\u00eda intentar analizarlo en t\u00e9rminos accesibles a los no especialistas. &nbsp;&nbsp;&nbsp;&nbsp;&nbsp;&nbsp;&nbsp;&nbsp;&nbsp;&nbsp; 2.- No debe dejarse de lado la pedanter\u00eda de los\ninvestigadores que los lleva a hablar en jergas incomprensibles. Cuando un tema\nes dif\u00edcil entender, algo est\u00e1 escondiendo.&nbsp;\n<\/p>\n\n\n\n<p class=\"wp-block-paragraph\">Yo sospecho que no deben haber\nencontrado el modo de exponerlo sin sacar a la luz el grado de criminalidad que\ncontiene. Aclaro que no son criminales s\u00f3lo algunos de los que terminan en la\nc\u00e1rcel. Esos son los que el lenguaje cotidiano llama \u201cladrones de gallina\u201d. En\ncambio los que se mueven en el espacio global trasladando millones de una\nguarida a otra, evadiendo las legislaciones nacionales, esos s\u00ed son verdaderos\ncriminales, sobre todo por las consecuencias sociales de sus manejos. <\/p>\n\n\n\n<p class=\"wp-block-paragraph\">En el programa de hoy vamos a\ntener la palabra de profesores e investigadores prestigiosos que nos van a\nayudar a comprender mejor este tema. Sus audios van a ser un importante aporte.\nDigo todo esto como una introducci\u00f3n al tema mencionado: la financiarizaci\u00f3n.\nVamos a comenzar con una definici\u00f3n sencilla: (el audio contiene sus palabras)<\/p>\n\n\n\n<p class=\"wp-block-paragraph\">2.- Vamos ahora a invitar al Doctor en\nEconom\u00eda Francisco Navarro, para comenzar por un an\u00e1lisis m\u00e1s accesible. El\ncoloca el problema de la financiarizaci\u00f3n en la cantidad de dinero que circula\nen el mercado financiero. Por ello afirma que el crecimiento de este mundo\nfinanciero afecta la l\u00f3gica econ\u00f3mica. El distanciamiento entre la cantidad de\nbienes producidos y la cantidad excesiva de dinero circulante produce\ndistorsiones dif\u00edciles de manejar. Se produce un desacople por el cual el\ndinero comienza a avanzar en una carrera loca. \u00c9sta aumenta su velocidad hasta\nescapar a la voluntad de los operadores. (el audio contiene sus palabras).- <\/p>\n\n\n\n<p class=\"wp-block-paragraph\">3.- El problema que se le presenta al\nmercado industrial es que la rentabilidad de las empresas se define por la\ncomparaci\u00f3n con la rentabilidad financiera. Por lo tanto, a pesar de que la\nrelaci\u00f3n del costo de producci\u00f3n m\u00e1s la utilidad puede dar un precio que ofrece\nuna renta aceptable, los inversores les exigen que igualen o superen las\nutilidades que ofrece la inversi\u00f3n financiera.<\/p>\n\n\n\n<p class=\"wp-block-paragraph\">Es decir, en el mundo\nfinanciarizado cualquier utilidad que presente la industria, cuyo ciclo es\nnecesariamente m\u00e1s largo, es comparada con la que est\u00e1n rindiendo los valores\nde las bolsas. Los \u201cfamosos inversores\u201d apuntan siempre a la mayor renta\ninmediata posible. Lo cual hace que las empresas que son rentables para el modelo\ndel capitalismo cl\u00e1sico, deban competir con rentas especulativas que circulan a\nuna mayor velocidad y con una inmediatez de rendimientos imposibles de igualar.\nEl resultado de esto es que el dinero se va trasladando, cada vez con mayor\nvelocidad, hacia la especulaci\u00f3n financiera.<\/p>\n\n\n\n<p class=\"wp-block-paragraph\">Ello determina que los\ninversores que colocan su dinero en acciones de una empresa productiva exigir\u00e1n\npara quedarse las utilidades que ofrece el mundo financiero. Caso contrario\nvenden sus acciones para invertir en los m\u00e1s redituables. Entonces esas\nempresas se acomodan a las nuevas exigencias o corren el riesgo de la\ndescapitalizaci\u00f3n o la quiebra. Volvamos al Doctor Navarro: (el audio contiene\nsus palabras)<\/p>\n\n\n\n<p class=\"wp-block-paragraph\">4.- Ahora es necesario comprender la\npresencia de otra modalidad de las finanzas, que termina imponi\u00e9ndose como\n\u00fanica posibilidad de operar en el mercado: tomar deuda. Ella es un modo que\nextraer rentabilidad de las empresas a trav\u00e9s de un manejo perverso. De lo\ndicho antes se desprende que la volatilidad del capital accionario obliga a\nrecurrir a los bancos o financieras para recuperar un monto de dinero que les\npermita al sector productivo seguir operando. Los intereses que se deben pagar\npor esos pr\u00e9stamos inciden, sin ninguna duda, en la operaci\u00f3n de las empresas\nfabricantes. Se empieza a producir una traslaci\u00f3n de rentas de la producci\u00f3n a\nla financiaci\u00f3n.&nbsp;&nbsp; (el audio contiene sus\npalabras)<\/p>\n\n\n\n<p class=\"wp-block-paragraph\">5.- Demos ahora un paso para comenzar a\nintroducirnos en un aspecto del mundo global que presenta algunas\ncomplicaciones. Vamos a escuchar el an\u00e1lisis que nos ofrece la Profesora de\nSociolog\u00eda de la Universidad de Columbia, Saskia Sassen. Ella es holandesa,\npero ha vivido muchos a\u00f1os en Buenos Aires, raz\u00f3n por la cual habla un muy buen\ncastellano. Se especializa en un tema que ella ha denominado <em>ciudades globales<\/em>. Investiga en ellas, a\nmodo de un laboratorio humano, el tipo de vida que se va imponiendo. Es un\nproceso que se va apartando de la cultura local para ir convirti\u00e9ndose en una\nmuestra, en peque\u00f1o, del mundo globalizado. La particularidad de este fen\u00f3meno\nes que estas ciudades, ubicadas en diversas partes del planeta, cada vez se\nparecen m\u00e1s entre ellas. El tema de su exposici\u00f3n es la \u00abCrisis\u00bb que\nse observa en \u201cel Territorio, en la &nbsp;autoridad y en los derechos\u00bb. <\/p>\n\n\n\n<p class=\"wp-block-paragraph\">La Profesora Sassen repasa\nalgunos de los conceptos clave de sus trabajos sobre la&nbsp; \u00abciudad global\u00bb acerca de c\u00f3mo incide\nuna alarmante l\u00f3gica en esos con0glomerados urbanos.&nbsp; Sostiene que se est\u00e1 imponiendo una\ncondicionalidad de sistema neoliberal: la expulsi\u00f3n de millones de personas que\nsobran. \u00c9stas ya no interesan en la sociedad globalizada. (el audio contiene\nsus palabras)<\/p>\n\n\n\n<p class=\"wp-block-paragraph\">6.- Volvamos al tema de la deuda, \u00e9sta\nse va convirtiendo en un componente inescindible de la ecuaci\u00f3n financiera. Es\nuna traslaci\u00f3n de la renta al mercado financiero. Debemos detenernos a pensar\nel discurso pol\u00edtico de la mayor\u00eda de los representantes de los partidos\nllamados democr\u00e1ticos, y el uso de la palabra deuda. No se plantea, por regla\ngeneral, si se debe tomar deuda o no, sino cual es la deuda m\u00e1s conveniente.\nEsto demuestra la capacidad de control de la opini\u00f3n p\u00fablica. Ellos nos van\nconvenciendo de dos verdades que no se pueden cuestionar: 1.- la deuda no es\nmala en s\u00ed misma, el problema se presenta en el manejo que se hace de ella; 2.-\npagar las deudas contra\u00eddas es lo que deben hacer todos los pa\u00edses serios. <\/p>\n\n\n\n<p class=\"wp-block-paragraph\">La deuda se la muestra como\nun instrumento as\u00e9ptico. Se recurre a ejemplos como el cuchillo: se puede comer\no matar con \u00e9l, pero eso no es culpa del cuchillo, sino de quien lo utiliza. La\ningenuidad del argumento es alarmante. Esto muestra la necesidad que tiene el\nsistema global de achatar y simplificar el debate pol\u00edtico. <\/p>\n\n\n\n<p class=\"wp-block-paragraph\">Esta tarea de desinformaci\u00f3n,\nutilizando la palabra en el sentido que le da el Diccionario de la Lengua: \u00abDar\ninformaci\u00f3n intencionadamente manipulada al servicio de ciertos fines\u00bb, debe\nser denunciada. La financiarizaci\u00f3n es un c\u00e1ncer del sistema que perjudica,\nsobre todo al trabajador. Escuchemos la reflexi\u00f3n que nos propone Luis Enrique\nAlonso, Economista y Soci\u00f3logo espa\u00f1ol. Se ha especializado en sociolog\u00eda\necon\u00f3mica y del consumo. Es Profesor de de Sociolog\u00eda en la Universidad\nAut\u00f3noma de Madrid. Presenta su libro: \u00abLa financiarizaci\u00f3n de las\nrelaciones salariales\u00bb, en el cual investiga c\u00f3mo la financiarizaci\u00f3n\nataca a los trabajadores:<\/p>\n\n\n\n<p class=\"wp-block-paragraph\">(el audio contiene sus palabras)<\/p>\n\n\n\n<p class=\"wp-block-paragraph\">7.- Propongo una lectura que, si bien\ntiene dificultades, es necesaria para encontrar un comienzo a este complejo\ntema. Para ello voy a citar un largo trabajo de dos muy interesantes analistas\npol\u00edticos: Alberto Rabilotta &#8211; Periodista argentino-canadiense y Andr\u00e9s\nPiqueras, espa\u00f1ol, Doctor en Sociolog\u00eda por la Universidad de Valencia. El\nt\u00edtulo que lleva adelanta, en parte, lo que van a tratar: <em>El fin del largo siglo XX &#8211; Vivimos el gran cambio del mundo que sali\u00f3\nde la postguerra mundial<\/em>. Fue publicado el 23-8-18. Dicen lo siguiente:<\/p>\n\n\n\n<p class=\"wp-block-paragraph\">El v\u00e9rtigo de la\naceleraci\u00f3n se debe al derrumbe de toda la econom\u00eda del valor, la ca\u00edda de la\nrentabilidad del capital como consecuencia de su propio proceso de\nsobre-acumulaci\u00f3n que se arrastra de forma definitiva desde los a\u00f1os 70 del\nsiglo XX. Pero mientras este magma subterr\u00e1neo de crisis va haciendo su camino,\nsu causalidad profunda va llegando a las conciencias humanas. Se manifiesta a\ntrav\u00e9s de los fen\u00f3menos pol\u00edticos que acontecen en la superficie de la corteza\nterrestre. Cada vez m\u00e1s dif\u00edciles de pasar desapercibidos, incluso para\npoblaciones mundiales entrenadas para no ver ni entender nada de lo que ocurre.<\/p>\n\n\n\n<p class=\"wp-block-paragraph\">Plantean una explicaci\u00f3n\nacerca de la locura en la que est\u00e1 sumido el mundo global, la sensaci\u00f3n de que\nel tiempo se acelera. Es interesante la relaci\u00f3n que establecen entre los\nmovimientos en la estructura del sistema y sus manifestaciones en la\nsuperficie. Su referencia al estado del entrenamiento de las poblaciones\nmundiales habla claramente sobre el papel de manejo de la opini\u00f3n p\u00fablica que\ndesarrollan los grandes medios. Sigamos leyendo:<\/p>\n\n\n\n<p class=\"wp-block-paragraph\">Este sistema fue\nmuy cuidadosamente elaborado sobre una base ideol\u00f3gica que permiti\u00f3 la\nverdadera toma del poder educativo, medi\u00e1tico, jur\u00eddico y pol\u00edtico por las\ngrandes empresas de EEUU a partir de la d\u00e9cada de 1970. Fue as\u00ed como han ido\ncontrolando las instituciones de ense\u00f1anza superior. En EEUU y en las\nsociedades centrales en general, se cre\u00f3 el cuerpo de funcionarios\ngubernamentales, de ejecutivos empresariales, de economistas, pol\u00edticos y\nperiodistas org\u00e1nicos. Estos han impuesto, y refuerzan diariamente, la\nformaci\u00f3n del \u201csentido com\u00fan\u201d. Es decir, del pensamiento \u00fanico que colabora con\nesta dominaci\u00f3n. Parad\u00f3jicamente, en esta etapa constituye una de las\ncontradicciones principales que impide al capitalismo realmente existente\ncualquier suerte de reacci\u00f3n para su auto-salvaci\u00f3n frente a su crisis\nsist\u00e9mica.<\/p>\n\n\n\n<p class=\"wp-block-paragraph\">En este p\u00e1rrafo el an\u00e1lisis\ntiene m\u00e1s dificultades. Pero le pido, amigo oyente, no desesperar. Sobre esto\nvolver\u00e9 m\u00e1s de una vez para ir acerc\u00e1ndonos, de a poco, a este tema. Creo que\nes de fundamental importancia para una comprensi\u00f3n profunda de la situaci\u00f3n del\nsistema globalizado y sus consecuencias. <\/p>\n","protected":false},"excerpt":{"rendered":"<p>1.- Quien les habla, Ricardo Vicente L\u00f3pez, les da la bienvenida a este programa N\u00ba 6. Sobre el final del programa anterior apareci\u00f3 un tema muy importante, relativamente nuevo, que todav\u00eda no ha ganado un espacio suficiente en los medios de comunicaci\u00f3n. Por esta raz\u00f3n, el ciudadano de a pie est\u00e1 muy poco habituado a [&hellip;]<\/p>\n","protected":false},"author":1,"featured_media":0,"parent":2290,"menu_order":0,"comment_status":"closed","ping_status":"closed","template":"","meta":{"footnotes":""},"class_list":["post-2362","page","type-page","status-publish","hentry"],"_links":{"self":[{"href":"https:\/\/ricardovicentelopez.com.ar\/index.php?rest_route=\/wp\/v2\/pages\/2362","targetHints":{"allow":["GET"]}}],"collection":[{"href":"https:\/\/ricardovicentelopez.com.ar\/index.php?rest_route=\/wp\/v2\/pages"}],"about":[{"href":"https:\/\/ricardovicentelopez.com.ar\/index.php?rest_route=\/wp\/v2\/types\/page"}],"author":[{"embeddable":true,"href":"https:\/\/ricardovicentelopez.com.ar\/index.php?rest_route=\/wp\/v2\/users\/1"}],"replies":[{"embeddable":true,"href":"https:\/\/ricardovicentelopez.com.ar\/index.php?rest_route=%2Fwp%2Fv2%2Fcomments&post=2362"}],"version-history":[{"count":1,"href":"https:\/\/ricardovicentelopez.com.ar\/index.php?rest_route=\/wp\/v2\/pages\/2362\/revisions"}],"predecessor-version":[{"id":2364,"href":"https:\/\/ricardovicentelopez.com.ar\/index.php?rest_route=\/wp\/v2\/pages\/2362\/revisions\/2364"}],"up":[{"embeddable":true,"href":"https:\/\/ricardovicentelopez.com.ar\/index.php?rest_route=\/wp\/v2\/pages\/2290"}],"wp:attachment":[{"href":"https:\/\/ricardovicentelopez.com.ar\/index.php?rest_route=%2Fwp%2Fv2%2Fmedia&parent=2362"}],"curies":[{"name":"wp","href":"https:\/\/api.w.org\/{rel}","templated":true}]}}