{"id":2354,"date":"2019-04-09T14:02:35","date_gmt":"2019-04-09T14:02:35","guid":{"rendered":"http:\/\/ricardovicentelopez.com.ar\/?page_id=2354"},"modified":"2019-04-09T14:02:57","modified_gmt":"2019-04-09T14:02:57","slug":"04-informacion-y-entretenimiento","status":"publish","type":"page","link":"https:\/\/ricardovicentelopez.com.ar\/?page_id=2354","title":{"rendered":"04- INFORMACI\u00d3N Y ENTRETENIMIENTO"},"content":{"rendered":"\n<figure class=\"wp-block-audio\"><audio controls src=\"https:\/\/ricardovicentelopez.com.ar\/wp-content\/uploads\/2019\/04\/04-QUE-MUNDO-MARAVILLOSO-04.mp3\"><\/audio><figcaption>ESCUCH\u00c1 AQU\u00cd EL PROGRAMA<\/figcaption><\/figure>\n\n\n\n<p class=\"wp-block-paragraph\"><\/p>\n\n\n\n<p class=\"wp-block-paragraph\">1.- Quien les habla, Ricardo Vicente\nL\u00f3pez, les da la bienvenida a este programa N\u00ba 4. En los primeros programas yo\nse\u00f1al\u00e9 que el tema central que permite comprender la situaci\u00f3n del mundo actual\nes la globalizaci\u00f3n. Este no es un concepto nuevo, pero se actualiz\u00f3 como un\nproyecto que representa la culminaci\u00f3n de la supremac\u00eda de un pu\u00f1ado de\npersonas por sobre el resto.&nbsp; Ello\nproduce: <em>un mundo en el que los ricos son\ncada vez m\u00e1s ricos y los pobres son cada vez m\u00e1s pobres<\/em>; un mundo de casi\nocho mil millones de habitantes, con una capacidad de&nbsp;&nbsp; producci\u00f3n de alimentos que puede dar de\ncomer a m\u00e1s del doble. En \u00e9l hay un tercio de la poblaci\u00f3n hundido en la\nmiseria y otro tercio que sobrevive mal. Un mundo en el que unas pocas familias\nse quedan con el 80% de las riquezas y el resto se reparte desigualmente entre\nel 90% de la poblaci\u00f3n. Un mundo que saquea la naturaleza para el logro del\nmayor lucro posible por lo cual se va acercando a la posibilidad de la\nextinci\u00f3n total de la vida, etc. <\/p>\n\n\n\n<p class=\"wp-block-paragraph\">Por estas razones yo me\ncompromet\u00ed a investigar, dentro de mis posibilidades, todos estos temas en el\ndiscurrir de los programas. La intenci\u00f3n es despertar y conmover las\nconciencias de tanta buena gente que vive anestesiada por el sistema de medios\nde comunicaci\u00f3n. El enorme caudal informativo es filtrado por unas pocas\nAgencias de Noticias, la mayor parte de ellas son de propiedad de\nmultinacionales. \u00c9stas se hacen cargo de un relato parcial, falsificado,\nmentiroso, ocultador, que nos pinta un mundo acorde con sus intereses. <\/p>\n\n\n\n<p class=\"wp-block-paragraph\">Para cumplir lo prometido y\nfundamentar la interpretaci\u00f3n de las causas por las que hemos llegado a esta\nsituaci\u00f3n, he convocado a personas con m\u00e9ritos probados para que nos ayuden en\nesta tarea. <\/p>\n\n\n\n<p class=\"wp-block-paragraph\">2.- En el programa anterior hemos\nescuchado la palabra de un periodista que re\u00fane esas condiciones: Carlos\nGabetta. Lo invito, amigo oyente, a continuar prestando atenci\u00f3n a sus dichos:\n(el audio contiene sus palabras)<\/p>\n\n\n\n<p class=\"wp-block-paragraph\">Gabetta nos va pintando un\nmundo comunicacional muy claro. Quiero subrayar, sobre todo, el papel\nfundamental que le asigna a la concentraci\u00f3n de empresas, por compra o por\nfusi\u00f3n, transform\u00e1ndose en multinacionales de los medios. Las que pasan a\nformar la nueva empresa son, por lo general, provenientes de diverso origen y\nespecializaci\u00f3n. El entrevistado propone el concepto radial \u201cruido\u201d para hacer\nreferencia a las perturbaciones que la nueva organizaci\u00f3n produce. La mezcla de\n\u201cculturas\u201d, entendida esta palabra en el sentido empresarial, produce cortocircuitos,\nmalas interpretaciones, dispersi\u00f3n de objetivos, p\u00e9rdida del sentido central de\nla tarea comunicativa, etc. \u00c9l habla de presiones comerciales y empresarias que\ndeben dirimir el acoplamiento de los diversos objetivos de las empresas que se\nacoplan.&nbsp; <\/p>\n\n\n\n<p class=\"wp-block-paragraph\">Otro aporte importante que\nhace es el an\u00e1lisis de la integraci\u00f3n entre <em>empresas\nperiod\u00edsticas<\/em> con <em>empresas dedicadas\nal&nbsp; entretenimiento<\/em>. Este fen\u00f3meno se\ndio, con mayor intensidad en los noventa y en la primera d\u00e9cada de este siglo.\nPuede hoy mostrar, como si fuera un gran logro, satisfacer la demanda del\nconsumidor de noticias y del consumidor de entretenimiento en un formato que en\nlos EEUU lo denominaron el <em>infoentertainment<\/em>.\nSobre esta novedad wikipedia nos informa: <\/p>\n\n\n\n<p class=\"wp-block-paragraph\">infoentertainment\n(es un acr\u00f3nimo de informaci\u00f3n y entretenimiento), tambi\u00e9n llamado soft news\n<\/p>\n\n\n<p>[noticias livianas]<\/p>\n\n\n\n<p class=\"wp-block-paragraph\">. Es un tipo de medios, generalmente televisi\u00f3n, que\nproporciona esa combinaci\u00f3n. El concepto \u00abinfoentertainment\u00bb es un\ntema de preocupaci\u00f3n y de cr\u00edtica dentro del periodismo. En su defensa se\nargumenta que el mundo est\u00e1 evolucionando desde un medio que transmite <em>informaci\u00f3n seria<\/em> sobre cuestiones que <em>afectan el inter\u00e9s p\u00fablico<\/em>, a <em>una forma de entretenimiento<\/em> que tiene <em>nuevos modos m\u00e1s digeribles<\/em>. Algunos\nculpan a los medios por este fen\u00f3meno, por fallar al cumplimiento de <em>los viejos ideales de responsabilidad c\u00edvica\nperiod\u00edstica<\/em>. Mientras que otros lo atribuyen a la <em>naturaleza comercial de muchas organizaciones de medios<\/em>. A la\nnecesidad de responder a <em>una preferencia\nque dicen percibir en el p\u00fablico<\/em>. Esa necesidad se expresar\u00eda por la <em>demanda de contenidos m\u00e1s livianos<\/em>. Una\nmanera de sentirse bien con temas de \u00abpoca importancia\u00bb como chismes\nde celebridades o deportes, etc. \n\n<\/p>\n\n\n\n<p class=\"wp-block-paragraph\">3.- El debate mencionado en wikipedia\nno deja de ser interesante, pero exige algunas consideraciones m\u00e1s penetrantes\nen el problema. Si partimos de la descripci\u00f3n de Gabetta sobre el conflicto de\nintereses me gustar\u00eda agregar que no es casual que esto suceda en el momento en\nque se profundiza la crisis del capitalismo. La necesidad de alimentar la\ndemanda de informaci\u00f3n con las \u201csoft news\u201d es ya una condici\u00f3n habitual de los <em>noticieros televisivos<\/em>, copiado en parte\ny adaptados a sus medios, por la prensa escrita y radial. Le propongo, amigo\noyente, un juego: supongamos que alguien que estuviera aislado durante cuatro o\ncinco d\u00e9cadas volviera a aparecer y se sentara a ver televisi\u00f3n \u00bfQu\u00e9 reacciones\ntendr\u00eda?<\/p>\n\n\n\n<p class=\"wp-block-paragraph\">Un ejercicio similar se\npodr\u00eda hacer viendo el Canal Volver. Los que ya tenemos a\u00f1os suficientes para\nhacer ese ejercicio podemos decir que hay programas hoy que ser\u00edan impensables\nde ser presentados en aquel tiempo. Las razones son varias, algunas bordean el\nbuen gusto, la seriedad en el tratamiento de los temas presentados o razones\n\u00e9ticas. Pero lo m\u00e1s importante es el concepto de programaci\u00f3n que separa a este\ntiempo de aquel. <\/p>\n\n\n\n<p class=\"wp-block-paragraph\">Le propongo, amigo oyente\nque escuchemos un corto audio del periodista espa\u00f1ol Jes\u00fas Quintero (1940), Director\ny Presentador de programas de radio y televisi\u00f3n espa\u00f1oles, tambi\u00e9n conocido\ncomo El loco de la colina, o El perro verde. En pocas palabras describe el\nestado cultural del mundo actual. Seg\u00fan el resultado de la banalizaci\u00f3n de los\nmedios:<\/p>\n\n\n\n<p class=\"wp-block-paragraph\">&nbsp;Audio: Analfabetos de hoy &#8211; Jes\u00fas Quinteros\nwww.youtube.com\/watch?v=oTw37C52e8U (el audio contiene sus palabras)<\/p>\n\n\n\n<p class=\"wp-block-paragraph\">4.- No pretendo exigir demasiado a dos\npersonas de profesiones diferentes, aunque no tanto, como lo son Carlos Gabetta\ny Jes\u00fas Quintero. Pero creo que hay coincidencias relevantes con el tema que\nestamos investigando. Adem\u00e1s, creo poder afirmar que llegan a conclusiones que\nson convergentes. Gabetta analiza las condiciones de producci\u00f3n del estado de\nla sociedad global de hoy, Quinteros diagnostica, con palabra grave, sus\nconsecuencias. <\/p>\n\n\n\n<p class=\"wp-block-paragraph\">Vamos a continuar escuchando\na Gabetta que le va a agregar m\u00e1s matices el tema tratado:<\/p>\n\n\n\n<p class=\"wp-block-paragraph\">(el audio contiene sus palabras)<\/p>\n\n\n\n<p class=\"wp-block-paragraph\">5.- Rescato dos conceptos que Gabetta\ncomenta: la <em>instantaneidad<\/em> y lo que\nyo dir\u00eda, con otras palaras que las de \u00e9l, la <em>manipulaci\u00f3n y el menosprecio por el consumidor<\/em> de la informaci\u00f3n.\nAntes de continuar quiero recordarle, amigo oyente, la frase del periodista\nfranc\u00e9s Thierry Meyssan, ya citada en el programa n\u00ba 2: <\/p>\n\n\n\n<p class=\"wp-block-paragraph\">El periodismo no\nes una t\u00e9cnica de descripci\u00f3n, sino un arte de la comprensi\u00f3n. La\ninmediatez, lejos de garantizar la verdad, la hace vulnerable a las apariencias\ny a los prejuicios\u2026 Este tipo de informaci\u00f3n no es una herramienta de\nconocimiento, sino un espect\u00e1culo. <\/p>\n\n\n\n<p class=\"wp-block-paragraph\">Si habl\u00e9 de manipulaci\u00f3n es\nporque creo que la trampa que propone este tipo de periodismo es vender \u201cgato\npor liebre\u201d, seg\u00fan reza el viejo dicho. Le dice al receptor que va a recibir\nnoticias y lo que le env\u00eda son emociones superficiales y f\u00e1ciles. Le escamotea\ntodo el drama que debe ser conocido, no ser sentido. Por esta raz\u00f3n Meyssan\nhabla de un espect\u00e1culo que reemplaza la <em>verdadera\ninformaci\u00f3n<\/em>. \u00c9sta, la mayor parte de las veces, queda entrampada en la tela\nde ara\u00f1a del espect\u00e1culo, que puede seguir con el Show business. Utilizo esta\npalabra inglesa por la paradoja que encierra su traducci\u00f3n literal: \u201cMostrar el\nnegocio\u201d. Si se busca su traducci\u00f3n en la web la presentan como sin\u00f3nimo de\nfar\u00e1ndula. <\/p>\n\n\n\n<p class=\"wp-block-paragraph\">Esta palabra\ntiene dos acepciones: 1.- Profesi\u00f3n y ambiente de las personas que se dedican\nal espect\u00e1culo, especialmente al teatro, \u00abel mundo de la far\u00e1ndula\u00bb\ny, 2.- Charla embrollada con la que se pretende enga\u00f1ar o confundir. <\/p>\n\n\n\n<p class=\"wp-block-paragraph\">La segunda es una verdadera\nperlita. Me atrever\u00eda a decir que encierra casi todo lo que hace el periodismo\nactual. Es evidente que est\u00e1 alejado de aquel viejo periodismo que ha\npresentado tantos grandes de la pluma (aunque ella haya sido una m\u00e1quina de\nescribir). Sin embargo, si nos atenemos a su significado de \u201cmostrar\u201d lo que,\nen la actualidad hace, es esconder. Nuestro p\u00fablico, local o nacional, lo que\nest\u00e1 leyendo, escuchando o viendo, depende del medio utilizado, es nada m\u00e1s que\nnegocios de los grandes empresarios. Negocios comerciales, financieros o\nideol\u00f3gicos. <\/p>\n\n\n\n<p class=\"wp-block-paragraph\">6.- Por las vueltas que le estoy dando\nal tema quiero, adem\u00e1s de pedirle perd\u00f3n, que me acompa\u00f1e en el esfuerzo de ir\nsigui\u00e9ndolo por los recodos que ofrece este cauce de ideas. Creo necesario ir\nsiguiendo todos estos pasos para desarmar la complejidad del mundo\ncomunicacional. La informaci\u00f3n, su manejo oligop\u00f3lico y excluyente, es el\ninstrumento fundamental para el dominio que impone la globalizaci\u00f3n. Ese manejo\nmonop\u00f3lico de la informaci\u00f3n, revestida de modalidades amables para no herir la\nsusceptibilidad del receptor, encubre el prop\u00f3sito, de alejarlo del\nconocimiento de las barbaridades que el capitalismo financiero produce en esta\netapa. (Lo remito a las palabras del comienzo de este programa para recordar\ncu\u00e1l es nuestra situaci\u00f3n actual). El intento ha sido exitoso: introducir a una\ncantidad muy importante de personas en una burbuja llena de falsedades. Eso es\nel escenario global de las comunicaciones. Este tema lo retomar\u00e9 m\u00e1s adelante\ncuando analicemos el problema de las subjetividades que produce el mundo\nglobal. Esto puede ser sintetizado as\u00ed: la <em>transformaci\u00f3n\nde un ciudadano en un consumidor<\/em>.<\/p>\n","protected":false},"excerpt":{"rendered":"<p>1.- Quien les habla, Ricardo Vicente L\u00f3pez, les da la bienvenida a este programa N\u00ba 4. En los primeros programas yo se\u00f1al\u00e9 que el tema central que permite comprender la situaci\u00f3n del mundo actual es la globalizaci\u00f3n. Este no es un concepto nuevo, pero se actualiz\u00f3 como un proyecto que representa la culminaci\u00f3n de la [&hellip;]<\/p>\n","protected":false},"author":1,"featured_media":0,"parent":2290,"menu_order":0,"comment_status":"closed","ping_status":"closed","template":"","meta":{"footnotes":""},"class_list":["post-2354","page","type-page","status-publish","hentry"],"_links":{"self":[{"href":"https:\/\/ricardovicentelopez.com.ar\/index.php?rest_route=\/wp\/v2\/pages\/2354","targetHints":{"allow":["GET"]}}],"collection":[{"href":"https:\/\/ricardovicentelopez.com.ar\/index.php?rest_route=\/wp\/v2\/pages"}],"about":[{"href":"https:\/\/ricardovicentelopez.com.ar\/index.php?rest_route=\/wp\/v2\/types\/page"}],"author":[{"embeddable":true,"href":"https:\/\/ricardovicentelopez.com.ar\/index.php?rest_route=\/wp\/v2\/users\/1"}],"replies":[{"embeddable":true,"href":"https:\/\/ricardovicentelopez.com.ar\/index.php?rest_route=%2Fwp%2Fv2%2Fcomments&post=2354"}],"version-history":[{"count":1,"href":"https:\/\/ricardovicentelopez.com.ar\/index.php?rest_route=\/wp\/v2\/pages\/2354\/revisions"}],"predecessor-version":[{"id":2356,"href":"https:\/\/ricardovicentelopez.com.ar\/index.php?rest_route=\/wp\/v2\/pages\/2354\/revisions\/2356"}],"up":[{"embeddable":true,"href":"https:\/\/ricardovicentelopez.com.ar\/index.php?rest_route=\/wp\/v2\/pages\/2290"}],"wp:attachment":[{"href":"https:\/\/ricardovicentelopez.com.ar\/index.php?rest_route=%2Fwp%2Fv2%2Fmedia&parent=2354"}],"curies":[{"name":"wp","href":"https:\/\/api.w.org\/{rel}","templated":true}]}}