{"id":2349,"date":"2019-04-09T13:58:21","date_gmt":"2019-04-09T13:58:21","guid":{"rendered":"http:\/\/ricardovicentelopez.com.ar\/?page_id=2349"},"modified":"2019-04-09T13:58:55","modified_gmt":"2019-04-09T13:58:55","slug":"03-informacion-y-globalizacion","status":"publish","type":"page","link":"https:\/\/ricardovicentelopez.com.ar\/?page_id=2349","title":{"rendered":"03- INFORMACI\u00d3N Y GLOBALIZACI\u00d3N"},"content":{"rendered":"\n<figure class=\"wp-block-audio\"><audio controls src=\"https:\/\/ricardovicentelopez.com.ar\/wp-content\/uploads\/2019\/04\/03-QUE-MUNDO-MARAVILLOSO-03.mp3\"><\/audio><figcaption>ESCUCH\u00c1 AQU\u00cd EL PROGRAMA<\/figcaption><\/figure>\n\n\n\n<p class=\"wp-block-paragraph\"><\/p>\n\n\n\n<p class=\"wp-block-paragraph\">1.- Quien les habla, Ricardo Vicente\nL\u00f3pez, les da la bienvenida a este programa N\u00ba 3. En el programa anterior hice\nun ejercicio memor\u00edstico de informaciones, que llevan ya unos largos a\u00f1os, para\ndesarrollar una tarea cr\u00edtica respecto de la relaci\u00f3n entre los hechos y la\nverdad sobre ellos. En esta relaci\u00f3n no hay ya errores (si los hay juegan un\npapel secundario). Lo que queda demostrado es que la mentira, ya sea el\nocultamiento, la mutilaci\u00f3n o la tergiversaci\u00f3n de la informaci\u00f3n, es el\ninstrumento fundamental de todo el sistema de medios de informaci\u00f3n.<\/p>\n\n\n\n<p class=\"wp-block-paragraph\">Son muchas las\npersonalidades relevantes de la profesi\u00f3n que pueden dar sus testimonios. El\ntema planteado es el an\u00e1lisis de c\u00f3mo incide todo ello, y cu\u00e1les son las\nconsecuencias que padece la opini\u00f3n p\u00fablica por todo lo ya mencionado. <\/p>\n\n\n\n<p class=\"wp-block-paragraph\">Nuestro primer invitado es\nel Profesor Fernando Casta\u00f1eda, Doctor en Ciencias Sociales, con especialidad\nen Sociolog\u00eda, por el Colegio de M\u00e9xico, Doctorado en Pensamiento Pol\u00edtico y\nSocial por la Universidad de Sussex, Inglaterra. Es Profesor y Director de la\nFacultad de Ciencias Pol\u00edticas y Sociales de la Universidad Nacional Aut\u00f3noma\nde M\u00e9xico. En enero de 2014 particip\u00f3 de una Mesa Redonda que propon\u00eda\nreflexionar sobre el tema <em>La opini\u00f3n\np\u00fablica como un fen\u00f3meno social que incide en la agenda pol\u00edtica<\/em>. Introduce\nalgunas consideraciones sobre el origen y funcionamiento en la sociedad\nmoderna. (el audio contiene sus palabras)<\/p>\n\n\n\n<p class=\"wp-block-paragraph\">2.- Es importante su aporte como\ninvestigador acad\u00e9mico, por su claridad en plantear la necesidad de ir a buscar\nen la historia el origen de los hechos. A partir de esta premisa coloca la <em>Declaraci\u00f3n de los Derechos del hombre y del\nciudadano<\/em>, aprobada por la Asamblea Nacional Constituyente francesa el 26\nde agosto de 1789. Destaca la importancia de este instrumento jur\u00eddico para la\nprotecci\u00f3n del ciudadano respecto de los posibles abusos de poder. Afirma que\nesos ciudadanos, que se sintieron protegidos por la ley, se pudieron expresar\ncon libertad dando nacimiento al fen\u00f3meno de la opini\u00f3n p\u00fablica. (el audio\ncontiene sus palabras)<\/p>\n\n\n\n<p class=\"wp-block-paragraph\">3.- Amigo oyente, puede que Ud. se\npregunte: \u00bfpara qu\u00e9 necesitamos escuchar a este profesor? Yo intento\ncontestarle: para conocer como una persona muy bien formada por la academia,\nprofesor titular de una importante Universidad, que escribe libros, etc. expone\nsu modo de pensar. Cuando habla del p\u00fablico (no del pueblo) est\u00e1 pensando en un\naglomerado de personas individuales, medibles para la encuestolog\u00eda. El modo de\nsaber que tiene a su alcance es ir a plantearles, a uno por uno, las preguntas\nque el dise\u00f1ador de la investigaci\u00f3n cree que son las importantes. A partir de\nall\u00ed se encontrar\u00e1 con toda esa informaci\u00f3n recolectada. Ello le permitir\u00e1\nhacer una interpretaci\u00f3n sobre lo que define como la opini\u00f3n p\u00fablica. <\/p>\n\n\n\n<p class=\"wp-block-paragraph\">Pregunt\u00e9monos si, en\nrealidad, eso es la opini\u00f3n p\u00fablica, o es lo que cada entrevistado responde a\npreguntas que no son de \u00e9l sino del investigador. Entonces \u00bfqu\u00e9 deber\u00eda\nhacerse? El profesor habla de la dispersi\u00f3n de las opiniones, que se pueden detectar\npor los medios de informaci\u00f3n que consumen. Habla de los diversos enfoques que\nestos ofrecen que demostrar\u00edan la pluralidad de formas de pensar. Pareciera que\ncelebra esa condici\u00f3n dado que ello pone de manifiesto la existencia de una\nsociedad democr\u00e1tica. <\/p>\n\n\n\n<p class=\"wp-block-paragraph\">Sin embargo, pese a su\nhonestidad no menciona a lo largo de su exposici\u00f3n la concentraci\u00f3n de medios y\nlos intereses involucrados en la informaci\u00f3n que ofrecen. \u00bfPor qu\u00e9 piensa, hace\ny &nbsp;propone esquemas de interpretaci\u00f3n a\npartir de esos m\u00e9todos? Pues, porque el se\u00f1or profesor es un liberal, formado\npor las Ciencias Pol\u00edticas que circulan por las Academias. \u00bfEsto es un pecado?\nNo, de ning\u00fan modo, es s\u00f3lo una limitaci\u00f3n ideol\u00f3gica. No conoce otras maneras\nde hacerlo. Tiene raz\u00f3n, es lo que se puede hacer encerrado en su gabinete de\nestudio. <\/p>\n\n\n\n<p class=\"wp-block-paragraph\">4.- Para contraponer otro modo de\npensar el mismo tema, se puede escuchar la palabra de un periodista de larga\ntrayectoria y de prestigio internacional. Es decir, un analista pol\u00edtico bien\nformado intelectualmente, con una fina percepci\u00f3n y an\u00e1lisis de la pol\u00edtica. Me\nrefiero a Carlos Gabetta (rosarino-1943), con un nombre bien ganado en la\nhistoria del periodismo argentino. Vivi\u00f3 exiliado en M\u00e9xico, Espa\u00f1a y Francia. En\nesta \u00faltima trabaj\u00f3 en la Agencia France-Presse. De regreso a la Argentina, fue\nDirector del semanario <em>El Periodista<\/em> y\nluego Director de la <em>Edici\u00f3n del Cono Sur\nde Le Monde diplomatique<\/em>. Entonces podemos escuchar las reflexiones de alguien\nque no viene de la Academia, pero que en nada desmerece su capacidad y su\nprofundidad de an\u00e1lisis. Entrevistado en febrero de 2014 por el Profesor Jos\u00e9 Mar\u00eda\nRam\u00f3n, de la C\u00e1tedra de Opini\u00f3n P\u00fablica de la Universidad Nacional de la\nPatagonia San Juan Bosco, sostuvo una mirada muy interesante sobre la\nglobalizaci\u00f3n y su relaci\u00f3n con los medios: (el audio contiene sus palabras)<\/p>\n\n\n\n<p class=\"wp-block-paragraph\">5.- Quiero subrayar el modo en que Gabetta\nhace referencia a la globalizaci\u00f3n. La presenta con dos caras: a una de ellas la\nvalora porque aport\u00f3 aspectos positivos y necesarios y, la otra, afirma que\ndebe ser pensada no como un sustantivo, lo que le otorga el car\u00e1cter de\nfen\u00f3meno objetivo, casi natural. Es como si fuera una tormenta ajena a la\nvoluntad humana. La cr\u00edtica a esa posici\u00f3n nos lleva a hacer referencia a ella\nen el modo verbal, lo cual obliga a colocarle un sujeto a la acci\u00f3n\nglobalizadora: \u00bfqui\u00e9n globaliza? Una vez que es detectado el sujeto\nglobalizador, sin la menor duda los Estados Unidos y sus socios, se comprende\nmejor qui\u00e9n es el beneficiario de la globalizaci\u00f3n. Al mismo tiempo,\nidentificamos al culpable de la desigual distribuci\u00f3n de las riquezas en el\n\u00faltimo siglo. Es decir, a los saqueadores del mundo globalizado.<\/p>\n\n\n\n<p class=\"wp-block-paragraph\">En palabras de Gabetta, \u201clos\npa\u00edses que se benefician con la globalizaci\u00f3n\u201d, equivale a decir los pa\u00edses\nglobalizadores, que se quedan con todas las ventajas de este proceso. Por otra\nparte, aparecen los pa\u00edses globalizados que deben pagar los costos de esa\nglobalizaci\u00f3n. <\/p>\n\n\n\n<p class=\"wp-block-paragraph\">Desnuda as\u00ed el escenario globalizado, detecta\ny denuncia a los culpables. Le arranca la m\u00e1scara que los muestra como\nbenefactores, como los salvadores que vienen a unir a todos \u201cen vivo y en\ndirecto\u201d. Recuerde, amigo oyente, c\u00f3mo se nos ha presentado este proyecto\nimperial en los grandes medios, a partir de la d\u00e9cada de los ochenta del siglo\npasado. Gabetta agrega en ese momento, citando a Eduardo Galeano, que en\nrealidad la globalizaci\u00f3n comenz\u00f3 hace m\u00e1s 500 a\u00f1os, a partir de la conquista y\nla colonizaci\u00f3n de las llamadas <em>Nuevas\nTierras<\/em>. Desde entonces fuimos incorporados al sistema capitalista mundial\nen la condici\u00f3n de proveedores de materias primas baratas, y compradores de\nmanufacturas caras. \u00c9ste es el saldo hist\u00f3rico de la globalizaci\u00f3n. Aunque\ntenga un lado aceptable, como Gabetta rescata con razones. Sigamos escuchando\nsus reflexiones: (el audio contiene sus palabras)<\/p>\n\n\n\n<p class=\"wp-block-paragraph\">6.- Creo, amigo oyente, que Ud.\ncompartir\u00e1 conmigo que la exposici\u00f3n de Carlos Gabetta es realmente\nesclarecedora. Corre el tel\u00f3n inform\u00e1tico que oculta lo que no quieren que\nsepamos. Dicho con una met\u00e1fora, no nos dejan ver \u201cel lado oculto de la Luna\u201d.\nCon una salvedad: el de la Luna no podemos verlo desde la Tierra, por razones\ncosmol\u00f3gicas. El lado oculto de la globalizaci\u00f3n est\u00e1 siendo cubierto por la\ncatarata de palabras con las cuales, los grandes medios, nos cuentan la\nhistoria seg\u00fan ellos la pintan. <\/p>\n","protected":false},"excerpt":{"rendered":"<p>1.- Quien les habla, Ricardo Vicente L\u00f3pez, les da la bienvenida a este programa N\u00ba 3. En el programa anterior hice un ejercicio memor\u00edstico de informaciones, que llevan ya unos largos a\u00f1os, para desarrollar una tarea cr\u00edtica respecto de la relaci\u00f3n entre los hechos y la verdad sobre ellos. En esta relaci\u00f3n no hay ya [&hellip;]<\/p>\n","protected":false},"author":1,"featured_media":0,"parent":2290,"menu_order":0,"comment_status":"closed","ping_status":"closed","template":"","meta":{"footnotes":""},"class_list":["post-2349","page","type-page","status-publish","hentry"],"_links":{"self":[{"href":"https:\/\/ricardovicentelopez.com.ar\/index.php?rest_route=\/wp\/v2\/pages\/2349","targetHints":{"allow":["GET"]}}],"collection":[{"href":"https:\/\/ricardovicentelopez.com.ar\/index.php?rest_route=\/wp\/v2\/pages"}],"about":[{"href":"https:\/\/ricardovicentelopez.com.ar\/index.php?rest_route=\/wp\/v2\/types\/page"}],"author":[{"embeddable":true,"href":"https:\/\/ricardovicentelopez.com.ar\/index.php?rest_route=\/wp\/v2\/users\/1"}],"replies":[{"embeddable":true,"href":"https:\/\/ricardovicentelopez.com.ar\/index.php?rest_route=%2Fwp%2Fv2%2Fcomments&post=2349"}],"version-history":[{"count":1,"href":"https:\/\/ricardovicentelopez.com.ar\/index.php?rest_route=\/wp\/v2\/pages\/2349\/revisions"}],"predecessor-version":[{"id":2351,"href":"https:\/\/ricardovicentelopez.com.ar\/index.php?rest_route=\/wp\/v2\/pages\/2349\/revisions\/2351"}],"up":[{"embeddable":true,"href":"https:\/\/ricardovicentelopez.com.ar\/index.php?rest_route=\/wp\/v2\/pages\/2290"}],"wp:attachment":[{"href":"https:\/\/ricardovicentelopez.com.ar\/index.php?rest_route=%2Fwp%2Fv2%2Fmedia&parent=2349"}],"curies":[{"name":"wp","href":"https:\/\/api.w.org\/{rel}","templated":true}]}}