{"id":2340,"date":"2019-04-09T13:45:17","date_gmt":"2019-04-09T13:45:17","guid":{"rendered":"http:\/\/ricardovicentelopez.com.ar\/?page_id=2340"},"modified":"2019-04-09T13:50:57","modified_gmt":"2019-04-09T13:50:57","slug":"02-la-manipulacion-de-la-informacion-internacional","status":"publish","type":"page","link":"https:\/\/ricardovicentelopez.com.ar\/?page_id=2340","title":{"rendered":"02- LA MANIPULACI\u00d3N DE LA INFORMACI\u00d3N INTERNACIONAL"},"content":{"rendered":"\n<figure class=\"wp-block-audio\"><audio controls src=\"https:\/\/ricardovicentelopez.com.ar\/wp-content\/uploads\/2019\/04\/02-QUE-MUNDO-MARAVILLOSO-02.mp3\"><\/audio><figcaption>ESCUCH\u00c1 AQU\u00cd EL PROGRAMA<\/figcaption><\/figure>\n\n\n\n<p class=\"wp-block-paragraph\"><\/p>\n\n\n\n<p class=\"wp-block-paragraph\">1.- Ricardo Vicente L\u00f3pez, les da la\nbienvenida a este programa N\u00ba 2. En el programa anterior propuse algunos temas\nque creo muy importantes para responder la siguiente pregunta: \u00bfC\u00f3mo es que\nhemos podido llegar a este estado de cosas en las que, sin que hayamos tenido\ndebida conciencia de ello, la vida de la humanidad est\u00e1 en serio peligro? Sin\nembargo, debo agregar lo m\u00e1s grave: esta pregunta ni siquiera aparece en los\nmedios de comunicaci\u00f3n que cubren el espacio p\u00fablico internacional. Por tal\nraz\u00f3n preocupaciones estas preocupaciones no forman parte de la agenda diaria\nde todos nosotros. Entonces, esta ausencia permite comprender por qu\u00e9 la\nrespuesta necesaria no s\u00f3lo no aparece\u2026 no es reclamada ni buscada, porque un\ntema como este no est\u00e1 en debate. Estamos lejos de entender que, como se dice\ncon una met\u00e1fora terrible: \u201cestamos bailando en la cubierta del Titanic\u201d. <\/p>\n\n\n\n<p class=\"wp-block-paragraph\">Una cantidad muy grande de\ntemas nos invaden cotidianamente. Son el resultado de la&nbsp; profunda crisis en la que se est\u00e1 sumergiendo\nel sistema capitalista en su versi\u00f3n actual. Esta crisis es, probablemente,\nterminal aunque ese final no sea inmediato ni est\u00e9 a la vista para una parte\nenorme de los habitantes del planeta. Todo ello est\u00e1 profundamente entrelazado\ncon lo anterior. Asumir, que el sistema socio-cultural-pol\u00edtico-econ\u00f3mico, no\nest\u00e1 en condiciones de ofrecer una salida superadora, abrir\u00eda un espacio de\ndebate que podr\u00eda encaminarnos a una soluci\u00f3n. Pero ello ser\u00eda cuestionar que\nla sociedad global ha impuesto un silencio sepulcral respecto de ese estado de\ncosas que estoy proponiendo analizar. El silencio es el resultado de la\nmonopolizaci\u00f3n de los medios de comunicaci\u00f3n en pocas manos. Todas ellas\npertenecientes a los grandes grupos de empresarios multinacionales.<\/p>\n\n\n\n<p class=\"wp-block-paragraph\">En otras palabras, se impone\nel atrevimiento de romper esos silencios y esos escamoteos para comenzar a\npensar los temas fundamentales: 1.- \u00bfpor qu\u00e9 la humanidad est\u00e1 amenazada con su\ndesaparici\u00f3n? 2.- \u00bfqui\u00e9nes son los responsables de esa amenaza? 3.- \u00bfpor qu\u00e9\nest\u00e1 en crisis el sistema-mundo actual? 4.- \u00bfqu\u00e9 posibilidades hay de superar\nesta situaci\u00f3n?<\/p>\n\n\n\n<p class=\"wp-block-paragraph\">Estas preguntas son algunas\nde las fundamentales cuyo tratamiento y debate nos permitir\u00e1 asegurar una\nfuturo vivible para las generaciones venideras. <\/p>\n\n\n\n<p class=\"wp-block-paragraph\">2.- Zigmunt Bauman (1925-2017)\u200b fue un\nSoci\u00f3logo, Fil\u00f3sofo y Ensayista polaco que abord\u00f3 cuestiones, entre otras, como\nla modernidad y la posmodernidad, el consumismo, la globalizaci\u00f3n y la nueva\npobreza. Se puede decir que son temas muy cercanos al que estoy proponiendo. Al\nrespecto afirma con palabras muy severas:<\/p>\n\n\n\n<p class=\"wp-block-paragraph\">Debemos realizar\nun acto de violencia: obligar a que el mundo tome en consideraci\u00f3n cuestiones\nde las que ha sido inconsciente y rechazar o evitar que esta inconsciencia del\nmundo haga de \u00e9l algo distante e incomunicado para nosotros. El intento de\ncomunicar contravendr\u00e1 su prop\u00f3sito. En este proceso de conversi\u00f3n forzada\nreproduciremos la esperanza de la comunicaci\u00f3n m\u00e1s remota.<\/p>\n\n\n\n<p class=\"wp-block-paragraph\">Esas palabras est\u00e1n lanzadas\nhacia todos nosotros. Nos interpelan y nos convocan a sumarnos en esa tarea a\nla que le atribuye una gran importancia. Est\u00e1 hablando de romper la\nincomunicaci\u00f3n impuesta que, pr\u00e9stese atenci\u00f3n a la paradoja, <em>estamos sometidos a una comunicaci\u00f3n que nos\nincomunica<\/em>. El acto de violencia, es violencia pol\u00edtica, en tanto denuncia\ny ataca el sistema. Es al sistema mundo al que acusa el Doctor Bauman. Es este\nel tema central respecto del &nbsp;cual yo\nplanteo revisar, analizar, criticar y proponer liberarnos de \u00e9l, puesto que nos\nmantiene en el estado de inconsciencia que est\u00e1 denunciando. <\/p>\n\n\n\n<p class=\"wp-block-paragraph\">El sistema mundo que debemos\ndetectar, para comenzar su destrucci\u00f3n y su reconstrucci\u00f3n, puede ser\ndenominado con el concepto m\u00e1s divulgado por los opresores del sistema: la\nglobalizaci\u00f3n. Tema dentro del cual podremos encontrar una cantidad de\nproblemas que lo tienen como la causa fundante. El hecho de que el autor citado\ncoloque el acento en el campo de la comunicaci\u00f3n, nos est\u00e1 alertando respecto\ndel papel excluyente que cumple en ese proyecto de la globalizaci\u00f3n. <\/p>\n\n\n\n<p class=\"wp-block-paragraph\">3.- Jes\u00fas Mart\u00edn Barbero (1937), Doctor\nen Filosof\u00eda, por la Universidad de Lovaina (B\u00e9lgica), y Posdoctor en\nAntropolog\u00eda y Semi\u00f3tica, por la Escuela de Altos Estudios de Par\u00eds, es uno de\nlos pensadores m\u00e1s importantes en el campo de la comunicaci\u00f3n, medios y cultura\nen Am\u00e9rica Latina. Convocar su palabra nos ayuda a avanzar en nuestra\ninvestigaci\u00f3n. Tiene la autoridad suficiente para hablar del tema por su\nversaci\u00f3n e investigaci\u00f3n en el problema que nos preocupa: la comunicaci\u00f3n\np\u00fablica. Para hablar de ella, en el mundo globalizado, es necesario se\u00f1alar y\ndenunciar el papel delictivo que desarrollan las grandes empresas\nmultinacionales que se apropiaron del espacio p\u00fablico.<\/p>\n\n\n\n<p class=\"wp-block-paragraph\">En un art\u00edculo que \u00e9l\npublic\u00f3 en una revista especializada, que lleva por t\u00edtulo \u201c<em>Los oficios del comunicador<\/em>\u201d, se detiene\nen la caracterizaci\u00f3n de un personaje central del proyecto pol\u00edtico de la\npr\u00e9dica globalista: el comunicador. All\u00ed afirma:<\/p>\n\n\n\n<p class=\"wp-block-paragraph\">El proyecto que\nmoviliza esta re\ufb02exi\u00f3n es el que desempe\u00f1a el comunicador, que es la voz de su\namo. Un ilusionista que cree poder comunicar a los que mandan con los que\nsufren sus abusos. O a los creadores y a los consumidores, sin que por ello\ncambien esas relaciones de poder. Es un iluso que cree que comunicando a las\ngentes puede ocultar los con\ufb02ictos para que todo siga igual. Ese comunicador\nasume y acepta como base de su tarea las asimetr\u00edas, las desigualdades sociales\ny culturales, que tensionan y desgarran el mundo actual. Desempe\u00f1a su oficio como\nel trabajo y la lucha por una sociedad en la que comunicar equivale a poner en\ncom\u00fan. O sea, a entrar a participar y ser actores en la construcci\u00f3n de una\nsociedad democr\u00e1tica.<\/p>\n\n\n\n<p class=\"wp-block-paragraph\">Una consecuencia del\nproyecto dominador, necesaria para el logro de sus prop\u00f3sitos, es haber conseguido\nla formaci\u00f3n de comunicadores que desempe\u00f1an su labor cotidiana con la\nconvicci\u00f3n de estar prestando un servicio a la comunidad. De cuya importancia\nno tiene la menor duda. Han sido convertidos en fieles soldados de una causa\nsuperior ajena a ellos. <\/p>\n\n\n\n<p class=\"wp-block-paragraph\">4.- El Doctor Barbero hace un an\u00e1lisis\nde la situaci\u00f3n en que se encuentran aquellos que se sienten seducidos por la <em>digna profesi\u00f3n del periodismo<\/em>. Sin\nestar avisados de las caracter\u00edsticas que se han impuesto en las \u00faltimas\nd\u00e9cadas, para el ejercicio de la profesi\u00f3n. <em>Las\nlentas e imperceptibles transformaciones que se fueron infiltrando en el\ntrabajo profesional no las conocieron hasta ser incorporados<\/em>. En la medida\nen la que los medios se fueron adaptando a los nuevos tiempos y a las nuevas\npol\u00edticas empresariales, sus modalidades y sus prop\u00f3sitos no se hicieron\nsentir. Por ello nuestro especialista dice:<\/p>\n\n\n\n<p class=\"wp-block-paragraph\">No puede\nresultar extra\u00f1o que, desconcertados por la vastedad y gravedad de los\nproblemas que hoy entra\u00f1an los procesos y medios de comunicaci\u00f3n, se sientan tironeados\npor la multiplicidad de figuras que hoy dificultan su ejercicio. Ello va desde\nlos magos de la publicidad y las necesidades del marketing, los animadores de\nlos s\u00faper-programas, pasando por los periodistas estrella y los expertos en efectos\nespeciales de audio o de video. Muchos de esos comunicadores se sienten\nperdidos, confundidos, ap\u00e1ticos ante la re\ufb02exi\u00f3n y tentados de dejarse seducir\npor lo que m\u00e1s brilla: las fascinantes proezas de la tecnolog\u00eda, que prometen el\nreencantamiento de nuestras desencantadas y descorazonadas vidas. <\/p>\n\n\n\n<p class=\"wp-block-paragraph\">Esta descripci\u00f3n es muy\nclara y debemos reflexionar sobre la tarea que cada persona tiene que\ndesempe\u00f1ar en su trabajo diario. All\u00ed debe aceptar, para mantenerlo, la rigidez\nde las pol\u00edticas comerciales, y de los contenidos pol\u00edticos e ideol\u00f3gicos,\naunque est\u00e9n lejos de sus convicciones. Sus ideales juveniles deben dejar paso\na las \u00f3rdenes recibidas.<\/p>\n\n\n\n<p class=\"wp-block-paragraph\">En nuestras sociedades\nexperimentamos cada d\u00eda con m\u00e1s fuerza los logros y fracasos de los pueblos en\nlucha por defender y renovar su identidad y autonom\u00eda. Se hallan sometidos por\nlas din\u00e1micas y bloqueos de la comunicaci\u00f3n. \u00c9sta es hoy tambi\u00e9n sin\u00f3nimo de lo\nque nos manipula &nbsp;y enga\u00f1a. Es el\ninstrumento que nos desfigura pol\u00edticamente como personas, ciudadanos, o como\ncomunidad nacional. Todo ello nos destruye culturalmente como pueblos.<\/p>\n\n\n\n<p class=\"wp-block-paragraph\">Completa esta idea la\npalabra de nuestro invitado:<\/p>\n\n\n\n<p class=\"wp-block-paragraph\">Asociada\ncon la masificaci\u00f3n de la sociedad industrial, los medios hacen su tarea. La\ncomunicaci\u00f3n sigue ubic\u00e1ndose como la punta de lanza del imperialismo y la\ndesnacionalizaci\u00f3n. Son la expresi\u00f3n m\u00e1s visible de la decadencia cultural y la\ndisoluci\u00f3n moral.<\/p>\n\n\n\n<p class=\"wp-block-paragraph\">5.- Voy a abusar de las citas del\ntrabajo de nuestro invitado porque encuentro en \u00e9l la claridad y profundidad\nque exige el tema propuesto. Es necesario quitar todo el romanticismo que\ntodav\u00eda puede rondar sobre estos temas. Yo no tengo la menor duda de la\nimportancia de la comunicaci\u00f3n para avanzar hacia la construcci\u00f3n de un mundo\nmejor, que es <em>necesario<\/em> y es <em>posible<\/em>. Y es esta la convicci\u00f3n que me\nlleva a trabajar en una radio comunitaria, cuya red es una barrera de\ncontenci\u00f3n a las pretensiones monop\u00f3licas de las grandes empresas comerciales.\nDice el Doctor Barbero:<\/p>\n\n\n\n<p class=\"wp-block-paragraph\">Estamos pues\nante una carrera cuyo perfil acad\u00e9mico y profesional \u2014 mal que les pese a los que\nsiguen creyendo que el \u201cverdadero oficio\u201d del periodista es uno solo, e\nid\u00e9ntico al de hace cincuenta a\u00f1os \u2014 se est\u00e1 viviendo una etapa sometida a\ntensiones muy nuevas. Ellas provienen de una sociedad en la que la comunicaci\u00f3n\nimpone hoy profundos cambios en la pol\u00edtica y la cultura. Las empresas de\ncomunicaci\u00f3n est\u00e1n perdiendo aceleradamente su perfil de empresas pol\u00edtico-culturales,\npara convertirse en conglomerados econ\u00f3micos. Para ellos lo que realmente\ncuenta es el rating, es decir, el negocio: la facturaci\u00f3n publicitaria.<\/p>\n\n\n\n<p class=\"wp-block-paragraph\">Comprender lo que nos est\u00e1\nse\u00f1alando, respecto de los cambios operados, nos permitir\u00e1 tener una idea mucho\nm\u00e1s realista que la que nosotros estamos recibiendo, aceptando, es decir,\nconsumiendo, en nuestro papel de receptores pasivos de la comunicaci\u00f3n p\u00fablica.<\/p>\n\n\n\n<p class=\"wp-block-paragraph\">Thierry Meyssan (1957)\nperiodista y activista pol\u00edtico franc\u00e9s, fund\u00f3 en Francia en 1994 la <em>Red Voltaire<\/em><em> <\/em><em>por la libertad de expresi\u00f3n<\/em>, una organizaci\u00f3n internacional\nsin \u00e1nimo de lucro. Es considerado uno de los principales investigadores de las\nteor\u00edas conspirativas sobre los atentados del 11 de septiembre de 2001. En su\nlibro <em>La gran impostura<\/em>, atribuye la autor\u00eda\na una parte del &nbsp;complejo\nmilitar-industrial de los Estados Unidos. En un muy interesante an\u00e1lisis\ntitulado <em>La desinformaci\u00f3n-espect\u00e1culo &#8211;\nEl efecto CNN<\/em> &nbsp;[www.lahaine.org\/est_espanol.php\/el-efecto-cnn-la-desinformacion]\ndenuncia los cambios que se producen en los medios de informaci\u00f3n,\nespecialmente en la televisi\u00f3n. <\/p>\n\n\n\n<p class=\"wp-block-paragraph\">6.- Sus investigaciones avanzan\nrespecto de c\u00f3mo funcionan los grupos internacionales de poder. C\u00f3mo ello se\nrefleja en las transformaciones del periodismo. Su investigaci\u00f3n sobre los\ngrandes medios, ha aportado un importante esclarecimiento para comprender el\nmundo global. En el art\u00edculo ya mencionado ofrece un an\u00e1lisis muy agudo a\npartir de lo que subraya en la segunda parte del t\u00edtulo: el papel de la CNN:<\/p>\n\n\n\n<p class=\"wp-block-paragraph\">El concepto de <em>informaci\u00f3n continua<\/em> consiste en difundir\nen tiempo real im\u00e1genes de un suceso. De esta manera, los televidentes pueden\nexperimentar las emociones derivadas de esas im\u00e1genes. Inclusive, sentir la\nmisma sensaci\u00f3n que sus protagonistas. La inmediatez del procesamiento aspira a\nque haya resguardos contra las falsificaciones. Asimismo, la informaci\u00f3n\ncontinua se presenta como un avance del periodismo, posibilitado por el uso de\nnuevos medios t\u00e9cnicos. &nbsp;&nbsp;<\/p>\n\n\n\n<p class=\"wp-block-paragraph\">Por lo que afirma hasta ac\u00e1,\npareciera ser una innovaci\u00f3n t\u00e9cnica que mejora la captaci\u00f3n y la transmisi\u00f3n\nde informaci\u00f3n con im\u00e1genes. Pero da un paso m\u00e1s, prestemos atenci\u00f3n:<\/p>\n\n\n\n<p class=\"wp-block-paragraph\">En realidad, es\nla negaci\u00f3n del periodismo. Este oficio, de hecho, consiste en distanciarse de\nun acontecimiento para analizarlo, seleccionar los hechos m\u00e1s relevantes, confirmar\nlas fuentes, verificar las imputaciones y emitir un criterio. <em>El periodismo no es una t\u00e9cnica de\ndescripci\u00f3n, sino un arte de la comprensi\u00f3n. La inmediatez, lejos de garantizar\nla verdad, la hace vulnerable a las apariencias y a los prejuicios. En el\nmodelo CNN, la informaci\u00f3n no es una herramienta de conocimiento, sino un\nespect\u00e1culo<\/em>. En 1991, tal como en 2003, todos conoc\u00edan de antemano el\ndesenlace de la historia: la primera potencia militar del mundo aplastar\u00eda al\ninsignificante ej\u00e9rcito iraqu\u00ed.&nbsp; <\/p>\n\n\n\n<p class=\"wp-block-paragraph\">El aporte de Meyssan nos\npermite repensar la campa\u00f1a publicitaria que acompa\u00f1\u00f3 la introducci\u00f3n del\nProyecto de la globalizaci\u00f3n: la presentaci\u00f3n de la World Wide Web (mencionada\nen el programa anterior). Una red que unir\u00eda el planeta con <em>informaci\u00f3n en vivo y en directo<\/em>. Esto\nfue presentado como la prueba mayor de veracidad de la informaci\u00f3n. En\nrealidad, la red global se dise\u00f1\u00f3 como un proyecto de origen militar a mediados\nde los \u201870 y empez\u00f3 a funcionar oficialmente en 1983. Fue acompa\u00f1ada por una\ncampa\u00f1a publicitaria que no permiti\u00f3 tomar debida nota respecto a cu\u00e1les ser\u00edan\nlas consecuencias del proyecto: globalizaci\u00f3n. Volvamos a Meyssan, sigue\ndiciendo respecto del funcionamiento de la informaci\u00f3n y sus consecuencias: <\/p>\n\n\n\n<p class=\"wp-block-paragraph\">Al igual que en\nla tragedia griega, los espectadores no aguantan la respiraci\u00f3n por la\nexistencia de un gran suspenso. Es por la fascinaci\u00f3n del destino inexorable,\nel final ya presupuesto. En esas condiciones, el criterio de la <em>informaci\u00f3n continua<\/em> <em>no es el de la veracidad, sino el de la\ntragedia<\/em>. <\/p>\n\n\n\n<p class=\"wp-block-paragraph\">7.- Meyssan nos advierte que esa\nfascinaci\u00f3n es una m\u00e1scara que encubre la mentira. Veamos:<\/p>\n\n\n\n<p class=\"wp-block-paragraph\">En 1990, el\nsecretario de Estado James Baker necesitaba convencer a la opini\u00f3n p\u00fablica de la\nnecesidad de entrar en guerra con Irak. Para ello un gabinete especializado de\nla Agencia de publicidad Hill &amp; Knowlton, difundi\u00f3 el rumor de que soldados\niraqu\u00edes hab\u00edan robado incubadoras en los hospitales de maternidad en Kuwait,\ndejando morir a m\u00e1s de 300 reci\u00e9n nacidos prematuros. La noticia fue retransmitida\nen directo por la CNN y enviadas a todo el mundo. Una enfermera joven,\nmantenida en el anonimato, entre sollozos dio fe de estos cr\u00edmenes. El rumor\nfue confirmado por un informe de Amnesty International. <\/p>\n\n\n\n<p class=\"wp-block-paragraph\">Despu\u00e9s de la guerra, un\nperiodista del Harper\u2019s Magazine demostr\u00f3 que esta acusaci\u00f3n era falsa y que la\njoven enfermera era en realidad la hija de un diplom\u00e1tico kuwait\u00ed. El fraude\nhab\u00eda sido montado por una de las directoras de la Agencia de Publicidad\nmultinacional Hill &amp; Knowlton, Victoria Clarke. Con este asunto, el\ngobierno de Bush padre trat\u00f3 de envenenar al Parlamento, y &nbsp;a la opini\u00f3n p\u00fablica internacional. Y lo logr\u00f3\ndejando correr \u00abel efecto CNN\u00bb. Por lo impactante de la informaci\u00f3n, todos los\nperiodistas pasaron por alto las verificaciones que de manera habitual y\nobligatoria hac\u00edan para comprobar los hechos.<\/p>\n\n\n\n<p class=\"wp-block-paragraph\">La mentira como herramienta\ninformativa adquiri\u00f3 patente internacional. Pas\u00f3 a ser la modalidad\nperiod\u00edstica de las grandes Agencias de Noticias. Si bien no era nueva su\nutilizaci\u00f3n, la tecnolog\u00eda y la rapidez informativa le otorgaron el cr\u00e9dito de\nverdad. <\/p>\n\n\n\n<p class=\"wp-block-paragraph\"><\/p>\n","protected":false},"excerpt":{"rendered":"<p>1.- Ricardo Vicente L\u00f3pez, les da la bienvenida a este programa N\u00ba 2. En el programa anterior propuse algunos temas que creo muy importantes para responder la siguiente pregunta: \u00bfC\u00f3mo es que hemos podido llegar a este estado de cosas en las que, sin que hayamos tenido debida conciencia de ello, la vida de la [&hellip;]<\/p>\n","protected":false},"author":1,"featured_media":0,"parent":2290,"menu_order":0,"comment_status":"closed","ping_status":"closed","template":"","meta":{"footnotes":""},"class_list":["post-2340","page","type-page","status-publish","hentry"],"_links":{"self":[{"href":"https:\/\/ricardovicentelopez.com.ar\/index.php?rest_route=\/wp\/v2\/pages\/2340","targetHints":{"allow":["GET"]}}],"collection":[{"href":"https:\/\/ricardovicentelopez.com.ar\/index.php?rest_route=\/wp\/v2\/pages"}],"about":[{"href":"https:\/\/ricardovicentelopez.com.ar\/index.php?rest_route=\/wp\/v2\/types\/page"}],"author":[{"embeddable":true,"href":"https:\/\/ricardovicentelopez.com.ar\/index.php?rest_route=\/wp\/v2\/users\/1"}],"replies":[{"embeddable":true,"href":"https:\/\/ricardovicentelopez.com.ar\/index.php?rest_route=%2Fwp%2Fv2%2Fcomments&post=2340"}],"version-history":[{"count":4,"href":"https:\/\/ricardovicentelopez.com.ar\/index.php?rest_route=\/wp\/v2\/pages\/2340\/revisions"}],"predecessor-version":[{"id":2345,"href":"https:\/\/ricardovicentelopez.com.ar\/index.php?rest_route=\/wp\/v2\/pages\/2340\/revisions\/2345"}],"up":[{"embeddable":true,"href":"https:\/\/ricardovicentelopez.com.ar\/index.php?rest_route=\/wp\/v2\/pages\/2290"}],"wp:attachment":[{"href":"https:\/\/ricardovicentelopez.com.ar\/index.php?rest_route=%2Fwp%2Fv2%2Fmedia&parent=2340"}],"curies":[{"name":"wp","href":"https:\/\/api.w.org\/{rel}","templated":true}]}}