{"id":2332,"date":"2019-04-09T13:31:43","date_gmt":"2019-04-09T13:31:43","guid":{"rendered":"http:\/\/ricardovicentelopez.com.ar\/?page_id=2332"},"modified":"2019-04-09T13:31:43","modified_gmt":"2019-04-09T13:31:43","slug":"01-una-primera-aproximacion-al-mundo-actual","status":"publish","type":"page","link":"https:\/\/ricardovicentelopez.com.ar\/?page_id=2332","title":{"rendered":"01- Una primera aproximaci\u00f3n al mundo actual"},"content":{"rendered":"\n<figure class=\"wp-block-audio\"><audio controls src=\"https:\/\/ricardovicentelopez.com.ar\/wp-content\/uploads\/2019\/04\/01-QUE-MUNDO-MARAVILLOSO-01-1.mp3\"><\/audio><figcaption>ESCUCH\u00c1 AQU\u00cd EL PROGRAMA<\/figcaption><\/figure>\n\n\n\n<p class=\"wp-block-paragraph\">1.- Ricardo Vicente L\u00f3pez, les da la\nbienvenida a este primer programa. La propuesta tiene como base la necesidad de\nrevisar el mundo en que vivimos. Tiene aspectos y dimensiones positivas y otras\nno tanto. No se puede negar que el siglo XX fue un paso muy grande en la\nconstrucci\u00f3n de un mundo que camina hacia el progreso. Si bien es cierto que\nhubo \u201calgunas guerras que dejaron consecuencias\u201d\u2026 eso no alcanz\u00f3 para opacar\nlos avances logrados. Si miramos con un esp\u00edritu positivo podemos recordar una\nlarga lista de descubrimientos, invenciones, desarrollos cient\u00edficos y\nt\u00e9cnicos, que significaron aportes sin precedentes.<\/p>\n\n\n\n<p class=\"wp-block-paragraph\">Un ejemplo: a partir de la\nd\u00e9cada de los ochenta la comunicaci\u00f3n p\u00fablica nos fue dando una sorpresa tras\notra. La World Wide Web, (conocida como \u201cwww\u201d) la &#8216;red inform\u00e1tica mundial&#8217;,\nnos puso en contacto con todos y todas de cualquier parte del mundo. Fuimos\ntestigos de un fen\u00f3meno sin antecedentes: vimos por televisi\u00f3n, en vivo y\ndirecto, la Guerra de Irak en la que \u201cno hubo muertos\u201d. Parec\u00eda una pel\u00edcula\nespectacular\u2026 del mejor cine de Hollywood. El mundo se hizo muy peque\u00f1o y\ncomenzamos, adem\u00e1s, a ser todos y todas <em>cada\nvez m\u00e1s iguales<\/em>.<\/p>\n\n\n\n<p class=\"wp-block-paragraph\">En las \u00faltimas d\u00e9cadas de\nese siglo, gracias a un proceso integrador, sin exclusiones, pasamos a ser\nparte de un mundo globalizado, en \u00e9l todos y todas tuvimos cabida. <em>Comenzamos a parecernos cada vez m\u00e1s, a\nsentirnos m\u00e1s hermanos<\/em>. Una nube homogeneizadora nos fue cubriendo y\ntransformando. Fuimos testigos de una noticia sorprendente, en camino hacia una\nnueva libertad, sin excluidos: la apertura del primer McDonald en Mosc\u00fa. Ya\nnadie quedar\u00eda impedido de comer una hamburguesa. Las diferencias culturales\ncomenzaron a diluirse. <em>Todos podremos ser\nparecidos a los estadounidenses<\/em>. Si bien no es un proceso instant\u00e1neo,\npaulatinamente lo iremos logrando. Hoy podemos comprobar que gran parte de ello\nse ha ido plasmando. Cae el tel\u00f3n, <em>fin\ndel primer relato<\/em>. <\/p>\n\n\n\n<p class=\"wp-block-paragraph\">2.- La descripci\u00f3n anterior puede parecer\nun tanto angelical. No podemos ignorar que algunas cosas no salieron tan bien\ncomo nos lo hab\u00edan prometido. En la posguerra comenz\u00f3 a&nbsp; mejorar la situaci\u00f3n social en las grandes\npotencias del norte y algo empez\u00f3 a derramarse por la periferia. Debo aceptar\nque hubo situaciones no deseables. Por ejemplo la <em>Guerra de Vietnam<\/em>, en la que las fuerzas armadas estadounidense\ntuvieron que ir a combatir contra el comunismo. Era un peligro que hab\u00eda\naparecido despu\u00e9s del Asalto al Palacio de Invierno en 1917, en Rusia. Con\nposterioridad hab\u00edan tenido que ejecutar a dos \u201canarquistas\u201d en los Estados\nUnidos: Sacco y Vanzetti en 1927, por razones parecidas. Los dirigentes de ese\ngran pa\u00eds del Norte hab\u00edan asumido la dif\u00edcil tarea de proteger la democracia\noccidental, en todo el mundo. <em>Ello los\noblig\u00f3 a invadir todos aquellos pa\u00edses que no aceptaban o no entend\u00edan el\nsacrificio que esa responsabilidad les impon\u00eda<\/em>.<\/p>\n\n\n\n<p class=\"wp-block-paragraph\">Es cierto que hubo algunos\nexcesos propios de la guerra misma. Ellos lo calificaron de <em>consecuencias no deseadas<\/em>. El soci\u00f3logo estadounidense,\nRobert K. Merton (1910-2003) explic\u00f3 que ciertas consecuencias pueden no ser\nprevistas. Suceden obedeciendo a la <em>Ley\nde las&nbsp; consecuencias imprevistas<\/em>, la\ncual estipula que \u201ccualquier acci\u00f3n humana, especialmente las que envuelven o\nafectan a grupos humanos extensos, tendr\u00e1 consecuencias no anticipadas o\ncalculadas\u201d. Lo cual permite comprender que se hayan producido ese tipo de\ncosas. El Presidente George W. Busch las calific\u00f3 como \u201cda\u00f1os colaterales\u201d,\npara referirse al da\u00f1o no intencional o accidental producto de una\noperaci\u00f3n militar.<\/p>\n\n\n\n<p class=\"wp-block-paragraph\">Se podr\u00eda preguntar, para\ncomprender mejor ese modo de explicar algunos problemas, por ejemplo, si las\nbombas de Hiroshima y Nagasaki de 1945 pueden ser incorporadas a esa Ley.&nbsp; Puesto que por ser la primera vez que se\nutilizaban no se sab\u00eda muy bien qu\u00e9 tipo de efectos pod\u00eda generar. Cae el\ntel\u00f3n, <em>fin del segundo relato<\/em>. <\/p>\n\n\n\n<p class=\"wp-block-paragraph\">3.- (Digresi\u00f3n I) &#8211; Amigo lector Ud. se\nestar\u00e1 preguntando, a partir de lo ya dicho: \u00bfde qu\u00e9 se trata todo esto? Tiene raz\u00f3n\npara preguntar y yo tengo la obligaci\u00f3n de responder, dentro de mis\nposibilidades, a todo ese tipo de inquietudes. Le voy a pedir que me permita\ndetenerme en un concepto que se ha repetido mucho: el relato. Seg\u00fan la\nAcademia de la Lengua el vocablo tiene dos acepciones: \u201c1.- Conocimiento que se\nda, generalmente detallado, de un hecho; 2.- Narraci\u00f3n, cuento\u201d. El verbo\nrelatar nos muestra algunos detalles interesantes, seg\u00fan la Academia, para\ncomprender mejor: \u201cnarrar un suceso oralmente o por escrito, con entusiasmo,\nagregando vivencias personales\u201d. <\/p>\n\n\n\n<p class=\"wp-block-paragraph\">Voy a agregar, adem\u00e1s, c\u00f3mo\ntrata wikipedia este tema:<\/p>\n\n\n\n<p class=\"wp-block-paragraph\">El relato es una\nnarraci\u00f3n estructurada en la que se representan sucesos mediante el lenguaje.\nLos relatos pueden ser ficcionales o representar personajes o sucesos\nhist\u00f3ricos. Un relato es un conocimiento que se transmite, por lo general en\ndetalle, respecto a un cierto hecho [no confundir con un <em>hecho cierto<\/em>]. Gracias al mensaje se entiende que el relato se basa\nen una sucesi\u00f3n de acontecimientos que, mediante agregados que otorgan\nhomogeneidad, ayudan a que la lectura sea uniforme. Para que sea un relato, se\nnecesitan tres partes: quien relata, qu\u00e9 relata y quien recibe la informaci\u00f3n. <\/p>\n\n\n\n<p class=\"wp-block-paragraph\">Quiero detenerme sobre la\n\u00faltima frase: la necesidad de que haya un relator y un receptor para que el\nrelato se produzca. No se le escapar\u00e1 a Ud. que esta exigencia no aparece\ncuando, como hemos o\u00eddo tantas veces, se califica algo como \u201crelato\u201d. Esto nos\nimpone preguntar por los otros dos componentes para verificar la existencia de\nun relato.<\/p>\n\n\n\n<p class=\"wp-block-paragraph\">Le pido perd\u00f3n por la dosis\nde academicismo que puede contener todo esto. Lo que deseo es que se entienda\ncon claridad. Es que el maltrato a que est\u00e1 sometida la lengua castellana tiene\ngraves consecuencias en la comunicaci\u00f3n personal y social, y da lugar a muchos\nmalos entendidos. (Le recuerdo el Congreso de la Lengua de Rosario de 2004, y\nla aguda participaci\u00f3n de Roberto Fontanarrosa \u2013puede consultarse en youtube-).\nSin olvidar del uso perverso que de todo ello se hace en muchos de los medios\np\u00fablicos. Sobre esto deber\u00e9 volver en pr\u00f3ximos programas.&nbsp; <em>Fin de\nla digresi\u00f3n <\/em>I. <\/p>\n\n\n\n<p class=\"wp-block-paragraph\">4.- Retomemos el hilo de nuestro tema:\nel mundo de hoy. No debemos olvidar que, despu\u00e9s de las dos Grandes Guerras,\ntuvimos una especie de veranito desde 1945 hasta 1975. Los franceses lo\ndenominaron \u201cLos treinta a\u00f1os gloriosos\u201d. Fueron a\u00f1os en que la presencia de un\nEstado Benefactor funcion\u00f3 como un \u00e1ngel guardi\u00e1n. \u00c9ste cuid\u00f3 el cumplimiento\nde algunas cosas elementales que despu\u00e9s se abandonaron. A partir de finales de\nla d\u00e9cada de los setenta, se fue expandiendo una ola de lo que se denomin\u00f3 el\nneoconservadurismo. Leamos en Wikipedia para tener una definici\u00f3n clara: <\/p>\n\n\n\n<p class=\"wp-block-paragraph\">El\nneoconservadurismo es una ideolog\u00eda marcada por los objetivos pol\u00edticos e ideas\nde los \u00abnuevos conservadores\u00bb, originada en Estados Unidos, para luego\ninfluenciar en pa\u00edses como Reino Unido, Rep\u00fablica Checa, Jap\u00f3n, entre otros. La\nnovedad respecto al cl\u00e1sico conservadurismo consiste en que es una nueva oleada\ndel pensamiento y organizaci\u00f3n de la pol\u00edtica conservadora.\u200b Surgi\u00f3 como\nreacci\u00f3n a las ideas de la contracultura de izquierda de la d\u00e9cada de 1960. El\nneoconservadurismo defiende el individualismo, el mercado libre y la promoci\u00f3n\nde la democracia de esos pa\u00edses. Esto se hace extensivo a los intereses\ninternacionales del pa\u00eds, <em>cuya defensa\npuede incluir la v\u00eda militar<\/em>.<\/p>\n\n\n\n<p class=\"wp-block-paragraph\">Esto nos permite entender\nmejor el giro de comienzos de los ochenta a partir del desplazamiento del eje\npol\u00edtico internacional. El nuevo eje se apoy\u00f3 en la Primer Ministra del Reino\nUnido Margaret Thatcher (1979-1990) y el Presidente de los Estados Unidos,\nRonald Reagan (1981-1989). (Respecto de este tema volver\u00e9 m\u00e1s adelante). Este\ndato debe tenerse presente para analizar las consecuencias de las d\u00e9cadas\nsiguientes. Cae el tel\u00f3n, <em>fin del tercer\nrelato<\/em>.<\/p>\n\n\n\n<p class=\"wp-block-paragraph\">5.- Lo ya dicho nos permite entender\nmejor el mundo que fue apareciendo en los ochenta. Una de las novedades fue lo\nque se conoci\u00f3 como el <em>Consenso de\nWashington<\/em> que abri\u00f3 un camino de entendimiento respecto de lo que propon\u00eda\nel t\u00e1ndem Thatcher-Reagan respecto de por donde deber\u00edan caminar los pa\u00edses de\nla \u00f3rbita occidental. Volvamos a Wikipedia:<\/p>\n\n\n\n<p class=\"wp-block-paragraph\">El t\u00e9rmino <em>Consenso de Washington<\/em> fue acu\u00f1ado en\n1989 por el economista John Williamson. Su objetivo era proponer un conjunto de\ndiez f\u00f3rmulas espec\u00edficas que deber\u00edan adoptar los pa\u00edses firmantes y que\nconstitu\u00eda el paquete de reformas \u00abest\u00e1ndar\u00bb para los pa\u00edses en desarrollo,\nseg\u00fan las instituciones bajo la \u00f3rbita de Washington D. C.: el Fondo Monetario\nInternacional (FMI), el Banco Mundial y el Departamento del Tesoro de los\nEstados Unidos.\u200b Las f\u00f3rmulas abarcaban pol\u00edticas que propugnaban la estabilizaci\u00f3n\nmacroecon\u00f3mica, la liberalizaci\u00f3n econ\u00f3mica con respecto tanto al comercio como\na la inversi\u00f3n, la reducci\u00f3n del Estado, y la expansi\u00f3n de las fuerzas del\nmercado dentro de la econom\u00eda interna.<\/p>\n\n\n\n<p class=\"wp-block-paragraph\">A partir de la firma de\ntodos los gobiernos concurrentes muchas cosas comenzaron a cambiar, como\nconsecuencia de la aplicaci\u00f3n de las medidas que Washington hab\u00eda propuesto. Un\nacontecimiento que debemos rescatar de esa d\u00e9cada, que tuvo extra\u00f1os ribetes,\nhasta el punto de que no fue previsto por nadie: la \u201cImplosi\u00f3n de la Uni\u00f3n\nSovi\u00e9tica\u201d en diciembre de 1991. Aunque el hecho m\u00e1s notorio y de trascendencia\nmundial fue la \u201cCa\u00edda del Muro de Berl\u00edn\u201d en 1989. La espectacularidad de las\nim\u00e1genes que recorrieron el mundo entero, lo convirtieron&nbsp; en un s\u00edmbolo de la <em>libertad para Occidente<\/em>. Las ideas del mencionado Consenso pudieron\nimponerse con muy pocas dificultades, aunque las consecuencias de todo tipo se\nhicieron sentir hasta hoy. Cae el tel\u00f3n, <em>fin\ndel cuarto relato<\/em>. <\/p>\n\n\n\n<p class=\"wp-block-paragraph\">6.- (Digresi\u00f3n II) Los temas que he\nanalizado, que estoy convencido que son las columnas que sostienen el mundo\nactual, no son sencillos. Por ello, no se me escapa, que le presentar\u00e1n, amigo\noyente, algunas dificultades que es necesario superar. Hace ya tiempo que tengo\nconciencia de ello. Cuando tom\u00e9 la decisi\u00f3n de llevar, al espacio abierto de\nlos medios de comunicaci\u00f3n, me hice cargo de las dificultades mencionadas. Muchos\nde los temas que se investigan, se analizan y se publican dentro del \u00e1mbito acad\u00e9mico,\nen su mayor, parte no salen de all\u00ed,.<\/p>\n\n\n\n<p class=\"wp-block-paragraph\">Quiero compartir con Ud.\nesas dificultades y me he propuesto el intento de superarlas. Para ello\nnecesito su complicidad. Algunas consideraciones previas. El lenguaje\nperiod\u00edstico imperante, salvo las consabidas excepciones, tiende a un tipo de\nrelato descriptivo que hace poco esfuerzo para ahondar en las causas m\u00e1s\nprofundas de los porqu\u00e9s del estar como estamos. Gran parte de ello no es\ninocente. Por ejemplo, el proceso de concentraci\u00f3n de los medios de comunicaci\u00f3n\na partir de la posguerra, con especial \u00e9nfasis en las d\u00e9cadas de los setenta y\nochenta. Ello nos obligar\u00e1 a ir un poco m\u00e1s atr\u00e1s hasta las primeras d\u00e9cadas\ndel siglo XX. <\/p>\n\n\n\n<p class=\"wp-block-paragraph\">Por ahora quiero decirle que\nhe dado algunos pasos. Yo he tomado prestada una met\u00e1fora period\u00edstica para\nreferirme a un tipo de personas, que representan a una gran mayor\u00eda de los\nconsumidores de medios: \u201cel ciudadano de a pie\u201d. Para m\u00ed representa una especie\nde arquetipo del mundo actual a quien he elegido dirigirme. \u00bfQu\u00e9 supone eso?\nHacer el esfuerzo de lo que podr\u00edamos denominar la traducci\u00f3n del lenguaje\nacad\u00e9mico al lenguaje coloquial con el cual quiero comunicarme. No debe\nentenderse esto como una desconsideraci\u00f3n de ese personaje. Por el contrario lo\nque estoy denunciando es que el lenguaje acad\u00e9mico no es dif\u00edcil de entender\npor la profundidad de los temas tratados: es una <em>exigencia de los profesores<\/em>. <\/p>\n\n\n\n<p class=\"wp-block-paragraph\">7.- (Contin\u00faa la Digresi\u00f3n II) Si puede\nsorprender lo que acabo de decir, transcribo las palabras del Doctor en\nHistoria Fernando Alf\u00f3n, Profesor de la Universidad Nacional de La Plata. En\nuna nota que titul\u00f3: \u201cLas tesis como escritura herm\u00e9tica\u201d responde ante la\nsiguiente pregunta:<\/p>\n\n\n\n<p class=\"wp-block-paragraph\">\u2013 \u00bfPor qu\u00e9 no se\npueden leen las tesis doctorales en ciencias sociales y esto se puede hacer\nextensivo a muchas otras publicaciones.<\/p>\n\n\n\n<p class=\"wp-block-paragraph\">\u2013 No se leen\nporque no est\u00e1n escritas para ser le\u00eddas; se desarrolla un conjunto de\npr\u00e1cticas que las conducen hacia su ilegibilidad. Me refiero a mitos que\ndominan el escenario, imaginarios que afirman, por ejemplo, que cuanto m\u00e1s\nimpermeable son adquieren mayor cientificidad; que cuanto m\u00e1s complejo es su\nlenguaje y abultada su forma, se revisten de mejor aspecto y validez. Como\nresultado se producen manuscritos que alejan al lector, tanto al com\u00fan y\ncorriente como tambi\u00e9n al universitario.<\/p>\n\n\n\n<p class=\"wp-block-paragraph\">El Doctor Alf\u00f3n confiesa uno\nde los secretos mejor guardados respecto de la soberbia acad\u00e9mica y el\nmenosprecio por el \u201cciudadano de a pie\u201d. Creo que ahora se puede entender mejor\npor qu\u00e9 hablo de traducir. Le propongo que preste atenci\u00f3n a una conversaci\u00f3n\nentre profesionales, m\u00e9dicos, abogados, ingenieros, economistas, etc., e\nintente saber de qu\u00e9 est\u00e1n hablando. Existe una premisa no confesada: \u201ccuanto\nmenos entienda Ud. de esas cosas \u00a1mejor!\u201d<\/p>\n\n\n\n<p class=\"wp-block-paragraph\">Sin embargo, ello no debe\nignorar que hay temas que exigen un lenguaje especializado. En esos casos\napelar\u00e9 a mis intentos de traducci\u00f3n para hacerlo m\u00e1s accesible para una\nmayor\u00eda. Para un mejor logro espero contar con el agregado de sus esfuerzos\npara que me acompa\u00f1e en esta tarea: bajar al lenguaje coloquial todo aquello. Sobre\neste tema voy a detenerme, m\u00e1s de una vez, a lo largo de estas notas. <em>Fin de la digresi\u00f3n <\/em>II.<\/p>\n\n\n\n<p class=\"wp-block-paragraph\">8.- Los temas que deber\u00e9 abordar a lo\nlargo de estos programas tienen un eje central, para detectar las enormes\ndificultades que se nos presentan: este eje ha sido presentado como la\nglobalizaci\u00f3n. Fue anunciada como una gran novedad de los ochenta pero, en\nrealidad tiene una historia mucho m\u00e1s larga e interesante. Es necesario\nincursionar en la historia de los \u00faltimos m\u00e1s de cinco siglos para acceder a\nuna explicaci\u00f3n m\u00e1s abarcadora y profunda. <\/p>\n\n\n\n<p class=\"wp-block-paragraph\">El desarrollo de los temas\nque abordaremos deber\u00e1 ir acompa\u00f1ado por una investigaci\u00f3n sobre las\ncondiciones de vida, su cultura, la econom\u00eda, la pol\u00edtica, las instituciones, de\nuna parte muy importante del mundo actual. En ella deberemos prestar especial\natenci\u00f3n a un viejo personaje y a sus mutaciones: el sujeto central de estos\ntiempos: el Hombre urbano. Si bien no se puede soslayar la situaci\u00f3n econ\u00f3mica\nde una gran mayor\u00eda, me interesa particularmente hablar de este personaje\nhist\u00f3rico. De esto se habla poco en los medios. Nos va a enfrentar al an\u00e1lisis\nde lo que se puede denominar, con un concepto algo t\u00e9cnico: su subjetividad.<\/p>\n\n\n\n<p class=\"wp-block-paragraph\">Es decir, c\u00f3mo piensa, c\u00f3mo\nvive, c\u00f3mo valora, qu\u00e9 desea, etc. entendido por lo general como parte de su\nintimidad y que, por ello, le pertenece s\u00f3lo a \u00e9l. Intentar\u00e9 correlacionar esa\nsubjetividad con el proceso de globalizaci\u00f3n. A pesar de que planteado as\u00ed\npuede parecer un tema muy dif\u00edcil, no voy a olvidar mi compromiso: tener en\ncuenta de que me dirijo al <em>ciudadano de a\npie<\/em>, por lo cual el tratamiento va a ser desarrollado con un lenguaje muy\ncercano al coloquial. <em>Cae el tel\u00f3n del,\npor ahora, \u00faltimo relato<\/em>. <\/p>\n","protected":false},"excerpt":{"rendered":"<p>1.- Ricardo Vicente L\u00f3pez, les da la bienvenida a este primer programa. La propuesta tiene como base la necesidad de revisar el mundo en que vivimos. Tiene aspectos y dimensiones positivas y otras no tanto. No se puede negar que el siglo XX fue un paso muy grande en la construcci\u00f3n de un mundo que [&hellip;]<\/p>\n","protected":false},"author":1,"featured_media":0,"parent":2290,"menu_order":0,"comment_status":"closed","ping_status":"closed","template":"","meta":{"footnotes":""},"class_list":["post-2332","page","type-page","status-publish","hentry"],"_links":{"self":[{"href":"https:\/\/ricardovicentelopez.com.ar\/index.php?rest_route=\/wp\/v2\/pages\/2332","targetHints":{"allow":["GET"]}}],"collection":[{"href":"https:\/\/ricardovicentelopez.com.ar\/index.php?rest_route=\/wp\/v2\/pages"}],"about":[{"href":"https:\/\/ricardovicentelopez.com.ar\/index.php?rest_route=\/wp\/v2\/types\/page"}],"author":[{"embeddable":true,"href":"https:\/\/ricardovicentelopez.com.ar\/index.php?rest_route=\/wp\/v2\/users\/1"}],"replies":[{"embeddable":true,"href":"https:\/\/ricardovicentelopez.com.ar\/index.php?rest_route=%2Fwp%2Fv2%2Fcomments&post=2332"}],"version-history":[{"count":1,"href":"https:\/\/ricardovicentelopez.com.ar\/index.php?rest_route=\/wp\/v2\/pages\/2332\/revisions"}],"predecessor-version":[{"id":2334,"href":"https:\/\/ricardovicentelopez.com.ar\/index.php?rest_route=\/wp\/v2\/pages\/2332\/revisions\/2334"}],"up":[{"embeddable":true,"href":"https:\/\/ricardovicentelopez.com.ar\/index.php?rest_route=\/wp\/v2\/pages\/2290"}],"wp:attachment":[{"href":"https:\/\/ricardovicentelopez.com.ar\/index.php?rest_route=%2Fwp%2Fv2%2Fmedia&parent=2332"}],"curies":[{"name":"wp","href":"https:\/\/api.w.org\/{rel}","templated":true}]}}