{"id":22530,"date":"2019-05-16T12:05:53","date_gmt":"2019-05-16T12:05:53","guid":{"rendered":"http:\/\/ricardovicentelopez.com.ar\/?page_id=22530"},"modified":"2020-04-22T14:38:33","modified_gmt":"2020-04-22T14:38:33","slug":"5-democracia-y-la-concentracion-de-la-riqueza","status":"publish","type":"page","link":"https:\/\/ricardovicentelopez.com.ar\/?page_id=22530","title":{"rendered":"05- Democracia y la concentraci\u00f3n de la riqueza"},"content":{"rendered":"\n<p class=\"wp-block-paragraph\">Por Ricardo Vicente L\u00f3pez<\/p>\n\n\n\n<p class=\"wp-block-paragraph\" style=\"text-align:right\">\u201cCreo que el problema del mundo no es el injusto reparto de la riqueza, Mendieta; es el generoso reparto de la pobreza\u201d.  <\/p>\n\n\n\n<p class=\"wp-block-paragraph\" style=\"text-align:right\">Inodoro Pereyra, Roberto Fontanarrosa <\/p>\n\n\n\n<figure class=\"wp-block-image\"><img loading=\"lazy\" decoding=\"async\" width=\"896\" height=\"519\" src=\"https:\/\/ricardovicentelopez.com.ar\/wp-content\/uploads\/2019\/05\/05.png\" alt=\"\" class=\"wp-image-22565\" srcset=\"https:\/\/ricardovicentelopez.com.ar\/wp-content\/uploads\/2019\/05\/05.png 896w, https:\/\/ricardovicentelopez.com.ar\/wp-content\/uploads\/2019\/05\/05-300x174.png 300w, https:\/\/ricardovicentelopez.com.ar\/wp-content\/uploads\/2019\/05\/05-768x445.png 768w\" sizes=\"auto, (max-width: 896px) 100vw, 896px\" \/><\/figure>\n\n\n\n<p class=\"wp-block-paragraph\">La crisis en la que est\u00e1 sumergido el\nmundo actual, de imprevisibles derivaciones, exige de cada uno de nosotros,\nciudadanos de a pie de este mundo aunque en una ubicaci\u00f3n marginal, que\ncomencemos a tomar conciencia de su estado real actual, de los mecanismos que\nhan provocado las graves consecuencias sociales, pol\u00edticas, econ\u00f3micas,\nculturales, institucionales, etc., que sumergen a gran cantidad de personas en\nsituaciones insostenibles. <\/p>\n\n\n\n<p class=\"wp-block-paragraph\">Los temas en los que hay que\nincursionar no son sencillos como tampoco es sencillo el diagn\u00f3stico ni la\nsoluci\u00f3n posible. Lo que ha quedado demostrado es que ese \u201c1%\u201d, que se ha hecho\nfamoso por los manifestantes estadounidenses. Ellos, con su occupy wall street\nen setiembre de 2001, denunciaron a esos s\u00faper-ricos, que acumulan proporciones\ndisparatadas e inconcebibles de la riqueza global. Ese 1% no tiene la menor\nintenci\u00f3n de alterar el estado de privilegios agobiantes en el que se\nencuentran. Por lo tanto s\u00f3lo la participaci\u00f3n y el compromiso de ese \u201c99%\u201d\nrestante, en mayor o menor medida marginado, puede comenzar a torcer el rumbo\nque lleva este proceso. Ese \u201c99%\u201d somos casi todos nosotros. Somos los que\ndebemos tomar conciencia de que nuestra acci\u00f3n es posible si comenzamos por\ncomprender \u00bfqu\u00e9 es lo que pasa? \u00bfpor qu\u00e9 se ha llegado a esta situaci\u00f3n? Y, a\npartir de all\u00ed, elaborar nuevos cursos de acci\u00f3n hacia un futuro m\u00e1s vivible.&nbsp;&nbsp;&nbsp;&nbsp;&nbsp;&nbsp;&nbsp;&nbsp; <\/p>\n\n\n\n<p class=\"wp-block-paragraph\">En ciertas oportunidades nos puede\nsorprender como se presentan algunas coincidencias. Por ejemplo, sobre fines de\nfebrero de 2018 se reun\u00edan, como todos los a\u00f1os, en Davos (Suiza) los\nposeedores de las m\u00e1s grandes fortunas del mundo. El 22 de enero la fundaci\u00f3n\nOxfam public\u00f3 su <em>Informe anual sobre la\ndistribuci\u00f3n de la riqueza en el mundo<\/em>, cuyo t\u00edtulo fue \u201cPremiar el\ntrabajo, no la riqueza\u201d. Parece una de esas iron\u00edas de la historia. El informe\nhace hincapi\u00e9 en el empeoramiento paulatino de las condiciones laborales de la\nmayor\u00eda de la poblaci\u00f3n. En contraposici\u00f3n, los grandes propietarios del\ncapital, cuyas fortunas son el resultado de un proceso que determina una cada\nvez mayor concentraci\u00f3n de la riqueza en unas pocas manos a partir del expolio\na las grandes mayor\u00edas.<\/p>\n\n\n\n<p class=\"wp-block-paragraph\">Amigo lector, ante la posibilidad de\nque no conozca la organizaci\u00f3n Oxfam dado que no aparece, por regla general, en\nlos grandes medios, le copio lo que dice de ella wikipedia:<\/p>\n\n\n\n<p class=\"wp-block-paragraph\">Es\nuna confederaci\u00f3n internacional formada por 17 organizaciones no\ngubernamentales nacionales que realizan labores humanitarias en 90 pa\u00edses. Su\nlema es \u00abtrabajar con otros para combatir la pobreza y el\nsufrimiento\u00bb. Oxfam Gran Breta\u00f1a fue fundado, originalmente en Oxford, en\n1942 como consecuencia de la II Guerra Mundial para luchar contra el hambre que\nse viv\u00eda en esos momentos. De ah\u00ed su primer nombre: \u00abComit\u00e9 de Oxford para\nayudar a la hambruna\u00bb (<strong>Ox<\/strong>ford\nCommittee for<strong> Fam<\/strong>ine Relief) por un\ngrupo de la <em>Sociedad Religiosa de los\nAmigos<\/em>, otros del activismo social y acad\u00e9micos de Oxford; lo que es ahora\nla sede de Oxfam en Gran Breta\u00f1a. <\/p>\n\n\n\n<p class=\"wp-block-paragraph\">Por la experiencia acumulada en los\nmuchos a\u00f1os que esta organizaci\u00f3n internacional lleva trabajando, para paliar\nel hambre en el mundo, le gener\u00f3 una pregunta, sencilla, casi obvia, sin\nembargo poco formulada: \u00bfpor qu\u00e9 hay hambre? \u00bfQu\u00e9 mecanismos sociales lo\nproducen? Para encontrar respuestas se propuso hacer una modificaci\u00f3n a sus\ninvestigaciones anuales: agregar a las mediciones de la pobreza, tambi\u00e9n la de\nla riqueza. Sus informes anuales, por el peso \u00e9tico de su trayectoria, le\npermiti\u00f3 ganar a esta instituci\u00f3n el haberse convertido en una referencia\nineludible.<\/p>\n\n\n\n<p class=\"wp-block-paragraph\">Veamos alguna de sus definiciones: \u201cEl\nboom de los multimillonarios no es signo de una econom\u00eda pr\u00f3spera sino un\ns\u00edntoma del fracaso del sistema econ\u00f3mico\u201d. Esta afirmaci\u00f3n sale al encuentro\nde los modos, casi celebratorios, con los cuales la <em>Revista Forbes<\/em> mide la riqueza en el mundo. Veamos tambi\u00e9n qu\u00e9\nrepresenta esta publicaci\u00f3n. Volvamos a wikipedia:<\/p>\n\n\n\n<p class=\"wp-block-paragraph\">Forbes\nes una revista especializada en el mundo de los negocios y las finanzas,\npublicada en Estados Unidos. Desde 1986, Forbes publica cada a\u00f1o su lista de\nlas personas m\u00e1s ricas del mundo. Se ha convertido, seg\u00fan se puede leer en\nella, en el sitio que proporciona los recursos de m\u00e1s confianza para los\nejecutivos de negocios, d\u00e1ndoles informes de tiempo actual, comentarios sin\ncompromiso, an\u00e1lisis concisos, herramientas y comunidades relevantes que\nnecesitan para tener \u00e9xito en el trabajo, ganancias de inversiones, y\ndivertirse con las ganancias. <\/p>\n\n\n\n<p class=\"wp-block-paragraph\">La intenci\u00f3n de este an\u00e1lisis, sobre\ndos fuentes que informan c\u00f3mo est\u00e1n distribuidos lo bienes en el mundo, es\ncomenzar a ejercer, sobre ellas, un posible ejercicio cr\u00edtico. Esto lo coloco\ncomo condici\u00f3n para poder penetrar la dura capa con la que se protege cierto\ntipo de &nbsp;informaciones. La de los medios\ny sectores que defienden los intereses de las grandes empresas. Creo que es una\ncondici\u00f3n necesaria para que la pregunta de Oxfam se nos instale como un m\u00e9todo\nde comprensi\u00f3n.<\/p>\n\n\n\n<p class=\"wp-block-paragraph\">Lo que hemos visto nos habla de la\nagudeza y compromiso de Oxfam al preguntarse por el por qu\u00e9 de la pobreza. Lo\nque se puede ver en la revista Forbes es una especie de ingenuidad, para no ser\ndemasiado severos, en el modo de ver el mundo. Revisemos algunos comentarios\nque se pueden leer en su p\u00e1gina:<\/p>\n\n\n\n<p class=\"wp-block-paragraph\">Forbes\n\u201cse ha convertido en&nbsp; el sitio que est\u00e1\nentre los recursos de m\u00e1s confianza para los ejecutivos de negocios\u201d. Equivale\na confesar que la informaci\u00f3n que ellos necesitan es la que publican. M\u00e1s\nadelante dice que les ofrecen: \u201cinformes, an\u00e1lisis y herramientas para conocer\nlas comunidades relevantes que necesitan para tener \u00e9xito en el trabajo,\nganancias de inversiones, y divertirse con las ganancias\u201d. La mirada est\u00e1\ndirigida y se circunscribe al sector m\u00e1s rico de personas y atiende a las\nnecesidades para seguir ganando dinero y divertirse. <\/p>\n","protected":false},"excerpt":{"rendered":"<p>Por Ricardo Vicente L\u00f3pez \u201cCreo que el problema del mundo no es el injusto reparto de la riqueza, Mendieta; es el generoso reparto de la pobreza\u201d. Inodoro Pereyra, Roberto Fontanarrosa La crisis en la que est\u00e1 sumergido el mundo actual, de imprevisibles derivaciones, exige de cada uno de nosotros, ciudadanos de a pie de este [&hellip;]<\/p>\n","protected":false},"author":1,"featured_media":0,"parent":85391,"menu_order":0,"comment_status":"closed","ping_status":"closed","template":"","meta":{"footnotes":""},"class_list":["post-22530","page","type-page","status-publish","hentry"],"_links":{"self":[{"href":"https:\/\/ricardovicentelopez.com.ar\/index.php?rest_route=\/wp\/v2\/pages\/22530","targetHints":{"allow":["GET"]}}],"collection":[{"href":"https:\/\/ricardovicentelopez.com.ar\/index.php?rest_route=\/wp\/v2\/pages"}],"about":[{"href":"https:\/\/ricardovicentelopez.com.ar\/index.php?rest_route=\/wp\/v2\/types\/page"}],"author":[{"embeddable":true,"href":"https:\/\/ricardovicentelopez.com.ar\/index.php?rest_route=\/wp\/v2\/users\/1"}],"replies":[{"embeddable":true,"href":"https:\/\/ricardovicentelopez.com.ar\/index.php?rest_route=%2Fwp%2Fv2%2Fcomments&post=22530"}],"version-history":[{"count":2,"href":"https:\/\/ricardovicentelopez.com.ar\/index.php?rest_route=\/wp\/v2\/pages\/22530\/revisions"}],"predecessor-version":[{"id":28190,"href":"https:\/\/ricardovicentelopez.com.ar\/index.php?rest_route=\/wp\/v2\/pages\/22530\/revisions\/28190"}],"up":[{"embeddable":true,"href":"https:\/\/ricardovicentelopez.com.ar\/index.php?rest_route=\/wp\/v2\/pages\/85391"}],"wp:attachment":[{"href":"https:\/\/ricardovicentelopez.com.ar\/index.php?rest_route=%2Fwp%2Fv2%2Fmedia&parent=22530"}],"curies":[{"name":"wp","href":"https:\/\/api.w.org\/{rel}","templated":true}]}}