{"id":2,"date":"2015-03-20T21:49:19","date_gmt":"2015-03-20T21:49:19","guid":{"rendered":"http:\/\/ricardovicentelopez.com.ar\/?page_id=2"},"modified":"2024-09-02T10:46:14","modified_gmt":"2024-09-02T10:46:14","slug":"pagina-ejemplo","status":"publish","type":"page","link":"https:\/\/ricardovicentelopez.com.ar\/?page_id=2","title":{"rendered":"Biblioteca"},"content":{"rendered":"\n<figure class=\"wp-block-image\"><img loading=\"lazy\" decoding=\"async\" width=\"800\" height=\"533\" src=\"https:\/\/ricardovicentelopez.com.ar\/wp-content\/uploads\/2019\/05\/estilografica-escritura-1.jpg\" alt=\"\" class=\"wp-image-17337\" srcset=\"https:\/\/ricardovicentelopez.com.ar\/wp-content\/uploads\/2019\/05\/estilografica-escritura-1.jpg 800w, https:\/\/ricardovicentelopez.com.ar\/wp-content\/uploads\/2019\/05\/estilografica-escritura-1-300x200.jpg 300w, https:\/\/ricardovicentelopez.com.ar\/wp-content\/uploads\/2019\/05\/estilografica-escritura-1-768x512.jpg 768w\" sizes=\"auto, (max-width: 800px) 100vw, 800px\" \/><\/figure>\n\n\n\n<p class=\"has-medium-font-size wp-block-paragraph\"><a href=\"https:\/\/ricardovicentelopez.com.ar\/wp-content\/uploads\/2016\/10\/Algunas-preguntas-y-respuestas-posibles-sobre-la-educaci\u00f3n.docx\">Algunas preguntas y respuestas posibles sobre la educaci\u00f3n<\/a><\/p>\n\n\n\n<p class=\"has-medium-font-size wp-block-paragraph\"><a href=\"https:\/\/ricardovicentelopez.com.ar\/wp-content\/uploads\/2024\/07\/America-es-el-continente-de-la-esperanza.docx\">Am\u00e9rica Latina es el continente de la esperanza<\/a><\/p>\n\n\n\n<p class=\"has-medium-font-size wp-block-paragraph\"><a href=\"https:\/\/ricardovicentelopez.com.ar\/wp-content\/uploads\/2023\/09\/Aproximaciones-a-una-antropologia-judeo-cristiana-I.pdf\">Aproximaciones a una antropologia judeocristiana I<\/a><\/p>\n\n\n\n<p class=\"has-medium-font-size wp-block-paragraph\"><a rel=\"noopener noreferrer\" href=\"https:\/\/ricardovicentelopez.com.ar\/wp-content\/uploads\/2015\/03\/Civilizados-y-b\u00e1rbaros.pdf\" target=\"_blank\">Civilizados y b\u00e1rbaros<\/a><\/p>\n\n\n\n<p class=\"has-medium-font-size wp-block-paragraph\"><a rel=\"noopener noreferrer\" href=\"https:\/\/ricardovicentelopez.com.ar\/wp-content\/uploads\/2015\/03\/C\u00f3mo-se-puede-entender-la-crisis-actual.pdf\" target=\"_blank\">C\u00f3mo se puede entender la crisis actual<\/a><\/p>\n\n\n\n<p class=\"has-medium-font-size wp-block-paragraph\"><a rel=\"noopener noreferrer\" href=\"https:\/\/ricardovicentelopez.com.ar\/wp-content\/uploads\/2015\/03\/Contra-el-fatalismo-econ\u00f3mico.pdf\" target=\"_blank\">Contra el fatalismo econ\u00f3mico<\/a><\/p>\n\n\n\n<p class=\"has-medium-font-size wp-block-paragraph\"><a rel=\"noopener noreferrer\" href=\"https:\/\/ricardovicentelopez.com.ar\/wp-content\/uploads\/2015\/03\/Crisis-financiera-del-sistema-capitalista.pdf\" target=\"_blank\">Crisis financiera del sistema capitalista<\/a><\/p>\n\n\n\n<p class=\"has-medium-font-size wp-block-paragraph\"><a rel=\"noopener noreferrer\" href=\"https:\/\/ricardovicentelopez.com.ar\/wp-content\/uploads\/2015\/03\/Cristianismo-utopia-politica-y-liberacion.pdf\" target=\"_blank\">Cristianismo, utopia, politica y liberacion<\/a><\/p>\n\n\n\n<p class=\"has-medium-font-size wp-block-paragraph\"><a rel=\"noopener noreferrer\" href=\"https:\/\/ricardovicentelopez.com.ar\/wp-content\/uploads\/2015\/03\/De-la-caverna-plat\u00f3nica-a-la-globalizaci\u00f3n-mediatizada.pdf\" target=\"_blank\">De la caverna plat\u00f3nica a la globalizaci\u00f3n mediatizada<\/a><\/p>\n\n\n\n<p class=\"has-medium-font-size wp-block-paragraph\"><a href=\"https:\/\/ricardovicentelopez.com.ar\/wp-content\/uploads\/2023\/09\/De-que-libertad-hablamos.pdf\">De qu\u00e9 libertad hablamos<\/a><\/p>\n\n\n\n<p class=\"has-medium-font-size wp-block-paragraph\"><a rel=\"noopener noreferrer\" href=\"https:\/\/ricardovicentelopez.com.ar\/wp-content\/uploads\/2015\/03\/Debates-que-ocultan-debates.pdf\" target=\"_blank\">Debates que ocultan debates<\/a><\/p>\n\n\n\n<p class=\"has-medium-font-size wp-block-paragraph\"><a href=\"https:\/\/ricardovicentelopez.com.ar\/wp-content\/uploads\/2023\/09\/Del-ciudadano-idealizado-al-consumidor-sumiso.pdf\">Del ciudadano idealizado al consumidor sumiso<\/a><\/p>\n\n\n\n<p class=\"has-medium-font-size wp-block-paragraph\"><a href=\"https:\/\/ricardovicentelopez.com.ar\/wp-admin\/post.php?post=86532&amp;action=edit\">Del golpe militar al golpe blando<\/a><\/p>\n\n\n\n<p class=\"has-medium-font-size wp-block-paragraph\"><a href=\"https:\/\/ricardovicentelopez.com.ar\/wp-content\/uploads\/2023\/09\/Del-hombre-comunitario-al-hombre-competitivo.pdf\">Del hombre comunitario al hombre competitivo<\/a><\/p>\n\n\n\n<p class=\"has-medium-font-size wp-block-paragraph\"><a rel=\"noopener noreferrer\" href=\"https:\/\/ricardovicentelopez.com.ar\/wp-content\/uploads\/2015\/03\/Democracia-versus-la-elite-financiera.pdf\" target=\"_blank\">Democracia versus la elite financiera<\/a><\/p>\n\n\n\n<p class=\"has-medium-font-size wp-block-paragraph\"><a rel=\"noopener noreferrer\" href=\"https:\/\/ricardovicentelopez.com.ar\/wp-content\/uploads\/2015\/03\/Divertimento-sobre-temas-de-la-econom\u00eda.pdf\" target=\"_blank\">Divertimento sobre temas de la econom\u00eda<\/a><\/p>\n\n\n\n<p class=\"has-medium-font-size wp-block-paragraph\"><a rel=\"noopener noreferrer\" href=\"https:\/\/ricardovicentelopez.com.ar\/wp-content\/uploads\/2015\/03\/Donde-es\u00e1-la-puerta-de-salida.pdf\" target=\"_blank\">Donde es\u00e1 la puerta de salida<\/a><\/p>\n\n\n\n<p class=\"has-medium-font-size wp-block-paragraph\"><a rel=\"noopener noreferrer\" href=\"https:\/\/ricardovicentelopez.com.ar\/wp-content\/uploads\/2015\/03\/Ecos-de-una-tradici\u00f3n.pdf\" target=\"_blank\">Ecos de una tradici\u00f3n<\/a><\/p>\n\n\n\n<p class=\"has-medium-font-size wp-block-paragraph\"><a rel=\"noopener noreferrer\" href=\"https:\/\/ricardovicentelopez.com.ar\/wp-content\/uploads\/2015\/03\/El-amor-en-los-tiempos-de-la-globalizaci\u00f3n.pdf\" target=\"_blank\">El amor en los tiempos de la globalizaci\u00f3n<\/a><\/p>\n\n\n\n<p class=\"has-medium-font-size wp-block-paragraph\"><a rel=\"noopener noreferrer\" href=\"https:\/\/ricardovicentelopez.com.ar\/wp-content\/uploads\/2015\/03\/El-capitalismo-en-crisis-I.pdf\" target=\"_blank\">El capitalismo en crisis I<\/a><\/p>\n\n\n\n<p class=\"has-medium-font-size wp-block-paragraph\"><a rel=\"noopener noreferrer\" href=\"https:\/\/ricardovicentelopez.com.ar\/wp-content\/uploads\/2015\/03\/El-capitalismo-en-crisis-II.pdf\" target=\"_blank\">El capitalismo en crisis II<\/a><\/p>\n\n\n\n<p class=\"has-medium-font-size wp-block-paragraph\"><a rel=\"noopener noreferrer\" href=\"https:\/\/ricardovicentelopez.com.ar\/wp-content\/uploads\/2015\/03\/El-capitalismo-en-crisis-III.pdf\" target=\"_blank\">El capitalismo en crisis III<\/a><\/p>\n\n\n\n<p class=\"has-medium-font-size wp-block-paragraph\"><a rel=\"noopener noreferrer\" href=\"https:\/\/ricardovicentelopez.com.ar\/wp-content\/uploads\/2015\/03\/El-capitalismo-y-la-felicidad-humana.pdf\" target=\"_blank\">El capitalismo y la felicidad humana<\/a><\/p>\n\n\n\n<p class=\"has-medium-font-size wp-block-paragraph\"><a rel=\"noopener noreferrer\" href=\"https:\/\/ricardovicentelopez.com.ar\/wp-content\/uploads\/2015\/03\/El-control-de-la-opini\u00f3n-p\u00fablica.pdf\" target=\"_blank\">El control de la opini\u00f3n p\u00fablica<\/a><\/p>\n\n\n\n<p class=\"has-medium-font-size wp-block-paragraph\"><a href=\"https:\/\/ricardovicentelopez.com.ar\/wp-content\/uploads\/2024\/07\/El-extrano-descubrimiento-del-poder-de-las-grandes-fortunas-en-la-politica-I.docx\">El extra\u00f1o descubrimiento del poder de las grandes fortunas<\/a><\/p>\n\n\n\n<p class=\"has-medium-font-size wp-block-paragraph\"><a href=\"https:\/\/ricardovicentelopez.com.ar\/wp-content\/uploads\/2015\/03\/El-futuro-y-la-utop\u00eda.pdf\">El futuro y la utop\u00eda<\/a><\/p>\n\n\n\n<p class=\"has-medium-font-size wp-block-paragraph\"><a rel=\"noopener noreferrer\" href=\"https:\/\/ricardovicentelopez.com.ar\/wp-content\/uploads\/2015\/03\/El-hombre-originario-Primera-parte.pdf\" target=\"_blank\">El hombre originario &#8211; Primera parte<\/a><\/p>\n\n\n\n<p class=\"has-medium-font-size wp-block-paragraph\"><a rel=\"noopener noreferrer\" href=\"https:\/\/ricardovicentelopez.com.ar\/wp-content\/uploads\/2015\/03\/El-hombre-originario-Segunda-parte.pdf\" target=\"_blank\">El hombre originario &#8211; Segunda parte<\/a><\/p>\n\n\n\n<p class=\"has-medium-font-size wp-block-paragraph\"><a rel=\"noopener noreferrer\" href=\"https:\/\/ricardovicentelopez.com.ar\/wp-content\/uploads\/2015\/03\/El-hombre-originario-Tercera-parte.pdf\" target=\"_blank\">El hombre originario &#8211; Tercera parte<\/a><\/p>\n\n\n\n<p class=\"has-medium-font-size wp-block-paragraph\"><a rel=\"noopener noreferrer\" href=\"https:\/\/ricardovicentelopez.com.ar\/wp-content\/uploads\/2015\/03\/El-marco-cultural-del-pensamiento-pol\u00edtico-moderno.pdf\" target=\"_blank\">El marco cultural del pensamiento pol\u00edtico moderno<\/a><\/p>\n\n\n\n<p class=\"has-medium-font-size wp-block-paragraph\"><a rel=\"noopener noreferrer\" href=\"https:\/\/ricardovicentelopez.com.ar\/wp-content\/uploads\/2015\/03\/El-mito-del-mercado-libre.pdf\" target=\"_blank\">El mito del mercado libre<\/a><\/p>\n\n\n\n<p class=\"has-medium-font-size wp-block-paragraph\"><a rel=\"noopener noreferrer\" href=\"https:\/\/ricardovicentelopez.com.ar\/wp-content\/uploads\/2015\/03\/El-oficio-del-se\u00f1or-Dur\u00e1n-Barba.pdf\" target=\"_blank\">El oficio del se\u00f1or Dur\u00e1n Barba<\/a><\/p>\n\n\n\n<p class=\"has-medium-font-size wp-block-paragraph\"><a rel=\"noopener noreferrer\" href=\"https:\/\/ricardovicentelopez.com.ar\/wp-content\/uploads\/2015\/03\/El-pecado-original-o-el-problema-de-la-injusticia-social.pdf\" target=\"_blank\">El pecado original o el problema de la injusticia social<\/a><\/p>\n\n\n\n<p class=\"has-medium-font-size wp-block-paragraph\"><a rel=\"noopener noreferrer\" href=\"https:\/\/ricardovicentelopez.com.ar\/wp-content\/uploads\/2015\/03\/El-pensamiento-de-Carlos-Marx.pdf\" target=\"_blank\">El pensamiento de Carlos Marx<\/a><\/p>\n\n\n\n<p class=\"has-medium-font-size wp-block-paragraph\"><a rel=\"noopener noreferrer\" href=\"https:\/\/ricardovicentelopez.com.ar\/wp-content\/uploads\/2015\/03\/El-pensamiento-twitter-ante-la-realidad-compleja.pdf\" target=\"_blank\">El pensamiento twitter ante la realidad compleja<\/a><\/p>\n\n\n\n<p class=\"has-medium-font-size wp-block-paragraph\"><a rel=\"noopener noreferrer\" href=\"https:\/\/ricardovicentelopez.com.ar\/wp-content\/uploads\/2015\/03\/El-periodismo-necesita-coraz\u00f3n.pdf\" target=\"_blank\">El periodismo necesita coraz\u00f3n<\/a><\/p>\n\n\n\n<p class=\"has-medium-font-size wp-block-paragraph\"><a rel=\"noopener noreferrer\" href=\"https:\/\/ricardovicentelopez.com.ar\/wp-content\/uploads\/2015\/03\/Eliminaci\u00f3n-del-mal.pdf\" target=\"_blank\">Eliminaci\u00f3n del mal<\/a><\/p>\n\n\n\n<p class=\"has-medium-font-size wp-block-paragraph\"><a rel=\"noopener noreferrer\" href=\"https:\/\/ricardovicentelopez.com.ar\/wp-content\/uploads\/2015\/03\/En-torno-a-la-propiedad-privada.pdf\" target=\"_blank\">En torno a la propiedad privada<\/a><\/p>\n\n\n\n<p class=\"has-medium-font-size wp-block-paragraph\"><a rel=\"noopener noreferrer\" href=\"https:\/\/ricardovicentelopez.com.ar\/wp-content\/uploads\/2015\/03\/Fetichismo-constitucional.pdf\" target=\"_blank\">Fetichismo constitucional<\/a><\/p>\n\n\n\n<p class=\"has-medium-font-size wp-block-paragraph\"><a rel=\"noopener noreferrer\" href=\"https:\/\/ricardovicentelopez.com.ar\/wp-content\/uploads\/2015\/03\/Historia-y-reflexiones-sobre-el-trabajo.pdf\" target=\"_blank\">Historia y reflexiones sobre el trabajo<\/a><\/p>\n\n\n\n<p class=\"has-medium-font-size wp-block-paragraph\"><a href=\"https:\/\/ricardovicentelopez.com.ar\/wp-content\/uploads\/2023\/09\/Ideologia-y-utopia-Ricardo-Vicente-Lopez.pdf\" target=\"_blank\" rel=\"noreferrer noopener\">Ideolog\u00eda y utop\u00eda<\/a><\/p>\n\n\n\n<p class=\"has-medium-font-size wp-block-paragraph\"><a href=\"https:\/\/ricardovicentelopez.com.ar\/wp-content\/uploads\/2020\/09\/Ideolog\u00eda-filosof\u00eda-pol\u00edtica-y-utop\u00eda-\u2013-el-pensamiento-liberador.docx\">Ideolog\u00eda, filosof\u00eda, pol\u00edtica y utop\u00eda &#8211; el pensamiento liberador<\/a><a rel=\"noreferrer noopener\" href=\"https:\/\/ricardovicentelopez.com.ar\/wp-content\/uploads\/2015\/03\/Ideolog%C3%ADa-y-utop%C3%ADa.pdf\" target=\"_blank\"><\/a><\/p>\n\n\n\n<p class=\"has-medium-font-size wp-block-paragraph\"><a href=\"https:\/\/ricardovicentelopez.com.ar\/wp-content\/uploads\/2016\/10\/La-ciencia-la-modernidad-y-la-liberaci\u00f3n-de-los-pueblos.docx\">La ciencia, la modernidad y la liberaci\u00f3n de los pueblos<\/a><\/p>\n\n\n\n<p class=\"has-medium-font-size wp-block-paragraph\"><a rel=\"noopener noreferrer\" href=\"https:\/\/ricardovicentelopez.com.ar\/wp-content\/uploads\/2015\/03\/La-codicia-es-buena-es-necesaria-y-funciona.pdf\" target=\"_blank\">La codicia es buena; es necesaria y funciona<\/a><\/p>\n\n\n\n<p class=\"has-medium-font-size wp-block-paragraph\"><a rel=\"noopener noreferrer\" href=\"https:\/\/ricardovicentelopez.com.ar\/wp-content\/uploads\/2015\/03\/La-configuraci\u00f3n-pol\u00edtica-actual-de-los-mercados-hace-a-los-muy-ricos-cada-vez-m\u00e1s-ricos.pdf\" target=\"_blank\">La configuraci\u00f3n pol\u00edtica actual de los mercados hace a los muy ricos cada vez m\u00e1s ricos<\/a><\/p>\n\n\n\n<p class=\"has-medium-font-size wp-block-paragraph\"><a rel=\"noopener noreferrer\" href=\"https:\/\/ricardovicentelopez.com.ar\/wp-content\/uploads\/2015\/03\/La-contribucion-de-la-tradicion-juedocristiana-al-pensamiento-politico.pdf\" target=\"_blank\">La contribucion de la tradicion juedocristiana al pensamiento politico<\/a><\/p>\n\n\n\n<p class=\"has-medium-font-size wp-block-paragraph\"><a rel=\"noopener noreferrer\" href=\"https:\/\/ricardovicentelopez.com.ar\/wp-content\/uploads\/2015\/03\/La-cultura-Homero-Simpson-el-modelo-que-propone-la-globalizacion.pdf\" target=\"_blank\">La cultura Homero Simpson &#8211; el modelo que propone la globalizacion<\/a><\/p>\n\n\n\n<p class=\"has-medium-font-size wp-block-paragraph\"><a rel=\"noopener noreferrer\" href=\"https:\/\/ricardovicentelopez.com.ar\/wp-content\/uploads\/2015\/03\/La-decadencia-de-Occidente.pdf\" target=\"_blank\">La decadencia de Occidente<\/a><\/p>\n\n\n\n<p class=\"has-medium-font-size wp-block-paragraph\"><a rel=\"noopener noreferrer\" href=\"https:\/\/ricardovicentelopez.com.ar\/wp-content\/uploads\/2015\/03\/La-democracia-ante-los-medios-de-comunicacion.pdf\" target=\"_blank\">La democracia ante los medios de comunicacion<\/a><\/p>\n\n\n\n<p class=\"has-medium-font-size wp-block-paragraph\"><a href=\"https:\/\/ricardovicentelopez.com.ar\/?attachment_id=85381\">La Democracia y sus conflictos sociales<\/a><\/p>\n\n\n\n<p class=\"has-medium-font-size wp-block-paragraph\"><a rel=\"noopener noreferrer\" href=\"https:\/\/ricardovicentelopez.com.ar\/wp-content\/uploads\/2015\/03\/La-democracia-y-sus-problemas.pdf\" target=\"_blank\">La democracia y sus problemas<\/a><\/p>\n\n\n\n<p class=\"has-medium-font-size wp-block-paragraph\"><a rel=\"noopener noreferrer\" href=\"https:\/\/ricardovicentelopez.com.ar\/wp-content\/uploads\/2015\/03\/La-esperanza-como-problema.pdf\" target=\"_blank\">La esperanza como problema<\/a><\/p>\n\n\n\n<p class=\"has-medium-font-size wp-block-paragraph\"><a rel=\"noopener noreferrer\" href=\"https:\/\/ricardovicentelopez.com.ar\/wp-content\/uploads\/2015\/03\/La-esperanza-cristiana.pdf\" target=\"_blank\">La esperanza cristiana<\/a><\/p>\n\n\n\n<p class=\"has-medium-font-size wp-block-paragraph\"><a rel=\"noopener noreferrer\" href=\"https:\/\/ricardovicentelopez.com.ar\/wp-content\/uploads\/2015\/03\/La-filosofia-como-condicion-del-pensar-critico.pdf\" target=\"_blank\">La filosofia como condicion del pensar critico<\/a><\/p>\n\n\n\n<p class=\"has-medium-font-size wp-block-paragraph\"><a rel=\"noopener noreferrer\" href=\"https:\/\/ricardovicentelopez.com.ar\/wp-content\/uploads\/2015\/03\/La-guerra-de-los-laboratorios-en-el-mundo-global.pdf\" target=\"_blank\">La guerra de los laboratorios en el mundo global<\/a><\/p>\n\n\n\n<p class=\"has-medium-font-size wp-block-paragraph\"><a href=\"https:\/\/ricardovicentelopez.com.ar\/wp-content\/uploads\/2015\/03\/La-historia-del-hombre-y-la-tecnolog\u00eda.docx\">La historia del hombre y la tecnolog\u00eda<\/a><\/p>\n\n\n\n<p class=\"has-medium-font-size wp-block-paragraph\"><a href=\"https:\/\/ricardovicentelopez.com.ar\/wp-content\/uploads\/2020\/06\/La-importancia-del-concepto-persona.docx\">La importancia del concepto persona<\/a><\/p>\n\n\n\n<p class=\"has-medium-font-size wp-block-paragraph\"><a rel=\"noopener noreferrer\" href=\"https:\/\/ricardovicentelopez.com.ar\/wp-content\/uploads\/2015\/03\/La-inseguridad-es-una-paranoia-construida-por-los-medios.pdf\" target=\"_blank\">La inseguridad es una paranoia construida por los medios<\/a><\/p>\n\n\n\n<p class=\"has-medium-font-size wp-block-paragraph\"><a rel=\"noopener noreferrer\" href=\"https:\/\/ricardovicentelopez.com.ar\/wp-content\/uploads\/2015\/03\/La-perversidad-del-capitalismo-salvaje.pdf\" target=\"_blank\">La perversidad del capitalismo salvaje<\/a><\/p>\n\n\n\n<p class=\"has-medium-font-size wp-block-paragraph\"><a rel=\"noopener noreferrer\" href=\"https:\/\/ricardovicentelopez.com.ar\/wp-content\/uploads\/2015\/03\/La-pol\u00edtica-sus-or\u00edgenes-y-su-historia-Parte-I.pdf\" target=\"_blank\">La pol\u00edtica, sus or\u00edgenes y su historia &#8211; Parte I<\/a><\/p>\n\n\n\n<p class=\"has-medium-font-size wp-block-paragraph\"><a href=\"https:\/\/ricardovicentelopez.com.ar\/wp-content\/uploads\/2020\/05\/Las-ra\u00edces-ideol\u00f3gicas-del-mundo-globalizado.docx\">Las ra\u00edces ideol\u00f3gicas del mundo globalizado<\/a><\/p>\n\n\n\n<p class=\"has-medium-font-size wp-block-paragraph\"><a rel=\"noopener noreferrer\" href=\"https:\/\/ricardovicentelopez.com.ar\/wp-content\/uploads\/2015\/03\/La-realidad-social-y-su-conocimiento.pdf\" target=\"_blank\">La realidad social y su conocimiento<\/a><\/p>\n\n\n\n<p class=\"has-medium-font-size wp-block-paragraph\"><a rel=\"noopener noreferrer\" href=\"https:\/\/ricardovicentelopez.com.ar\/wp-content\/uploads\/2015\/03\/La-Sabidur\u00eda-frente-al-poder-globalizador.pdf\" target=\"_blank\">La Sabidur\u00eda frente al poder globalizador<\/a><\/p>\n\n\n\n<p class=\"has-medium-font-size wp-block-paragraph\"><a rel=\"noopener noreferrer\" href=\"https:\/\/ricardovicentelopez.com.ar\/wp-content\/uploads\/2015\/03\/La-subjetividad-posmoderna-y-el-buen-vivir.pdf\" target=\"_blank\">La subjetividad posmoderna y el buen vivir<\/a><\/p>\n\n\n\n<p class=\"has-medium-font-size wp-block-paragraph\"><a rel=\"noopener noreferrer\" href=\"https:\/\/ricardovicentelopez.com.ar\/wp-content\/uploads\/2015\/03\/La-universidad-y-el-proyecto-popular.pdf\" target=\"_blank\">La universidad y el proyecto popular<\/a><\/p>\n\n\n\n<p class=\"has-medium-font-size wp-block-paragraph\"><a rel=\"noopener noreferrer\" href=\"https:\/\/ricardovicentelopez.com.ar\/wp-content\/uploads\/2015\/03\/La-utop\u00eda-como-categor\u00eda-pol\u00edtica.pdf\" target=\"_blank\">La utop\u00eda como categor\u00eda pol\u00edtica<\/a><\/p>\n\n\n\n<p class=\"has-medium-font-size wp-block-paragraph\"><a href=\"https:\/\/ricardovicentelopez.com.ar\/wp-content\/uploads\/2015\/03\/La-utop\u00eda-de-un-mundo-mejor-deseable-y-posible.docx\">La utop\u00eda de un mundo mejor deseable y posible<\/a><\/p>\n\n\n\n<p class=\"has-medium-font-size wp-block-paragraph\"><a rel=\"noopener noreferrer\" href=\"https:\/\/ricardovicentelopez.com.ar\/wp-content\/uploads\/2015\/03\/Los-aportes-de-la-tradici\u00f3n-judeocristiana-al-pensamiento-pol\u00edtico.pdf\" target=\"_blank\">Los aportes de la tradici\u00f3n judeocristiana al pensamiento pol\u00edtico<\/a><\/p>\n\n\n\n<p class=\"has-medium-font-size wp-block-paragraph\"><a rel=\"noopener noreferrer\" href=\"https:\/\/ricardovicentelopez.com.ar\/wp-content\/uploads\/2015\/03\/Los-medios-de-comunicacion-en-el-mundo-global-I.pdf\" target=\"_blank\">Los medios de comunicacion en el mundo global I<\/a><\/p>\n\n\n\n<p class=\"has-medium-font-size wp-block-paragraph\"><a rel=\"noopener noreferrer\" href=\"https:\/\/ricardovicentelopez.com.ar\/wp-content\/uploads\/2015\/03\/Los-medios-de-comunicacion-en-el-mundo-global-II.pdf\" target=\"_blank\">Los medios de comunicacion en el mundo global II<\/a><\/p>\n\n\n\n<p class=\"has-medium-font-size wp-block-paragraph\"><a rel=\"noopener noreferrer\" href=\"https:\/\/ricardovicentelopez.com.ar\/wp-content\/uploads\/2015\/03\/Los-medios-de-comunicacion-en-el-mundo-global-III.pdf\" target=\"_blank\">Los medios de comunicacion en el mundo global III<\/a><\/p>\n\n\n\n<p class=\"has-medium-font-size wp-block-paragraph\"><a rel=\"noopener noreferrer\" href=\"https:\/\/ricardovicentelopez.com.ar\/wp-content\/uploads\/2015\/03\/Los-medios-de-comunicacion-en-el-mundo-global-IV.pdf\" target=\"_blank\">Los medios de comunicacion en el mundo global IV<\/a><\/p>\n\n\n\n<p class=\"has-medium-font-size wp-block-paragraph\"><a rel=\"noopener noreferrer\" href=\"https:\/\/ricardovicentelopez.com.ar\/wp-content\/uploads\/2015\/03\/Los-medios-de-comunicacion-en-el-mundo-global-V.pdf\" target=\"_blank\">Los medios de comunicacion en el mundo global V<\/a><\/p>\n\n\n\n<p class=\"has-medium-font-size wp-block-paragraph\"><a rel=\"noopener noreferrer\" href=\"https:\/\/ricardovicentelopez.com.ar\/wp-content\/uploads\/2015\/03\/Los-medios-de-comunicacion-en-el-mundo-global-VI.pdf\" target=\"_blank\">Los medios de comunicacion en el mundo global VI<\/a><\/p>\n\n\n\n<p class=\"has-medium-font-size wp-block-paragraph\"><a rel=\"noopener noreferrer\" href=\"https:\/\/ricardovicentelopez.com.ar\/wp-content\/uploads\/2015\/03\/Los-or\u00edgenes-del-capitalismo-moderno-I.pdf\" target=\"_blank\">Los or\u00edgenes del capitalismo moderno I<\/a><\/p>\n\n\n\n<p class=\"has-medium-font-size wp-block-paragraph\"><a rel=\"noopener noreferrer\" href=\"https:\/\/ricardovicentelopez.com.ar\/wp-content\/uploads\/2015\/03\/Los-or\u00edgenes-del-capitalismo-moderno-II.pdf\" target=\"_blank\">Los or\u00edgenes del capitalismo moderno II<\/a><\/p>\n\n\n\n<p class=\"has-medium-font-size wp-block-paragraph\"><a rel=\"noopener noreferrer\" href=\"https:\/\/ricardovicentelopez.com.ar\/wp-content\/uploads\/2015\/03\/Los-or\u00edgenes-del-capitalismo-moderno-III.pdf\" target=\"_blank\">Los or\u00edgenes del capitalismo moderno III<\/a><\/p>\n\n\n\n<p class=\"has-medium-font-size wp-block-paragraph\"><a rel=\"noopener noreferrer\" href=\"https:\/\/ricardovicentelopez.com.ar\/wp-content\/uploads\/2015\/03\/Los-or\u00edgenes-del-capitalismo-moderno-IV.pdf\" target=\"_blank\">Los or\u00edgenes del capitalismo moderno IV<\/a><\/p>\n\n\n\n<p class=\"has-medium-font-size wp-block-paragraph\"><a rel=\"noopener noreferrer\" href=\"https:\/\/ricardovicentelopez.com.ar\/wp-content\/uploads\/2015\/03\/Mapamundi-una-mirada-desde-Europa.pdf\" target=\"_blank\">Mapamundi &#8211; una mirada desde Europa<\/a><\/p>\n\n\n\n<p class=\"has-medium-font-size wp-block-paragraph\"><a rel=\"noopener noreferrer\" href=\"https:\/\/ricardovicentelopez.com.ar\/wp-content\/uploads\/2015\/03\/Me-ense\u00f1aron-todo-mal.pdf\" target=\"_blank\">Me ense\u00f1aron todo mal<\/a><\/p>\n\n\n\n<p class=\"has-medium-font-size wp-block-paragraph\"><a rel=\"noopener noreferrer\" href=\"https:\/\/ricardovicentelopez.com.ar\/wp-content\/uploads\/2015\/03\/Metodolog\u00eda-de-los-encuentros.pdf\" target=\"_blank\">Metodolog\u00eda de los encuentros<\/a><\/p>\n\n\n\n<p class=\"has-medium-font-size wp-block-paragraph\"><a rel=\"noopener noreferrer\" href=\"https:\/\/ricardovicentelopez.com.ar\/wp-content\/uploads\/2015\/03\/Modos-y-problemas-del-saber.pdf\" target=\"_blank\">Modos y problemas del saber<\/a><\/p>\n\n\n\n<p class=\"has-medium-font-size wp-block-paragraph\"><a href=\"https:\/\/ricardovicentelopez.com.ar\/wp-content\/uploads\/2023\/04\/Nosotros-los-civilizados-ustedes-los-barbaros.pdf\" target=\"_blank\" rel=\"noreferrer noopener\">Nosotros los civilizados&#8230; ustedes los b\u00e1rbaros<\/a><\/p>\n\n\n\n<p class=\"has-medium-font-size wp-block-paragraph\"><a rel=\"noopener noreferrer\" href=\"https:\/\/ricardovicentelopez.com.ar\/wp-content\/uploads\/2015\/03\/Ocho-razones-por-las-que-la-juventud-norteamericana-no-responde.pdf\" target=\"_blank\">Ocho razones por las que la juventud norteamericana no responde<\/a><\/p>\n\n\n\n<p class=\"has-medium-font-size wp-block-paragraph\"><a rel=\"noopener noreferrer\" href=\"https:\/\/ricardovicentelopez.com.ar\/wp-content\/uploads\/2015\/03\/Origen-y-funci\u00f3n-de-la-deuda.pdf\" target=\"_blank\">Origen y funci\u00f3n de la deuda<\/a><\/p>\n\n\n\n<p class=\"has-medium-font-size wp-block-paragraph\"><a rel=\"noopener noreferrer\" href=\"https:\/\/ricardovicentelopez.com.ar\/wp-content\/uploads\/2015\/03\/Pienso-luego...-critico.pdf\" target=\"_blank\">Pienso, luego&#8230; critico<\/a><\/p>\n\n\n\n<p class=\"has-medium-font-size wp-block-paragraph\"><a rel=\"noopener noreferrer\" href=\"https:\/\/ricardovicentelopez.com.ar\/wp-content\/uploads\/2015\/03\/Pinceladas-sobre-la-democracia-y-el-capitalismo.pdf\" target=\"_blank\">Pinceladas sobre la democracia y el capitalismo<\/a><\/p>\n\n\n\n<p class=\"has-medium-font-size wp-block-paragraph\"><a rel=\"noopener noreferrer\" href=\"https:\/\/ricardovicentelopez.com.ar\/wp-content\/uploads\/2015\/03\/Pol\u00edtica-y-conflictos.pdf\" target=\"_blank\">Pol\u00edtica y conflictos<\/a><\/p>\n\n\n\n<p class=\"has-medium-font-size wp-block-paragraph\"><a rel=\"noopener noreferrer\" href=\"https:\/\/ricardovicentelopez.com.ar\/wp-content\/uploads\/2015\/03\/Por-qu\u00e9-pagar-si-puedo-evadirlo.pdf\" target=\"_blank\">Por qu\u00e9 pagar si puedo evadirlo<\/a><\/p>\n\n\n\n<p class=\"has-medium-font-size wp-block-paragraph\"><a rel=\"noopener noreferrer\" href=\"https:\/\/ricardovicentelopez.com.ar\/wp-content\/uploads\/2015\/10\/Problemas-que-hoy-enfrenta-el-humanismo.rtf\" target=\"_blank\">Problemas que hoy enfrenta el humanismo<\/a><\/p>\n\n\n\n<p class=\"has-medium-font-size wp-block-paragraph\"><a href=\"https:\/\/ricardovicentelopez.com.ar\/wp-content\/uploads\/2015\/03\/Que-se-oculta-debajo-de-ciertos-debates.pdf\" target=\"_blank\" rel=\"noopener noreferrer\">Que se oculta debajo de ciertos debates<\/a><\/p>\n\n\n\n<p class=\"has-medium-font-size wp-block-paragraph\"><a href=\"https:\/\/ricardovicentelopez.com.ar\/?page_id=86400\">Reflexionando sobre la verdad en la ciencia econ\u00f3mica<\/a><\/p>\n\n\n\n<p class=\"has-medium-font-size wp-block-paragraph\"><a href=\"https:\/\/ricardovicentelopez.com.ar\/wp-content\/uploads\/2017\/07\/Reflexiones-en-torno-al-trabajo.docx\">Reflexiones en torno al trabajo<\/a><\/p>\n\n\n\n<p class=\"has-medium-font-size wp-block-paragraph\"><a href=\"https:\/\/ricardovicentelopez.com.ar\/wp-content\/uploads\/2022\/09\/Reflexiones-politico-filosoficas-sobre-las-pandemias-\u2013-RVL.pdf\">Reflexiones pol\u00edtico-filos\u00f3ficas sobre las pandemias<\/a><\/p>\n\n\n\n<p class=\"has-medium-font-size wp-block-paragraph\"><a href=\"https:\/\/ricardovicentelopez.com.ar\/wp-content\/uploads\/2023\/09\/Reflexiones-sobre-el-problema-de-la-persona-en-Occidente.pdf\">Reflexiones sobre el problema de la persona en Occidente<\/a><\/p>\n\n\n\n<p class=\"has-medium-font-size wp-block-paragraph\"><a rel=\"noopener noreferrer\" href=\"https:\/\/ricardovicentelopez.com.ar\/wp-content\/uploads\/2015\/03\/Reflexiones-sobre-el-uso-de-la-palabra.pdf\" target=\"_blank\">Reflexiones sobre el uso de la palabra<\/a><\/p>\n\n\n\n<p class=\"has-medium-font-size wp-block-paragraph\"><a rel=\"noopener noreferrer\" href=\"https:\/\/ricardovicentelopez.com.ar\/wp-content\/uploads\/2015\/03\/Reflexiones-sobre-la-educacion.pdf\" target=\"_blank\">Reflexiones sobre la educaci\u00f3n<\/a><\/p>\n\n\n\n<p class=\"has-medium-font-size wp-block-paragraph\"><a href=\"https:\/\/ricardovicentelopez.com.ar\/wp-content\/uploads\/2017\/07\/Reflexiones-sobre-la-experiencia-y-la-sabidur\u00eda.rtf\">Reflexiones sobre la experiencia y la sabidur\u00eda<\/a><\/p>\n\n\n\n<p class=\"has-medium-font-size wp-block-paragraph\"><a rel=\"noopener noreferrer\" href=\"https:\/\/ricardovicentelopez.com.ar\/wp-content\/uploads\/2015\/03\/Revisando-las-historias-de-la-crisis-financiera-del-siglo-XXI.pdf\" target=\"_blank\">Revisando las historias de la crisis financiera del siglo XXI<\/a><\/p>\n\n\n\n<p class=\"has-medium-font-size wp-block-paragraph\"><a rel=\"noopener noreferrer\" href=\"https:\/\/ricardovicentelopez.com.ar\/wp-content\/uploads\/2015\/03\/Reviviendo-una-pol\u00e9mica-sobre-el-D\u00eda-de-la-Independencia.pdf\" target=\"_blank\">Reviviendo una pol\u00e9mica sobre el D\u00eda de la Independencia<\/a><\/p>\n\n\n\n<p class=\"has-medium-font-size wp-block-paragraph\"><a rel=\"noopener noreferrer\" href=\"https:\/\/ricardovicentelopez.com.ar\/wp-content\/uploads\/2015\/03\/Riqueza-concentrada-y-pobreza-generalizada.pdf\" target=\"_blank\">Riqueza concentrada y pobreza generalizada<\/a><\/p>\n\n\n\n<p class=\"has-medium-font-size wp-block-paragraph\"><a rel=\"noopener noreferrer\" href=\"https:\/\/ricardovicentelopez.com.ar\/wp-content\/uploads\/2015\/03\/Saber-o-comprender-en-el-siglo-XXI.pdf\" target=\"_blank\">Saber o comprender en el siglo XXI<\/a><\/p>\n\n\n\n<p class=\"has-medium-font-size wp-block-paragraph\"><a href=\"https:\/\/ricardovicentelopez.com.ar\/wp-content\/uploads\/2023\/03\/Sin-el-cristianismo-no-se-puede.pdf\" target=\"_blank\" rel=\"noreferrer noopener\">Sin el cristianismo no se puede<\/a><\/p>\n\n\n\n<p class=\"has-medium-font-size wp-block-paragraph\"><a rel=\"noopener noreferrer\" href=\"https:\/\/ricardovicentelopez.com.ar\/wp-content\/uploads\/2015\/03\/S\u00f3lo-el-Gobierno-contra-Clar\u00edn.pdf\" target=\"_blank\">S\u00f3lo el Gobierno contra Clar\u00edn<\/a><\/p>\n\n\n\n<p class=\"has-medium-font-size wp-block-paragraph\"><a rel=\"noopener noreferrer\" href=\"https:\/\/ricardovicentelopez.com.ar\/wp-content\/uploads\/2015\/03\/Todo-lo-que-Ud.-siempre-quiso-saber.pdf\" target=\"_blank\">Todo lo que Ud. siempre quiso saber<\/a><\/p>\n\n\n\n<p class=\"has-medium-font-size wp-block-paragraph\"><a rel=\"noopener noreferrer\" href=\"https:\/\/ricardovicentelopez.com.ar\/wp-content\/uploads\/2015\/03\/Un-fil\u00f3sofo-de-barrio.pdf\" target=\"_blank\">Un fil\u00f3sofo de barrio<\/a><\/p>\n\n\n\n<p class=\"has-medium-font-size wp-block-paragraph\"><a rel=\"noopener noreferrer\" href=\"https:\/\/ricardovicentelopez.com.ar\/wp-content\/uploads\/2015\/03\/Una-aproximacion-a-la-comprension-del-problema-politico-actual.pdf\" target=\"_blank\">Una aproximacion a la comprension del problema politico actual<\/a><\/p>\n\n\n\n<p class=\"has-medium-font-size wp-block-paragraph\"><a rel=\"noopener noreferrer\" href=\"https:\/\/ricardovicentelopez.com.ar\/wp-content\/uploads\/2015\/03\/Una-lectura-latinoamericana-de-Carlos-Marx.pdf\" target=\"_blank\">Una lectura latinoamericana de Carlos Marx<\/a><\/p>\n\n\n\n<p class=\"has-medium-font-size wp-block-paragraph\"><a href=\"https:\/\/ricardovicentelopez.com.ar\/wp-content\/uploads\/2016\/10\/Una-pol\u00edtica-nueva-para-una-sociedad-civil-nueva.docx\">Una pol\u00edtica nueva para una sociedad civil nueva<\/a><\/p>\n\n\n\n<p class=\"has-medium-font-size wp-block-paragraph\"><a rel=\"noopener noreferrer\" href=\"https:\/\/ricardovicentelopez.com.ar\/wp-content\/uploads\/2015\/03\/Vox-Populi-Vox-Dei.pdf\" target=\"_blank\">Vox Populi Vox Dei<\/a><\/p>\n\n\n\n<figure class=\"wp-block-image\"><img loading=\"lazy\" decoding=\"async\" width=\"800\" height=\"533\" src=\"https:\/\/ricardovicentelopez.com.ar\/wp-content\/uploads\/2019\/05\/estilografica-escritura.jpg\" alt=\"\" class=\"wp-image-17335\" srcset=\"https:\/\/ricardovicentelopez.com.ar\/wp-content\/uploads\/2019\/05\/estilografica-escritura.jpg 800w, https:\/\/ricardovicentelopez.com.ar\/wp-content\/uploads\/2019\/05\/estilografica-escritura-300x200.jpg 300w, https:\/\/ricardovicentelopez.com.ar\/wp-content\/uploads\/2019\/05\/estilografica-escritura-768x512.jpg 768w\" sizes=\"auto, (max-width: 800px) 100vw, 800px\" \/><\/figure>\n","protected":false},"excerpt":{"rendered":"<p>Algunas preguntas y respuestas posibles sobre la educaci\u00f3n Am\u00e9rica Latina es el continente de la esperanza Aproximaciones a una antropologia judeocristiana I Civilizados y b\u00e1rbaros C\u00f3mo se puede entender la crisis actual Contra el fatalismo econ\u00f3mico Crisis financiera del sistema capitalista Cristianismo, utopia, politica y liberacion De la caverna plat\u00f3nica a la globalizaci\u00f3n mediatizada De [&hellip;]<\/p>\n","protected":false},"author":1,"featured_media":0,"parent":0,"menu_order":0,"comment_status":"open","ping_status":"closed","template":"","meta":{"footnotes":""},"class_list":["post-2","page","type-page","status-publish","hentry"],"_links":{"self":[{"href":"https:\/\/ricardovicentelopez.com.ar\/index.php?rest_route=\/wp\/v2\/pages\/2","targetHints":{"allow":["GET"]}}],"collection":[{"href":"https:\/\/ricardovicentelopez.com.ar\/index.php?rest_route=\/wp\/v2\/pages"}],"about":[{"href":"https:\/\/ricardovicentelopez.com.ar\/index.php?rest_route=\/wp\/v2\/types\/page"}],"author":[{"embeddable":true,"href":"https:\/\/ricardovicentelopez.com.ar\/index.php?rest_route=\/wp\/v2\/users\/1"}],"replies":[{"embeddable":true,"href":"https:\/\/ricardovicentelopez.com.ar\/index.php?rest_route=%2Fwp%2Fv2%2Fcomments&post=2"}],"version-history":[{"count":52,"href":"https:\/\/ricardovicentelopez.com.ar\/index.php?rest_route=\/wp\/v2\/pages\/2\/revisions"}],"predecessor-version":[{"id":86539,"href":"https:\/\/ricardovicentelopez.com.ar\/index.php?rest_route=\/wp\/v2\/pages\/2\/revisions\/86539"}],"wp:attachment":[{"href":"https:\/\/ricardovicentelopez.com.ar\/index.php?rest_route=%2Fwp%2Fv2%2Fmedia&parent=2"}],"curies":[{"name":"wp","href":"https:\/\/api.w.org\/{rel}","templated":true}]}}